{"id":1505,"date":"2021-03-29T14:18:00","date_gmt":"2021-03-29T17:18:00","guid":{"rendered":"https:\/\/radatilly.gob.ar\/medioambiente\/?page_id=1505"},"modified":"2021-06-23T14:37:14","modified_gmt":"2021-06-23T17:37:14","slug":"escombrera-municipal","status":"publish","type":"page","link":"https:\/\/radatilly.gob.ar\/medioambiente\/escombrera-municipal\/","title":{"rendered":"ESCOMBRERA MUNICIPAL"},"content":{"rendered":"\t\t<div data-elementor-type=\"wp-page\" data-elementor-id=\"1505\" class=\"elementor elementor-1505\" data-elementor-settings=\"{&quot;ha_cmc_init_switcher&quot;:&quot;no&quot;}\" data-elementor-post-type=\"page\">\n\t\t\t\t\t\t<section class=\"elementor-section elementor-top-section elementor-element elementor-element-617cd5f0 elementor-section-content-middle elementor-section-boxed elementor-section-height-default elementor-section-height-default wpr-particle-no wpr-jarallax-no wpr-parallax-no wpr-sticky-section-no\" data-id=\"617cd5f0\" data-element_type=\"section\" data-e-type=\"section\" data-settings=\"{&quot;_ha_eqh_enable&quot;:false}\">\n\t\t\t\t\t\t\t<div class=\"elementor-background-overlay\"><\/div>\n\t\t\t\t\t\t\t<div class=\"elementor-container elementor-column-gap-no\">\n\t\t\t\t\t<div class=\"elementor-column elementor-col-100 elementor-top-column elementor-element elementor-element-52c3f212\" data-id=\"52c3f212\" data-element_type=\"column\" data-e-type=\"column\" data-settings=\"{&quot;background_background&quot;:&quot;slideshow&quot;,&quot;background_slideshow_gallery&quot;:[{&quot;id&quot;:&quot;121&quot;,&quot;url&quot;:&quot;https:\\\/\\\/radatilly.gob.ar\\\/medioambiente\\\/wp-content\\\/uploads\\\/sites\\\/9\\\/2020\\\/11\\\/Foto-Rada-Tilly-1-1.jpg&quot;},{&quot;id&quot;:&quot;384&quot;,&quot;url&quot;:&quot;https:\\\/\\\/radatilly.gob.ar\\\/medioambiente\\\/wp-content\\\/uploads\\\/sites\\\/9\\\/2020\\\/11\\\/playalimpia.jpeg&quot;},{&quot;id&quot;:&quot;430&quot;,&quot;url&quot;:&quot;https:\\\/\\\/radatilly.gob.ar\\\/medioambiente\\\/wp-content\\\/uploads\\\/sites\\\/9\\\/2020\\\/11\\\/earth-405096_1920.jpg&quot;},{&quot;id&quot;:&quot;431&quot;,&quot;url&quot;:&quot;https:\\\/\\\/radatilly.gob.ar\\\/medioambiente\\\/wp-content\\\/uploads\\\/sites\\\/9\\\/2020\\\/11\\\/environmental-protection-683437_1280.jpg&quot;}],&quot;background_slideshow_transition_duration&quot;:&quot;1000&quot;,&quot;background_slideshow_ken_burns&quot;:&quot;yes&quot;,&quot;background_slideshow_loop&quot;:&quot;yes&quot;,&quot;background_slideshow_slide_duration&quot;:5000,&quot;background_slideshow_slide_transition&quot;:&quot;fade&quot;,&quot;background_slideshow_ken_burns_zoom_direction&quot;:&quot;in&quot;}\">\n\t\t\t<div class=\"elementor-widget-wrap elementor-element-populated\">\n\t\t\t\t\t\t\t<\/div>\n\t\t<\/div>\n\t\t\t\t\t<\/div>\n\t\t<\/section>\n\t\t\t\t<section class=\"elementor-section elementor-top-section elementor-element elementor-element-4c83b5af elementor-section-boxed elementor-section-height-default elementor-section-height-default wpr-particle-no wpr-jarallax-no wpr-parallax-no wpr-sticky-section-no\" data-id=\"4c83b5af\" data-element_type=\"section\" data-e-type=\"section\" data-settings=\"{&quot;_ha_eqh_enable&quot;:false}\">\n\t\t\t\t\t\t<div class=\"elementor-container elementor-column-gap-default\">\n\t\t\t\t\t<div class=\"elementor-column elementor-col-100 elementor-top-column elementor-element elementor-element-7d5a4d04\" data-id=\"7d5a4d04\" data-element_type=\"column\" data-e-type=\"column\">\n\t\t\t<div class=\"elementor-widget-wrap elementor-element-populated\">\n\t\t\t\t\t\t<div class=\"elementor-element elementor-element-eca2191 elementor-author-box--layout-image-above elementor-author-box--align-center elementor-widget elementor-widget-author-box\" data-id=\"eca2191\" data-element_type=\"widget\" data-e-type=\"widget\" data-widget_type=\"author-box.default\">\n\t\t\t\t<div class=\"elementor-widget-container\">\n\t\t\t\t\t\t\t<div class=\"elementor-author-box\">\n\t\t\t\t\t\t\t<div  class=\"elementor-author-box__avatar\">\n\t\t\t\t\t<img decoding=\"async\" src=\"https:\/\/radatilly.gob.ar\/wp-content\/uploads\/sites\/9\/2020\/11\/isologoDMAok-275x300.png\" alt=\"Author picture\" loading=\"lazy\">\n\t\t\t\t<\/div>\n\t\t\t\n\t\t\t<div class=\"elementor-author-box__text\">\n\t\t\t\t\n\t\t\t\t\n\t\t\t\t\t\t\t<\/div>\n\t\t<\/div>\n\t\t\t\t\t\t<\/div>\n\t\t\t\t<\/div>\n\t\t\t\t<div class=\"elementor-element elementor-element-6c58ead4 elementor-widget elementor-widget-theme-post-title elementor-page-title elementor-widget-heading\" data-id=\"6c58ead4\" data-element_type=\"widget\" data-e-type=\"widget\" data-widget_type=\"theme-post-title.default\">\n\t\t\t\t<div class=\"elementor-widget-container\">\n\t\t\t\t\t<h1 class=\"elementor-heading-title elementor-size-default\">ESCOMBRERA MUNICIPAL<\/h1>\t\t\t\t<\/div>\n\t\t\t\t<\/div>\n\t\t\t\t<section class=\"elementor-section elementor-inner-section elementor-element elementor-element-4fd087a elementor-section-boxed elementor-section-height-default elementor-section-height-default wpr-particle-no wpr-jarallax-no wpr-parallax-no wpr-sticky-section-no\" data-id=\"4fd087a\" data-element_type=\"section\" data-e-type=\"section\" data-settings=\"{&quot;_ha_eqh_enable&quot;:false}\">\n\t\t\t\t\t\t\t<div class=\"elementor-background-overlay\"><\/div>\n\t\t\t\t\t\t\t<div class=\"elementor-container elementor-column-gap-default\">\n\t\t\t\t\t<div class=\"elementor-column elementor-col-50 elementor-inner-column elementor-element elementor-element-405e332\" data-id=\"405e332\" data-element_type=\"column\" data-e-type=\"column\">\n\t\t\t<div class=\"elementor-widget-wrap elementor-element-populated\">\n\t\t\t\t\t\t<div class=\"elementor-element elementor-element-6b6a033 elementor-widget elementor-widget-text-editor\" data-id=\"6b6a033\" data-element_type=\"widget\" data-e-type=\"widget\" data-widget_type=\"text-editor.default\">\n\t\t\t\t<div class=\"elementor-widget-container\">\n\t\t\t\t\t\t\t\t\t<p>La Direcci\u00f3n de Medio Ambiente de la localidad pone en conocimiento de la comunidad Radatilense las disposiciones para optimizar su uso y funcionamiento.<\/p><p>Como parte del Programa de Gesti\u00f3n Integral de Residuos que lleva adelante el Municipio de Rada Tilly, la Escombrera, completa junto con el Centro de Acopio Transitorio de Residuos, los Puntos Limpios y el Servicio de Recolecci\u00f3n Domiciliaria, el circuito de disposici\u00f3n para los residuos que son generados en la ciudad.<\/p>\t\t\t\t\t\t\t\t<\/div>\n\t\t\t\t<\/div>\n\t\t\t\t\t<\/div>\n\t\t<\/div>\n\t\t\t\t<div class=\"elementor-column elementor-col-50 elementor-inner-column elementor-element elementor-element-e2c7bfd\" data-id=\"e2c7bfd\" data-element_type=\"column\" data-e-type=\"column\">\n\t\t\t<div class=\"elementor-widget-wrap elementor-element-populated\">\n\t\t\t\t\t\t<div class=\"elementor-element elementor-element-0e63fc0 elementor-widget elementor-widget-heading\" data-id=\"0e63fc0\" data-element_type=\"widget\" data-e-type=\"widget\" data-widget_type=\"heading.default\">\n\t\t\t\t<div class=\"elementor-widget-container\">\n\t\t\t\t\t<h2 class=\"elementor-heading-title elementor-size-default\">HORARIO DE ATENCI\u00d3N<\/h2>\t\t\t\t<\/div>\n\t\t\t\t<\/div>\n\t\t\t\t<div class=\"elementor-element elementor-element-ba3f122 elementor-widget elementor-widget-heading\" data-id=\"ba3f122\" data-element_type=\"widget\" data-e-type=\"widget\" data-widget_type=\"heading.default\">\n\t\t\t\t<div class=\"elementor-widget-container\">\n\t\t\t\t\t<h2 class=\"elementor-heading-title elementor-size-default\">Lunes a s\u00e1bados de 9 a 17 hs. <\/h2>\t\t\t\t<\/div>\n\t\t\t\t<\/div>\n\t\t\t\t\t<\/div>\n\t\t<\/div>\n\t\t\t\t\t<\/div>\n\t\t<\/section>\n\t\t\t\t<div class=\"elementor-element elementor-element-83e494f elementor-widget elementor-widget-text-editor\" data-id=\"83e494f\" data-element_type=\"widget\" data-e-type=\"widget\" data-widget_type=\"text-editor.default\">\n\t\t\t\t<div class=\"elementor-widget-container\">\n\t\t\t\t\t\t\t\t\t<p><strong>TIPO Y CANTIDAD DE RESIDUOS<\/strong><\/p><p>La escombrera Municipal se encuentra habilitada \u00fanicamente para el ingreso de los siguientes residuos generados exclusivamente en la localidad de Rada Tilly:<\/p>\t\t\t\t\t\t\t\t<\/div>\n\t\t\t\t<\/div>\n\t\t\t\t<section class=\"elementor-section elementor-inner-section elementor-element elementor-element-4dca360 elementor-section-boxed elementor-section-height-default elementor-section-height-default wpr-particle-no wpr-jarallax-no wpr-parallax-no wpr-sticky-section-no\" data-id=\"4dca360\" data-element_type=\"section\" data-e-type=\"section\" data-settings=\"{&quot;_ha_eqh_enable&quot;:false}\">\n\t\t\t\t\t\t<div class=\"elementor-container elementor-column-gap-default\">\n\t\t\t\t\t<div class=\"elementor-column elementor-col-50 elementor-inner-column elementor-element elementor-element-0f21cec\" data-id=\"0f21cec\" data-element_type=\"column\" data-e-type=\"column\">\n\t\t\t<div class=\"elementor-widget-wrap elementor-element-populated\">\n\t\t\t\t\t\t<div class=\"elementor-element elementor-element-cc06d46 elementor-widget elementor-widget-text-editor\" data-id=\"cc06d46\" data-element_type=\"widget\" data-e-type=\"widget\" data-widget_type=\"text-editor.default\">\n\t\t\t\t<div class=\"elementor-widget-container\">\n\t\t\t\t\t\t\t\t\t<ul><li>escombros,<\/li><li>restos de obra,<\/li><li>tierra,<\/li><li>restos de poda y<\/li><li>excrementos de animales.<\/li><\/ul>\t\t\t\t\t\t\t\t<\/div>\n\t\t\t\t<\/div>\n\t\t\t\t\t<\/div>\n\t\t<\/div>\n\t\t\t\t<div class=\"elementor-column elementor-col-50 elementor-inner-column elementor-element elementor-element-f307276\" data-id=\"f307276\" data-element_type=\"column\" data-e-type=\"column\">\n\t\t\t<div class=\"elementor-widget-wrap elementor-element-populated\">\n\t\t\t\t\t\t<div class=\"elementor-element elementor-element-b0fa271 elementor-align-left elementor-mobile-align-center elementor-widget elementor-widget-lottie\" data-id=\"b0fa271\" data-element_type=\"widget\" data-e-type=\"widget\" data-settings=\"{&quot;source_json&quot;:{&quot;url&quot;:&quot;https:\\\/\\\/radatilly.gob.ar\\\/medioambiente\\\/wp-content\\\/uploads\\\/sites\\\/9\\\/2021\\\/03\\\/23997-ecoleta.json&quot;,&quot;id&quot;:&quot;1540&quot;,&quot;size&quot;:&quot;&quot;},&quot;loop&quot;:&quot;yes&quot;,&quot;source&quot;:&quot;media_file&quot;,&quot;caption_source&quot;:&quot;none&quot;,&quot;link_to&quot;:&quot;none&quot;,&quot;trigger&quot;:&quot;arriving_to_viewport&quot;,&quot;viewport&quot;:{&quot;unit&quot;:&quot;%&quot;,&quot;size&quot;:&quot;&quot;,&quot;sizes&quot;:{&quot;start&quot;:0,&quot;end&quot;:100}},&quot;play_speed&quot;:{&quot;unit&quot;:&quot;px&quot;,&quot;size&quot;:1,&quot;sizes&quot;:[]},&quot;start_point&quot;:{&quot;unit&quot;:&quot;%&quot;,&quot;size&quot;:0,&quot;sizes&quot;:[]},&quot;end_point&quot;:{&quot;unit&quot;:&quot;%&quot;,&quot;size&quot;:100,&quot;sizes&quot;:[]},&quot;renderer&quot;:&quot;svg&quot;}\" data-widget_type=\"lottie.default\">\n\t\t\t\t<div class=\"elementor-widget-container\">\n\t\t\t\t\t<div class=\"e-lottie__container\"><div class=\"e-lottie__animation\"><\/div><\/div>\t\t\t\t<\/div>\n\t\t\t\t<\/div>\n\t\t\t\t\t<\/div>\n\t\t<\/div>\n\t\t\t\t\t<\/div>\n\t\t<\/section>\n\t\t\t\t<div class=\"elementor-element elementor-element-79ec959 elementor-widget elementor-widget-text-editor\" data-id=\"79ec959\" data-element_type=\"widget\" data-e-type=\"widget\" data-widget_type=\"text-editor.default\">\n\t\t\t\t<div class=\"elementor-widget-container\">\n\t\t\t\t\t\t\t\t\t<p>El volumen de los residuos dispuestos en este sitio debe exceder el 1 m<sup>3<\/sup> por fracci\u00f3n de residuo por persona, equivalente a un bols\u00f3n de materiales o a seis (6) bolsas de consorcio; y -de ser menor- puede ser llevado al <a href=\"https:\/\/radatilly.gob.ar\/medioambiente\/centro-de-acopio-transitorio-de-residuos\/\">Centro de Acopio Transitorio de Residuos<\/a> ubicado en el predio del Corral\u00f3n Municipal, en las calles Lago Stange y Alferez Sobral.<\/p><p><strong>CONTROL DE INGRESO<\/strong><\/p><p>Para mayor orden y control, en el acceso a la Escombrera Municipal se ubica el control de ingreso, donde se verifica la documentaci\u00f3n, la carga y se gu\u00eda en la disposici\u00f3n de los residuos en el sector.<\/p><p><strong>SERVICIO AL VECINO<\/strong><\/p><p>Para poder ingresar los residuos en la Escombrera Municipal, los vecinos de Rada Tilly s\u00f3lo deben obtener un \u201cpermiso eventual\u201d a trav\u00e9s de un manifiesto de transporte donde deber\u00e1n declarar oportunamente el domicilio de generaci\u00f3n de los mismos.<\/p><p>El permiso es gratuito y debe solicitarse personalmente en la casilla de control del Centro de Acopio Transitorio de Residuos.<\/p><p>En caso de que los vecinos decidan contratar un servicio privado para su traslado a la Escombrera Municipal, se recuerda que el mismo debe estar habilitado para la recolecci\u00f3n. El padr\u00f3n de empresas habilitadas a la fecha y sus contactos se pueden consultar en: <a href=\"https:\/\/radatilly.gob.ar\/medioambiente\/registros\/\">https:\/\/radatilly.gob.ar\/medioambiente\/registros\/<\/a><\/p><p><strong>AUTORIZACIONES A EMPRESAS<\/strong><\/p><p>Podr\u00e1n ingresar \u00fanicamente las empresas autorizadas por la Direcci\u00f3n de Medio Ambiente qui\u00e9n cuenta con un \u201cRegistro Municipal de Prestadores de Servicios de Contenedores, Volquetes y Bateas\u201d.<\/p><p>S\u00f3lo se permite el ingreso con autorizaci\u00f3n emitida por la Direcci\u00f3n de Ambiente a empresas registradas que necesiten disponer residuos generados con exclusividad en la ciudad de Rada Tilly. En el manifiesto de transporte correspondiente se deber\u00e1 declarar oportunamente el domicilio de generaci\u00f3n. Se proh\u00edbe el ingreso de residuos generados en otras jurisdicciones.\u00a0<\/p><p>Para m\u00e1s detalles ingresar aqu\u00ed: <a href=\"https:\/\/radatilly.gob.ar\/medioambiente\/tramites\/\">https:\/\/radatilly.gob.ar\/medioambiente\/tramites\/<\/a><\/p>\t\t\t\t\t\t\t\t<\/div>\n\t\t\t\t<\/div>\n\t\t\t\t<div class=\"elementor-element elementor-element-d4c5216 elementor-widget elementor-widget-text-editor\" data-id=\"d4c5216\" data-element_type=\"widget\" data-e-type=\"widget\" data-widget_type=\"text-editor.default\">\n\t\t\t\t<div class=\"elementor-widget-container\">\n\t\t\t\t\t\t\t\t\t<p><strong>OTRAS CONSIDERACIONES A TENER EN CUENTA<\/strong><\/p><ul><li>Los residuos reciclables limpios y secos se podr\u00e1n disponer en el <a href=\"https:\/\/radatilly.gob.ar\/medioambiente\/centro-de-acopio-transitorio-de-residuos\/\">Centro de Acopio Transitorio de Residuos<\/a> o bien en los <a href=\"https:\/\/radatilly.gob.ar\/puntos-limpios\/\">Puntos Limpios<\/a>.<\/li><li>Los Residuos S\u00f3lidos Urbanos (domiciliarios) deben seguir siendo entregados en el domicilio a la empresa actual prestadora del servicio.<\/li><\/ul><p><strong>PROHIBICIONES<\/strong><\/p><ul><li>Se proh\u00edbe el ingreso de residuos generados en otras localidades.<\/li><li>Se proh\u00edbe el ingreso de cualquier otro tipo de residuo no mencionado en el presente comunicado, entre ellos domiciliarios (mezcla de org\u00e1nicos e inorg\u00e1nicos).<\/li><\/ul>\t\t\t\t\t\t\t\t<\/div>\n\t\t\t\t<\/div>\n\t\t\t\t<div class=\"elementor-element elementor-element-55f5471 elementor-widget elementor-widget-image\" data-id=\"55f5471\" data-element_type=\"widget\" data-e-type=\"widget\" data-widget_type=\"image.default\">\n\t\t\t\t<div class=\"elementor-widget-container\">\n\t\t\t\t\t\t\t\t\t\t\t\t\t\t\t<img fetchpriority=\"high\" decoding=\"async\" width=\"580\" height=\"282\" src=\"https:\/\/radatilly.gob.ar\/wp-content\/uploads\/sites\/9\/2021\/03\/20210108_124614-1024x498.jpg\" class=\"attachment-large size-large wp-image-1527\" alt=\"\" srcset=\"https:\/\/radatilly.gob.ar\/wp-content\/uploads\/sites\/9\/2021\/03\/20210108_124614-1024x498.jpg 1024w, https:\/\/radatilly.gob.ar\/wp-content\/uploads\/sites\/9\/2021\/03\/20210108_124614-300x146.jpg 300w, https:\/\/radatilly.gob.ar\/wp-content\/uploads\/sites\/9\/2021\/03\/20210108_124614-768x373.jpg 768w, https:\/\/radatilly.gob.ar\/wp-content\/uploads\/sites\/9\/2021\/03\/20210108_124614-1536x747.jpg 1536w, https:\/\/radatilly.gob.ar\/wp-content\/uploads\/sites\/9\/2021\/03\/20210108_124614-1200x583.jpg 1200w, https:\/\/radatilly.gob.ar\/wp-content\/uploads\/sites\/9\/2021\/03\/20210108_124614.jpg 1613w\" sizes=\"(max-width: 580px) 100vw, 580px\" \/>\t\t\t\t\t\t\t\t\t\t\t\t\t\t\t<\/div>\n\t\t\t\t<\/div>\n\t\t\t\t<div class=\"elementor-element elementor-element-bb5127f elementor-arrows-position-inside elementor-pagination-position-outside elementor-widget elementor-widget-image-carousel\" data-id=\"bb5127f\" data-element_type=\"widget\" data-e-type=\"widget\" data-settings=\"{&quot;slides_to_show&quot;:&quot;3&quot;,&quot;image_spacing_custom&quot;:{&quot;unit&quot;:&quot;px&quot;,&quot;size&quot;:7,&quot;sizes&quot;:[]},&quot;navigation&quot;:&quot;both&quot;,&quot;autoplay&quot;:&quot;yes&quot;,&quot;pause_on_hover&quot;:&quot;yes&quot;,&quot;pause_on_interaction&quot;:&quot;yes&quot;,&quot;autoplay_speed&quot;:5000,&quot;infinite&quot;:&quot;yes&quot;,&quot;speed&quot;:500,&quot;image_spacing_custom_tablet&quot;:{&quot;unit&quot;:&quot;px&quot;,&quot;size&quot;:&quot;&quot;,&quot;sizes&quot;:[]},&quot;image_spacing_custom_mobile&quot;:{&quot;unit&quot;:&quot;px&quot;,&quot;size&quot;:&quot;&quot;,&quot;sizes&quot;:[]}}\" data-widget_type=\"image-carousel.default\">\n\t\t\t\t<div class=\"elementor-widget-container\">\n\t\t\t\t\t\t\t<div class=\"elementor-image-carousel-wrapper swiper\" role=\"region\" aria-roledescription=\"carousel\" aria-label=\"Carrusel de im\u00e1genes\" dir=\"ltr\">\n\t\t\t<div class=\"elementor-image-carousel swiper-wrapper\" aria-live=\"off\">\n\t\t\t\t\t\t\t\t<div class=\"swiper-slide\" role=\"group\" aria-roledescription=\"slide\" aria-label=\"1 of 5\"><a data-elementor-open-lightbox=\"yes\" data-elementor-lightbox-slideshow=\"bb5127f\" data-elementor-lightbox-title=\"placa1b copia\" data-e-action-hash=\"#elementor-action%3Aaction%3Dlightbox%26settings%3DeyJpZCI6MTY0NCwidXJsIjoiaHR0cHM6XC9cL3JhZGF0aWxseS5nb2IuYXJcL3dwLWNvbnRlbnRcL3VwbG9hZHNcL3NpdGVzXC85XC8yMDIxXC8wNlwvcGxhY2ExYi1jb3BpYS5qcGciLCJzbGlkZXNob3ciOiJiYjUxMjdmIn0%3D\" href=\"https:\/\/radatilly.gob.ar\/wp-content\/uploads\/sites\/9\/2021\/06\/placa1b-copia.jpg\"><figure class=\"swiper-slide-inner\"><img decoding=\"async\" class=\"swiper-slide-image\" src=\"https:\/\/radatilly.gob.ar\/wp-content\/uploads\/sites\/9\/2021\/06\/placa1b-copia-300x300.jpg\" alt=\"placa1b copia\" \/><\/figure><\/a><\/div><div class=\"swiper-slide\" role=\"group\" aria-roledescription=\"slide\" aria-label=\"2 of 5\"><a data-elementor-open-lightbox=\"yes\" data-elementor-lightbox-slideshow=\"bb5127f\" data-elementor-lightbox-title=\"escombrera 2\" data-e-action-hash=\"#elementor-action%3Aaction%3Dlightbox%26settings%3DeyJpZCI6MTYzMSwidXJsIjoiaHR0cHM6XC9cL3JhZGF0aWxseS5nb2IuYXJcL3dwLWNvbnRlbnRcL3VwbG9hZHNcL3NpdGVzXC85XC8yMDIxXC8wNlwvZXNjb21icmVyYS0yLmpwZyIsInNsaWRlc2hvdyI6ImJiNTEyN2YifQ%3D%3D\" href=\"https:\/\/radatilly.gob.ar\/wp-content\/uploads\/sites\/9\/2021\/06\/escombrera-2.jpg\"><figure class=\"swiper-slide-inner\"><img decoding=\"async\" class=\"swiper-slide-image\" src=\"https:\/\/radatilly.gob.ar\/wp-content\/uploads\/sites\/9\/2021\/06\/escombrera-2-300x300.jpg\" alt=\"escombrera 2\" \/><\/figure><\/a><\/div><div class=\"swiper-slide\" role=\"group\" aria-roledescription=\"slide\" aria-label=\"3 of 5\"><a data-elementor-open-lightbox=\"yes\" data-elementor-lightbox-slideshow=\"bb5127f\" data-elementor-lightbox-title=\"placa3 copia\" data-e-action-hash=\"#elementor-action%3Aaction%3Dlightbox%26settings%3DeyJpZCI6MTY0NywidXJsIjoiaHR0cHM6XC9cL3JhZGF0aWxseS5nb2IuYXJcL3dwLWNvbnRlbnRcL3VwbG9hZHNcL3NpdGVzXC85XC8yMDIxXC8wNlwvcGxhY2EzLWNvcGlhLmpwZyIsInNsaWRlc2hvdyI6ImJiNTEyN2YifQ%3D%3D\" href=\"https:\/\/radatilly.gob.ar\/wp-content\/uploads\/sites\/9\/2021\/06\/placa3-copia.jpg\"><figure class=\"swiper-slide-inner\"><img decoding=\"async\" class=\"swiper-slide-image\" src=\"https:\/\/radatilly.gob.ar\/wp-content\/uploads\/sites\/9\/2021\/06\/placa3-copia-300x300.jpg\" alt=\"placa3 copia\" \/><\/figure><\/a><\/div><div class=\"swiper-slide\" role=\"group\" aria-roledescription=\"slide\" aria-label=\"4 of 5\"><a data-elementor-open-lightbox=\"yes\" data-elementor-lightbox-slideshow=\"bb5127f\" data-elementor-lightbox-title=\"placa4\" data-e-action-hash=\"#elementor-action%3Aaction%3Dlightbox%26settings%3DeyJpZCI6MTY0OCwidXJsIjoiaHR0cHM6XC9cL3JhZGF0aWxseS5nb2IuYXJcL3dwLWNvbnRlbnRcL3VwbG9hZHNcL3NpdGVzXC85XC8yMDIxXC8wNlwvcGxhY2E0LmpwZyIsInNsaWRlc2hvdyI6ImJiNTEyN2YifQ%3D%3D\" href=\"https:\/\/radatilly.gob.ar\/wp-content\/uploads\/sites\/9\/2021\/06\/placa4.jpg\"><figure class=\"swiper-slide-inner\"><img decoding=\"async\" class=\"swiper-slide-image\" src=\"https:\/\/radatilly.gob.ar\/wp-content\/uploads\/sites\/9\/2021\/06\/placa4-300x300.jpg\" alt=\"placa4\" \/><\/figure><\/a><\/div><div class=\"swiper-slide\" role=\"group\" aria-roledescription=\"slide\" aria-label=\"5 of 5\"><a data-elementor-open-lightbox=\"yes\" data-elementor-lightbox-slideshow=\"bb5127f\" data-elementor-lightbox-title=\"placa5 copia\" data-e-action-hash=\"#elementor-action%3Aaction%3Dlightbox%26settings%3DeyJpZCI6MTY0OSwidXJsIjoiaHR0cHM6XC9cL3JhZGF0aWxseS5nb2IuYXJcL3dwLWNvbnRlbnRcL3VwbG9hZHNcL3NpdGVzXC85XC8yMDIxXC8wNlwvcGxhY2E1LWNvcGlhLmpwZyIsInNsaWRlc2hvdyI6ImJiNTEyN2YifQ%3D%3D\" href=\"https:\/\/radatilly.gob.ar\/wp-content\/uploads\/sites\/9\/2021\/06\/placa5-copia.jpg\"><figure class=\"swiper-slide-inner\"><img decoding=\"async\" class=\"swiper-slide-image\" src=\"https:\/\/radatilly.gob.ar\/wp-content\/uploads\/sites\/9\/2021\/06\/placa5-copia-300x300.jpg\" alt=\"placa5 copia\" \/><\/figure><\/a><\/div>\t\t\t<\/div>\n\t\t\t\t\t\t\t\t\t\t\t\t<div class=\"elementor-swiper-button elementor-swiper-button-prev\" role=\"button\" tabindex=\"0\">\n\t\t\t\t\t\t<i aria-hidden=\"true\" class=\"eicon-chevron-left\"><\/i>\t\t\t\t\t<\/div>\n\t\t\t\t\t<div class=\"elementor-swiper-button elementor-swiper-button-next\" role=\"button\" tabindex=\"0\">\n\t\t\t\t\t\t<i aria-hidden=\"true\" class=\"eicon-chevron-right\"><\/i>\t\t\t\t\t<\/div>\n\t\t\t\t\n\t\t\t\t\t\t\t\t\t<div class=\"swiper-pagination\"><\/div>\n\t\t\t\t\t\t\t\t\t<\/div>\n\t\t\t\t\t\t<\/div>\n\t\t\t\t<\/div>\n\t\t\t\t<section class=\"elementor-section elementor-inner-section elementor-element elementor-element-f2b2979 elementor-section-content-middle elementor-section-boxed elementor-section-height-default elementor-section-height-default wpr-particle-no wpr-jarallax-no wpr-parallax-no wpr-sticky-section-no\" data-id=\"f2b2979\" data-element_type=\"section\" data-e-type=\"section\" data-settings=\"{&quot;_ha_eqh_enable&quot;:false}\">\n\t\t\t\t\t\t<div class=\"elementor-container elementor-column-gap-default\">\n\t\t\t\t\t<div class=\"elementor-column elementor-col-50 elementor-inner-column elementor-element elementor-element-5a661ee3\" data-id=\"5a661ee3\" data-element_type=\"column\" data-e-type=\"column\">\n\t\t\t<div class=\"elementor-widget-wrap\">\n\t\t\t\t\t\t\t<\/div>\n\t\t<\/div>\n\t\t\t\t<div class=\"elementor-column elementor-col-50 elementor-inner-column elementor-element elementor-element-308d4b7f\" data-id=\"308d4b7f\" data-element_type=\"column\" data-e-type=\"column\">\n\t\t\t<div class=\"elementor-widget-wrap elementor-element-populated\">\n\t\t\t\t\t\t<div class=\"elementor-element elementor-element-132c8a7c elementor-share-buttons--skin-flat elementor-grid-mobile-1 elementor-share-buttons--view-icon elementor-share-buttons--shape-circle elementor-grid-0 elementor-share-buttons--color-official elementor-widget elementor-widget-share-buttons\" data-id=\"132c8a7c\" data-element_type=\"widget\" data-e-type=\"widget\" data-widget_type=\"share-buttons.default\">\n\t\t\t\t<div class=\"elementor-widget-container\">\n\t\t\t\t\t\t\t<div class=\"elementor-grid\" role=\"list\">\n\t\t\t\t\t\t\t\t<div class=\"elementor-grid-item\" role=\"listitem\">\n\t\t\t\t\t\t<div class=\"elementor-share-btn elementor-share-btn_facebook\" role=\"button\" tabindex=\"0\" aria-label=\"Share on facebook\">\n\t\t\t\t\t\t\t\t\t\t\t\t\t\t\t<span class=\"elementor-share-btn__icon\">\n\t\t\t\t\t\t\t\t<i class=\"fab fa-facebook\" aria-hidden=\"true\"><\/i>\t\t\t\t\t\t\t<\/span>\n\t\t\t\t\t\t\t\t\t\t\t\t\t\t\t\t\t\t\t\t<\/div>\n\t\t\t\t\t<\/div>\n\t\t\t\t\t\t\t\t\t<div class=\"elementor-grid-item\" role=\"listitem\">\n\t\t\t\t\t\t<div class=\"elementor-share-btn elementor-share-btn_twitter\" role=\"button\" tabindex=\"0\" aria-label=\"Share on twitter\">\n\t\t\t\t\t\t\t\t\t\t\t\t\t\t\t<span class=\"elementor-share-btn__icon\">\n\t\t\t\t\t\t\t\t<i class=\"fab fa-twitter\" aria-hidden=\"true\"><\/i>\t\t\t\t\t\t\t<\/span>\n\t\t\t\t\t\t\t\t\t\t\t\t\t\t\t\t\t\t\t\t<\/div>\n\t\t\t\t\t<\/div>\n\t\t\t\t\t\t\t\t\t<div class=\"elementor-grid-item\" role=\"listitem\">\n\t\t\t\t\t\t<div class=\"elementor-share-btn elementor-share-btn_linkedin\" role=\"button\" tabindex=\"0\" aria-label=\"Share on linkedin\">\n\t\t\t\t\t\t\t\t\t\t\t\t\t\t\t<span class=\"elementor-share-btn__icon\">\n\t\t\t\t\t\t\t\t<i class=\"fab fa-linkedin\" aria-hidden=\"true\"><\/i>\t\t\t\t\t\t\t<\/span>\n\t\t\t\t\t\t\t\t\t\t\t\t\t\t\t\t\t\t\t\t<\/div>\n\t\t\t\t\t<\/div>\n\t\t\t\t\t\t\t\t\t<div class=\"elementor-grid-item\" role=\"listitem\">\n\t\t\t\t\t\t<div class=\"elementor-share-btn elementor-share-btn_email\" role=\"button\" tabindex=\"0\" aria-label=\"Share on email\">\n\t\t\t\t\t\t\t\t\t\t\t\t\t\t\t<span class=\"elementor-share-btn__icon\">\n\t\t\t\t\t\t\t\t<i class=\"fas fa-envelope\" aria-hidden=\"true\"><\/i>\t\t\t\t\t\t\t<\/span>\n\t\t\t\t\t\t\t\t\t\t\t\t\t\t\t\t\t\t\t\t<\/div>\n\t\t\t\t\t<\/div>\n\t\t\t\t\t\t<\/div>\n\t\t\t\t\t\t<\/div>\n\t\t\t\t<\/div>\n\t\t\t\t\t<\/div>\n\t\t<\/div>\n\t\t\t\t\t<\/div>\n\t\t<\/section>\n\t\t\t\t<div class=\"elementor-element elementor-element-57c25b0 elementor-widget-divider--view-line elementor-widget elementor-widget-divider\" data-id=\"57c25b0\" data-element_type=\"widget\" data-e-type=\"widget\" data-widget_type=\"divider.default\">\n\t\t\t\t<div class=\"elementor-widget-container\">\n\t\t\t\t\t\t\t<div class=\"elementor-divider\">\n\t\t\t<span class=\"elementor-divider-separator\">\n\t\t\t\t\t\t<\/span>\n\t\t<\/div>\n\t\t\t\t\t\t<\/div>\n\t\t\t\t<\/div>\n\t\t\t\t\t<\/div>\n\t\t<\/div>\n\t\t\t\t\t<\/div>\n\t\t<\/section>\n\t\t\t\t<\/div>\n\t\t","protected":false},"excerpt":{"rendered":"<p>La Direcci\u00f3n de Medio Ambiente de la localidad pone en conocimiento de la comunidad Radatilense las disposiciones para optimizar su uso y funcionamiento. Como parte del Programa de Gesti\u00f3n Integral de Residuos que lleva adelante el Municipio de Rada Tilly, la Escombrera, completa junto con el Centro de Acopio Transitorio de Residuos, los Puntos Limpios y el Servicio de Recolecci\u00f3n Domiciliaria, el circuito de disposici\u00f3n para los residuos que son generados en la ciudad. HORARIO DE ATENCI\u00d3N Lunes a s\u00e1bados de 9 a 17 hs. TIPO Y CANTIDAD DE RESIDUOS La escombrera Municipal se encuentra habilitada \u00fanicamente para el ingreso de los siguientes residuos generados exclusivamente en la localidad de Rada Tilly: escombros, restos de obra, tierra, restos de poda y excrementos de animales. El volumen de los residuos dispuestos en este sitio debe exceder el 1 m3 por fracci\u00f3n de residuo por persona, equivalente a un bols\u00f3n de materiales o a seis (6) bolsas de consorcio; y -de ser menor- puede ser llevado al Centro de Acopio Transitorio de Residuos ubicado en el predio del Corral\u00f3n Municipal, en las calles Lago Stange y Alferez Sobral. CONTROL DE INGRESO Para mayor orden y control, en el acceso a la Escombrera Municipal se ubica el control de ingreso, donde se verifica la documentaci\u00f3n, la carga y se gu\u00eda en la disposici\u00f3n de los residuos en el sector. SERVICIO AL VECINO Para poder ingresar los residuos en la Escombrera Municipal, los vecinos de Rada Tilly s\u00f3lo deben obtener un \u201cpermiso eventual\u201d a trav\u00e9s de un manifiesto de transporte donde deber\u00e1n declarar oportunamente el domicilio de generaci\u00f3n de los mismos. El permiso es gratuito y debe solicitarse personalmente en la casilla de control del Centro de Acopio Transitorio de Residuos. En caso de que los vecinos decidan contratar un servicio privado para su traslado a la Escombrera Municipal, se recuerda que el mismo debe estar habilitado para la recolecci\u00f3n. El padr\u00f3n de empresas habilitadas a la fecha y sus contactos se pueden consultar en: https:\/\/radatilly.gob.ar\/medioambiente\/registros\/ AUTORIZACIONES A EMPRESAS Podr\u00e1n ingresar \u00fanicamente las empresas autorizadas por la Direcci\u00f3n de Medio Ambiente qui\u00e9n cuenta con un \u201cRegistro Municipal de Prestadores de Servicios de Contenedores, Volquetes y Bateas\u201d. S\u00f3lo se permite el ingreso con autorizaci\u00f3n emitida por la Direcci\u00f3n de Ambiente a empresas registradas que necesiten disponer residuos generados con exclusividad en la ciudad de Rada Tilly. En el manifiesto de transporte correspondiente se deber\u00e1 declarar oportunamente el domicilio de generaci\u00f3n. Se proh\u00edbe el ingreso de residuos generados en otras jurisdicciones.\u00a0 Para m\u00e1s detalles ingresar aqu\u00ed: https:\/\/radatilly.gob.ar\/medioambiente\/tramites\/ OTRAS CONSIDERACIONES A TENER EN CUENTA Los residuos reciclables limpios y secos se podr\u00e1n disponer en el Centro de Acopio Transitorio de Residuos o bien en los Puntos Limpios. Los Residuos S\u00f3lidos Urbanos (domiciliarios) deben seguir siendo entregados en el domicilio a la empresa actual prestadora del servicio. PROHIBICIONES Se proh\u00edbe el ingreso de residuos generados en otras localidades. Se proh\u00edbe el ingreso de cualquier otro tipo de residuo no mencionado en el presente comunicado, entre ellos domiciliarios (mezcla de org\u00e1nicos e inorg\u00e1nicos). Anterior Siguiente Share on facebook Share on google Share on twitter Share on linkedin Share on email<\/p>\n","protected":false},"author":1,"featured_media":0,"parent":0,"menu_order":0,"comment_status":"closed","ping_status":"closed","template":"elementor_header_footer","meta":{"footnotes":""},"class_list":["post-1505","page","type-page","status-publish","hentry"],"_links":{"self":[{"href":"https:\/\/radatilly.gob.ar\/medioambiente\/wp-json\/wp\/v2\/pages\/1505","targetHints":{"allow":["GET"]}}],"collection":[{"href":"https:\/\/radatilly.gob.ar\/medioambiente\/wp-json\/wp\/v2\/pages"}],"about":[{"href":"https:\/\/radatilly.gob.ar\/medioambiente\/wp-json\/wp\/v2\/types\/page"}],"author":[{"embeddable":true,"href":"https:\/\/radatilly.gob.ar\/medioambiente\/wp-json\/wp\/v2\/users\/1"}],"replies":[{"embeddable":true,"href":"https:\/\/radatilly.gob.ar\/medioambiente\/wp-json\/wp\/v2\/comments?post=1505"}],"version-history":[{"count":5,"href":"https:\/\/radatilly.gob.ar\/medioambiente\/wp-json\/wp\/v2\/pages\/1505\/revisions"}],"predecessor-version":[{"id":1671,"href":"https:\/\/radatilly.gob.ar\/medioambiente\/wp-json\/wp\/v2\/pages\/1505\/revisions\/1671"}],"wp:attachment":[{"href":"https:\/\/radatilly.gob.ar\/medioambiente\/wp-json\/wp\/v2\/media?parent=1505"}],"curies":[{"name":"wp","href":"https:\/\/api.w.org\/{rel}","templated":true}]}}