{"id":1199,"date":"2020-11-30T09:26:56","date_gmt":"2020-11-30T12:26:56","guid":{"rendered":"https:\/\/radatilly.gob.ar\/medioambiente\/?page_id=1199"},"modified":"2021-07-29T13:33:12","modified_gmt":"2021-07-29T16:33:12","slug":"mas-ambiente-menos-plastico","status":"publish","type":"page","link":"https:\/\/radatilly.gob.ar\/medioambiente\/mas-ambiente-menos-plastico\/","title":{"rendered":"M\u00c1S AMBIENTE, MENOS PL\u00c1STICO"},"content":{"rendered":"\t\t<div data-elementor-type=\"wp-page\" data-elementor-id=\"1199\" class=\"elementor elementor-1199\" data-elementor-settings=\"{&quot;ha_cmc_init_switcher&quot;:&quot;no&quot;}\" data-elementor-post-type=\"page\">\n\t\t\t\t\t\t<section class=\"elementor-section elementor-top-section elementor-element elementor-element-4075ed9b elementor-section-content-middle elementor-section-boxed elementor-section-height-default elementor-section-height-default wpr-particle-no wpr-jarallax-no wpr-parallax-no wpr-sticky-section-no\" data-id=\"4075ed9b\" data-element_type=\"section\" data-e-type=\"section\" data-settings=\"{&quot;_ha_eqh_enable&quot;:false}\">\n\t\t\t\t\t\t\t<div class=\"elementor-background-overlay\"><\/div>\n\t\t\t\t\t\t\t<div class=\"elementor-container elementor-column-gap-no\">\n\t\t\t\t\t<div class=\"elementor-column elementor-col-100 elementor-top-column elementor-element elementor-element-2e4d2509\" data-id=\"2e4d2509\" data-element_type=\"column\" data-e-type=\"column\" data-settings=\"{&quot;background_background&quot;:&quot;slideshow&quot;,&quot;background_slideshow_gallery&quot;:[{&quot;id&quot;:&quot;121&quot;,&quot;url&quot;:&quot;https:\\\/\\\/radatilly.gob.ar\\\/medioambiente\\\/wp-content\\\/uploads\\\/sites\\\/9\\\/2020\\\/11\\\/Foto-Rada-Tilly-1-1.jpg&quot;},{&quot;id&quot;:&quot;384&quot;,&quot;url&quot;:&quot;https:\\\/\\\/radatilly.gob.ar\\\/medioambiente\\\/wp-content\\\/uploads\\\/sites\\\/9\\\/2020\\\/11\\\/playalimpia.jpeg&quot;},{&quot;id&quot;:&quot;430&quot;,&quot;url&quot;:&quot;https:\\\/\\\/radatilly.gob.ar\\\/medioambiente\\\/wp-content\\\/uploads\\\/sites\\\/9\\\/2020\\\/11\\\/earth-405096_1920.jpg&quot;},{&quot;id&quot;:&quot;431&quot;,&quot;url&quot;:&quot;https:\\\/\\\/radatilly.gob.ar\\\/medioambiente\\\/wp-content\\\/uploads\\\/sites\\\/9\\\/2020\\\/11\\\/environmental-protection-683437_1280.jpg&quot;}],&quot;background_slideshow_transition_duration&quot;:&quot;1000&quot;,&quot;background_slideshow_ken_burns&quot;:&quot;yes&quot;,&quot;background_slideshow_loop&quot;:&quot;yes&quot;,&quot;background_slideshow_slide_duration&quot;:5000,&quot;background_slideshow_slide_transition&quot;:&quot;fade&quot;,&quot;background_slideshow_ken_burns_zoom_direction&quot;:&quot;in&quot;}\">\n\t\t\t<div class=\"elementor-widget-wrap elementor-element-populated\">\n\t\t\t\t\t\t\t<\/div>\n\t\t<\/div>\n\t\t\t\t\t<\/div>\n\t\t<\/section>\n\t\t\t\t<section class=\"elementor-section elementor-top-section elementor-element elementor-element-6b3518eb elementor-section-boxed elementor-section-height-default elementor-section-height-default wpr-particle-no wpr-jarallax-no wpr-parallax-no wpr-sticky-section-no\" data-id=\"6b3518eb\" data-element_type=\"section\" data-e-type=\"section\" data-settings=\"{&quot;_ha_eqh_enable&quot;:false}\">\n\t\t\t\t\t\t<div class=\"elementor-container elementor-column-gap-default\">\n\t\t\t\t\t<div class=\"elementor-column elementor-col-100 elementor-top-column elementor-element elementor-element-20a79229\" data-id=\"20a79229\" data-element_type=\"column\" data-e-type=\"column\">\n\t\t\t<div class=\"elementor-widget-wrap elementor-element-populated\">\n\t\t\t\t\t\t<div class=\"elementor-element elementor-element-2cc49917 elementor-author-box--layout-image-above elementor-author-box--align-center elementor-widget elementor-widget-author-box\" data-id=\"2cc49917\" data-element_type=\"widget\" data-e-type=\"widget\" data-widget_type=\"author-box.default\">\n\t\t\t\t<div class=\"elementor-widget-container\">\n\t\t\t\t\t\t\t<div class=\"elementor-author-box\">\n\t\t\t\t\t\t\t<div  class=\"elementor-author-box__avatar\">\n\t\t\t\t\t<img decoding=\"async\" src=\"https:\/\/radatilly.gob.ar\/wp-content\/uploads\/sites\/9\/2020\/11\/isologoDMAok-275x300.png\" alt=\"Author picture\" loading=\"lazy\">\n\t\t\t\t<\/div>\n\t\t\t\n\t\t\t<div class=\"elementor-author-box__text\">\n\t\t\t\t\n\t\t\t\t\n\t\t\t\t\t\t\t<\/div>\n\t\t<\/div>\n\t\t\t\t\t\t<\/div>\n\t\t\t\t<\/div>\n\t\t\t\t<div class=\"elementor-element elementor-element-31dba16d elementor-widget elementor-widget-theme-post-title elementor-page-title elementor-widget-heading\" data-id=\"31dba16d\" data-element_type=\"widget\" data-e-type=\"widget\" data-widget_type=\"theme-post-title.default\">\n\t\t\t\t<div class=\"elementor-widget-container\">\n\t\t\t\t\t<h1 class=\"elementor-heading-title elementor-size-default\">M\u00c1S AMBIENTE, MENOS PL\u00c1STICO<\/h1>\t\t\t\t<\/div>\n\t\t\t\t<\/div>\n\t\t\t\t<div class=\"elementor-element elementor-element-3bd68d7 elementor-widget elementor-widget-text-editor\" data-id=\"3bd68d7\" data-element_type=\"widget\" data-e-type=\"widget\" data-widget_type=\"text-editor.default\">\n\t\t\t\t<div class=\"elementor-widget-container\">\n\t\t\t\t\t\t\t\t\t<p><em><strong>PROGRAMA \u201cM\u00c1S AMBIENTE MENOS PL\u00c1STICO\u201d<br \/><\/strong><\/em><em><br \/>La Direcci\u00f3n de Medio Ambiente de Rada Tilly busca lograr de forma gradual y progresiva cambios en h\u00e1bitos de consumo y la reducci\u00f3n sistem\u00e1tica del uso de pl\u00e1sticos en la ciudad.<\/em><\/p><p>El programa \u201cM\u00e1s ambiente menos pl\u00e1stico\u201d se implementa con el fin de promover la reducci\u00f3n de residuos no biodegradables. El mismo se encuentra aprobado por <a href=\"http:\/\/radatilly.gob.ar\/wp-content\/uploads\/2020\/10\/ORD-2521-20.pdf\" target=\"_blank\" rel=\"noopener\">Ordenanza N\u00b0 2521\/20<\/a> promulgada bajo Resoluci\u00f3n Municipal N\u00b0 345\/20, con su modificatoria <a href=\"https:\/\/radatilly.gob.ar\/medioambiente\/wp-content\/uploads\/sites\/9\/2021\/07\/ORDENANZA-MUNICIPAL-2577-21.pdf\"> N\u00ba 2577\/21<\/a>.<\/p><p><strong>COMERCIOS<\/strong><\/p><p><span style=\"font-size: inherit;text-align: inherit;letter-spacing: -0.015em\">Con el fin de originar acciones ambientales e institucionales tendientes a la generaci\u00f3n de conciencia y compromiso con el ambiente, el plan determina que los establecimientos comerciales s\u00f3lo podr\u00e1n utilizar, entregar y poner a disposici\u00f3n de sus clientes envoltorios, elementos de empaque o embalaje y bolsas de materiales biodegradables o reutilizables que no contengan polietileno de baja densidad. <\/span><\/p><p><span style=\"font-size: inherit;text-align: inherit;letter-spacing: -0.015em\">Seg\u00fan lo establecido, <span style=\"text-decoration: underline\">se suspende la entrega de bolsas pl\u00e1sticas descartables en los comercios para realizar compras.<\/span> <span style=\"text-decoration: underline\">Adem\u00e1s no se podr\u00e1n entregar platos, vasos y sorbetes de un solo uso.\u00a0<\/span><\/span><\/p><p>S\u00f3lo quedar\u00e1n exceptuados aquellos envoltorios que por cuestiones exclusivas de inocuidad y sanidad constituyan un envase primario de alimentos -como los envasados al vac\u00edo de productos c\u00e1rnicos- y los insumos hospitalarios<em>.<\/em><\/p><p><span style=\"font-size: inherit;text-align: inherit;letter-spacing: -0.015em\">-&gt; <span style=\"text-decoration: underline\">A los comercios se sugiere poner a la vista la siguiente informaci\u00f3n: <\/span><span style=\"text-decoration: underline\"><a href=\"https:\/\/radatilly.gob.ar\/medioambiente\/wp-content\/uploads\/sites\/9\/2021\/07\/COMUNICADO-COMERCIOS.pdf\">COMUNICADO COMERCIOS<\/a><\/span><\/span><\/p><p><span style=\"font-size: inherit;text-align: inherit;letter-spacing: -0.015em\"><i><br \/><\/i><b>\u00bfQU\u00c9 MATERIALES S\u00cd SE PUEDEN USAR?<\/b><\/span><\/p><p>Los materiales no biodegradables podr\u00e1n reemplazarse por:<\/p><ul><li>Bolsas y materiales larga vida, reutilizables y\/o reciclables. Los servicios de venta de alimentos y bebidas deber\u00e1n adoptar las medidas conducentes a efectos de proporcionar, en sus l\u00edneas de caja, bolsas que sean larga vida, reutilizables o compostables, en cantidades suficientes para abastecer su actividad.<\/li><li>Materiales pl\u00e1sticos biodegradables.<\/li><li>Materiales y bolsas biodegradables confeccionadas con papel.<\/li><\/ul><p>Por consultas e informes, sobre la aplicaci\u00f3n del Programa \u201cM\u00e1s ambiente menos pl\u00e1stico\u201d comunicarse con la Direcci\u00f3n de Ambiente a <a href=\"mailto:medioambiente@radatilly.gob.ar\">medioambiente@radatilly.gob.ar<\/a><\/p>\t\t\t\t\t\t\t\t<\/div>\n\t\t\t\t<\/div>\n\t\t\t\t<div class=\"elementor-element elementor-element-7499ab2 elementor-skin-carousel elementor-arrows-yes elementor-pagination-type-bullets elementor-pagination-position-outside elementor-widget elementor-widget-media-carousel\" data-id=\"7499ab2\" data-element_type=\"widget\" data-e-type=\"widget\" data-settings=\"{&quot;autoplay_speed&quot;:&quot;3000&quot;,&quot;skin&quot;:&quot;carousel&quot;,&quot;effect&quot;:&quot;slide&quot;,&quot;show_arrows&quot;:&quot;yes&quot;,&quot;pagination&quot;:&quot;bullets&quot;,&quot;speed&quot;:500,&quot;autoplay&quot;:&quot;yes&quot;,&quot;loop&quot;:&quot;yes&quot;,&quot;pause_on_interaction&quot;:&quot;yes&quot;,&quot;space_between&quot;:{&quot;unit&quot;:&quot;px&quot;,&quot;size&quot;:10,&quot;sizes&quot;:[]},&quot;space_between_tablet&quot;:{&quot;unit&quot;:&quot;px&quot;,&quot;size&quot;:10,&quot;sizes&quot;:[]},&quot;space_between_mobile&quot;:{&quot;unit&quot;:&quot;px&quot;,&quot;size&quot;:10,&quot;sizes&quot;:[]}}\" data-widget_type=\"media-carousel.default\">\n\t\t\t\t<div class=\"elementor-widget-container\">\n\t\t\t\t\t\t\t\t\t<div class=\"elementor-swiper\">\n\t\t\t\t\t<div class=\"elementor-main-swiper swiper\" role=\"region\" aria-roledescription=\"carousel\" aria-label=\"Slides\">\n\t\t\t\t<div class=\"swiper-wrapper\">\n\t\t\t\t\t\t\t\t\t\t\t<div class=\"swiper-slide\" role=\"group\" aria-roledescription=\"slide\">\n\t\t\t\t\t\t\t<a href=\"https:\/\/radatilly.gob.ar\/medioambiente\/wp-content\/uploads\/sites\/9\/2020\/11\/Plastico1.jpg\" data-elementor-open-lightbox=\"yes\" data-elementor-lightbox-slideshow=\"7499ab2\" data-e-action-hash=\"#elementor-action%3Aaction%3Dlightbox%26settings%3DeyJpZCI6IjEyMDgiLCJ1cmwiOiJodHRwczpcL1wvcmFkYXRpbGx5LmdvYi5hclwvd3AtY29udGVudFwvdXBsb2Fkc1wvc2l0ZXNcLzlcLzIwMjBcLzExXC9QbGFzdGljbzEuanBnIiwic2xpZGVzaG93IjoiNzQ5OWFiMiJ9\">\t\t<div class=\"elementor-carousel-image\" role=\"img\" aria-label=\"\" style=\"background-image: url(&#039;https:\/\/radatilly.gob.ar\/wp-content\/uploads\/sites\/9\/2020\/11\/Plastico1.jpg&#039;)\">\n\n\t\t\t\n\t\t\t\t\t<\/div>\n\t\t<\/a>\t\t\t\t\t\t<\/div>\n\t\t\t\t\t\t\t\t\t\t\t<div class=\"swiper-slide\" role=\"group\" aria-roledescription=\"slide\">\n\t\t\t\t\t\t\t<a href=\"https:\/\/radatilly.gob.ar\/medioambiente\/wp-content\/uploads\/sites\/9\/2020\/11\/Plastico2.jpg\" data-elementor-open-lightbox=\"yes\" data-elementor-lightbox-slideshow=\"7499ab2\" data-e-action-hash=\"#elementor-action%3Aaction%3Dlightbox%26settings%3DeyJpZCI6IjEyMDkiLCJ1cmwiOiJodHRwczpcL1wvcmFkYXRpbGx5LmdvYi5hclwvd3AtY29udGVudFwvdXBsb2Fkc1wvc2l0ZXNcLzlcLzIwMjBcLzExXC9QbGFzdGljbzIuanBnIiwic2xpZGVzaG93IjoiNzQ5OWFiMiJ9\">\t\t<div class=\"elementor-carousel-image\" role=\"img\" aria-label=\"\" style=\"background-image: url(&#039;https:\/\/radatilly.gob.ar\/wp-content\/uploads\/sites\/9\/2020\/11\/Plastico2.jpg&#039;)\">\n\n\t\t\t\n\t\t\t\t\t<\/div>\n\t\t<\/a>\t\t\t\t\t\t<\/div>\n\t\t\t\t\t\t\t\t\t\t\t<div class=\"swiper-slide\" role=\"group\" aria-roledescription=\"slide\">\n\t\t\t\t\t\t\t<a href=\"https:\/\/radatilly.gob.ar\/medioambiente\/wp-content\/uploads\/sites\/9\/2020\/11\/Plastico3.jpg\" data-elementor-open-lightbox=\"yes\" data-elementor-lightbox-slideshow=\"7499ab2\" data-e-action-hash=\"#elementor-action%3Aaction%3Dlightbox%26settings%3DeyJpZCI6IjEyMTAiLCJ1cmwiOiJodHRwczpcL1wvcmFkYXRpbGx5LmdvYi5hclwvd3AtY29udGVudFwvdXBsb2Fkc1wvc2l0ZXNcLzlcLzIwMjBcLzExXC9QbGFzdGljbzMuanBnIiwic2xpZGVzaG93IjoiNzQ5OWFiMiJ9\">\t\t<div class=\"elementor-carousel-image\" role=\"img\" aria-label=\"\" style=\"background-image: url(&#039;https:\/\/radatilly.gob.ar\/wp-content\/uploads\/sites\/9\/2020\/11\/Plastico3.jpg&#039;)\">\n\n\t\t\t\n\t\t\t\t\t<\/div>\n\t\t<\/a>\t\t\t\t\t\t<\/div>\n\t\t\t\t\t\t\t\t\t\t\t<div class=\"swiper-slide\" role=\"group\" aria-roledescription=\"slide\">\n\t\t\t\t\t\t\t<a href=\"https:\/\/radatilly.gob.ar\/medioambiente\/wp-content\/uploads\/sites\/9\/2020\/11\/Plastico4.jpg\" data-elementor-open-lightbox=\"yes\" data-elementor-lightbox-slideshow=\"7499ab2\" data-e-action-hash=\"#elementor-action%3Aaction%3Dlightbox%26settings%3DeyJpZCI6IjEyMTEiLCJ1cmwiOiJodHRwczpcL1wvcmFkYXRpbGx5LmdvYi5hclwvd3AtY29udGVudFwvdXBsb2Fkc1wvc2l0ZXNcLzlcLzIwMjBcLzExXC9QbGFzdGljbzQuanBnIiwic2xpZGVzaG93IjoiNzQ5OWFiMiJ9\">\t\t<div class=\"elementor-carousel-image\" role=\"img\" aria-label=\"\" style=\"background-image: url(&#039;https:\/\/radatilly.gob.ar\/wp-content\/uploads\/sites\/9\/2020\/11\/Plastico4.jpg&#039;)\">\n\n\t\t\t\n\t\t\t\t\t<\/div>\n\t\t<\/a>\t\t\t\t\t\t<\/div>\n\t\t\t\t\t\t\t\t\t\t\t<div class=\"swiper-slide\" role=\"group\" aria-roledescription=\"slide\">\n\t\t\t\t\t\t\t<a href=\"https:\/\/radatilly.gob.ar\/medioambiente\/wp-content\/uploads\/sites\/9\/2020\/11\/Plastico5.jpg\" data-elementor-open-lightbox=\"yes\" data-elementor-lightbox-slideshow=\"7499ab2\" data-e-action-hash=\"#elementor-action%3Aaction%3Dlightbox%26settings%3DeyJpZCI6IjEyMTIiLCJ1cmwiOiJodHRwczpcL1wvcmFkYXRpbGx5LmdvYi5hclwvd3AtY29udGVudFwvdXBsb2Fkc1wvc2l0ZXNcLzlcLzIwMjBcLzExXC9QbGFzdGljbzUuanBnIiwic2xpZGVzaG93IjoiNzQ5OWFiMiJ9\">\t\t<div class=\"elementor-carousel-image\" role=\"img\" aria-label=\"\" style=\"background-image: url(&#039;https:\/\/radatilly.gob.ar\/wp-content\/uploads\/sites\/9\/2020\/11\/Plastico5.jpg&#039;)\">\n\n\t\t\t\n\t\t\t\t\t<\/div>\n\t\t<\/a>\t\t\t\t\t\t<\/div>\n\t\t\t\t\t\t\t\t\t\t\t<div class=\"swiper-slide\" role=\"group\" aria-roledescription=\"slide\">\n\t\t\t\t\t\t\t<a href=\"https:\/\/radatilly.gob.ar\/medioambiente\/wp-content\/uploads\/sites\/9\/2020\/11\/Plastico6.jpg\" data-elementor-open-lightbox=\"yes\" data-elementor-lightbox-slideshow=\"7499ab2\" data-e-action-hash=\"#elementor-action%3Aaction%3Dlightbox%26settings%3DeyJpZCI6IjEyMTMiLCJ1cmwiOiJodHRwczpcL1wvcmFkYXRpbGx5LmdvYi5hclwvd3AtY29udGVudFwvdXBsb2Fkc1wvc2l0ZXNcLzlcLzIwMjBcLzExXC9QbGFzdGljbzYuanBnIiwic2xpZGVzaG93IjoiNzQ5OWFiMiJ9\">\t\t<div class=\"elementor-carousel-image\" role=\"img\" aria-label=\"\" style=\"background-image: url(&#039;https:\/\/radatilly.gob.ar\/wp-content\/uploads\/sites\/9\/2020\/11\/Plastico6.jpg&#039;)\">\n\n\t\t\t\n\t\t\t\t\t<\/div>\n\t\t<\/a>\t\t\t\t\t\t<\/div>\n\t\t\t\t\t\t\t\t\t\t\t<div class=\"swiper-slide\" role=\"group\" aria-roledescription=\"slide\">\n\t\t\t\t\t\t\t<a href=\"https:\/\/radatilly.gob.ar\/medioambiente\/wp-content\/uploads\/sites\/9\/2020\/11\/Plastico7.jpg\" data-elementor-open-lightbox=\"yes\" data-elementor-lightbox-slideshow=\"7499ab2\" data-e-action-hash=\"#elementor-action%3Aaction%3Dlightbox%26settings%3DeyJpZCI6IjEyMTQiLCJ1cmwiOiJodHRwczpcL1wvcmFkYXRpbGx5LmdvYi5hclwvd3AtY29udGVudFwvdXBsb2Fkc1wvc2l0ZXNcLzlcLzIwMjBcLzExXC9QbGFzdGljbzcuanBnIiwic2xpZGVzaG93IjoiNzQ5OWFiMiJ9\">\t\t<div class=\"elementor-carousel-image\" role=\"img\" aria-label=\"\" style=\"background-image: url(&#039;https:\/\/radatilly.gob.ar\/wp-content\/uploads\/sites\/9\/2020\/11\/Plastico7.jpg&#039;)\">\n\n\t\t\t\n\t\t\t\t\t<\/div>\n\t\t<\/a>\t\t\t\t\t\t<\/div>\n\t\t\t\t\t\t\t\t\t\t\t<div class=\"swiper-slide\" role=\"group\" aria-roledescription=\"slide\">\n\t\t\t\t\t\t\t<a href=\"https:\/\/radatilly.gob.ar\/medioambiente\/wp-content\/uploads\/sites\/9\/2020\/11\/Plastico8.jpg\" data-elementor-open-lightbox=\"yes\" data-elementor-lightbox-slideshow=\"7499ab2\" data-e-action-hash=\"#elementor-action%3Aaction%3Dlightbox%26settings%3DeyJpZCI6IjEyMTUiLCJ1cmwiOiJodHRwczpcL1wvcmFkYXRpbGx5LmdvYi5hclwvd3AtY29udGVudFwvdXBsb2Fkc1wvc2l0ZXNcLzlcLzIwMjBcLzExXC9QbGFzdGljbzguanBnIiwic2xpZGVzaG93IjoiNzQ5OWFiMiJ9\">\t\t<div class=\"elementor-carousel-image\" role=\"img\" aria-label=\"\" style=\"background-image: url(&#039;https:\/\/radatilly.gob.ar\/wp-content\/uploads\/sites\/9\/2020\/11\/Plastico8.jpg&#039;)\">\n\n\t\t\t\n\t\t\t\t\t<\/div>\n\t\t<\/a>\t\t\t\t\t\t<\/div>\n\t\t\t\t\t\t\t\t\t<\/div>\n\t\t\t\t\t\t\t\t\t\t\t\t\t\t\t<div class=\"elementor-swiper-button elementor-swiper-button-prev\" role=\"button\" tabindex=\"0\" aria-label=\"Previous\">\n\t\t\t\t\t\t\t<i aria-hidden=\"true\" class=\"eicon-chevron-left\"><\/i>\t\t\t\t\t\t<\/div>\n\t\t\t\t\t\t<div class=\"elementor-swiper-button elementor-swiper-button-next\" role=\"button\" tabindex=\"0\" aria-label=\"Next\">\n\t\t\t\t\t\t\t<i aria-hidden=\"true\" class=\"eicon-chevron-right\"><\/i>\t\t\t\t\t\t<\/div>\n\t\t\t\t\t\t\t\t\t\t\t\t\t\t\t\t<div class=\"swiper-pagination\"><\/div>\n\t\t\t\t\t\t\t\t\t\t\t\t<\/div>\n\t\t\t\t<\/div>\n\t\t\t\t\t\t\t\t<\/div>\n\t\t\t\t<\/div>\n\t\t\t\t<div class=\"elementor-element elementor-element-8090a9d elementor-widget elementor-widget-video\" data-id=\"8090a9d\" data-element_type=\"widget\" data-e-type=\"widget\" data-settings=\"{&quot;video_type&quot;:&quot;hosted&quot;,&quot;controls&quot;:&quot;yes&quot;}\" data-widget_type=\"video.default\">\n\t\t\t\t<div class=\"elementor-widget-container\">\n\t\t\t\t\t\t\t<div class=\"e-hosted-video elementor-wrapper elementor-open-inline\">\n\t\t\t\t\t<video class=\"elementor-video\" src=\"https:\/\/radatilly.gob.ar\/wp-content\/uploads\/sites\/9\/2020\/11\/platico_video.mp4\" controls=\"\" preload=\"metadata\" controlsList=\"nodownload\"><\/video>\n\t\t\t\t<\/div>\n\t\t\t\t\t\t<\/div>\n\t\t\t\t<\/div>\n\t\t\t\t<section class=\"elementor-section elementor-inner-section elementor-element elementor-element-1f685e78 elementor-section-content-middle elementor-section-boxed elementor-section-height-default elementor-section-height-default wpr-particle-no wpr-jarallax-no wpr-parallax-no wpr-sticky-section-no\" data-id=\"1f685e78\" data-element_type=\"section\" data-e-type=\"section\" data-settings=\"{&quot;_ha_eqh_enable&quot;:false}\">\n\t\t\t\t\t\t<div class=\"elementor-container elementor-column-gap-default\">\n\t\t\t\t\t<div class=\"elementor-column elementor-col-50 elementor-inner-column elementor-element elementor-element-5a5ed690\" data-id=\"5a5ed690\" data-element_type=\"column\" data-e-type=\"column\">\n\t\t\t<div class=\"elementor-widget-wrap\">\n\t\t\t\t\t\t\t<\/div>\n\t\t<\/div>\n\t\t\t\t<div class=\"elementor-column elementor-col-50 elementor-inner-column elementor-element elementor-element-16b205a9\" data-id=\"16b205a9\" data-element_type=\"column\" data-e-type=\"column\">\n\t\t\t<div class=\"elementor-widget-wrap elementor-element-populated\">\n\t\t\t\t\t\t<div class=\"elementor-element elementor-element-6694a71e elementor-share-buttons--skin-flat elementor-grid-mobile-1 elementor-share-buttons--view-icon elementor-share-buttons--shape-circle elementor-grid-0 elementor-share-buttons--color-official elementor-widget elementor-widget-share-buttons\" data-id=\"6694a71e\" data-element_type=\"widget\" data-e-type=\"widget\" data-widget_type=\"share-buttons.default\">\n\t\t\t\t<div class=\"elementor-widget-container\">\n\t\t\t\t\t\t\t<div class=\"elementor-grid\" role=\"list\">\n\t\t\t\t\t\t\t\t<div class=\"elementor-grid-item\" role=\"listitem\">\n\t\t\t\t\t\t<div class=\"elementor-share-btn elementor-share-btn_facebook\" role=\"button\" tabindex=\"0\" aria-label=\"Share on facebook\">\n\t\t\t\t\t\t\t\t\t\t\t\t\t\t\t<span class=\"elementor-share-btn__icon\">\n\t\t\t\t\t\t\t\t<i class=\"fab fa-facebook\" aria-hidden=\"true\"><\/i>\t\t\t\t\t\t\t<\/span>\n\t\t\t\t\t\t\t\t\t\t\t\t\t\t\t\t\t\t\t\t<\/div>\n\t\t\t\t\t<\/div>\n\t\t\t\t\t\t\t\t\t<div class=\"elementor-grid-item\" role=\"listitem\">\n\t\t\t\t\t\t<div class=\"elementor-share-btn elementor-share-btn_twitter\" role=\"button\" tabindex=\"0\" aria-label=\"Share on twitter\">\n\t\t\t\t\t\t\t\t\t\t\t\t\t\t\t<span class=\"elementor-share-btn__icon\">\n\t\t\t\t\t\t\t\t<i class=\"fab fa-twitter\" aria-hidden=\"true\"><\/i>\t\t\t\t\t\t\t<\/span>\n\t\t\t\t\t\t\t\t\t\t\t\t\t\t\t\t\t\t\t\t<\/div>\n\t\t\t\t\t<\/div>\n\t\t\t\t\t\t\t\t\t<div class=\"elementor-grid-item\" role=\"listitem\">\n\t\t\t\t\t\t<div class=\"elementor-share-btn elementor-share-btn_linkedin\" role=\"button\" tabindex=\"0\" aria-label=\"Share on linkedin\">\n\t\t\t\t\t\t\t\t\t\t\t\t\t\t\t<span class=\"elementor-share-btn__icon\">\n\t\t\t\t\t\t\t\t<i class=\"fab fa-linkedin\" aria-hidden=\"true\"><\/i>\t\t\t\t\t\t\t<\/span>\n\t\t\t\t\t\t\t\t\t\t\t\t\t\t\t\t\t\t\t\t<\/div>\n\t\t\t\t\t<\/div>\n\t\t\t\t\t\t\t\t\t<div class=\"elementor-grid-item\" role=\"listitem\">\n\t\t\t\t\t\t<div class=\"elementor-share-btn elementor-share-btn_pinterest\" role=\"button\" tabindex=\"0\" aria-label=\"Share on pinterest\">\n\t\t\t\t\t\t\t\t\t\t\t\t\t\t\t<span class=\"elementor-share-btn__icon\">\n\t\t\t\t\t\t\t\t<i class=\"fab fa-pinterest\" aria-hidden=\"true\"><\/i>\t\t\t\t\t\t\t<\/span>\n\t\t\t\t\t\t\t\t\t\t\t\t\t\t\t\t\t\t\t\t<\/div>\n\t\t\t\t\t<\/div>\n\t\t\t\t\t\t\t\t\t<div class=\"elementor-grid-item\" role=\"listitem\">\n\t\t\t\t\t\t<div class=\"elementor-share-btn elementor-share-btn_email\" role=\"button\" tabindex=\"0\" aria-label=\"Share on email\">\n\t\t\t\t\t\t\t\t\t\t\t\t\t\t\t<span class=\"elementor-share-btn__icon\">\n\t\t\t\t\t\t\t\t<i class=\"fas fa-envelope\" aria-hidden=\"true\"><\/i>\t\t\t\t\t\t\t<\/span>\n\t\t\t\t\t\t\t\t\t\t\t\t\t\t\t\t\t\t\t\t<\/div>\n\t\t\t\t\t<\/div>\n\t\t\t\t\t\t<\/div>\n\t\t\t\t\t\t<\/div>\n\t\t\t\t<\/div>\n\t\t\t\t\t<\/div>\n\t\t<\/div>\n\t\t\t\t\t<\/div>\n\t\t<\/section>\n\t\t\t\t<div class=\"elementor-element elementor-element-1efca613 elementor-widget-divider--view-line elementor-widget elementor-widget-divider\" data-id=\"1efca613\" data-element_type=\"widget\" data-e-type=\"widget\" data-widget_type=\"divider.default\">\n\t\t\t\t<div class=\"elementor-widget-container\">\n\t\t\t\t\t\t\t<div class=\"elementor-divider\">\n\t\t\t<span class=\"elementor-divider-separator\">\n\t\t\t\t\t\t<\/span>\n\t\t<\/div>\n\t\t\t\t\t\t<\/div>\n\t\t\t\t<\/div>\n\t\t\t\t\t<\/div>\n\t\t<\/div>\n\t\t\t\t\t<\/div>\n\t\t<\/section>\n\t\t\t\t<\/div>\n\t\t","protected":false},"excerpt":{"rendered":"<p>PROGRAMA \u201cM\u00c1S AMBIENTE MENOS PL\u00c1STICO\u201dLa Direcci\u00f3n de Medio Ambiente de Rada Tilly busca lograr de forma gradual y progresiva cambios en h\u00e1bitos de consumo y la reducci\u00f3n sistem\u00e1tica del uso de pl\u00e1sticos en la ciudad. El programa \u201cM\u00e1s ambiente menos pl\u00e1stico\u201d se implementa con el fin de promover la reducci\u00f3n de residuos no biodegradables. El mismo se encuentra aprobado por Ordenanza N\u00b0 2521\/20 promulgada bajo Resoluci\u00f3n Municipal N\u00b0 345\/20, con su modificatoria N\u00ba 2577\/21. COMERCIOS Con el fin de originar acciones ambientales e institucionales tendientes a la generaci\u00f3n de conciencia y compromiso con el ambiente, el plan determina que los establecimientos comerciales s\u00f3lo podr\u00e1n utilizar, entregar y poner a disposici\u00f3n de sus clientes envoltorios, elementos de empaque o embalaje y bolsas de materiales biodegradables o reutilizables que no contengan polietileno de baja densidad. Seg\u00fan lo establecido, se suspende la entrega de bolsas pl\u00e1sticas descartables en los comercios para realizar compras. Adem\u00e1s no se podr\u00e1n entregar platos, vasos y sorbetes de un solo uso.\u00a0 S\u00f3lo quedar\u00e1n exceptuados aquellos envoltorios que por cuestiones exclusivas de inocuidad y sanidad constituyan un envase primario de alimentos -como los envasados al vac\u00edo de productos c\u00e1rnicos- y los insumos hospitalarios. -&gt; A los comercios se sugiere poner a la vista la siguiente informaci\u00f3n: COMUNICADO COMERCIOS \u00bfQU\u00c9 MATERIALES S\u00cd SE PUEDEN USAR? Los materiales no biodegradables podr\u00e1n reemplazarse por: Bolsas y materiales larga vida, reutilizables y\/o reciclables. Los servicios de venta de alimentos y bebidas deber\u00e1n adoptar las medidas conducentes a efectos de proporcionar, en sus l\u00edneas de caja, bolsas que sean larga vida, reutilizables o compostables, en cantidades suficientes para abastecer su actividad. Materiales pl\u00e1sticos biodegradables. Materiales y bolsas biodegradables confeccionadas con papel. Por consultas e informes, sobre la aplicaci\u00f3n del Programa \u201cM\u00e1s ambiente menos pl\u00e1stico\u201d comunicarse con la Direcci\u00f3n de Ambiente a medioambiente@radatilly.gob.ar Previous Next https:\/\/radatilly.gob.ar\/wp-content\/uploads\/sites\/9\/2020\/11\/platico_video.mp4 Share on facebook Share on google Share on twitter Share on linkedin Share on pinterest Share on email<\/p>\n","protected":false},"author":1,"featured_media":0,"parent":0,"menu_order":0,"comment_status":"closed","ping_status":"closed","template":"elementor_header_footer","meta":{"footnotes":""},"class_list":["post-1199","page","type-page","status-publish","hentry"],"_links":{"self":[{"href":"https:\/\/radatilly.gob.ar\/medioambiente\/wp-json\/wp\/v2\/pages\/1199","targetHints":{"allow":["GET"]}}],"collection":[{"href":"https:\/\/radatilly.gob.ar\/medioambiente\/wp-json\/wp\/v2\/pages"}],"about":[{"href":"https:\/\/radatilly.gob.ar\/medioambiente\/wp-json\/wp\/v2\/types\/page"}],"author":[{"embeddable":true,"href":"https:\/\/radatilly.gob.ar\/medioambiente\/wp-json\/wp\/v2\/users\/1"}],"replies":[{"embeddable":true,"href":"https:\/\/radatilly.gob.ar\/medioambiente\/wp-json\/wp\/v2\/comments?post=1199"}],"version-history":[{"count":5,"href":"https:\/\/radatilly.gob.ar\/medioambiente\/wp-json\/wp\/v2\/pages\/1199\/revisions"}],"predecessor-version":[{"id":1756,"href":"https:\/\/radatilly.gob.ar\/medioambiente\/wp-json\/wp\/v2\/pages\/1199\/revisions\/1756"}],"wp:attachment":[{"href":"https:\/\/radatilly.gob.ar\/medioambiente\/wp-json\/wp\/v2\/media?parent=1199"}],"curies":[{"name":"wp","href":"https:\/\/api.w.org\/{rel}","templated":true}]}}