{"id":665,"date":"2023-09-20T09:26:00","date_gmt":"2023-09-20T12:26:00","guid":{"rendered":"https:\/\/radatilly.gob.ar\/desarrollo-social-y-salud\/?page_id=665"},"modified":"2023-12-21T15:03:16","modified_gmt":"2023-12-21T18:03:16","slug":"capacitacion-ley-micaela","status":"publish","type":"page","link":"https:\/\/radatilly.gob.ar\/desarrollo-social-y-salud\/capacitacion-ley-micaela\/","title":{"rendered":"CAPACITACI\u00d3N LEY MICAELA"},"content":{"rendered":"\t\t<div data-elementor-type=\"wp-page\" data-elementor-id=\"665\" class=\"elementor elementor-665\" data-elementor-settings=\"{&quot;ha_cmc_init_switcher&quot;:&quot;no&quot;}\" data-elementor-post-type=\"page\">\n\t\t\t\t\t\t<section class=\"elementor-section elementor-top-section elementor-element elementor-element-23917bc elementor-section-boxed elementor-section-height-default elementor-section-height-default wpr-particle-no wpr-jarallax-no wpr-parallax-no wpr-sticky-section-no\" data-id=\"23917bc\" data-element_type=\"section\" data-e-type=\"section\" data-settings=\"{&quot;_ha_eqh_enable&quot;:false}\">\n\t\t\t\t\t\t<div class=\"elementor-container elementor-column-gap-default\">\n\t\t\t\t\t<div class=\"elementor-column elementor-col-100 elementor-top-column elementor-element elementor-element-f63bfc6\" data-id=\"f63bfc6\" data-element_type=\"column\" data-e-type=\"column\">\n\t\t\t<div class=\"elementor-widget-wrap elementor-element-populated\">\n\t\t\t\t\t\t<div class=\"elementor-element elementor-element-42489ef elementor-widget elementor-widget-heading\" data-id=\"42489ef\" data-element_type=\"widget\" data-e-type=\"widget\" data-widget_type=\"heading.default\">\n\t\t\t\t<div class=\"elementor-widget-container\">\n\t\t\t\t\t<h2 class=\"elementor-heading-title elementor-size-default\">CAPACITACI\u00d3N LEY MICAELA<\/h2>\t\t\t\t<\/div>\n\t\t\t\t<\/div>\n\t\t\t\t<div class=\"elementor-element elementor-element-8b1f77c elementor-widget elementor-widget-text-editor\" data-id=\"8b1f77c\" data-element_type=\"widget\" data-e-type=\"widget\" data-widget_type=\"text-editor.default\">\n\t\t\t\t<div class=\"elementor-widget-container\">\n\t\t\t\t\t\t\t\t\t<p>Se certifica que las siguientes personas han cursado y aprobado el dispositivo de formaci\u00f3n dictado por el Equipo Interdisciplinario de la Secretar\u00eda de Desarrollo Social de la Municipalidad de Rada Tilly, con una carga de 20hs. reloj, conforme al proyecto de capacitaci\u00f3n aprobado por SubSecretaria de Derechos Humanos dispocion N\u00b0 13\/2022 acorde a lo establecido en la Ley Provincial VIII N\u00b0 129, en adhesion a la ley Nacional Nro.27499 \u201cLey Micaela\u201d.\u00a0<\/p>\t\t\t\t\t\t\t\t<\/div>\n\t\t\t\t<\/div>\n\t\t\t\t<div class=\"elementor-element elementor-element-5bf2220 elementor-widget elementor-widget-text-editor\" data-id=\"5bf2220\" data-element_type=\"widget\" data-e-type=\"widget\" data-widget_type=\"text-editor.default\">\n\t\t\t\t<div class=\"elementor-widget-container\">\n\t\t\t\t\t\t\t\t\t<table width=\"678\"><tbody><tr><td width=\"87\">N\u00aa<\/td><td width=\"360\">NOMBRE<\/td><td width=\"231\">DNI<\/td><\/tr><tr><td>1<\/td><td>ALIVES GABRIEL<\/td><td>24580696<\/td><\/tr><tr><td>2<\/td><td>ANTINAO, LORENZO OSCAR<\/td><td>23905402<\/td><\/tr><tr><td>3<\/td><td>ARANEA, CLARA GRACIELA<\/td><td>14075933<\/td><\/tr><tr><td>4<\/td><td>BARRIOS DAPORTA, CARLOS DANIEL<\/td><td>24730672<\/td><\/tr><tr><td>5<\/td><td>BAUZA, LUCIANA ANDREA<\/td><td>35272007<\/td><\/tr><tr><td>6<\/td><td>BAZTAN, MAR\u00cdA CECILIA<\/td><td>23286978<\/td><\/tr><tr><td>7<\/td><td>BERTOTTI, ESTELA JOSEFA<\/td><td>16687899<\/td><\/tr><tr><td>8<\/td><td>CORONEL MARTIN<\/td><td>25619311<\/td><\/tr><tr><td>9<\/td><td>CURZIO ANGEL<\/td><td>35183380<\/td><\/tr><tr><td>10<\/td><td>DEL BONO MARIO<\/td><td>13253503<\/td><\/tr><tr><td>11<\/td><td>ESPINA, SUSANA<\/td><td>11271341<\/td><\/tr><tr><td>12<\/td><td>GENTILE, MONICA<\/td><td>27699037<\/td><\/tr><tr><td>13<\/td><td>GIMENEZ, MARIA ALEJANDRA<\/td><td>21355362<\/td><\/tr><tr><td>14<\/td><td>LOPEZ LARROUDE, LUIS FERNANDO<\/td><td>26415952<\/td><\/tr><tr><td>15<\/td><td>LOPEZ, ISMAELA HAYDEE<\/td><td>13777919<\/td><\/tr><tr><td>16<\/td><td>LUNA, NATALIA MARYSA<\/td><td>31535684<\/td><\/tr><tr><td>17<\/td><td>MOREJ\u00d3N, MABEL CRISTINA<\/td><td>20235337<\/td><\/tr><tr><td>18<\/td><td>MU\u00d1OZ, MARIA ELISA<\/td><td>5689578<\/td><\/tr><tr><td>19<\/td><td>OJEDA, FABIAN FERNANDO<\/td><td>27010075<\/td><\/tr><tr><td>20<\/td><td>OYARZO, MARIA JULIETA<\/td><td>35658739<\/td><\/tr><tr><td>21<\/td><td>PERALTA, VALENTINA MARIA<\/td><td>16363469<\/td><\/tr><tr><td>22<\/td><td>PONCE, PAULA VERONICA MARIA<\/td><td>21755072<\/td><\/tr><tr><td>23<\/td><td>REYES, JUAN RAMON<\/td><td>32604523<\/td><\/tr><tr><td>24<\/td><td>ROBAINA, HECTOR MARIANO<\/td><td>26822087<\/td><\/tr><tr><td>25<\/td><td>RODRIGUEZ PODEST\u00c1, VICTORIA<\/td><td>37150031<\/td><\/tr><tr><td>26<\/td><td>RODRIGUEZ, LETICIA<\/td><td>26871059<\/td><\/tr><tr><td>27<\/td><td>SALVADOR SILVANA<\/td><td>28451027<\/td><\/tr><tr><td>28<\/td><td>SERER, BERENICE<\/td><td>26633213<\/td><\/tr><tr><td>29<\/td><td>SOTO HELVIO<\/td><td>21517491<\/td><\/tr><tr><td>30<\/td><td>TITOS, ANIBAL ALEJANDRO<\/td><td>27404267<\/td><\/tr><tr><td>31<\/td><td>TOLABA, GISELA MARIANA<\/td><td>37645117<\/td><\/tr><tr><td>32<\/td><td>VALENZUELA LUIS<\/td><td>33306133<\/td><\/tr><tr><td>33<\/td><td>VELASQUEZ MANSILLA, SILVINA VIVIANA<\/td><td>33574520<\/td><\/tr><tr><td>34<\/td><td>VIEGAS BORDEIRA, NESTOR<\/td><td>24777180<\/td><\/tr><tr><td>35<\/td><td>ZARATE LUCIANA<\/td><td>31985791<\/td><\/tr><tr><td>36<\/td><td>AGUILAR CARLOS<\/td><td>25280677<\/td><\/tr><tr><td>37<\/td><td>ALLENDE, TOM\u00c1S AGUST\u00cdN<\/td><td>43606220<\/td><\/tr><tr><td>38<\/td><td>ALMONACID, ALEJANDRA BEATRIZ<\/td><td>33616056<\/td><\/tr><tr><td>39<\/td><td>ARACENA, NATALIA JANET<\/td><td>30605511<\/td><\/tr><tr><td>40<\/td><td>BARATTINI , ROBERTO LEONARDO<\/td><td>20238450<\/td><\/tr><tr><td>41<\/td><td>BARRIENTOS, PATRICIO MARCELO<\/td><td>23635415<\/td><\/tr><tr><td>42<\/td><td>BERTOLDO, DAIANA JIMENA<\/td><td>35800382<\/td><\/tr><tr><td>43<\/td><td>CASTILLO, CARLOS<\/td><td>33616098<\/td><\/tr><tr><td>44<\/td><td>CHARIANO, RUPERTO MARTIN<\/td><td>26128467<\/td><\/tr><tr><td>45<\/td><td>CRAVA, GABRIEL ERNESTO<\/td><td>21586233<\/td><\/tr><tr><td>46<\/td><td>DI GIUSEPPE LAURA<\/td><td>30936783<\/td><\/tr><tr><td>47<\/td><td>DIAZ GUSTAVO<\/td><td>23034544<\/td><\/tr><tr><td>48<\/td><td>DOMINGUEZ, FABIAN ANDRES<\/td><td>33260091<\/td><\/tr><tr><td>49<\/td><td>GIMENEZ, MONICA ADRIANA<\/td><td>26607723<\/td><\/tr><tr><td>50<\/td><td>GOMEZ, MARIA JOSE<\/td><td>27528844<\/td><\/tr><tr><td>51<\/td><td>KENNEDY, CECILIA ALICIA<\/td><td>27020129<\/td><\/tr><tr><td>52<\/td><td>MADRID , ERICK<\/td><td>36181279<\/td><\/tr><tr><td>53<\/td><td>MERLO, SANTIAGO<\/td><td>30008171<\/td><\/tr><tr><td>54<\/td><td>MILLAPI, LIDIA ERMELINDA<\/td><td>21713416<\/td><\/tr><tr><td>55<\/td><td>SAAVEDRA, LUIS DANIEL<\/td><td>35888232<\/td><\/tr><tr><td>56<\/td><td>TESTA, MIGUEL SANTIAGO<\/td><td>35047178<\/td><\/tr><tr><td>57<\/td><td>AGUILERA CARLOS<\/td><td>37151757<\/td><\/tr><tr><td>58<\/td><td>DEPIETRI ROXANA<\/td><td>25280633<\/td><\/tr><tr><td>59<\/td><td>ACUIPIL YOLANDA<\/td><td>20237074<\/td><\/tr><tr><td>60<\/td><td>ALMONACID, BARBARA ANTONELLA<\/td><td>38807713<\/td><\/tr><tr><td>61<\/td><td>BARQUIN, CAROLINA VIVIANA<\/td><td>26617131<\/td><\/tr><tr><td>62<\/td><td>BELLON, DIEGO EZEQUIEL<\/td><td>28409857<\/td><\/tr><tr><td>63<\/td><td>CARDENAS, MARIA VANESA<\/td><td>24929788<\/td><\/tr><tr><td>64<\/td><td>COETSEE, MARIA SOL<\/td><td>29585321<\/td><\/tr><tr><td>65<\/td><td>FALCON CARVAJAL, GENARO EZEQUIEL<\/td><td>40800678<\/td><\/tr><tr><td>66<\/td><td>JARA, MARIA ELENA<\/td><td>26617161<\/td><\/tr><tr><td>67<\/td><td>ANDRADE CRISTIAN MAXIMILIANO<\/td><td>39203455<\/td><\/tr><tr><td>68<\/td><td>ARTEAGA AGUSTIN<\/td><td>38517054<\/td><\/tr><tr><td>69<\/td><td>BARRETO IGNACIO SEBASTIAN<\/td><td>26540300<\/td><\/tr><tr><td>70<\/td><td>BARRIA JONATHAN<\/td><td>36307160<\/td><\/tr><tr><td>71<\/td><td>CHACANO JOSE LUIS<\/td><td>37665647<\/td><\/tr><tr><td>72<\/td><td>DEPIETRI ELOISA ANA<\/td><td>31794291<\/td><\/tr><tr><td>73<\/td><td>GUINEA ALFREDO<\/td><td>17919560<\/td><\/tr><tr><td>74<\/td><td>HERNANDEZ JOSE LUIS<\/td><td>29329941<\/td><\/tr><tr><td>75<\/td><td>LAGO GONZALEZ ANDRES<\/td><td>33182834<\/td><\/tr><tr><td>76<\/td><td>MAIDANA RUBEN<\/td><td>21165677<\/td><\/tr><tr><td>77<\/td><td>MERIDA JORGE<\/td><td>28636879<\/td><\/tr><tr><td>78<\/td><td>MONTENEGRO JOHANA<\/td><td>32234989<\/td><\/tr><tr><td>79<\/td><td>OJEDA LUCRECIA<\/td><td>35568529<\/td><\/tr><tr><td>80<\/td><td>OTEGUI ALEJANDRO SEBASTIAN<\/td><td>23439127<\/td><\/tr><tr><td>81<\/td><td>PACETTI FRANCA<\/td><td>27814640<\/td><\/tr><tr><td>82<\/td><td>PERALES LORENA<\/td><td>26633288<\/td><\/tr><tr><td>83<\/td><td>PEREZ CLAUDIA LILIANA<\/td><td>23067810<\/td><\/tr><tr><td>84<\/td><td>REMENTERIA NORMA<\/td><td>13777913<\/td><\/tr><tr><td>85<\/td><td>RIVERA JUAN JOSE<\/td><td>23905162<\/td><\/tr><tr><td>86<\/td><td>VERA SILVANA<\/td><td>32697448<\/td><\/tr><tr><td>87<\/td><td>BERTOTTI CESAR<\/td><td>33775055<\/td><\/tr><tr><td>88<\/td><td>CALVO LEANDRO (PEDRO)<\/td><td>34766690<\/td><\/tr><tr><td>89<\/td><td>CARDENAS YAZM\u00d5N<\/td><td>39203778<\/td><\/tr><tr><td>90<\/td><td>CARESANO FLORENCIA CELESTE<\/td><td>35658834<\/td><\/tr><tr><td>91<\/td><td>CHELOTTI ARIELA<\/td><td>31899458<\/td><\/tr><tr><td>92<\/td><td>JUAREZ CRISTIAN<\/td><td>36307469<\/td><\/tr><tr><td>93<\/td><td>MARCOS PABLO<\/td><td>21403779<\/td><\/tr><tr><td>94<\/td><td>PAREDES EMANUEL<\/td><td>37766947<\/td><\/tr><tr><td>95<\/td><td>PEREZ MANUEL<\/td><td>39203570<\/td><\/tr><tr><td>96<\/td><td>PINILLA ANA GABRIELA<\/td><td>37766980<\/td><\/tr><tr><td>97<\/td><td>RENCORET CARLA ESTEFANIA<\/td><td>35047346<\/td><\/tr><tr><td>98<\/td><td>RODRIGUEZ PAULA DANIELA<\/td><td>33574563<\/td><\/tr><tr><td>99<\/td><td>SPARICO ADRIANA<\/td><td>14121687<\/td><\/tr><tr><td>100<\/td><td>VALLEJO MARIA<\/td><td>38807712<\/td><\/tr><tr><td>101<\/td><td>VAQUERO DANIEL GUSTAVO<\/td><td>18405571<\/td><\/tr><tr><td>102<\/td><td>VELASQUEZ ORLANDO<\/td><td>18765398<\/td><\/tr><tr><td>103<\/td><td>ZAMIT DANIELA<\/td><td>24929420<\/td><\/tr><tr><td>104<\/td><td>CONTREAS MARCOS (ver mail)<\/td><td>93037439<\/td><\/tr><tr><td>105<\/td><td>ABREGO JIMENA<\/td><td>31985097<\/td><\/tr><tr><td>106<\/td><td>AMAYA BELEN<\/td><td>26458264<\/td><\/tr><tr><td>107<\/td><td>OMAR GELDRE<\/td><td>17380815<\/td><\/tr><tr><td>108<\/td><td>ENGLISH BRUNO NORMAN<\/td><td>24302348<\/td><\/tr><tr><td>109<\/td><td>SUAREZ JUAN DOMINGO<\/td><td>21830401<\/td><\/tr><tr><td>110<\/td><td>WEISSER DAVID<\/td><td>24811208<\/td><\/tr><tr><td>111<\/td><td>CARO SILVANA NOEMI<\/td><td>28516383<\/td><\/tr><tr><td>112<\/td><td>FLORES ESTEBAN ABRAHAM<\/td><td>35384566<\/td><\/tr><\/tbody><\/table><p>\u00a0<\/p>\t\t\t\t\t\t\t\t<\/div>\n\t\t\t\t<\/div>\n\t\t\t\t\t<\/div>\n\t\t<\/div>\n\t\t\t\t\t<\/div>\n\t\t<\/section>\n\t\t\t\t<\/div>\n\t\t","protected":false},"excerpt":{"rendered":"<p>CAPACITACI\u00d3N LEY MICAELA Se certifica que las siguientes personas han cursado y aprobado el dispositivo de formaci\u00f3n dictado por el Equipo Interdisciplinario de la Secretar\u00eda de Desarrollo Social de la Municipalidad de Rada Tilly, con una carga de 20hs. reloj, conforme al proyecto de capacitaci\u00f3n aprobado por SubSecretaria de Derechos Humanos dispocion N\u00b0 13\/2022 acorde a lo establecido en la Ley Provincial VIII N\u00b0 129, en adhesion a la ley Nacional Nro.27499 \u201cLey Micaela\u201d.\u00a0 N\u00aa NOMBRE DNI 1 ALIVES GABRIEL 24580696 2 ANTINAO, LORENZO OSCAR 23905402 3 ARANEA, CLARA GRACIELA 14075933 4 BARRIOS DAPORTA, CARLOS DANIEL 24730672 5 BAUZA, LUCIANA ANDREA 35272007 6 BAZTAN, MAR\u00cdA CECILIA 23286978 7 BERTOTTI, ESTELA JOSEFA 16687899 8 CORONEL MARTIN 25619311 9 CURZIO ANGEL 35183380 10 DEL BONO MARIO 13253503 11 ESPINA, SUSANA 11271341 12 GENTILE, MONICA 27699037 13 GIMENEZ, MARIA ALEJANDRA 21355362 14 LOPEZ LARROUDE, LUIS FERNANDO 26415952 15 LOPEZ, ISMAELA HAYDEE 13777919 16 LUNA, NATALIA MARYSA 31535684 17 MOREJ\u00d3N, MABEL CRISTINA 20235337 18 MU\u00d1OZ, MARIA ELISA 5689578 19 OJEDA, FABIAN FERNANDO 27010075 20 OYARZO, MARIA JULIETA 35658739 21 PERALTA, VALENTINA MARIA 16363469 22 PONCE, PAULA VERONICA MARIA 21755072 23 REYES, JUAN RAMON 32604523 24 ROBAINA, HECTOR MARIANO 26822087 25 RODRIGUEZ PODEST\u00c1, VICTORIA 37150031 26 RODRIGUEZ, LETICIA 26871059 27 SALVADOR SILVANA 28451027 28 SERER, BERENICE 26633213 29 SOTO HELVIO 21517491 30 TITOS, ANIBAL ALEJANDRO 27404267 31 TOLABA, GISELA MARIANA 37645117 32 VALENZUELA LUIS 33306133 33 VELASQUEZ MANSILLA, SILVINA VIVIANA 33574520 34 VIEGAS BORDEIRA, NESTOR 24777180 35 ZARATE LUCIANA 31985791 36 AGUILAR CARLOS 25280677 37 ALLENDE, TOM\u00c1S AGUST\u00cdN 43606220 38 ALMONACID, ALEJANDRA BEATRIZ 33616056 39 ARACENA, NATALIA JANET 30605511 40 BARATTINI , ROBERTO LEONARDO 20238450 41 BARRIENTOS, PATRICIO MARCELO 23635415 42 BERTOLDO, DAIANA JIMENA 35800382 43 CASTILLO, CARLOS 33616098 44 CHARIANO, RUPERTO MARTIN 26128467 45 CRAVA, GABRIEL ERNESTO 21586233 46 DI GIUSEPPE LAURA 30936783 47 DIAZ GUSTAVO 23034544 48 DOMINGUEZ, FABIAN ANDRES 33260091 49 GIMENEZ, MONICA ADRIANA 26607723 50 GOMEZ, MARIA JOSE 27528844 51 KENNEDY, CECILIA ALICIA 27020129 52 MADRID , ERICK 36181279 53 MERLO, SANTIAGO 30008171 54 MILLAPI, LIDIA ERMELINDA 21713416 55 SAAVEDRA, LUIS DANIEL 35888232 56 TESTA, MIGUEL SANTIAGO 35047178 57 AGUILERA CARLOS 37151757 58 DEPIETRI ROXANA 25280633 59 ACUIPIL YOLANDA 20237074 60 ALMONACID, BARBARA ANTONELLA 38807713 61 BARQUIN, CAROLINA VIVIANA 26617131 62 BELLON, DIEGO EZEQUIEL 28409857 63 CARDENAS, MARIA VANESA 24929788 64 COETSEE, MARIA SOL 29585321 65 FALCON CARVAJAL, GENARO EZEQUIEL 40800678 66 JARA, MARIA ELENA 26617161 67 ANDRADE CRISTIAN MAXIMILIANO 39203455 68 ARTEAGA AGUSTIN 38517054 69 BARRETO IGNACIO SEBASTIAN 26540300 70 BARRIA JONATHAN 36307160 71 CHACANO JOSE LUIS 37665647 72 DEPIETRI ELOISA ANA 31794291 73 GUINEA ALFREDO 17919560 74 HERNANDEZ JOSE LUIS 29329941 75 LAGO GONZALEZ ANDRES 33182834 76 MAIDANA RUBEN 21165677 77 MERIDA JORGE 28636879 78 MONTENEGRO JOHANA 32234989 79 OJEDA LUCRECIA 35568529 80 OTEGUI ALEJANDRO SEBASTIAN 23439127 81 PACETTI FRANCA 27814640 82 PERALES LORENA 26633288 83 PEREZ CLAUDIA LILIANA 23067810 84 REMENTERIA NORMA 13777913 85 RIVERA JUAN JOSE 23905162 86 VERA SILVANA 32697448 87 BERTOTTI CESAR 33775055 88 CALVO LEANDRO (PEDRO) 34766690 89 CARDENAS YAZM\u00d5N 39203778 90 CARESANO FLORENCIA CELESTE 35658834 91 CHELOTTI ARIELA 31899458 92 JUAREZ CRISTIAN 36307469 93 MARCOS PABLO 21403779 94 PAREDES EMANUEL 37766947 95 PEREZ MANUEL 39203570 96 PINILLA ANA GABRIELA 37766980 97 RENCORET CARLA ESTEFANIA 35047346 98 RODRIGUEZ PAULA DANIELA 33574563 99 SPARICO ADRIANA 14121687 100 VALLEJO MARIA 38807712 101 VAQUERO DANIEL GUSTAVO 18405571 102 VELASQUEZ ORLANDO 18765398 103 ZAMIT DANIELA 24929420 104 CONTREAS MARCOS (ver mail) 93037439 105 ABREGO JIMENA 31985097 106 AMAYA BELEN 26458264 107 OMAR GELDRE 17380815 108 ENGLISH BRUNO NORMAN 24302348 109 SUAREZ JUAN DOMINGO 21830401 110 WEISSER DAVID 24811208 111 CARO SILVANA NOEMI 28516383 112 FLORES ESTEBAN ABRAHAM 35384566 \u00a0<\/p>\n","protected":false},"author":1,"featured_media":0,"parent":0,"menu_order":0,"comment_status":"closed","ping_status":"closed","template":"elementor_header_footer","meta":{"footnotes":""},"class_list":["post-665","page","type-page","status-publish","hentry"],"_links":{"self":[{"href":"https:\/\/radatilly.gob.ar\/desarrollo-social-y-salud\/wp-json\/wp\/v2\/pages\/665","targetHints":{"allow":["GET"]}}],"collection":[{"href":"https:\/\/radatilly.gob.ar\/desarrollo-social-y-salud\/wp-json\/wp\/v2\/pages"}],"about":[{"href":"https:\/\/radatilly.gob.ar\/desarrollo-social-y-salud\/wp-json\/wp\/v2\/types\/page"}],"author":[{"embeddable":true,"href":"https:\/\/radatilly.gob.ar\/desarrollo-social-y-salud\/wp-json\/wp\/v2\/users\/1"}],"replies":[{"embeddable":true,"href":"https:\/\/radatilly.gob.ar\/desarrollo-social-y-salud\/wp-json\/wp\/v2\/comments?post=665"}],"version-history":[{"count":5,"href":"https:\/\/radatilly.gob.ar\/desarrollo-social-y-salud\/wp-json\/wp\/v2\/pages\/665\/revisions"}],"predecessor-version":[{"id":673,"href":"https:\/\/radatilly.gob.ar\/desarrollo-social-y-salud\/wp-json\/wp\/v2\/pages\/665\/revisions\/673"}],"wp:attachment":[{"href":"https:\/\/radatilly.gob.ar\/desarrollo-social-y-salud\/wp-json\/wp\/v2\/media?parent=665"}],"curies":[{"name":"wp","href":"https:\/\/api.w.org\/{rel}","templated":true}]}}