{"id":127,"date":"2020-07-27T08:47:31","date_gmt":"2020-07-27T11:47:31","guid":{"rendered":"https:\/\/wprt.radatilly.gob.ar\/anp-punta-marques\/?page_id=127"},"modified":"2020-10-26T15:05:58","modified_gmt":"2020-10-26T18:05:58","slug":"comunidad","status":"publish","type":"page","link":"https:\/\/radatilly.gob.ar\/anp-punta-marques\/comunidad\/","title":{"rendered":"COMUNIDAD"},"content":{"rendered":"\t\t<div data-elementor-type=\"wp-page\" data-elementor-id=\"127\" class=\"elementor elementor-127\" data-elementor-settings=\"{&quot;ha_cmc_init_switcher&quot;:&quot;no&quot;}\" data-elementor-post-type=\"page\">\n\t\t\t\t\t\t<section class=\"elementor-section elementor-top-section elementor-element elementor-element-4cf152b elementor-section-boxed elementor-section-height-default elementor-section-height-default wpr-particle-no wpr-jarallax-no wpr-parallax-no wpr-sticky-section-no\" data-id=\"4cf152b\" data-element_type=\"section\" data-e-type=\"section\" data-settings=\"{&quot;_ha_eqh_enable&quot;:false}\">\n\t\t\t\t\t\t\t<div class=\"elementor-background-overlay\"><\/div>\n\t\t\t\t\t\t\t<div class=\"elementor-container elementor-column-gap-default\">\n\t\t\t\t\t<div class=\"elementor-column elementor-col-100 elementor-top-column elementor-element elementor-element-cb51da3\" data-id=\"cb51da3\" data-element_type=\"column\" data-e-type=\"column\">\n\t\t\t<div class=\"elementor-widget-wrap elementor-element-populated\">\n\t\t\t\t\t\t<div class=\"elementor-element elementor-element-996f426 elementor-widget elementor-widget-heading\" data-id=\"996f426\" data-element_type=\"widget\" data-e-type=\"widget\" data-widget_type=\"heading.default\">\n\t\t\t\t<div class=\"elementor-widget-container\">\n\t\t\t\t\t<h2 class=\"elementor-heading-title elementor-size-default\">COMUNIDAD<\/h2>\t\t\t\t<\/div>\n\t\t\t\t<\/div>\n\t\t\t\t\t<\/div>\n\t\t<\/div>\n\t\t\t\t\t<\/div>\n\t\t<\/section>\n\t\t\t\t<section class=\"elementor-section elementor-top-section elementor-element elementor-element-e66d271 elementor-section-boxed elementor-section-height-default elementor-section-height-default wpr-particle-no wpr-jarallax-no wpr-parallax-no wpr-sticky-section-no\" data-id=\"e66d271\" data-element_type=\"section\" data-e-type=\"section\" data-settings=\"{&quot;_ha_eqh_enable&quot;:false}\">\n\t\t\t\t\t\t<div class=\"elementor-container elementor-column-gap-default\">\n\t\t\t\t\t<div class=\"elementor-column elementor-col-100 elementor-top-column elementor-element elementor-element-e19f958\" data-id=\"e19f958\" data-element_type=\"column\" data-e-type=\"column\">\n\t\t\t<div class=\"elementor-widget-wrap elementor-element-populated\">\n\t\t\t\t\t\t<div class=\"elementor-element elementor-element-030aa08 elementor-widget elementor-widget-heading\" data-id=\"030aa08\" data-element_type=\"widget\" data-e-type=\"widget\" data-widget_type=\"heading.default\">\n\t\t\t\t<div class=\"elementor-widget-container\">\n\t\t\t\t\t<h2 class=\"elementor-heading-title elementor-size-default\">ACTIVIDADES DE VERANO<\/h2>\t\t\t\t<\/div>\n\t\t\t\t<\/div>\n\t\t\t\t\t<\/div>\n\t\t<\/div>\n\t\t\t\t\t<\/div>\n\t\t<\/section>\n\t\t\t\t<section class=\"elementor-section elementor-top-section elementor-element elementor-element-5e07b52 elementor-section-boxed elementor-section-height-default elementor-section-height-default wpr-particle-no wpr-jarallax-no wpr-parallax-no wpr-sticky-section-no\" data-id=\"5e07b52\" data-element_type=\"section\" data-e-type=\"section\" data-settings=\"{&quot;_ha_eqh_enable&quot;:false}\">\n\t\t\t\t\t\t<div class=\"elementor-container elementor-column-gap-default\">\n\t\t\t\t\t<div class=\"elementor-column elementor-col-100 elementor-top-column elementor-element elementor-element-bb97ecb\" data-id=\"bb97ecb\" data-element_type=\"column\" data-e-type=\"column\">\n\t\t\t<div class=\"elementor-widget-wrap elementor-element-populated\">\n\t\t\t\t\t\t<div class=\"elementor-element elementor-element-3ac5ed0 elementor-widget elementor-widget-text-editor\" data-id=\"3ac5ed0\" data-element_type=\"widget\" data-e-type=\"widget\" data-widget_type=\"text-editor.default\">\n\t\t\t\t<div class=\"elementor-widget-container\">\n\t\t\t\t\t\t\t\t\t<p>En temporada estival (enero y febrero) se llevan a cabo distintas actividades en inmediaciones al \u00e1rea protegida, difundiendo el patrimonio natural y esc\u00e9nico que nos rodea, teniendo la posibilidad de conocer la biodiversidad que habita en nuestra zona.<br \/>Estas actividades son guiadas por el personal del \u00e1rea protegida junto con la participaci\u00f3n de investigadores y estudiantes de la Universidad Nacional de la Patagonia San Juan Bosco.<i data-stringify-type=\"italic\">\u00a1Conoce nuestras actividades y sumate!\u00a0<\/i><\/p><p><b data-stringify-type=\"bold\">Paseo por el intermareal<\/b><br \/>Durante la bajamar se realiza una caminata por el intermareal hasta llegar a las pozas de mareas. En este recorrido podr\u00e1s identificar los distintos invertebrados y algas que se encuentran en esta zona, reconociendo estructuras morfol\u00f3gicas, adaptaciones y el rol que cumplen en el ecosistema. \u00a0<br \/><i data-stringify-type=\"italic\">Dificultad: media<\/i><\/p>\t\t\t\t\t\t\t\t<\/div>\n\t\t\t\t<\/div>\n\t\t\t\t\t<\/div>\n\t\t<\/div>\n\t\t\t\t\t<\/div>\n\t\t<\/section>\n\t\t\t\t<section class=\"elementor-section elementor-top-section elementor-element elementor-element-3d52b86 elementor-section-boxed elementor-section-height-default elementor-section-height-default wpr-particle-no wpr-jarallax-no wpr-parallax-no wpr-sticky-section-no\" data-id=\"3d52b86\" data-element_type=\"section\" data-e-type=\"section\" data-settings=\"{&quot;_ha_eqh_enable&quot;:false}\">\n\t\t\t\t\t\t<div class=\"elementor-container elementor-column-gap-default\">\n\t\t\t\t\t<div class=\"elementor-column elementor-col-100 elementor-top-column elementor-element elementor-element-08e886a\" data-id=\"08e886a\" data-element_type=\"column\" data-e-type=\"column\">\n\t\t\t<div class=\"elementor-widget-wrap elementor-element-populated\">\n\t\t\t\t\t\t<div class=\"elementor-element elementor-element-d8e29fd elementor-skin-carousel elementor-arrows-yes elementor-pagination-type-bullets elementor-pagination-position-outside elementor-widget elementor-widget-media-carousel\" data-id=\"d8e29fd\" data-element_type=\"widget\" data-e-type=\"widget\" data-settings=\"{&quot;slides_per_view&quot;:&quot;3&quot;,&quot;slides_to_scroll&quot;:&quot;3&quot;,&quot;skin&quot;:&quot;carousel&quot;,&quot;effect&quot;:&quot;slide&quot;,&quot;show_arrows&quot;:&quot;yes&quot;,&quot;pagination&quot;:&quot;bullets&quot;,&quot;speed&quot;:500,&quot;autoplay&quot;:&quot;yes&quot;,&quot;autoplay_speed&quot;:5000,&quot;loop&quot;:&quot;yes&quot;,&quot;pause_on_hover&quot;:&quot;yes&quot;,&quot;pause_on_interaction&quot;:&quot;yes&quot;,&quot;space_between&quot;:{&quot;unit&quot;:&quot;px&quot;,&quot;size&quot;:10,&quot;sizes&quot;:[]},&quot;space_between_tablet&quot;:{&quot;unit&quot;:&quot;px&quot;,&quot;size&quot;:10,&quot;sizes&quot;:[]},&quot;space_between_mobile&quot;:{&quot;unit&quot;:&quot;px&quot;,&quot;size&quot;:10,&quot;sizes&quot;:[]}}\" data-widget_type=\"media-carousel.default\">\n\t\t\t\t<div class=\"elementor-widget-container\">\n\t\t\t\t\t\t\t\t\t<div class=\"elementor-swiper\">\n\t\t\t\t\t<div class=\"elementor-main-swiper swiper\" role=\"region\" aria-roledescription=\"carousel\" aria-label=\"Slides\">\n\t\t\t\t<div class=\"swiper-wrapper\">\n\t\t\t\t\t\t\t\t\t\t\t<div class=\"swiper-slide\" role=\"group\" aria-roledescription=\"slide\">\n\t\t\t\t\t\t\t<a href=\"https:\/\/radatilly.gob.ar\/anp-punta-marques\/wp-content\/uploads\/sites\/6\/2020\/07\/opc2.jpg\" data-elementor-open-lightbox=\"yes\" data-elementor-lightbox-slideshow=\"d8e29fd\" data-e-action-hash=\"#elementor-action%3Aaction%3Dlightbox%26settings%3DeyJpZCI6NDQ1LCJ1cmwiOiJodHRwczpcL1wvcmFkYXRpbGx5LmdvYi5hclwvd3AtY29udGVudFwvdXBsb2Fkc1wvc2l0ZXNcLzZcLzIwMjBcLzA3XC9vcGMyLmpwZyIsInNsaWRlc2hvdyI6ImQ4ZTI5ZmQifQ%3D%3D\">\t\t<div class=\"elementor-carousel-image\" role=\"img\" aria-label=\"\" style=\"background-image: url(&#039;https:\/\/radatilly.gob.ar\/wp-content\/uploads\/sites\/6\/2020\/07\/opc2.jpg&#039;)\">\n\n\t\t\t\n\t\t\t\t\t<\/div>\n\t\t<\/a>\t\t\t\t\t\t<\/div>\n\t\t\t\t\t\t\t\t\t\t\t<div class=\"swiper-slide\" role=\"group\" aria-roledescription=\"slide\">\n\t\t\t\t\t\t\t<a href=\"https:\/\/radatilly.gob.ar\/anp-punta-marques\/wp-content\/uploads\/sites\/6\/2020\/07\/opc1.jpg\" data-elementor-open-lightbox=\"yes\" data-elementor-lightbox-slideshow=\"d8e29fd\" data-e-action-hash=\"#elementor-action%3Aaction%3Dlightbox%26settings%3DeyJpZCI6NDQ0LCJ1cmwiOiJodHRwczpcL1wvcmFkYXRpbGx5LmdvYi5hclwvd3AtY29udGVudFwvdXBsb2Fkc1wvc2l0ZXNcLzZcLzIwMjBcLzA3XC9vcGMxLmpwZyIsInNsaWRlc2hvdyI6ImQ4ZTI5ZmQifQ%3D%3D\">\t\t<div class=\"elementor-carousel-image\" role=\"img\" aria-label=\"\" style=\"background-image: url(&#039;https:\/\/radatilly.gob.ar\/wp-content\/uploads\/sites\/6\/2020\/07\/opc1.jpg&#039;)\">\n\n\t\t\t\n\t\t\t\t\t<\/div>\n\t\t<\/a>\t\t\t\t\t\t<\/div>\n\t\t\t\t\t\t\t\t\t\t\t<div class=\"swiper-slide\" role=\"group\" aria-roledescription=\"slide\">\n\t\t\t\t\t\t\t<a href=\"https:\/\/radatilly.gob.ar\/anp-punta-marques\/wp-content\/uploads\/sites\/6\/2020\/07\/INTERMAREAL-copy.jpg\" data-elementor-open-lightbox=\"yes\" data-elementor-lightbox-slideshow=\"d8e29fd\" data-e-action-hash=\"#elementor-action%3Aaction%3Dlightbox%26settings%3DeyJpZCI6NDQzLCJ1cmwiOiJodHRwczpcL1wvcmFkYXRpbGx5LmdvYi5hclwvd3AtY29udGVudFwvdXBsb2Fkc1wvc2l0ZXNcLzZcLzIwMjBcLzA3XC9JTlRFUk1BUkVBTC1jb3B5LmpwZyIsInNsaWRlc2hvdyI6ImQ4ZTI5ZmQifQ%3D%3D\">\t\t<div class=\"elementor-carousel-image\" role=\"img\" aria-label=\"\" style=\"background-image: url(&#039;https:\/\/radatilly.gob.ar\/wp-content\/uploads\/sites\/6\/2020\/07\/INTERMAREAL-copy.jpg&#039;)\">\n\n\t\t\t\n\t\t\t\t\t<\/div>\n\t\t<\/a>\t\t\t\t\t\t<\/div>\n\t\t\t\t\t\t\t\t\t\t\t<div class=\"swiper-slide\" role=\"group\" aria-roledescription=\"slide\">\n\t\t\t\t\t\t\t<a href=\"https:\/\/radatilly.gob.ar\/anp-punta-marques\/wp-content\/uploads\/sites\/6\/2020\/07\/Foto-Martin.jpg\" data-elementor-open-lightbox=\"yes\" data-elementor-lightbox-slideshow=\"d8e29fd\" data-elementor-lightbox-title=\"Foto Martin Halliburton\" data-e-action-hash=\"#elementor-action%3Aaction%3Dlightbox%26settings%3DeyJpZCI6NDQyLCJ1cmwiOiJodHRwczpcL1wvcmFkYXRpbGx5LmdvYi5hclwvd3AtY29udGVudFwvdXBsb2Fkc1wvc2l0ZXNcLzZcLzIwMjBcLzA3XC9Gb3RvLU1hcnRpbi5qcGciLCJzbGlkZXNob3ciOiJkOGUyOWZkIn0%3D\">\t\t<div class=\"elementor-carousel-image\" role=\"img\" aria-label=\"Foto Martin Halliburton\" style=\"background-image: url(&#039;https:\/\/radatilly.gob.ar\/wp-content\/uploads\/sites\/6\/2020\/07\/Foto-Martin.jpg&#039;)\">\n\n\t\t\t\n\t\t\t\t\t<\/div>\n\t\t<\/a>\t\t\t\t\t\t<\/div>\n\t\t\t\t\t\t\t\t\t\t\t<div class=\"swiper-slide\" role=\"group\" aria-roledescription=\"slide\">\n\t\t\t\t\t\t\t<a href=\"https:\/\/radatilly.gob.ar\/anp-punta-marques\/wp-content\/uploads\/sites\/6\/2020\/07\/Foto-Martin-4.jpg\" data-elementor-open-lightbox=\"yes\" data-elementor-lightbox-slideshow=\"d8e29fd\" data-elementor-lightbox-title=\"Foto Martin Halliburton\" data-e-action-hash=\"#elementor-action%3Aaction%3Dlightbox%26settings%3DeyJpZCI6NDQxLCJ1cmwiOiJodHRwczpcL1wvcmFkYXRpbGx5LmdvYi5hclwvd3AtY29udGVudFwvdXBsb2Fkc1wvc2l0ZXNcLzZcLzIwMjBcLzA3XC9Gb3RvLU1hcnRpbi00LmpwZyIsInNsaWRlc2hvdyI6ImQ4ZTI5ZmQifQ%3D%3D\">\t\t<div class=\"elementor-carousel-image\" role=\"img\" aria-label=\"Foto Martin Halliburton\" style=\"background-image: url(&#039;https:\/\/radatilly.gob.ar\/wp-content\/uploads\/sites\/6\/2020\/07\/Foto-Martin-4.jpg&#039;)\">\n\n\t\t\t\n\t\t\t\t\t<\/div>\n\t\t<\/a>\t\t\t\t\t\t<\/div>\n\t\t\t\t\t\t\t\t\t\t\t<div class=\"swiper-slide\" role=\"group\" aria-roledescription=\"slide\">\n\t\t\t\t\t\t\t<a href=\"https:\/\/radatilly.gob.ar\/anp-punta-marques\/wp-content\/uploads\/sites\/6\/2020\/07\/Foto-Martin-5.jpg\" data-elementor-open-lightbox=\"yes\" data-elementor-lightbox-slideshow=\"d8e29fd\" data-elementor-lightbox-title=\"Foto Martin Halliburton\" data-e-action-hash=\"#elementor-action%3Aaction%3Dlightbox%26settings%3DeyJpZCI6NDQwLCJ1cmwiOiJodHRwczpcL1wvcmFkYXRpbGx5LmdvYi5hclwvd3AtY29udGVudFwvdXBsb2Fkc1wvc2l0ZXNcLzZcLzIwMjBcLzA3XC9Gb3RvLU1hcnRpbi01LmpwZyIsInNsaWRlc2hvdyI6ImQ4ZTI5ZmQifQ%3D%3D\">\t\t<div class=\"elementor-carousel-image\" role=\"img\" aria-label=\"Foto Martin Halliburton\" style=\"background-image: url(&#039;https:\/\/radatilly.gob.ar\/wp-content\/uploads\/sites\/6\/2020\/07\/Foto-Martin-5.jpg&#039;)\">\n\n\t\t\t\n\t\t\t\t\t<\/div>\n\t\t<\/a>\t\t\t\t\t\t<\/div>\n\t\t\t\t\t\t\t\t\t\t\t<div class=\"swiper-slide\" role=\"group\" aria-roledescription=\"slide\">\n\t\t\t\t\t\t\t<a href=\"https:\/\/radatilly.gob.ar\/anp-punta-marques\/wp-content\/uploads\/sites\/6\/2020\/07\/Foto-Martin-2.jpg\" data-elementor-open-lightbox=\"yes\" data-elementor-lightbox-slideshow=\"d8e29fd\" data-elementor-lightbox-title=\"Foto Martin Halliburton\" data-e-action-hash=\"#elementor-action%3Aaction%3Dlightbox%26settings%3DeyJpZCI6NDM5LCJ1cmwiOiJodHRwczpcL1wvcmFkYXRpbGx5LmdvYi5hclwvd3AtY29udGVudFwvdXBsb2Fkc1wvc2l0ZXNcLzZcLzIwMjBcLzA3XC9Gb3RvLU1hcnRpbi0yLmpwZyIsInNsaWRlc2hvdyI6ImQ4ZTI5ZmQifQ%3D%3D\">\t\t<div class=\"elementor-carousel-image\" role=\"img\" aria-label=\"Foto Martin Halliburton\" style=\"background-image: url(&#039;https:\/\/radatilly.gob.ar\/wp-content\/uploads\/sites\/6\/2020\/07\/Foto-Martin-2.jpg&#039;)\">\n\n\t\t\t\n\t\t\t\t\t<\/div>\n\t\t<\/a>\t\t\t\t\t\t<\/div>\n\t\t\t\t\t\t\t\t\t\t\t<div class=\"swiper-slide\" role=\"group\" aria-roledescription=\"slide\">\n\t\t\t\t\t\t\t<a href=\"https:\/\/radatilly.gob.ar\/anp-punta-marques\/wp-content\/uploads\/sites\/6\/2020\/07\/Foto-Martin-3.jpg\" data-elementor-open-lightbox=\"yes\" data-elementor-lightbox-slideshow=\"d8e29fd\" data-elementor-lightbox-title=\"Foto Martin Halliburton\" data-e-action-hash=\"#elementor-action%3Aaction%3Dlightbox%26settings%3DeyJpZCI6NDM4LCJ1cmwiOiJodHRwczpcL1wvcmFkYXRpbGx5LmdvYi5hclwvd3AtY29udGVudFwvdXBsb2Fkc1wvc2l0ZXNcLzZcLzIwMjBcLzA3XC9Gb3RvLU1hcnRpbi0zLmpwZyIsInNsaWRlc2hvdyI6ImQ4ZTI5ZmQifQ%3D%3D\">\t\t<div class=\"elementor-carousel-image\" role=\"img\" aria-label=\"Foto Martin Halliburton\" style=\"background-image: url(&#039;https:\/\/radatilly.gob.ar\/wp-content\/uploads\/sites\/6\/2020\/07\/Foto-Martin-3.jpg&#039;)\">\n\n\t\t\t\n\t\t\t\t\t<\/div>\n\t\t<\/a>\t\t\t\t\t\t<\/div>\n\t\t\t\t\t\t\t\t\t<\/div>\n\t\t\t\t\t\t\t\t\t\t\t\t\t\t\t<div class=\"elementor-swiper-button elementor-swiper-button-prev\" role=\"button\" tabindex=\"0\" aria-label=\"Previous\">\n\t\t\t\t\t\t\t<i aria-hidden=\"true\" class=\"eicon-chevron-left\"><\/i>\t\t\t\t\t\t<\/div>\n\t\t\t\t\t\t<div class=\"elementor-swiper-button elementor-swiper-button-next\" role=\"button\" tabindex=\"0\" aria-label=\"Next\">\n\t\t\t\t\t\t\t<i aria-hidden=\"true\" class=\"eicon-chevron-right\"><\/i>\t\t\t\t\t\t<\/div>\n\t\t\t\t\t\t\t\t\t\t\t\t\t\t\t\t<div class=\"swiper-pagination\"><\/div>\n\t\t\t\t\t\t\t\t\t\t\t\t<\/div>\n\t\t\t\t<\/div>\n\t\t\t\t\t\t\t\t<\/div>\n\t\t\t\t<\/div>\n\t\t\t\t\t<\/div>\n\t\t<\/div>\n\t\t\t\t\t<\/div>\n\t\t<\/section>\n\t\t\t\t<section class=\"elementor-section elementor-top-section elementor-element elementor-element-ab192e6 elementor-section-boxed elementor-section-height-default elementor-section-height-default wpr-particle-no wpr-jarallax-no wpr-parallax-no wpr-sticky-section-no\" data-id=\"ab192e6\" data-element_type=\"section\" data-e-type=\"section\" data-settings=\"{&quot;_ha_eqh_enable&quot;:false}\">\n\t\t\t\t\t\t<div class=\"elementor-container elementor-column-gap-default\">\n\t\t\t\t\t<div class=\"elementor-column elementor-col-100 elementor-top-column elementor-element elementor-element-0a5669b\" data-id=\"0a5669b\" data-element_type=\"column\" data-e-type=\"column\">\n\t\t\t<div class=\"elementor-widget-wrap elementor-element-populated\">\n\t\t\t\t\t\t<div class=\"elementor-element elementor-element-1a1d837 elementor-widget elementor-widget-text-editor\" data-id=\"1a1d837\" data-element_type=\"widget\" data-e-type=\"widget\" data-widget_type=\"text-editor.default\">\n\t\t\t\t<div class=\"elementor-widget-container\">\n\t\t\t\t\t\t\t\t\t<p><b data-stringify-type=\"bold\">Paseo\u00a0interpretativo de flora<\/b><br \/>Caminata por la meseta, identificando las distintas especies de nuestra flora patag\u00f3nica. Podr\u00e1s observar estructuras morfol\u00f3gicas, aprender sobre su fisiolog\u00eda, adaptaciones, distribuci\u00f3n y su importancia en el ecosistema.\u00a0<br \/><i data-stringify-type=\"italic\">Dificultad: baja<\/i><\/p>\t\t\t\t\t\t\t\t<\/div>\n\t\t\t\t<\/div>\n\t\t\t\t\t<\/div>\n\t\t<\/div>\n\t\t\t\t\t<\/div>\n\t\t<\/section>\n\t\t\t\t<section class=\"elementor-section elementor-top-section elementor-element elementor-element-edf90d9 elementor-section-boxed elementor-section-height-default elementor-section-height-default wpr-particle-no wpr-jarallax-no wpr-parallax-no wpr-sticky-section-no\" data-id=\"edf90d9\" data-element_type=\"section\" data-e-type=\"section\" data-settings=\"{&quot;_ha_eqh_enable&quot;:false}\">\n\t\t\t\t\t\t<div class=\"elementor-container elementor-column-gap-default\">\n\t\t\t\t\t<div class=\"elementor-column elementor-col-100 elementor-top-column elementor-element elementor-element-4eea967\" data-id=\"4eea967\" data-element_type=\"column\" data-e-type=\"column\">\n\t\t\t<div class=\"elementor-widget-wrap elementor-element-populated\">\n\t\t\t\t\t\t<div class=\"elementor-element elementor-element-190f557 elementor-skin-carousel elementor-arrows-yes elementor-pagination-type-bullets elementor-pagination-position-outside elementor-widget elementor-widget-media-carousel\" data-id=\"190f557\" data-element_type=\"widget\" data-e-type=\"widget\" data-settings=\"{&quot;slides_per_view&quot;:&quot;3&quot;,&quot;slides_to_scroll&quot;:&quot;3&quot;,&quot;skin&quot;:&quot;carousel&quot;,&quot;effect&quot;:&quot;slide&quot;,&quot;show_arrows&quot;:&quot;yes&quot;,&quot;pagination&quot;:&quot;bullets&quot;,&quot;speed&quot;:500,&quot;autoplay&quot;:&quot;yes&quot;,&quot;autoplay_speed&quot;:5000,&quot;loop&quot;:&quot;yes&quot;,&quot;pause_on_hover&quot;:&quot;yes&quot;,&quot;pause_on_interaction&quot;:&quot;yes&quot;,&quot;space_between&quot;:{&quot;unit&quot;:&quot;px&quot;,&quot;size&quot;:10,&quot;sizes&quot;:[]},&quot;space_between_tablet&quot;:{&quot;unit&quot;:&quot;px&quot;,&quot;size&quot;:10,&quot;sizes&quot;:[]},&quot;space_between_mobile&quot;:{&quot;unit&quot;:&quot;px&quot;,&quot;size&quot;:10,&quot;sizes&quot;:[]}}\" data-widget_type=\"media-carousel.default\">\n\t\t\t\t<div class=\"elementor-widget-container\">\n\t\t\t\t\t\t\t\t\t<div class=\"elementor-swiper\">\n\t\t\t\t\t<div class=\"elementor-main-swiper swiper\" role=\"region\" aria-roledescription=\"carousel\" aria-label=\"Slides\">\n\t\t\t\t<div class=\"swiper-wrapper\">\n\t\t\t\t\t\t\t\t\t\t\t<div class=\"swiper-slide\" role=\"group\" aria-roledescription=\"slide\">\n\t\t\t\t\t\t\t<a href=\"https:\/\/radatilly.gob.ar\/anp-punta-marques\/wp-content\/uploads\/sites\/6\/2020\/07\/6-1.jpg\" data-elementor-open-lightbox=\"yes\" data-elementor-lightbox-slideshow=\"190f557\" data-e-action-hash=\"#elementor-action%3Aaction%3Dlightbox%26settings%3DeyJpZCI6NDUzLCJ1cmwiOiJodHRwczpcL1wvcmFkYXRpbGx5LmdvYi5hclwvd3AtY29udGVudFwvdXBsb2Fkc1wvc2l0ZXNcLzZcLzIwMjBcLzA3XC82LTEuanBnIiwic2xpZGVzaG93IjoiMTkwZjU1NyJ9\">\t\t<div class=\"elementor-carousel-image\" role=\"img\" aria-label=\"\" style=\"background-image: url(&#039;https:\/\/radatilly.gob.ar\/wp-content\/uploads\/sites\/6\/2020\/07\/6-1.jpg&#039;)\">\n\n\t\t\t\n\t\t\t\t\t<\/div>\n\t\t<\/a>\t\t\t\t\t\t<\/div>\n\t\t\t\t\t\t\t\t\t\t\t<div class=\"swiper-slide\" role=\"group\" aria-roledescription=\"slide\">\n\t\t\t\t\t\t\t<a href=\"https:\/\/radatilly.gob.ar\/anp-punta-marques\/wp-content\/uploads\/sites\/6\/2020\/07\/4-2.jpg\" data-elementor-open-lightbox=\"yes\" data-elementor-lightbox-slideshow=\"190f557\" data-e-action-hash=\"#elementor-action%3Aaction%3Dlightbox%26settings%3DeyJpZCI6NDUyLCJ1cmwiOiJodHRwczpcL1wvcmFkYXRpbGx5LmdvYi5hclwvd3AtY29udGVudFwvdXBsb2Fkc1wvc2l0ZXNcLzZcLzIwMjBcLzA3XC80LTIuanBnIiwic2xpZGVzaG93IjoiMTkwZjU1NyJ9\">\t\t<div class=\"elementor-carousel-image\" role=\"img\" aria-label=\"\" style=\"background-image: url(&#039;https:\/\/radatilly.gob.ar\/wp-content\/uploads\/sites\/6\/2020\/07\/4-2.jpg&#039;)\">\n\n\t\t\t\n\t\t\t\t\t<\/div>\n\t\t<\/a>\t\t\t\t\t\t<\/div>\n\t\t\t\t\t\t\t\t\t\t\t<div class=\"swiper-slide\" role=\"group\" aria-roledescription=\"slide\">\n\t\t\t\t\t\t\t<a href=\"https:\/\/radatilly.gob.ar\/anp-punta-marques\/wp-content\/uploads\/sites\/6\/2020\/07\/2-3.jpg\" data-elementor-open-lightbox=\"yes\" data-elementor-lightbox-slideshow=\"190f557\" data-e-action-hash=\"#elementor-action%3Aaction%3Dlightbox%26settings%3DeyJpZCI6NDUxLCJ1cmwiOiJodHRwczpcL1wvcmFkYXRpbGx5LmdvYi5hclwvd3AtY29udGVudFwvdXBsb2Fkc1wvc2l0ZXNcLzZcLzIwMjBcLzA3XC8yLTMuanBnIiwic2xpZGVzaG93IjoiMTkwZjU1NyJ9\">\t\t<div class=\"elementor-carousel-image\" role=\"img\" aria-label=\"\" style=\"background-image: url(&#039;https:\/\/radatilly.gob.ar\/wp-content\/uploads\/sites\/6\/2020\/07\/2-3.jpg&#039;)\">\n\n\t\t\t\n\t\t\t\t\t<\/div>\n\t\t<\/a>\t\t\t\t\t\t<\/div>\n\t\t\t\t\t\t\t\t\t\t\t<div class=\"swiper-slide\" role=\"group\" aria-roledescription=\"slide\">\n\t\t\t\t\t\t\t<a href=\"https:\/\/radatilly.gob.ar\/anp-punta-marques\/wp-content\/uploads\/sites\/6\/2020\/07\/3-2.jpg\" data-elementor-open-lightbox=\"yes\" data-elementor-lightbox-slideshow=\"190f557\" data-e-action-hash=\"#elementor-action%3Aaction%3Dlightbox%26settings%3DeyJpZCI6NDUwLCJ1cmwiOiJodHRwczpcL1wvcmFkYXRpbGx5LmdvYi5hclwvd3AtY29udGVudFwvdXBsb2Fkc1wvc2l0ZXNcLzZcLzIwMjBcLzA3XC8zLTIuanBnIiwic2xpZGVzaG93IjoiMTkwZjU1NyJ9\">\t\t<div class=\"elementor-carousel-image\" role=\"img\" aria-label=\"\" style=\"background-image: url(&#039;https:\/\/radatilly.gob.ar\/wp-content\/uploads\/sites\/6\/2020\/07\/3-2.jpg&#039;)\">\n\n\t\t\t\n\t\t\t\t\t<\/div>\n\t\t<\/a>\t\t\t\t\t\t<\/div>\n\t\t\t\t\t\t\t\t\t\t\t<div class=\"swiper-slide\" role=\"group\" aria-roledescription=\"slide\">\n\t\t\t\t\t\t\t<a href=\"https:\/\/radatilly.gob.ar\/anp-punta-marques\/wp-content\/uploads\/sites\/6\/2020\/07\/Caminata-por-el-Valle-Colgante-flora-copy.jpg\" data-elementor-open-lightbox=\"yes\" data-elementor-lightbox-slideshow=\"190f557\" data-elementor-lightbox-title=\"Caminata por el Valle Colgante\" data-e-action-hash=\"#elementor-action%3Aaction%3Dlightbox%26settings%3DeyJpZCI6NDQ5LCJ1cmwiOiJodHRwczpcL1wvcmFkYXRpbGx5LmdvYi5hclwvd3AtY29udGVudFwvdXBsb2Fkc1wvc2l0ZXNcLzZcLzIwMjBcLzA3XC9DYW1pbmF0YS1wb3ItZWwtVmFsbGUtQ29sZ2FudGUtZmxvcmEtY29weS5qcGciLCJzbGlkZXNob3ciOiIxOTBmNTU3In0%3D\">\t\t<div class=\"elementor-carousel-image\" role=\"img\" aria-label=\"Caminata por el Valle Colgante\" style=\"background-image: url(&#039;https:\/\/radatilly.gob.ar\/wp-content\/uploads\/sites\/6\/2020\/07\/Caminata-por-el-Valle-Colgante-flora-copy.jpg&#039;)\">\n\n\t\t\t\n\t\t\t\t\t<\/div>\n\t\t<\/a>\t\t\t\t\t\t<\/div>\n\t\t\t\t\t\t\t\t\t\t\t<div class=\"swiper-slide\" role=\"group\" aria-roledescription=\"slide\">\n\t\t\t\t\t\t\t<a href=\"https:\/\/radatilly.gob.ar\/anp-punta-marques\/wp-content\/uploads\/sites\/6\/2020\/07\/55.jpg\" data-elementor-open-lightbox=\"yes\" data-elementor-lightbox-slideshow=\"190f557\" data-e-action-hash=\"#elementor-action%3Aaction%3Dlightbox%26settings%3DeyJpZCI6NDQ4LCJ1cmwiOiJodHRwczpcL1wvcmFkYXRpbGx5LmdvYi5hclwvd3AtY29udGVudFwvdXBsb2Fkc1wvc2l0ZXNcLzZcLzIwMjBcLzA3XC81NS5qcGciLCJzbGlkZXNob3ciOiIxOTBmNTU3In0%3D\">\t\t<div class=\"elementor-carousel-image\" role=\"img\" aria-label=\"\" style=\"background-image: url(&#039;https:\/\/radatilly.gob.ar\/wp-content\/uploads\/sites\/6\/2020\/07\/55.jpg&#039;)\">\n\n\t\t\t\n\t\t\t\t\t<\/div>\n\t\t<\/a>\t\t\t\t\t\t<\/div>\n\t\t\t\t\t\t\t\t\t\t\t<div class=\"swiper-slide\" role=\"group\" aria-roledescription=\"slide\">\n\t\t\t\t\t\t\t<a href=\"https:\/\/radatilly.gob.ar\/anp-punta-marques\/wp-content\/uploads\/sites\/6\/2020\/07\/1-3.jpg\" data-elementor-open-lightbox=\"yes\" data-elementor-lightbox-slideshow=\"190f557\" data-e-action-hash=\"#elementor-action%3Aaction%3Dlightbox%26settings%3DeyJpZCI6NDQ3LCJ1cmwiOiJodHRwczpcL1wvcmFkYXRpbGx5LmdvYi5hclwvd3AtY29udGVudFwvdXBsb2Fkc1wvc2l0ZXNcLzZcLzIwMjBcLzA3XC8xLTMuanBnIiwic2xpZGVzaG93IjoiMTkwZjU1NyJ9\">\t\t<div class=\"elementor-carousel-image\" role=\"img\" aria-label=\"\" style=\"background-image: url(&#039;https:\/\/radatilly.gob.ar\/wp-content\/uploads\/sites\/6\/2020\/07\/1-3.jpg&#039;)\">\n\n\t\t\t\n\t\t\t\t\t<\/div>\n\t\t<\/a>\t\t\t\t\t\t<\/div>\n\t\t\t\t\t\t\t\t\t<\/div>\n\t\t\t\t\t\t\t\t\t\t\t\t\t\t\t<div class=\"elementor-swiper-button elementor-swiper-button-prev\" role=\"button\" tabindex=\"0\" aria-label=\"Previous\">\n\t\t\t\t\t\t\t<i aria-hidden=\"true\" class=\"eicon-chevron-left\"><\/i>\t\t\t\t\t\t<\/div>\n\t\t\t\t\t\t<div class=\"elementor-swiper-button elementor-swiper-button-next\" role=\"button\" tabindex=\"0\" aria-label=\"Next\">\n\t\t\t\t\t\t\t<i aria-hidden=\"true\" class=\"eicon-chevron-right\"><\/i>\t\t\t\t\t\t<\/div>\n\t\t\t\t\t\t\t\t\t\t\t\t\t\t\t\t<div class=\"swiper-pagination\"><\/div>\n\t\t\t\t\t\t\t\t\t\t\t\t<\/div>\n\t\t\t\t<\/div>\n\t\t\t\t\t\t\t\t<\/div>\n\t\t\t\t<\/div>\n\t\t\t\t\t<\/div>\n\t\t<\/div>\n\t\t\t\t\t<\/div>\n\t\t<\/section>\n\t\t\t\t<section class=\"elementor-section elementor-top-section elementor-element elementor-element-e79d57f elementor-section-boxed elementor-section-height-default elementor-section-height-default wpr-particle-no wpr-jarallax-no wpr-parallax-no wpr-sticky-section-no\" data-id=\"e79d57f\" data-element_type=\"section\" data-e-type=\"section\" data-settings=\"{&quot;_ha_eqh_enable&quot;:false}\">\n\t\t\t\t\t\t<div class=\"elementor-container elementor-column-gap-default\">\n\t\t\t\t\t<div class=\"elementor-column elementor-col-100 elementor-top-column elementor-element elementor-element-66badfc\" data-id=\"66badfc\" data-element_type=\"column\" data-e-type=\"column\">\n\t\t\t<div class=\"elementor-widget-wrap elementor-element-populated\">\n\t\t\t\t\t\t<div class=\"elementor-element elementor-element-97cb249 elementor-widget elementor-widget-text-editor\" data-id=\"97cb249\" data-element_type=\"widget\" data-e-type=\"widget\" data-widget_type=\"text-editor.default\">\n\t\t\t\t<div class=\"elementor-widget-container\">\n\t\t\t\t\t\t\t\t\t<p><b data-stringify-type=\"bold\">Experiencia Marques<\/b><br \/>Con el objetivo de experimentar algunas de las tareas que realiza el personal del \u00e1rea protegida, podr\u00e1s acceder a observar el comportamiento de la colonia de lobos marinos, identificaci\u00f3n de individuos, y posible avistajes de cet\u00e1ceos.\u00a0<br \/><i data-stringify-type=\"italic\">Dificultad: media-alta<\/i><\/p>\t\t\t\t\t\t\t\t<\/div>\n\t\t\t\t<\/div>\n\t\t\t\t\t<\/div>\n\t\t<\/div>\n\t\t\t\t\t<\/div>\n\t\t<\/section>\n\t\t\t\t<section class=\"elementor-section elementor-top-section elementor-element elementor-element-fdf0b23 elementor-section-boxed elementor-section-height-default elementor-section-height-default wpr-particle-no wpr-jarallax-no wpr-parallax-no wpr-sticky-section-no\" data-id=\"fdf0b23\" data-element_type=\"section\" data-e-type=\"section\" data-settings=\"{&quot;_ha_eqh_enable&quot;:false}\">\n\t\t\t\t\t\t<div class=\"elementor-container elementor-column-gap-default\">\n\t\t\t\t\t<div class=\"elementor-column elementor-col-100 elementor-top-column elementor-element elementor-element-da53efc\" data-id=\"da53efc\" data-element_type=\"column\" data-e-type=\"column\">\n\t\t\t<div class=\"elementor-widget-wrap elementor-element-populated\">\n\t\t\t\t\t\t<div class=\"elementor-element elementor-element-0bf41c5 elementor-skin-carousel elementor-arrows-yes elementor-pagination-type-bullets elementor-pagination-position-outside elementor-widget elementor-widget-media-carousel\" data-id=\"0bf41c5\" data-element_type=\"widget\" data-e-type=\"widget\" data-settings=\"{&quot;slides_per_view&quot;:&quot;3&quot;,&quot;slides_to_scroll&quot;:&quot;3&quot;,&quot;skin&quot;:&quot;carousel&quot;,&quot;effect&quot;:&quot;slide&quot;,&quot;show_arrows&quot;:&quot;yes&quot;,&quot;pagination&quot;:&quot;bullets&quot;,&quot;speed&quot;:500,&quot;autoplay&quot;:&quot;yes&quot;,&quot;autoplay_speed&quot;:5000,&quot;loop&quot;:&quot;yes&quot;,&quot;pause_on_hover&quot;:&quot;yes&quot;,&quot;pause_on_interaction&quot;:&quot;yes&quot;,&quot;space_between&quot;:{&quot;unit&quot;:&quot;px&quot;,&quot;size&quot;:10,&quot;sizes&quot;:[]},&quot;space_between_tablet&quot;:{&quot;unit&quot;:&quot;px&quot;,&quot;size&quot;:10,&quot;sizes&quot;:[]},&quot;space_between_mobile&quot;:{&quot;unit&quot;:&quot;px&quot;,&quot;size&quot;:10,&quot;sizes&quot;:[]}}\" data-widget_type=\"media-carousel.default\">\n\t\t\t\t<div class=\"elementor-widget-container\">\n\t\t\t\t\t\t\t\t\t<div class=\"elementor-swiper\">\n\t\t\t\t\t<div class=\"elementor-main-swiper swiper\" role=\"region\" aria-roledescription=\"carousel\" aria-label=\"Slides\">\n\t\t\t\t<div class=\"swiper-wrapper\">\n\t\t\t\t\t\t\t\t\t\t\t<div class=\"swiper-slide\" role=\"group\" aria-roledescription=\"slide\">\n\t\t\t\t\t\t\t<a href=\"https:\/\/radatilly.gob.ar\/anp-punta-marques\/wp-content\/uploads\/sites\/6\/2020\/07\/5-1.jpg\" data-elementor-open-lightbox=\"yes\" data-elementor-lightbox-slideshow=\"0bf41c5\" data-e-action-hash=\"#elementor-action%3Aaction%3Dlightbox%26settings%3DeyJpZCI6NDE4LCJ1cmwiOiJodHRwczpcL1wvcmFkYXRpbGx5LmdvYi5hclwvd3AtY29udGVudFwvdXBsb2Fkc1wvc2l0ZXNcLzZcLzIwMjBcLzA3XC81LTEuanBnIiwic2xpZGVzaG93IjoiMGJmNDFjNSJ9\">\t\t<div class=\"elementor-carousel-image\" role=\"img\" aria-label=\"\" style=\"background-image: url(&#039;https:\/\/radatilly.gob.ar\/wp-content\/uploads\/sites\/6\/2020\/07\/5-1.jpg&#039;)\">\n\n\t\t\t\n\t\t\t\t\t<\/div>\n\t\t<\/a>\t\t\t\t\t\t<\/div>\n\t\t\t\t\t\t\t\t\t\t\t<div class=\"swiper-slide\" role=\"group\" aria-roledescription=\"slide\">\n\t\t\t\t\t\t\t<a href=\"https:\/\/radatilly.gob.ar\/anp-punta-marques\/wp-content\/uploads\/sites\/6\/2020\/07\/4-1.jpg\" data-elementor-open-lightbox=\"yes\" data-elementor-lightbox-slideshow=\"0bf41c5\" data-e-action-hash=\"#elementor-action%3Aaction%3Dlightbox%26settings%3DeyJpZCI6NDE2LCJ1cmwiOiJodHRwczpcL1wvcmFkYXRpbGx5LmdvYi5hclwvd3AtY29udGVudFwvdXBsb2Fkc1wvc2l0ZXNcLzZcLzIwMjBcLzA3XC80LTEuanBnIiwic2xpZGVzaG93IjoiMGJmNDFjNSJ9\">\t\t<div class=\"elementor-carousel-image\" role=\"img\" aria-label=\"\" style=\"background-image: url(&#039;https:\/\/radatilly.gob.ar\/wp-content\/uploads\/sites\/6\/2020\/07\/4-1.jpg&#039;)\">\n\n\t\t\t\n\t\t\t\t\t<\/div>\n\t\t<\/a>\t\t\t\t\t\t<\/div>\n\t\t\t\t\t\t\t\t\t\t\t<div class=\"swiper-slide\" role=\"group\" aria-roledescription=\"slide\">\n\t\t\t\t\t\t\t<a href=\"https:\/\/radatilly.gob.ar\/anp-punta-marques\/wp-content\/uploads\/sites\/6\/2020\/07\/3-1.jpg\" data-elementor-open-lightbox=\"yes\" data-elementor-lightbox-slideshow=\"0bf41c5\" data-e-action-hash=\"#elementor-action%3Aaction%3Dlightbox%26settings%3DeyJpZCI6NDE1LCJ1cmwiOiJodHRwczpcL1wvcmFkYXRpbGx5LmdvYi5hclwvd3AtY29udGVudFwvdXBsb2Fkc1wvc2l0ZXNcLzZcLzIwMjBcLzA3XC8zLTEuanBnIiwic2xpZGVzaG93IjoiMGJmNDFjNSJ9\">\t\t<div class=\"elementor-carousel-image\" role=\"img\" aria-label=\"\" style=\"background-image: url(&#039;https:\/\/radatilly.gob.ar\/wp-content\/uploads\/sites\/6\/2020\/07\/3-1.jpg&#039;)\">\n\n\t\t\t\n\t\t\t\t\t<\/div>\n\t\t<\/a>\t\t\t\t\t\t<\/div>\n\t\t\t\t\t\t\t\t\t\t\t<div class=\"swiper-slide\" role=\"group\" aria-roledescription=\"slide\">\n\t\t\t\t\t\t\t<a href=\"https:\/\/radatilly.gob.ar\/anp-punta-marques\/wp-content\/uploads\/sites\/6\/2020\/07\/2-1.jpg\" data-elementor-open-lightbox=\"yes\" data-elementor-lightbox-slideshow=\"0bf41c5\" data-e-action-hash=\"#elementor-action%3Aaction%3Dlightbox%26settings%3DeyJpZCI6NDE0LCJ1cmwiOiJodHRwczpcL1wvcmFkYXRpbGx5LmdvYi5hclwvd3AtY29udGVudFwvdXBsb2Fkc1wvc2l0ZXNcLzZcLzIwMjBcLzA3XC8yLTEuanBnIiwic2xpZGVzaG93IjoiMGJmNDFjNSJ9\">\t\t<div class=\"elementor-carousel-image\" role=\"img\" aria-label=\"\" style=\"background-image: url(&#039;https:\/\/radatilly.gob.ar\/wp-content\/uploads\/sites\/6\/2020\/07\/2-1.jpg&#039;)\">\n\n\t\t\t\n\t\t\t\t\t<\/div>\n\t\t<\/a>\t\t\t\t\t\t<\/div>\n\t\t\t\t\t\t\t\t\t\t\t<div class=\"swiper-slide\" role=\"group\" aria-roledescription=\"slide\">\n\t\t\t\t\t\t\t<a href=\"https:\/\/radatilly.gob.ar\/anp-punta-marques\/wp-content\/uploads\/sites\/6\/2020\/07\/2-2.jpg\" data-elementor-open-lightbox=\"yes\" data-elementor-lightbox-slideshow=\"0bf41c5\" data-e-action-hash=\"#elementor-action%3Aaction%3Dlightbox%26settings%3DeyJpZCI6NDEzLCJ1cmwiOiJodHRwczpcL1wvcmFkYXRpbGx5LmdvYi5hclwvd3AtY29udGVudFwvdXBsb2Fkc1wvc2l0ZXNcLzZcLzIwMjBcLzA3XC8yLTIuanBnIiwic2xpZGVzaG93IjoiMGJmNDFjNSJ9\">\t\t<div class=\"elementor-carousel-image\" role=\"img\" aria-label=\"\" style=\"background-image: url(&#039;https:\/\/radatilly.gob.ar\/wp-content\/uploads\/sites\/6\/2020\/07\/2-2.jpg&#039;)\">\n\n\t\t\t\n\t\t\t\t\t<\/div>\n\t\t<\/a>\t\t\t\t\t\t<\/div>\n\t\t\t\t\t\t\t\t\t<\/div>\n\t\t\t\t\t\t\t\t\t\t\t\t\t\t\t<div class=\"elementor-swiper-button elementor-swiper-button-prev\" role=\"button\" tabindex=\"0\" aria-label=\"Previous\">\n\t\t\t\t\t\t\t<i aria-hidden=\"true\" class=\"eicon-chevron-left\"><\/i>\t\t\t\t\t\t<\/div>\n\t\t\t\t\t\t<div class=\"elementor-swiper-button elementor-swiper-button-next\" role=\"button\" tabindex=\"0\" aria-label=\"Next\">\n\t\t\t\t\t\t\t<i aria-hidden=\"true\" class=\"eicon-chevron-right\"><\/i>\t\t\t\t\t\t<\/div>\n\t\t\t\t\t\t\t\t\t\t\t\t\t\t\t\t<div class=\"swiper-pagination\"><\/div>\n\t\t\t\t\t\t\t\t\t\t\t\t<\/div>\n\t\t\t\t<\/div>\n\t\t\t\t\t\t\t\t<\/div>\n\t\t\t\t<\/div>\n\t\t\t\t\t<\/div>\n\t\t<\/div>\n\t\t\t\t\t<\/div>\n\t\t<\/section>\n\t\t\t\t<section class=\"elementor-section elementor-top-section elementor-element elementor-element-1fba798 elementor-section-boxed elementor-section-height-default elementor-section-height-default wpr-particle-no wpr-jarallax-no wpr-parallax-no wpr-sticky-section-no\" data-id=\"1fba798\" data-element_type=\"section\" data-e-type=\"section\" data-settings=\"{&quot;_ha_eqh_enable&quot;:false}\">\n\t\t\t\t\t\t<div class=\"elementor-container elementor-column-gap-default\">\n\t\t\t\t\t<div class=\"elementor-column elementor-col-100 elementor-top-column elementor-element elementor-element-7e06a37\" data-id=\"7e06a37\" data-element_type=\"column\" data-e-type=\"column\">\n\t\t\t<div class=\"elementor-widget-wrap elementor-element-populated\">\n\t\t\t\t\t\t<div class=\"elementor-element elementor-element-15b187b elementor-widget elementor-widget-heading\" data-id=\"15b187b\" data-element_type=\"widget\" data-e-type=\"widget\" data-widget_type=\"heading.default\">\n\t\t\t\t<div class=\"elementor-widget-container\">\n\t\t\t\t\t<h2 class=\"elementor-heading-title elementor-size-default\">ciencia e investigacion<\/h2>\t\t\t\t<\/div>\n\t\t\t\t<\/div>\n\t\t\t\t\t<\/div>\n\t\t<\/div>\n\t\t\t\t\t<\/div>\n\t\t<\/section>\n\t\t\t\t<section class=\"elementor-section elementor-top-section elementor-element elementor-element-2131607 elementor-section-boxed elementor-section-height-default elementor-section-height-default wpr-particle-no wpr-jarallax-no wpr-parallax-no wpr-sticky-section-no\" data-id=\"2131607\" data-element_type=\"section\" data-e-type=\"section\" data-settings=\"{&quot;_ha_eqh_enable&quot;:false}\">\n\t\t\t\t\t\t<div class=\"elementor-container elementor-column-gap-default\">\n\t\t\t\t\t<div class=\"elementor-column elementor-col-100 elementor-top-column elementor-element elementor-element-36e696f\" data-id=\"36e696f\" data-element_type=\"column\" data-e-type=\"column\">\n\t\t\t<div class=\"elementor-widget-wrap elementor-element-populated\">\n\t\t\t\t\t\t<div class=\"elementor-element elementor-element-6b1d495 elementor-widget elementor-widget-text-editor\" data-id=\"6b1d495\" data-element_type=\"widget\" data-e-type=\"widget\" data-widget_type=\"text-editor.default\">\n\t\t\t\t<div class=\"elementor-widget-container\">\n\t\t\t\t\t\t\t\t\t<p><strong>Censo de Lobos<\/strong><\/p><p>El lobo marino de un pelo, <em>Otaria flavescens, <\/em>presenta una amplia distribuci\u00f3n en Sudam\u00e9rica desde Torres, al sur de Brasil hasta Zorritos al norte de Per\u00fa. En Argentina ocupa todo el litoral con numerosos apostaderos donde permanecen durante todo el a\u00f1o, con algunos desplazamientos estacionales.<\/p><p>El apostadero del ANP Punta Marqu\u00e9s fue clasificado en el a\u00f1o 1990 como un asentamiento no reproductor, sin registros de nacimientos ni actividad reproductiva, con aproximadamente un centenar de ejemplares ocupando una \u00fanica plataforma rocosa.<\/p><p><em><u>Seguimiento de la colonia de lobos mediante censos<\/u><\/em><\/p><p>Desde el a\u00f1o 2014 el personal del ANP Punta Marqu\u00e9s, realiza censos mensuales durante la bajamar con el objetivo de estudiar la composici\u00f3n y la variaci\u00f3n estacional de lobos marinos, mediante fotograf\u00edas, abarcando toda la plataforma rocosa, agrupando a los individuos en tres categor\u00edas: hembras y juveniles, machos y cr\u00edas (de acuerdo con sus diferencias y caracter\u00edsticas morfol\u00f3gicas).<\/p><p><em><u>\u00bfQu\u00e9 nos indican nuestros estudios?<\/u><\/em><\/p><p>Nuestros estudios nos indican que esta colonia se ha modificado a lo largo del tiempo, clasific\u00e1ndose como un apostadero permanente con variaci\u00f3n en el n\u00famero de ejemplares dependiendo de la estaci\u00f3n del a\u00f1o, superando los 2000 individuos durante los meses reproductivos (diciembre-marzo), registrando un aumento en el n\u00famero de nacimientos desde el a\u00f1o 2013. Durante los meses no reproductivos (marzo-noviembre) el n\u00famero supera los 1000 individuos, con la llegada de cientos de cachorros nacidos en otros apostaderos.<\/p><p><em><u>\u00bfC\u00f3mo est\u00e1 conformada la colonia?<\/u><\/em><\/p><p>Su composici\u00f3n esta conformada principalmente por hembras y juveniles, y en menor proporci\u00f3n por cr\u00edas y machos, que han tenido que adaptarse a las condiciones de marea que presenta el \u00e1rea. Es por ello que durante la bajamar se los puede observar ocupando las extensas plataformas que lentamente se cubren de agua con la pleamar, obligando a los lobos a permanecer en el agua o trepados al acantilado.\u00a0\u00a0\u00a0<\/p><p>\u00bfC\u00f3mo es su ciclo reproductivo?<\/p><p><a href=\"https:\/\/radatilly.gob.ar\/anp-punta-marques\/wp-content\/uploads\/sites\/6\/2020\/09\/Cicloreprok-1.jpg\"><img fetchpriority=\"high\" decoding=\"async\" class=\"aligncenter wp-image-1176 size-full\" src=\"https:\/\/radatilly.gob.ar\/anp-punta-marques\/wp-content\/uploads\/sites\/6\/2020\/09\/Cicloreprok-1.jpg\" alt=\"\" width=\"589\" height=\"331\" srcset=\"https:\/\/radatilly.gob.ar\/wp-content\/uploads\/sites\/6\/2020\/09\/Cicloreprok-1.jpg 589w, https:\/\/radatilly.gob.ar\/wp-content\/uploads\/sites\/6\/2020\/09\/Cicloreprok-1-300x169.jpg 300w\" sizes=\"(max-width: 589px) 100vw, 589px\" \/><\/a>\u00a0 \u00a0 \u00a0 \u00a0 \u00a0 \u00a0 \u00a0<\/p><p><em><u>Importancia Ecol\u00f3gica y recomendaciones<\/u><\/em><\/p><p>Los lobos marinos son importantes predadores dentro de las cadenas tr\u00f3ficas, cumpliendo un rol importante en el funcionamiento de los ecosistemas marinos, junto con otras especies de depredadores.<\/p><p>La actividad del hombre en el pasado ha llevado a esta especie casi a la extinci\u00f3n, por lo que conocer el estado actual de la poblaci\u00f3n de lobos marinos, su abundancia a lo largo del a\u00f1o, su relaci\u00f3n con otros apostaderos y como ha cambiado en el tiempo nos permitir\u00e1 elaborar planes de manejo para su conservaci\u00f3n e interacci\u00f3n con las actividades humanas, las cuales sugieren que tienen una influencia negativa en la distribuci\u00f3n de los lobos marinos.<\/p><p>Por eso es importante garantizar su permanencia, evitando la presencia humana y de animales dom\u00e9sticos ajenos a este ambiente natural, ya que los lobos tienden a huir hacia el agua, generando grandes estampidas y muchas veces las cr\u00edas son aplastadas por los adultos.<\/p>\t\t\t\t\t\t\t\t<\/div>\n\t\t\t\t<\/div>\n\t\t\t\t\t<\/div>\n\t\t<\/div>\n\t\t\t\t\t<\/div>\n\t\t<\/section>\n\t\t\t\t<section class=\"elementor-section elementor-top-section elementor-element elementor-element-6e8cc81 elementor-section-boxed elementor-section-height-default elementor-section-height-default wpr-particle-no wpr-jarallax-no wpr-parallax-no wpr-sticky-section-no\" data-id=\"6e8cc81\" data-element_type=\"section\" data-e-type=\"section\" data-settings=\"{&quot;_ha_eqh_enable&quot;:false}\">\n\t\t\t\t\t\t<div class=\"elementor-container elementor-column-gap-default\">\n\t\t\t\t\t<div class=\"elementor-column elementor-col-100 elementor-top-column elementor-element elementor-element-62684ea\" data-id=\"62684ea\" data-element_type=\"column\" data-e-type=\"column\">\n\t\t\t<div class=\"elementor-widget-wrap elementor-element-populated\">\n\t\t\t\t\t\t<div class=\"elementor-element elementor-element-0110181 elementor-skin-carousel elementor-arrows-yes elementor-pagination-type-bullets elementor-pagination-position-outside elementor-widget elementor-widget-media-carousel\" data-id=\"0110181\" data-element_type=\"widget\" data-e-type=\"widget\" data-settings=\"{&quot;skin&quot;:&quot;carousel&quot;,&quot;effect&quot;:&quot;slide&quot;,&quot;show_arrows&quot;:&quot;yes&quot;,&quot;pagination&quot;:&quot;bullets&quot;,&quot;speed&quot;:500,&quot;autoplay&quot;:&quot;yes&quot;,&quot;autoplay_speed&quot;:5000,&quot;loop&quot;:&quot;yes&quot;,&quot;pause_on_hover&quot;:&quot;yes&quot;,&quot;pause_on_interaction&quot;:&quot;yes&quot;,&quot;space_between&quot;:{&quot;unit&quot;:&quot;px&quot;,&quot;size&quot;:10,&quot;sizes&quot;:[]},&quot;space_between_tablet&quot;:{&quot;unit&quot;:&quot;px&quot;,&quot;size&quot;:10,&quot;sizes&quot;:[]},&quot;space_between_mobile&quot;:{&quot;unit&quot;:&quot;px&quot;,&quot;size&quot;:10,&quot;sizes&quot;:[]}}\" data-widget_type=\"media-carousel.default\">\n\t\t\t\t<div class=\"elementor-widget-container\">\n\t\t\t\t\t\t\t\t\t<div class=\"elementor-swiper\">\n\t\t\t\t\t<div class=\"elementor-main-swiper swiper\" role=\"region\" aria-roledescription=\"carousel\" aria-label=\"Slides\">\n\t\t\t\t<div class=\"swiper-wrapper\">\n\t\t\t\t\t\t\t\t\t\t\t<div class=\"swiper-slide\" role=\"group\" aria-roledescription=\"slide\">\n\t\t\t\t\t\t\t<a href=\"https:\/\/radatilly.gob.ar\/anp-punta-marques\/wp-content\/uploads\/sites\/6\/2020\/10\/9.-Pleamar-2.jpg\" data-elementor-open-lightbox=\"yes\" data-elementor-lightbox-slideshow=\"0110181\" data-elementor-lightbox-title=\"Pleamar\" data-e-action-hash=\"#elementor-action%3Aaction%3Dlightbox%26settings%3DeyJpZCI6MTIyNywidXJsIjoiaHR0cHM6XC9cL3JhZGF0aWxseS5nb2IuYXJcL3dwLWNvbnRlbnRcL3VwbG9hZHNcL3NpdGVzXC82XC8yMDIwXC8xMFwvOS4tUGxlYW1hci0yLmpwZyIsInNsaWRlc2hvdyI6IjAxMTAxODEifQ%3D%3D\">\t\t<div class=\"elementor-carousel-image\" role=\"img\" aria-label=\"Pleamar\" style=\"background-image: url(&#039;https:\/\/radatilly.gob.ar\/wp-content\/uploads\/sites\/6\/2020\/10\/9.-Pleamar-2.jpg&#039;)\">\n\n\t\t\t\n\t\t\t\t\t<\/div>\n\t\t<\/a>\t\t\t\t\t\t<\/div>\n\t\t\t\t\t\t\t\t\t\t\t<div class=\"swiper-slide\" role=\"group\" aria-roledescription=\"slide\">\n\t\t\t\t\t\t\t<a href=\"https:\/\/radatilly.gob.ar\/anp-punta-marques\/wp-content\/uploads\/sites\/6\/2020\/10\/8.-Pleamar.jpg\" data-elementor-open-lightbox=\"yes\" data-elementor-lightbox-slideshow=\"0110181\" data-elementor-lightbox-title=\"Pleamar\" data-e-action-hash=\"#elementor-action%3Aaction%3Dlightbox%26settings%3DeyJpZCI6MTIyNiwidXJsIjoiaHR0cHM6XC9cL3JhZGF0aWxseS5nb2IuYXJcL3dwLWNvbnRlbnRcL3VwbG9hZHNcL3NpdGVzXC82XC8yMDIwXC8xMFwvOC4tUGxlYW1hci5qcGciLCJzbGlkZXNob3ciOiIwMTEwMTgxIn0%3D\">\t\t<div class=\"elementor-carousel-image\" role=\"img\" aria-label=\"Pleamar\" style=\"background-image: url(&#039;https:\/\/radatilly.gob.ar\/wp-content\/uploads\/sites\/6\/2020\/10\/8.-Pleamar.jpg&#039;)\">\n\n\t\t\t\n\t\t\t\t\t<\/div>\n\t\t<\/a>\t\t\t\t\t\t<\/div>\n\t\t\t\t\t\t\t\t\t\t\t<div class=\"swiper-slide\" role=\"group\" aria-roledescription=\"slide\">\n\t\t\t\t\t\t\t<a href=\"https:\/\/radatilly.gob.ar\/anp-punta-marques\/wp-content\/uploads\/sites\/6\/2020\/10\/7.-Apostadero-invierno.jpg\" data-elementor-open-lightbox=\"yes\" data-elementor-lightbox-slideshow=\"0110181\" data-elementor-lightbox-title=\"Apostadero invierno\" data-e-action-hash=\"#elementor-action%3Aaction%3Dlightbox%26settings%3DeyJpZCI6MTIyNSwidXJsIjoiaHR0cHM6XC9cL3JhZGF0aWxseS5nb2IuYXJcL3dwLWNvbnRlbnRcL3VwbG9hZHNcL3NpdGVzXC82XC8yMDIwXC8xMFwvNy4tQXBvc3RhZGVyby1pbnZpZXJuby5qcGciLCJzbGlkZXNob3ciOiIwMTEwMTgxIn0%3D\">\t\t<div class=\"elementor-carousel-image\" role=\"img\" aria-label=\"Apostadero invierno\" style=\"background-image: url(&#039;https:\/\/radatilly.gob.ar\/wp-content\/uploads\/sites\/6\/2020\/10\/7.-Apostadero-invierno.jpg&#039;)\">\n\n\t\t\t\n\t\t\t\t\t<\/div>\n\t\t<\/a>\t\t\t\t\t\t<\/div>\n\t\t\t\t\t\t\t\t\t\t\t<div class=\"swiper-slide\" role=\"group\" aria-roledescription=\"slide\">\n\t\t\t\t\t\t\t<a href=\"https:\/\/radatilly.gob.ar\/anp-punta-marques\/wp-content\/uploads\/sites\/6\/2020\/10\/6.-Cria-amamantando-2.jpg\" data-elementor-open-lightbox=\"yes\" data-elementor-lightbox-slideshow=\"0110181\" data-elementor-lightbox-title=\"Cr\u00eda amamantando\" data-e-action-hash=\"#elementor-action%3Aaction%3Dlightbox%26settings%3DeyJpZCI6MTIyNCwidXJsIjoiaHR0cHM6XC9cL3JhZGF0aWxseS5nb2IuYXJcL3dwLWNvbnRlbnRcL3VwbG9hZHNcL3NpdGVzXC82XC8yMDIwXC8xMFwvNi4tQ3JpYS1hbWFtYW50YW5kby0yLmpwZyIsInNsaWRlc2hvdyI6IjAxMTAxODEifQ%3D%3D\">\t\t<div class=\"elementor-carousel-image\" role=\"img\" aria-label=\"Cr\u00eda amamantando\" style=\"background-image: url(&#039;https:\/\/radatilly.gob.ar\/wp-content\/uploads\/sites\/6\/2020\/10\/6.-Cria-amamantando-2.jpg&#039;)\">\n\n\t\t\t\n\t\t\t\t\t<\/div>\n\t\t<\/a>\t\t\t\t\t\t<\/div>\n\t\t\t\t\t\t\t\t\t\t\t<div class=\"swiper-slide\" role=\"group\" aria-roledescription=\"slide\">\n\t\t\t\t\t\t\t<a href=\"https:\/\/radatilly.gob.ar\/anp-punta-marques\/wp-content\/uploads\/sites\/6\/2020\/10\/5.Cria-amamantando-1.jpg\" data-elementor-open-lightbox=\"yes\" data-elementor-lightbox-slideshow=\"0110181\" data-elementor-lightbox-title=\"Cr\u00eda amamantando\" data-e-action-hash=\"#elementor-action%3Aaction%3Dlightbox%26settings%3DeyJpZCI6MTIyMywidXJsIjoiaHR0cHM6XC9cL3JhZGF0aWxseS5nb2IuYXJcL3dwLWNvbnRlbnRcL3VwbG9hZHNcL3NpdGVzXC82XC8yMDIwXC8xMFwvNS5DcmlhLWFtYW1hbnRhbmRvLTEuanBnIiwic2xpZGVzaG93IjoiMDExMDE4MSJ9\">\t\t<div class=\"elementor-carousel-image\" role=\"img\" aria-label=\"Cr\u00eda amamantando\" style=\"background-image: url(&#039;https:\/\/radatilly.gob.ar\/wp-content\/uploads\/sites\/6\/2020\/10\/5.Cria-amamantando-1.jpg&#039;)\">\n\n\t\t\t\n\t\t\t\t\t<\/div>\n\t\t<\/a>\t\t\t\t\t\t<\/div>\n\t\t\t\t\t\t\t\t\t\t\t<div class=\"swiper-slide\" role=\"group\" aria-roledescription=\"slide\">\n\t\t\t\t\t\t\t<a href=\"https:\/\/radatilly.gob.ar\/anp-punta-marques\/wp-content\/uploads\/sites\/6\/2020\/10\/4.Nacimiento.jpg\" data-elementor-open-lightbox=\"yes\" data-elementor-lightbox-slideshow=\"0110181\" data-elementor-lightbox-title=\"Nacimiento\" data-e-action-hash=\"#elementor-action%3Aaction%3Dlightbox%26settings%3DeyJpZCI6MTIyMiwidXJsIjoiaHR0cHM6XC9cL3JhZGF0aWxseS5nb2IuYXJcL3dwLWNvbnRlbnRcL3VwbG9hZHNcL3NpdGVzXC82XC8yMDIwXC8xMFwvNC5OYWNpbWllbnRvLmpwZyIsInNsaWRlc2hvdyI6IjAxMTAxODEifQ%3D%3D\">\t\t<div class=\"elementor-carousel-image\" role=\"img\" aria-label=\"Nacimiento\" style=\"background-image: url(&#039;https:\/\/radatilly.gob.ar\/wp-content\/uploads\/sites\/6\/2020\/10\/4.Nacimiento.jpg&#039;)\">\n\n\t\t\t\n\t\t\t\t\t<\/div>\n\t\t<\/a>\t\t\t\t\t\t<\/div>\n\t\t\t\t\t\t\t\t\t\t\t<div class=\"swiper-slide\" role=\"group\" aria-roledescription=\"slide\">\n\t\t\t\t\t\t\t<a href=\"https:\/\/radatilly.gob.ar\/anp-punta-marques\/wp-content\/uploads\/sites\/6\/2020\/10\/3.-Apostadero-verano.jpg\" data-elementor-open-lightbox=\"yes\" data-elementor-lightbox-slideshow=\"0110181\" data-elementor-lightbox-title=\"Apostadero verano\" data-e-action-hash=\"#elementor-action%3Aaction%3Dlightbox%26settings%3DeyJpZCI6MTIyMSwidXJsIjoiaHR0cHM6XC9cL3JhZGF0aWxseS5nb2IuYXJcL3dwLWNvbnRlbnRcL3VwbG9hZHNcL3NpdGVzXC82XC8yMDIwXC8xMFwvMy4tQXBvc3RhZGVyby12ZXJhbm8uanBnIiwic2xpZGVzaG93IjoiMDExMDE4MSJ9\">\t\t<div class=\"elementor-carousel-image\" role=\"img\" aria-label=\"Apostadero verano\" style=\"background-image: url(&#039;https:\/\/radatilly.gob.ar\/wp-content\/uploads\/sites\/6\/2020\/10\/3.-Apostadero-verano.jpg&#039;)\">\n\n\t\t\t\n\t\t\t\t\t<\/div>\n\t\t<\/a>\t\t\t\t\t\t<\/div>\n\t\t\t\t\t\t\t\t\t\t\t<div class=\"swiper-slide\" role=\"group\" aria-roledescription=\"slide\">\n\t\t\t\t\t\t\t<a href=\"https:\/\/radatilly.gob.ar\/anp-punta-marques\/wp-content\/uploads\/sites\/6\/2020\/10\/2.Clasificacion-macho-cria-hembras-y-juveniles.jpg\" data-elementor-open-lightbox=\"yes\" data-elementor-lightbox-slideshow=\"0110181\" data-elementor-lightbox-title=\"Clasificaci\u00f3n (macho, cr\u00eda, hembras y juveniles)\" data-e-action-hash=\"#elementor-action%3Aaction%3Dlightbox%26settings%3DeyJpZCI6MTIyMCwidXJsIjoiaHR0cHM6XC9cL3JhZGF0aWxseS5nb2IuYXJcL3dwLWNvbnRlbnRcL3VwbG9hZHNcL3NpdGVzXC82XC8yMDIwXC8xMFwvMi5DbGFzaWZpY2FjaW9uLW1hY2hvLWNyaWEtaGVtYnJhcy15LWp1dmVuaWxlcy5qcGciLCJzbGlkZXNob3ciOiIwMTEwMTgxIn0%3D\">\t\t<div class=\"elementor-carousel-image\" role=\"img\" aria-label=\"Clasificaci\u00f3n (macho, cr\u00eda, hembras y juveniles)\" style=\"background-image: url(&#039;https:\/\/radatilly.gob.ar\/wp-content\/uploads\/sites\/6\/2020\/10\/2.Clasificacion-macho-cria-hembras-y-juveniles.jpg&#039;)\">\n\n\t\t\t\n\t\t\t\t\t<\/div>\n\t\t<\/a>\t\t\t\t\t\t<\/div>\n\t\t\t\t\t\t\t\t\t\t\t<div class=\"swiper-slide\" role=\"group\" aria-roledescription=\"slide\">\n\t\t\t\t\t\t\t<a href=\"https:\/\/radatilly.gob.ar\/anp-punta-marques\/wp-content\/uploads\/sites\/6\/2020\/10\/1.-Censo-poblacional-verano.jpg\" data-elementor-open-lightbox=\"yes\" data-elementor-lightbox-slideshow=\"0110181\" data-elementor-lightbox-title=\"Censo poblacional verano\" data-e-action-hash=\"#elementor-action%3Aaction%3Dlightbox%26settings%3DeyJpZCI6MTIxOSwidXJsIjoiaHR0cHM6XC9cL3JhZGF0aWxseS5nb2IuYXJcL3dwLWNvbnRlbnRcL3VwbG9hZHNcL3NpdGVzXC82XC8yMDIwXC8xMFwvMS4tQ2Vuc28tcG9ibGFjaW9uYWwtdmVyYW5vLmpwZyIsInNsaWRlc2hvdyI6IjAxMTAxODEifQ%3D%3D\">\t\t<div class=\"elementor-carousel-image\" role=\"img\" aria-label=\"Censo poblacional verano\" style=\"background-image: url(&#039;https:\/\/radatilly.gob.ar\/wp-content\/uploads\/sites\/6\/2020\/10\/1.-Censo-poblacional-verano.jpg&#039;)\">\n\n\t\t\t\n\t\t\t\t\t<\/div>\n\t\t<\/a>\t\t\t\t\t\t<\/div>\n\t\t\t\t\t\t\t\t\t\t\t<div class=\"swiper-slide\" role=\"group\" aria-roledescription=\"slide\">\n\t\t\t\t\t\t\t<a href=\"https:\/\/radatilly.gob.ar\/anp-punta-marques\/wp-content\/uploads\/sites\/6\/2020\/10\/1-censo-poblacional-invierno.jpg\" data-elementor-open-lightbox=\"yes\" data-elementor-lightbox-slideshow=\"0110181\" data-elementor-lightbox-title=\"Censo poblacional invierno\" data-e-action-hash=\"#elementor-action%3Aaction%3Dlightbox%26settings%3DeyJpZCI6MTIxOCwidXJsIjoiaHR0cHM6XC9cL3JhZGF0aWxseS5nb2IuYXJcL3dwLWNvbnRlbnRcL3VwbG9hZHNcL3NpdGVzXC82XC8yMDIwXC8xMFwvMS1jZW5zby1wb2JsYWNpb25hbC1pbnZpZXJuby5qcGciLCJzbGlkZXNob3ciOiIwMTEwMTgxIn0%3D\">\t\t<div class=\"elementor-carousel-image\" role=\"img\" aria-label=\"Censo poblacional invierno\" style=\"background-image: url(&#039;https:\/\/radatilly.gob.ar\/wp-content\/uploads\/sites\/6\/2020\/10\/1-censo-poblacional-invierno.jpg&#039;)\">\n\n\t\t\t\n\t\t\t\t\t<\/div>\n\t\t<\/a>\t\t\t\t\t\t<\/div>\n\t\t\t\t\t\t\t\t\t<\/div>\n\t\t\t\t\t\t\t\t\t\t\t\t\t\t\t<div class=\"elementor-swiper-button elementor-swiper-button-prev\" role=\"button\" tabindex=\"0\" aria-label=\"Previous\">\n\t\t\t\t\t\t\t<i aria-hidden=\"true\" class=\"eicon-chevron-left\"><\/i>\t\t\t\t\t\t<\/div>\n\t\t\t\t\t\t<div class=\"elementor-swiper-button elementor-swiper-button-next\" role=\"button\" tabindex=\"0\" aria-label=\"Next\">\n\t\t\t\t\t\t\t<i aria-hidden=\"true\" class=\"eicon-chevron-right\"><\/i>\t\t\t\t\t\t<\/div>\n\t\t\t\t\t\t\t\t\t\t\t\t\t\t\t\t<div class=\"swiper-pagination\"><\/div>\n\t\t\t\t\t\t\t\t\t\t\t\t<\/div>\n\t\t\t\t<\/div>\n\t\t\t\t\t\t\t\t<\/div>\n\t\t\t\t<\/div>\n\t\t\t\t\t<\/div>\n\t\t<\/div>\n\t\t\t\t\t<\/div>\n\t\t<\/section>\n\t\t\t\t<section class=\"elementor-section elementor-top-section elementor-element elementor-element-288390e elementor-section-boxed elementor-section-height-default elementor-section-height-default wpr-particle-no wpr-jarallax-no wpr-parallax-no wpr-sticky-section-no\" data-id=\"288390e\" data-element_type=\"section\" data-e-type=\"section\" data-settings=\"{&quot;_ha_eqh_enable&quot;:false}\">\n\t\t\t\t\t\t<div class=\"elementor-container elementor-column-gap-default\">\n\t\t\t\t\t<div class=\"elementor-column elementor-col-100 elementor-top-column elementor-element elementor-element-bb38e7a\" data-id=\"bb38e7a\" data-element_type=\"column\" data-e-type=\"column\">\n\t\t\t<div class=\"elementor-widget-wrap elementor-element-populated\">\n\t\t\t\t\t\t<div class=\"elementor-element elementor-element-3e7b695 elementor-widget elementor-widget-heading\" data-id=\"3e7b695\" data-element_type=\"widget\" data-e-type=\"widget\" data-widget_type=\"heading.default\">\n\t\t\t\t<div class=\"elementor-widget-container\">\n\t\t\t\t\t<h2 class=\"elementor-heading-title elementor-size-default\"><a href=\"https:\/\/radatilly.gob.ar\/anp-punta-marques\/wp-content\/uploads\/sites\/6\/2020\/09\/PROYECTO.pdf\" target=\"_blank\">PROYECTOS<\/a><\/h2>\t\t\t\t<\/div>\n\t\t\t\t<\/div>\n\t\t\t\t\t<\/div>\n\t\t<\/div>\n\t\t\t\t\t<\/div>\n\t\t<\/section>\n\t\t\t\t<section class=\"elementor-section elementor-top-section elementor-element elementor-element-7faff72 elementor-section-boxed elementor-section-height-default elementor-section-height-default wpr-particle-no wpr-jarallax-no wpr-parallax-no wpr-sticky-section-no\" data-id=\"7faff72\" data-element_type=\"section\" data-e-type=\"section\" data-settings=\"{&quot;_ha_eqh_enable&quot;:false}\">\n\t\t\t\t\t\t<div class=\"elementor-container elementor-column-gap-default\">\n\t\t\t\t\t<div class=\"elementor-column elementor-col-100 elementor-top-column elementor-element elementor-element-9283691\" data-id=\"9283691\" data-element_type=\"column\" data-e-type=\"column\">\n\t\t\t<div class=\"elementor-widget-wrap elementor-element-populated\">\n\t\t\t\t\t\t<div class=\"elementor-element elementor-element-a46aa69 elementor-widget elementor-widget-heading\" data-id=\"a46aa69\" data-element_type=\"widget\" data-e-type=\"widget\" data-widget_type=\"heading.default\">\n\t\t\t\t<div class=\"elementor-widget-container\">\n\t\t\t\t\t<h2 class=\"elementor-heading-title elementor-size-default\">educacion<\/h2>\t\t\t\t<\/div>\n\t\t\t\t<\/div>\n\t\t\t\t\t<\/div>\n\t\t<\/div>\n\t\t\t\t\t<\/div>\n\t\t<\/section>\n\t\t\t\t<section class=\"elementor-section elementor-top-section elementor-element elementor-element-6b0bd94 elementor-section-boxed elementor-section-height-default elementor-section-height-default wpr-particle-no wpr-jarallax-no wpr-parallax-no wpr-sticky-section-no\" data-id=\"6b0bd94\" data-element_type=\"section\" data-e-type=\"section\" data-settings=\"{&quot;_ha_eqh_enable&quot;:false}\">\n\t\t\t\t\t\t<div class=\"elementor-container elementor-column-gap-default\">\n\t\t\t\t\t<div class=\"elementor-column elementor-col-100 elementor-top-column elementor-element elementor-element-8559bde\" data-id=\"8559bde\" data-element_type=\"column\" data-e-type=\"column\">\n\t\t\t<div class=\"elementor-widget-wrap elementor-element-populated\">\n\t\t\t\t\t\t<div class=\"elementor-element elementor-element-35fe39b elementor-widget elementor-widget-text-editor\" data-id=\"35fe39b\" data-element_type=\"widget\" data-e-type=\"widget\" data-widget_type=\"text-editor.default\">\n\t\t\t\t<div class=\"elementor-widget-container\">\n\t\t\t\t\t\t\t\t\t<p>Bajo el programa \u201c<em>Punta Marqu\u00e9s va a la escuela<\/em>\u201d y \u201c<em>conociendo los cet\u00e1ceos en la zona central del Golfo San Jorge<\/em>\u201d, alumnos de distintas instituciones y su comunidad podr\u00e1n contar con una experiencia interactiva con el ambiente, sinti\u00e9ndose parte de este y descubriendo los ecosistemas del que forman parte.<\/p><p><em>Punta Marques va a la escuela<\/em> tiene como objetivo que los alumnos reconozcan algunas de las especies de flora y fauna terrestre que habitan en el ANP Punta Marqu\u00e9s, sus h\u00e1bitos, sus rastros (excrementos, huellas, sonidos, olores, cuevas, restos de alimentos, marcas territoriales, entre otras evidencias) ya que muchas veces son la \u00fanica forma de registrar su presencia, sus estrategias de supervivencia, su importancia en el ecosistema y las interacciones con otras especies.<\/p><p>Si quer\u00e9s sumergirte en el mar \u201c<em>conociendo los cet\u00e1ceos en la zona central del Golfo San Jorge<\/em>\u201d les permitir\u00e1 descubrir la diversidad de mam\u00edferos marinos que se avistan en nuestras costas, conocer aspectos relacionados con su biolog\u00eda, tareas de investigaci\u00f3n y conservaci\u00f3n que se realizan de la mano de Docentes-Investigadores y alumnos de la Universidad de la Patagonia San Juan Bosco, junto con el personal del ANP Punta Marques.<\/p><p><strong>*Para acceder a estos programas, en <em>Notas<\/em> podr\u00e1s descargar la solicitud correspondiente. \u00a0<\/strong><\/p>\t\t\t\t\t\t\t\t<\/div>\n\t\t\t\t<\/div>\n\t\t\t\t\t<\/div>\n\t\t<\/div>\n\t\t\t\t\t<\/div>\n\t\t<\/section>\n\t\t\t\t<section class=\"elementor-section elementor-top-section elementor-element elementor-element-07fafe9 elementor-section-boxed elementor-section-height-default elementor-section-height-default wpr-particle-no wpr-jarallax-no wpr-parallax-no wpr-sticky-section-no\" data-id=\"07fafe9\" data-element_type=\"section\" data-e-type=\"section\" data-settings=\"{&quot;_ha_eqh_enable&quot;:false}\">\n\t\t\t\t\t\t<div class=\"elementor-container elementor-column-gap-default\">\n\t\t\t\t\t<div class=\"elementor-column elementor-col-100 elementor-top-column elementor-element elementor-element-19fa451\" data-id=\"19fa451\" data-element_type=\"column\" data-e-type=\"column\">\n\t\t\t<div class=\"elementor-widget-wrap elementor-element-populated\">\n\t\t\t\t\t\t<div class=\"elementor-element elementor-element-ba31a54 elementor-skin-carousel elementor-arrows-yes elementor-pagination-type-bullets elementor-pagination-position-outside elementor-widget elementor-widget-media-carousel\" data-id=\"ba31a54\" data-element_type=\"widget\" data-e-type=\"widget\" data-settings=\"{&quot;skin&quot;:&quot;carousel&quot;,&quot;effect&quot;:&quot;slide&quot;,&quot;show_arrows&quot;:&quot;yes&quot;,&quot;pagination&quot;:&quot;bullets&quot;,&quot;speed&quot;:500,&quot;autoplay&quot;:&quot;yes&quot;,&quot;autoplay_speed&quot;:5000,&quot;loop&quot;:&quot;yes&quot;,&quot;pause_on_hover&quot;:&quot;yes&quot;,&quot;pause_on_interaction&quot;:&quot;yes&quot;,&quot;space_between&quot;:{&quot;unit&quot;:&quot;px&quot;,&quot;size&quot;:10,&quot;sizes&quot;:[]},&quot;space_between_tablet&quot;:{&quot;unit&quot;:&quot;px&quot;,&quot;size&quot;:10,&quot;sizes&quot;:[]},&quot;space_between_mobile&quot;:{&quot;unit&quot;:&quot;px&quot;,&quot;size&quot;:10,&quot;sizes&quot;:[]}}\" data-widget_type=\"media-carousel.default\">\n\t\t\t\t<div class=\"elementor-widget-container\">\n\t\t\t\t\t\t\t\t\t<div class=\"elementor-swiper\">\n\t\t\t\t\t<div class=\"elementor-main-swiper swiper\" role=\"region\" aria-roledescription=\"carousel\" aria-label=\"Slides\">\n\t\t\t\t<div class=\"swiper-wrapper\">\n\t\t\t\t\t\t\t\t\t\t\t<div class=\"swiper-slide\" role=\"group\" aria-roledescription=\"slide\">\n\t\t\t\t\t\t\t<a href=\"https:\/\/radatilly.gob.ar\/anp-punta-marques\/wp-content\/uploads\/sites\/6\/2020\/07\/Escuela-4.jpg\" data-elementor-open-lightbox=\"yes\" data-elementor-lightbox-slideshow=\"ba31a54\" data-e-action-hash=\"#elementor-action%3Aaction%3Dlightbox%26settings%3DeyJpZCI6NDkwLCJ1cmwiOiJodHRwczpcL1wvcmFkYXRpbGx5LmdvYi5hclwvd3AtY29udGVudFwvdXBsb2Fkc1wvc2l0ZXNcLzZcLzIwMjBcLzA3XC9Fc2N1ZWxhLTQuanBnIiwic2xpZGVzaG93IjoiYmEzMWE1NCJ9\">\t\t<div class=\"elementor-carousel-image\" role=\"img\" aria-label=\"\" style=\"background-image: url(&#039;https:\/\/radatilly.gob.ar\/wp-content\/uploads\/sites\/6\/2020\/07\/Escuela-4.jpg&#039;)\">\n\n\t\t\t\n\t\t\t\t\t<\/div>\n\t\t<\/a>\t\t\t\t\t\t<\/div>\n\t\t\t\t\t\t\t\t\t\t\t<div class=\"swiper-slide\" role=\"group\" aria-roledescription=\"slide\">\n\t\t\t\t\t\t\t<a href=\"https:\/\/radatilly.gob.ar\/anp-punta-marques\/wp-content\/uploads\/sites\/6\/2020\/07\/Visitantes-2.jpg\" data-elementor-open-lightbox=\"yes\" data-elementor-lightbox-slideshow=\"ba31a54\" data-e-action-hash=\"#elementor-action%3Aaction%3Dlightbox%26settings%3DeyJpZCI6NDg5LCJ1cmwiOiJodHRwczpcL1wvcmFkYXRpbGx5LmdvYi5hclwvd3AtY29udGVudFwvdXBsb2Fkc1wvc2l0ZXNcLzZcLzIwMjBcLzA3XC9WaXNpdGFudGVzLTIuanBnIiwic2xpZGVzaG93IjoiYmEzMWE1NCJ9\">\t\t<div class=\"elementor-carousel-image\" role=\"img\" aria-label=\"\" style=\"background-image: url(&#039;https:\/\/radatilly.gob.ar\/wp-content\/uploads\/sites\/6\/2020\/07\/Visitantes-2.jpg&#039;)\">\n\n\t\t\t\n\t\t\t\t\t<\/div>\n\t\t<\/a>\t\t\t\t\t\t<\/div>\n\t\t\t\t\t\t\t\t\t\t\t<div class=\"swiper-slide\" role=\"group\" aria-roledescription=\"slide\">\n\t\t\t\t\t\t\t<a href=\"https:\/\/radatilly.gob.ar\/anp-punta-marques\/wp-content\/uploads\/sites\/6\/2020\/07\/Escuela-5.jpg\" data-elementor-open-lightbox=\"yes\" data-elementor-lightbox-slideshow=\"ba31a54\" data-e-action-hash=\"#elementor-action%3Aaction%3Dlightbox%26settings%3DeyJpZCI6NDg4LCJ1cmwiOiJodHRwczpcL1wvcmFkYXRpbGx5LmdvYi5hclwvd3AtY29udGVudFwvdXBsb2Fkc1wvc2l0ZXNcLzZcLzIwMjBcLzA3XC9Fc2N1ZWxhLTUuanBnIiwic2xpZGVzaG93IjoiYmEzMWE1NCJ9\">\t\t<div class=\"elementor-carousel-image\" role=\"img\" aria-label=\"\" style=\"background-image: url(&#039;https:\/\/radatilly.gob.ar\/wp-content\/uploads\/sites\/6\/2020\/07\/Escuela-5.jpg&#039;)\">\n\n\t\t\t\n\t\t\t\t\t<\/div>\n\t\t<\/a>\t\t\t\t\t\t<\/div>\n\t\t\t\t\t\t\t\t\t\t\t<div class=\"swiper-slide\" role=\"group\" aria-roledescription=\"slide\">\n\t\t\t\t\t\t\t<a href=\"https:\/\/radatilly.gob.ar\/anp-punta-marques\/wp-content\/uploads\/sites\/6\/2020\/07\/Escuela-3.jpg\" data-elementor-open-lightbox=\"yes\" data-elementor-lightbox-slideshow=\"ba31a54\" data-e-action-hash=\"#elementor-action%3Aaction%3Dlightbox%26settings%3DeyJpZCI6NDg3LCJ1cmwiOiJodHRwczpcL1wvcmFkYXRpbGx5LmdvYi5hclwvd3AtY29udGVudFwvdXBsb2Fkc1wvc2l0ZXNcLzZcLzIwMjBcLzA3XC9Fc2N1ZWxhLTMuanBnIiwic2xpZGVzaG93IjoiYmEzMWE1NCJ9\">\t\t<div class=\"elementor-carousel-image\" role=\"img\" aria-label=\"\" style=\"background-image: url(&#039;https:\/\/radatilly.gob.ar\/wp-content\/uploads\/sites\/6\/2020\/07\/Escuela-3.jpg&#039;)\">\n\n\t\t\t\n\t\t\t\t\t<\/div>\n\t\t<\/a>\t\t\t\t\t\t<\/div>\n\t\t\t\t\t\t\t\t\t\t\t<div class=\"swiper-slide\" role=\"group\" aria-roledescription=\"slide\">\n\t\t\t\t\t\t\t<a href=\"https:\/\/radatilly.gob.ar\/anp-punta-marques\/wp-content\/uploads\/sites\/6\/2020\/07\/Escuela-2.jpg\" data-elementor-open-lightbox=\"yes\" data-elementor-lightbox-slideshow=\"ba31a54\" data-e-action-hash=\"#elementor-action%3Aaction%3Dlightbox%26settings%3DeyJpZCI6NDg2LCJ1cmwiOiJodHRwczpcL1wvcmFkYXRpbGx5LmdvYi5hclwvd3AtY29udGVudFwvdXBsb2Fkc1wvc2l0ZXNcLzZcLzIwMjBcLzA3XC9Fc2N1ZWxhLTIuanBnIiwic2xpZGVzaG93IjoiYmEzMWE1NCJ9\">\t\t<div class=\"elementor-carousel-image\" role=\"img\" aria-label=\"\" style=\"background-image: url(&#039;https:\/\/radatilly.gob.ar\/wp-content\/uploads\/sites\/6\/2020\/07\/Escuela-2.jpg&#039;)\">\n\n\t\t\t\n\t\t\t\t\t<\/div>\n\t\t<\/a>\t\t\t\t\t\t<\/div>\n\t\t\t\t\t\t\t\t\t\t\t<div class=\"swiper-slide\" role=\"group\" aria-roledescription=\"slide\">\n\t\t\t\t\t\t\t<a href=\"https:\/\/radatilly.gob.ar\/anp-punta-marques\/wp-content\/uploads\/sites\/6\/2020\/07\/Escuela3.jpg\" data-elementor-open-lightbox=\"yes\" data-elementor-lightbox-slideshow=\"ba31a54\" data-e-action-hash=\"#elementor-action%3Aaction%3Dlightbox%26settings%3DeyJpZCI6NDg1LCJ1cmwiOiJodHRwczpcL1wvcmFkYXRpbGx5LmdvYi5hclwvd3AtY29udGVudFwvdXBsb2Fkc1wvc2l0ZXNcLzZcLzIwMjBcLzA3XC9Fc2N1ZWxhMy5qcGciLCJzbGlkZXNob3ciOiJiYTMxYTU0In0%3D\">\t\t<div class=\"elementor-carousel-image\" role=\"img\" aria-label=\"\" style=\"background-image: url(&#039;https:\/\/radatilly.gob.ar\/wp-content\/uploads\/sites\/6\/2020\/07\/Escuela3.jpg&#039;)\">\n\n\t\t\t\n\t\t\t\t\t<\/div>\n\t\t<\/a>\t\t\t\t\t\t<\/div>\n\t\t\t\t\t\t\t\t\t\t\t<div class=\"swiper-slide\" role=\"group\" aria-roledescription=\"slide\">\n\t\t\t\t\t\t\t<a href=\"https:\/\/radatilly.gob.ar\/anp-punta-marques\/wp-content\/uploads\/sites\/6\/2020\/07\/Escuela2.jpg\" data-elementor-open-lightbox=\"yes\" data-elementor-lightbox-slideshow=\"ba31a54\" data-e-action-hash=\"#elementor-action%3Aaction%3Dlightbox%26settings%3DeyJpZCI6NDg0LCJ1cmwiOiJodHRwczpcL1wvcmFkYXRpbGx5LmdvYi5hclwvd3AtY29udGVudFwvdXBsb2Fkc1wvc2l0ZXNcLzZcLzIwMjBcLzA3XC9Fc2N1ZWxhMi5qcGciLCJzbGlkZXNob3ciOiJiYTMxYTU0In0%3D\">\t\t<div class=\"elementor-carousel-image\" role=\"img\" aria-label=\"\" style=\"background-image: url(&#039;https:\/\/radatilly.gob.ar\/wp-content\/uploads\/sites\/6\/2020\/07\/Escuela2.jpg&#039;)\">\n\n\t\t\t\n\t\t\t\t\t<\/div>\n\t\t<\/a>\t\t\t\t\t\t<\/div>\n\t\t\t\t\t\t\t\t\t\t\t<div class=\"swiper-slide\" role=\"group\" aria-roledescription=\"slide\">\n\t\t\t\t\t\t\t<a href=\"https:\/\/radatilly.gob.ar\/anp-punta-marques\/wp-content\/uploads\/sites\/6\/2020\/07\/Escuela.jpg\" data-elementor-open-lightbox=\"yes\" data-elementor-lightbox-slideshow=\"ba31a54\" data-e-action-hash=\"#elementor-action%3Aaction%3Dlightbox%26settings%3DeyJpZCI6NDgzLCJ1cmwiOiJodHRwczpcL1wvcmFkYXRpbGx5LmdvYi5hclwvd3AtY29udGVudFwvdXBsb2Fkc1wvc2l0ZXNcLzZcLzIwMjBcLzA3XC9Fc2N1ZWxhLmpwZyIsInNsaWRlc2hvdyI6ImJhMzFhNTQifQ%3D%3D\">\t\t<div class=\"elementor-carousel-image\" role=\"img\" aria-label=\"\" style=\"background-image: url(&#039;https:\/\/radatilly.gob.ar\/wp-content\/uploads\/sites\/6\/2020\/07\/Escuela.jpg&#039;)\">\n\n\t\t\t\n\t\t\t\t\t<\/div>\n\t\t<\/a>\t\t\t\t\t\t<\/div>\n\t\t\t\t\t\t\t\t\t\t\t<div class=\"swiper-slide\" role=\"group\" aria-roledescription=\"slide\">\n\t\t\t\t\t\t\t<a href=\"https:\/\/radatilly.gob.ar\/anp-punta-marques\/wp-content\/uploads\/sites\/6\/2020\/07\/Escuela1.jpg\" data-elementor-open-lightbox=\"yes\" data-elementor-lightbox-slideshow=\"ba31a54\" data-e-action-hash=\"#elementor-action%3Aaction%3Dlightbox%26settings%3DeyJpZCI6NDgyLCJ1cmwiOiJodHRwczpcL1wvcmFkYXRpbGx5LmdvYi5hclwvd3AtY29udGVudFwvdXBsb2Fkc1wvc2l0ZXNcLzZcLzIwMjBcLzA3XC9Fc2N1ZWxhMS5qcGciLCJzbGlkZXNob3ciOiJiYTMxYTU0In0%3D\">\t\t<div class=\"elementor-carousel-image\" role=\"img\" aria-label=\"\" style=\"background-image: url(&#039;https:\/\/radatilly.gob.ar\/wp-content\/uploads\/sites\/6\/2020\/07\/Escuela1.jpg&#039;)\">\n\n\t\t\t\n\t\t\t\t\t<\/div>\n\t\t<\/a>\t\t\t\t\t\t<\/div>\n\t\t\t\t\t\t\t\t\t\t\t<div class=\"swiper-slide\" role=\"group\" aria-roledescription=\"slide\">\n\t\t\t\t\t\t\t<a href=\"https:\/\/radatilly.gob.ar\/anp-punta-marques\/wp-content\/uploads\/sites\/6\/2020\/07\/Visitantes-1.jpg\" data-elementor-open-lightbox=\"yes\" data-elementor-lightbox-slideshow=\"ba31a54\" data-e-action-hash=\"#elementor-action%3Aaction%3Dlightbox%26settings%3DeyJpZCI6NDgxLCJ1cmwiOiJodHRwczpcL1wvcmFkYXRpbGx5LmdvYi5hclwvd3AtY29udGVudFwvdXBsb2Fkc1wvc2l0ZXNcLzZcLzIwMjBcLzA3XC9WaXNpdGFudGVzLTEuanBnIiwic2xpZGVzaG93IjoiYmEzMWE1NCJ9\">\t\t<div class=\"elementor-carousel-image\" role=\"img\" aria-label=\"\" style=\"background-image: url(&#039;https:\/\/radatilly.gob.ar\/wp-content\/uploads\/sites\/6\/2020\/07\/Visitantes-1.jpg&#039;)\">\n\n\t\t\t\n\t\t\t\t\t<\/div>\n\t\t<\/a>\t\t\t\t\t\t<\/div>\n\t\t\t\t\t\t\t\t\t\t\t<div class=\"swiper-slide\" role=\"group\" aria-roledescription=\"slide\">\n\t\t\t\t\t\t\t<a href=\"https:\/\/radatilly.gob.ar\/anp-punta-marques\/wp-content\/uploads\/sites\/6\/2020\/07\/Visitantes-3.jpg\" data-elementor-open-lightbox=\"yes\" data-elementor-lightbox-slideshow=\"ba31a54\" data-e-action-hash=\"#elementor-action%3Aaction%3Dlightbox%26settings%3DeyJpZCI6NDgwLCJ1cmwiOiJodHRwczpcL1wvcmFkYXRpbGx5LmdvYi5hclwvd3AtY29udGVudFwvdXBsb2Fkc1wvc2l0ZXNcLzZcLzIwMjBcLzA3XC9WaXNpdGFudGVzLTMuanBnIiwic2xpZGVzaG93IjoiYmEzMWE1NCJ9\">\t\t<div class=\"elementor-carousel-image\" role=\"img\" aria-label=\"\" style=\"background-image: url(&#039;https:\/\/radatilly.gob.ar\/wp-content\/uploads\/sites\/6\/2020\/07\/Visitantes-3.jpg&#039;)\">\n\n\t\t\t\n\t\t\t\t\t<\/div>\n\t\t<\/a>\t\t\t\t\t\t<\/div>\n\t\t\t\t\t\t\t\t\t<\/div>\n\t\t\t\t\t\t\t\t\t\t\t\t\t\t\t<div class=\"elementor-swiper-button elementor-swiper-button-prev\" role=\"button\" tabindex=\"0\" aria-label=\"Previous\">\n\t\t\t\t\t\t\t<i aria-hidden=\"true\" class=\"eicon-chevron-left\"><\/i>\t\t\t\t\t\t<\/div>\n\t\t\t\t\t\t<div class=\"elementor-swiper-button elementor-swiper-button-next\" role=\"button\" tabindex=\"0\" aria-label=\"Next\">\n\t\t\t\t\t\t\t<i aria-hidden=\"true\" class=\"eicon-chevron-right\"><\/i>\t\t\t\t\t\t<\/div>\n\t\t\t\t\t\t\t\t\t\t\t\t\t\t\t\t<div class=\"swiper-pagination\"><\/div>\n\t\t\t\t\t\t\t\t\t\t\t\t<\/div>\n\t\t\t\t<\/div>\n\t\t\t\t\t\t\t\t<\/div>\n\t\t\t\t<\/div>\n\t\t\t\t\t<\/div>\n\t\t<\/div>\n\t\t\t\t\t<\/div>\n\t\t<\/section>\n\t\t\t\t<section class=\"elementor-section elementor-top-section elementor-element elementor-element-c6b445c elementor-section-boxed elementor-section-height-default elementor-section-height-default wpr-particle-no wpr-jarallax-no wpr-parallax-no wpr-sticky-section-no\" data-id=\"c6b445c\" data-element_type=\"section\" data-e-type=\"section\" data-settings=\"{&quot;_ha_eqh_enable&quot;:false}\">\n\t\t\t\t\t\t<div class=\"elementor-container elementor-column-gap-default\">\n\t\t\t\t\t<div class=\"elementor-column elementor-col-100 elementor-top-column elementor-element elementor-element-ef65533\" data-id=\"ef65533\" data-element_type=\"column\" data-e-type=\"column\">\n\t\t\t<div class=\"elementor-widget-wrap elementor-element-populated\">\n\t\t\t\t\t\t<div class=\"elementor-element elementor-element-4d99a6c elementor-widget elementor-widget-video\" data-id=\"4d99a6c\" data-element_type=\"widget\" data-e-type=\"widget\" data-settings=\"{&quot;video_type&quot;:&quot;hosted&quot;,&quot;autoplay&quot;:&quot;yes&quot;,&quot;play_on_mobile&quot;:&quot;yes&quot;,&quot;mute&quot;:&quot;yes&quot;,&quot;loop&quot;:&quot;yes&quot;,&quot;controls&quot;:&quot;yes&quot;}\" data-widget_type=\"video.default\">\n\t\t\t\t<div class=\"elementor-widget-container\">\n\t\t\t\t\t\t\t<div class=\"e-hosted-video elementor-wrapper elementor-open-inline\">\n\t\t\t\t\t<video class=\"elementor-video\" src=\"https:\/\/radatilly.gob.ar\/anp-punta-marques\/wp-content\/uploads\/sites\/6\/2020\/07\/anp.mp4\" autoplay=\"\" loop=\"\" controls=\"\" muted=\"muted\" playsinline=\"\" controlsList=\"nodownload\"><\/video>\n\t\t\t\t<\/div>\n\t\t\t\t\t\t<\/div>\n\t\t\t\t<\/div>\n\t\t\t\t\t<\/div>\n\t\t<\/div>\n\t\t\t\t\t<\/div>\n\t\t<\/section>\n\t\t\t\t<\/div>\n\t\t","protected":false},"excerpt":{"rendered":"<p>COMUNIDAD ACTIVIDADES DE VERANO En temporada estival (enero y febrero) se llevan a cabo distintas actividades en inmediaciones al \u00e1rea protegida, difundiendo el patrimonio natural y esc\u00e9nico que nos rodea, teniendo la posibilidad de conocer la biodiversidad que habita en nuestra zona.Estas actividades son guiadas por el personal del \u00e1rea protegida junto con la participaci\u00f3n de investigadores y estudiantes de la Universidad Nacional de la Patagonia San Juan Bosco.\u00a1Conoce nuestras actividades y sumate!\u00a0 Paseo por el intermarealDurante la bajamar se realiza una caminata por el intermareal hasta llegar a las pozas de mareas. En este recorrido podr\u00e1s identificar los distintos invertebrados y algas que se encuentran en esta zona, reconociendo estructuras morfol\u00f3gicas, adaptaciones y el rol que cumplen en el ecosistema. \u00a0Dificultad: media Previous Next Paseo\u00a0interpretativo de floraCaminata por la meseta, identificando las distintas especies de nuestra flora patag\u00f3nica. Podr\u00e1s observar estructuras morfol\u00f3gicas, aprender sobre su fisiolog\u00eda, adaptaciones, distribuci\u00f3n y su importancia en el ecosistema.\u00a0Dificultad: baja Previous Next Experiencia MarquesCon el objetivo de experimentar algunas de las tareas que realiza el personal del \u00e1rea protegida, podr\u00e1s acceder a observar el comportamiento de la colonia de lobos marinos, identificaci\u00f3n de individuos, y posible avistajes de cet\u00e1ceos.\u00a0Dificultad: media-alta Previous Next ciencia e investigacion Censo de Lobos El lobo marino de un pelo, Otaria flavescens, presenta una amplia distribuci\u00f3n en Sudam\u00e9rica desde Torres, al sur de Brasil hasta Zorritos al norte de Per\u00fa. En Argentina ocupa todo el litoral con numerosos apostaderos donde permanecen durante todo el a\u00f1o, con algunos desplazamientos estacionales. El apostadero del ANP Punta Marqu\u00e9s fue clasificado en el a\u00f1o 1990 como un asentamiento no reproductor, sin registros de nacimientos ni actividad reproductiva, con aproximadamente un centenar de ejemplares ocupando una \u00fanica plataforma rocosa. Seguimiento de la colonia de lobos mediante censos Desde el a\u00f1o 2014 el personal del ANP Punta Marqu\u00e9s, realiza censos mensuales durante la bajamar con el objetivo de estudiar la composici\u00f3n y la variaci\u00f3n estacional de lobos marinos, mediante fotograf\u00edas, abarcando toda la plataforma rocosa, agrupando a los individuos en tres categor\u00edas: hembras y juveniles, machos y cr\u00edas (de acuerdo con sus diferencias y caracter\u00edsticas morfol\u00f3gicas). \u00bfQu\u00e9 nos indican nuestros estudios? Nuestros estudios nos indican que esta colonia se ha modificado a lo largo del tiempo, clasific\u00e1ndose como un apostadero permanente con variaci\u00f3n en el n\u00famero de ejemplares dependiendo de la estaci\u00f3n del a\u00f1o, superando los 2000 individuos durante los meses reproductivos (diciembre-marzo), registrando un aumento en el n\u00famero de nacimientos desde el a\u00f1o 2013. Durante los meses no reproductivos (marzo-noviembre) el n\u00famero supera los 1000 individuos, con la llegada de cientos de cachorros nacidos en otros apostaderos. \u00bfC\u00f3mo est\u00e1 conformada la colonia? Su composici\u00f3n esta conformada principalmente por hembras y juveniles, y en menor proporci\u00f3n por cr\u00edas y machos, que han tenido que adaptarse a las condiciones de marea que presenta el \u00e1rea. Es por ello que durante la bajamar se los puede observar ocupando las extensas plataformas que lentamente se cubren de agua con la pleamar, obligando a los lobos a permanecer en el agua o trepados al acantilado.\u00a0\u00a0\u00a0 \u00bfC\u00f3mo es su ciclo reproductivo? \u00a0 \u00a0 \u00a0 \u00a0 \u00a0 \u00a0 \u00a0 Importancia Ecol\u00f3gica y recomendaciones Los lobos marinos son importantes predadores dentro de las cadenas tr\u00f3ficas, cumpliendo un rol importante en el funcionamiento de los ecosistemas marinos, junto con otras especies de depredadores. La actividad del hombre en el pasado ha llevado a esta especie casi a la extinci\u00f3n, por lo que conocer el estado actual de la poblaci\u00f3n de lobos marinos, su abundancia a lo largo del a\u00f1o, su relaci\u00f3n con otros apostaderos y como ha cambiado en el tiempo nos permitir\u00e1 elaborar planes de manejo para su conservaci\u00f3n e interacci\u00f3n con las actividades humanas, las cuales sugieren que tienen una influencia negativa en la distribuci\u00f3n de los lobos marinos. Por eso es importante garantizar su permanencia, evitando la presencia humana y de animales dom\u00e9sticos ajenos a este ambiente natural, ya que los lobos tienden a huir hacia el agua, generando grandes estampidas y muchas veces las cr\u00edas son aplastadas por los adultos. Previous Next PROYECTOS educacion Bajo el programa \u201cPunta Marqu\u00e9s va a la escuela\u201d y \u201cconociendo los cet\u00e1ceos en la zona central del Golfo San Jorge\u201d, alumnos de distintas instituciones y su comunidad podr\u00e1n contar con una experiencia interactiva con el ambiente, sinti\u00e9ndose parte de este y descubriendo los ecosistemas del que forman parte. Punta Marques va a la escuela tiene como objetivo que los alumnos reconozcan algunas de las especies de flora y fauna terrestre que habitan en el ANP Punta Marqu\u00e9s, sus h\u00e1bitos, sus rastros (excrementos, huellas, sonidos, olores, cuevas, restos de alimentos, marcas territoriales, entre otras evidencias) ya que muchas veces son la \u00fanica forma de registrar su presencia, sus estrategias de supervivencia, su importancia en el ecosistema y las interacciones con otras especies. Si quer\u00e9s sumergirte en el mar \u201cconociendo los cet\u00e1ceos en la zona central del Golfo San Jorge\u201d les permitir\u00e1 descubrir la diversidad de mam\u00edferos marinos que se avistan en nuestras costas, conocer aspectos relacionados con su biolog\u00eda, tareas de investigaci\u00f3n y conservaci\u00f3n que se realizan de la mano de Docentes-Investigadores y alumnos de la Universidad de la Patagonia San Juan Bosco, junto con el personal del ANP Punta Marques. *Para acceder a estos programas, en Notas podr\u00e1s descargar la solicitud correspondiente. \u00a0 Previous Next https:\/\/radatilly.gob.ar\/anp-punta-marques\/wp-content\/uploads\/sites\/6\/2020\/07\/anp.mp4<\/p>\n","protected":false},"author":1,"featured_media":0,"parent":0,"menu_order":0,"comment_status":"closed","ping_status":"closed","template":"elementor_header_footer","meta":{"footnotes":""},"class_list":["post-127","page","type-page","status-publish","hentry"],"_links":{"self":[{"href":"https:\/\/radatilly.gob.ar\/anp-punta-marques\/wp-json\/wp\/v2\/pages\/127","targetHints":{"allow":["GET"]}}],"collection":[{"href":"https:\/\/radatilly.gob.ar\/anp-punta-marques\/wp-json\/wp\/v2\/pages"}],"about":[{"href":"https:\/\/radatilly.gob.ar\/anp-punta-marques\/wp-json\/wp\/v2\/types\/page"}],"author":[{"embeddable":true,"href":"https:\/\/radatilly.gob.ar\/anp-punta-marques\/wp-json\/wp\/v2\/users\/1"}],"replies":[{"embeddable":true,"href":"https:\/\/radatilly.gob.ar\/anp-punta-marques\/wp-json\/wp\/v2\/comments?post=127"}],"version-history":[{"count":5,"href":"https:\/\/radatilly.gob.ar\/anp-punta-marques\/wp-json\/wp\/v2\/pages\/127\/revisions"}],"predecessor-version":[{"id":1247,"href":"https:\/\/radatilly.gob.ar\/anp-punta-marques\/wp-json\/wp\/v2\/pages\/127\/revisions\/1247"}],"wp:attachment":[{"href":"https:\/\/radatilly.gob.ar\/anp-punta-marques\/wp-json\/wp\/v2\/media?parent=127"}],"curies":[{"name":"wp","href":"https:\/\/api.w.org\/{rel}","templated":true}]}}