{"id":123,"date":"2020-07-27T08:47:09","date_gmt":"2020-07-27T11:47:09","guid":{"rendered":"https:\/\/wprt.radatilly.gob.ar\/anp-punta-marques\/?page_id=123"},"modified":"2020-11-05T12:15:46","modified_gmt":"2020-11-05T15:15:46","slug":"biodiversidad","status":"publish","type":"page","link":"https:\/\/radatilly.gob.ar\/anp-punta-marques\/biodiversidad\/","title":{"rendered":"BIODIVERSIDAD"},"content":{"rendered":"\t\t<div data-elementor-type=\"wp-page\" data-elementor-id=\"123\" class=\"elementor elementor-123\" data-elementor-settings=\"{&quot;ha_cmc_init_switcher&quot;:&quot;no&quot;}\" data-elementor-post-type=\"page\">\n\t\t\t\t\t\t<section class=\"elementor-section elementor-top-section elementor-element elementor-element-2ab799f3 elementor-section-content-middle elementor-section-boxed elementor-section-height-default elementor-section-height-default wpr-particle-no wpr-jarallax-no wpr-parallax-no wpr-sticky-section-no\" data-id=\"2ab799f3\" data-element_type=\"section\" data-e-type=\"section\" data-settings=\"{&quot;background_background&quot;:&quot;classic&quot;,&quot;_ha_eqh_enable&quot;:false}\">\n\t\t\t\t\t\t\t<div class=\"elementor-background-overlay\"><\/div>\n\t\t\t\t\t\t\t<div class=\"elementor-container elementor-column-gap-default\">\n\t\t\t\t\t<div class=\"elementor-column elementor-col-100 elementor-top-column elementor-element elementor-element-407c3afd\" data-id=\"407c3afd\" data-element_type=\"column\" data-e-type=\"column\">\n\t\t\t<div class=\"elementor-widget-wrap elementor-element-populated\">\n\t\t\t\t\t\t<div class=\"elementor-element elementor-element-7b9a2d5c elementor-widget elementor-widget-heading\" data-id=\"7b9a2d5c\" data-element_type=\"widget\" data-e-type=\"widget\" data-widget_type=\"heading.default\">\n\t\t\t\t<div class=\"elementor-widget-container\">\n\t\t\t\t\t<h1 class=\"elementor-heading-title elementor-size-default\">BIODIVERSIDAD<\/h1>\t\t\t\t<\/div>\n\t\t\t\t<\/div>\n\t\t\t\t\t<\/div>\n\t\t<\/div>\n\t\t\t\t\t<\/div>\n\t\t<\/section>\n\t\t\t\t<section class=\"elementor-section elementor-top-section elementor-element elementor-element-61be6121 elementor-section-boxed elementor-section-height-default elementor-section-height-default wpr-particle-no wpr-jarallax-no wpr-parallax-no wpr-sticky-section-no\" data-id=\"61be6121\" data-element_type=\"section\" data-e-type=\"section\" data-settings=\"{&quot;_ha_eqh_enable&quot;:false}\">\n\t\t\t\t\t\t<div class=\"elementor-container elementor-column-gap-default\">\n\t\t\t\t\t<div class=\"elementor-column elementor-col-100 elementor-top-column elementor-element elementor-element-1663749e\" data-id=\"1663749e\" data-element_type=\"column\" data-e-type=\"column\">\n\t\t\t<div class=\"elementor-widget-wrap elementor-element-populated\">\n\t\t\t\t\t\t<div class=\"elementor-element elementor-element-1bf39265 elementor-widget elementor-widget-heading\" data-id=\"1bf39265\" data-element_type=\"widget\" data-e-type=\"widget\" data-widget_type=\"heading.default\">\n\t\t\t\t<div class=\"elementor-widget-container\">\n\t\t\t\t\t<h3 class=\"elementor-heading-title elementor-size-default\">\u00c1REA NATURAL PROTEGIDA<\/h3>\t\t\t\t<\/div>\n\t\t\t\t<\/div>\n\t\t\t\t<div class=\"elementor-element elementor-element-5ad63b34 elementor-widget elementor-widget-heading\" data-id=\"5ad63b34\" data-element_type=\"widget\" data-e-type=\"widget\" data-widget_type=\"heading.default\">\n\t\t\t\t<div class=\"elementor-widget-container\">\n\t\t\t\t\t<h3 class=\"elementor-heading-title elementor-size-default\">Caracter\u00edsticas Generales<\/h3>\t\t\t\t<\/div>\n\t\t\t\t<\/div>\n\t\t\t\t<div class=\"elementor-element elementor-element-c814960 elementor-widget elementor-widget-heading\" data-id=\"c814960\" data-element_type=\"widget\" data-e-type=\"widget\" data-widget_type=\"heading.default\">\n\t\t\t\t<div class=\"elementor-widget-container\">\n\t\t\t\t\t<h3 class=\"elementor-heading-title elementor-size-default\">General characteristics<\/h3>\t\t\t\t<\/div>\n\t\t\t\t<\/div>\n\t\t\t\t<section class=\"elementor-section elementor-inner-section elementor-element elementor-element-53579057 elementor-section-boxed elementor-section-height-default elementor-section-height-default wpr-particle-no wpr-jarallax-no wpr-parallax-no wpr-sticky-section-no\" data-id=\"53579057\" data-element_type=\"section\" data-e-type=\"section\" data-settings=\"{&quot;_ha_eqh_enable&quot;:false}\">\n\t\t\t\t\t\t<div class=\"elementor-container elementor-column-gap-default\">\n\t\t\t\t\t<div class=\"elementor-column elementor-col-50 elementor-inner-column elementor-element elementor-element-7fc3e519\" data-id=\"7fc3e519\" data-element_type=\"column\" data-e-type=\"column\">\n\t\t\t<div class=\"elementor-widget-wrap elementor-element-populated\">\n\t\t\t\t\t\t<div class=\"elementor-element elementor-element-7c9f9ed4 elementor-widget elementor-widget-text-editor\" data-id=\"7c9f9ed4\" data-element_type=\"widget\" data-e-type=\"widget\" data-widget_type=\"text-editor.default\">\n\t\t\t\t<div class=\"elementor-widget-container\">\n\t\t\t\t\t\t\t\t\t<p>El \u00e1rea protegida comprende extensiones de meseta, costa y mar; por ello se pueden observar los representantes m\u00e1s notorios del ambiente terrestre como as\u00ed tambi\u00e9n del ambiente marino-costero con una gran diversidad de especies que se han adaptado a las condiciones clim\u00e1ticas que presenta esta zona.\u00a0<\/p><p>Con temperaturas de invierno por debajo de los 0\u00b0C y valores en verano que superan los 30\u00b0C, caracteriz\u00e1ndose como un clima templado-frio y precipitaciones d\u00e9biles e irregulares, en esta regi\u00f3n de la estepa patag\u00f3nica lo que m\u00e1s predominan son los vientos del Oeste a lo largo del a\u00f1o con velocidades que van desde los 12 hasta los 20 km\/h, superando r\u00e1fagas de m\u00e1s de 100 Km\/h en los meses de noviembre a enero. \u00a0<\/p><p>La\u00a0<b data-stringify-type=\"bold\"><i data-stringify-type=\"italic\">flora\u00a0<\/i><\/b>en esta regi\u00f3n es de tipo\u00a0<b data-stringify-type=\"bold\"><i data-stringify-type=\"italic\">xer\u00f3fila<\/i><\/b><b data-stringify-type=\"bold\">\u00a0<\/b>(adaptadas a vivir en un medio seco)<b data-stringify-type=\"bold\">,<\/b>\u00a0compuesta en su mayor\u00eda por arbustos de bajo tama\u00f1o, como neneo, zampa, coir\u00f3n, molle, malaspina, bot\u00f3n de oro, etc. Estas especies han mostrado un alto grado de adaptabilidad en la modificaci\u00f3n de estructuras morfol\u00f3gicas como hojas m\u00e1s peque\u00f1as y duras, espinosas y ra\u00edces largas que le permiten alcanzar la humedad del suelo.<\/p><p><b data-stringify-type=\"bold\"><i data-stringify-type=\"italic\">La fauna<\/i><\/b>\u00a0que habita en la zona continental est\u00e1 adaptada a la escasez de agua, consiguiendo este valioso recurso de su alimento, el cual tienen que conseguir recorriendo grandes distancias. Representantes caracter\u00edsticos son el zorro colorado, zorro gris, guanacos, cuises, etc.\u00a0<\/p><p><b data-stringify-type=\"bold\"><i data-stringify-type=\"italic\">Fauna marina<\/i><\/b>\u00a0 En la zona marina son varias las especies de mam\u00edferos que podemos ver en diferentes \u00e9pocas del a\u00f1o, como la ballena franca, ballena joroba, delf\u00edn oscuro, tonina overa etc. Sin olvidarnos del apostadero permanente de lobos marinos al pie del acantilado que se puede observar desde los distintos puntos panor\u00e1micos. <br \/>Geol\u00f3gicamente la zona de encuentra ubicada en el centro de la Cuenca del Golfo San Jorge, sobre dep\u00f3sitos marinos del terciario de 33,9 a 16 millones de a\u00f1os, conformados por areniscas, areniscas arcillosas, arcillas y bancos de calizas fosil\u00edferas, con restos de valvas de ostreas, balanus, turritelas, etc. Esto les confiere una gran dureza a estos bancos, haciendo que sean dif\u00edciles de erosionar, y los cuales conforman las plataformas de abrasi\u00f3n (restingas) en toda la localidad. La coloraci\u00f3n oscura proviene de la oxidaci\u00f3n de la caliza, como as\u00ed tambi\u00e9n por parte de organismos marinos. Los factores ambientales que m\u00e1s erosionan los acantilados generando acantilados activos en retroceso (con formas de media ca\u00f1a y cavernas), son causados por el efecto del oleaje y las amplitudes de mareas, con temperaturas medias del agua que oscilan entre 8\u00b0C en invierno y 15\u00b0C en verano. <br \/>Estos sectores adyacentes a la tierra que conforman la franja costera, denominada intermareal, albergan una gran cantidad de organismos marinos que se enfrentan a los ascensos y descensos diarios del nivel del mar, quedado expuestos. <br \/>Otros permanecen en las pozas de mareas albergando una riqueza y variedad de formas de vida. Ejemplos de esta diversidad marina del intermareal son el diente de perro, mejill\u00f3n, mejill\u00f3n, cholga, erizos de mar, etc.\u00a0\u00a0<\/p>\t\t\t\t\t\t\t\t<\/div>\n\t\t\t\t<\/div>\n\t\t\t\t\t<\/div>\n\t\t<\/div>\n\t\t\t\t<div class=\"elementor-column elementor-col-50 elementor-inner-column elementor-element elementor-element-36cacc16\" data-id=\"36cacc16\" data-element_type=\"column\" data-e-type=\"column\">\n\t\t\t<div class=\"elementor-widget-wrap elementor-element-populated\">\n\t\t\t\t\t\t<div class=\"elementor-element elementor-element-070b397 elementor-widget elementor-widget-text-editor\" data-id=\"070b397\" data-element_type=\"widget\" data-e-type=\"widget\" data-widget_type=\"text-editor.default\">\n\t\t\t\t<div class=\"elementor-widget-container\">\n\t\t\t\t\t\t\t\t\t<p><em>The natural protected area includes extensions of plateau, coast and sea; for this reason, the most notorious representatives of the terrestrial environment can be observed, as well as the marine-coastal environment with a great diversity of species that have adapted to the climatic conditions of this area.<\/em><\/p><p><em>With winter temperatures below 0 \u00b0 C and summer values \u200b\u200bexceeding 30 \u00b0 C, characterizing as a temperate-cold climate and weak and irregular rainfall . In this region of the Patagonian steppe what is most prevalent are the winds from the West throughout the year with speeds ranging from 12 to 20 km \/ h, overcoming gusts of more than 100 km \/ h in the months of November to January.<\/em><\/p><p><em>For this reason, we can see that the flora in this region is of the xerophytic type (adapted to living in a dry environment), composed mostly of small shrubs, such as Neneo, Zampa, Coir\u00f3n, Molle, Malaspina, buttercup, etc. . These species have shown a high degree of adaptability in modifying morphological structures such as smaller, harder leaves, thorny leaves, and long roots that allow them to reach soil moisture.<\/em><\/p><p><em>The fauna that inhabits the continental zone is adapted to the shortage of water, obtaining this valuable resource from their food, which they get\u00a0 by crossing long distances. Characteristic representatives are the red fox, gray fox, guanacos, cuises, etc.<\/em><\/p><p><em>In the marine area there are several species of mammals that we can see at different times of the year, such as the frank whale, humpback whale, dark dolphin, tonina overa etc. There is also the lasting sea lions h\u00e1bitat\u00a0 at the foot of the cliff that can be seen from the different panoramic views.<br \/><\/em><em><br \/>Geologically, the area is located in the center of the San Jorge Gulf Basin, on Tertiary marine deposits from 33.9 to 16 million years old. It\u00a0 is made up of sandstones, clay sandstones, clays and fossiliferous limestone banks, with remains of Oyster valves, balanus, turritelas, etc. This gives these banks great hardness, making them difficult to erode, and which make up the abrasion platforms (restingas) throughout the town. The dark coloration comes from the oxidation of the limestone, as well as by marine organisms.<\/em><\/p><p><em>The environmental factors that most erode the cliffs generating\u00a0 receding cliffs (with half-round shapes and caverns), are caused by the effect of waves and tidal amplitudes.\u00a0 The average water temperatures range between 8 \u00b0 C in winter and 15 \u00b0 C in summer. In these areas next to\u00a0 land that make up the coastal strip, called intertidal, there are a large number of marine organisms that face the daily rises and falls of sea level.\u00a0 Some remain in\u00a0 tidal pools .\u00a0 Examples of this intertidal marine diversity are dog&#8217;s tooth, mussel, mussel, cholga, sea urchins, etc<\/em><\/p>\t\t\t\t\t\t\t\t<\/div>\n\t\t\t\t<\/div>\n\t\t\t\t\t<\/div>\n\t\t<\/div>\n\t\t\t\t\t<\/div>\n\t\t<\/section>\n\t\t\t\t\t<\/div>\n\t\t<\/div>\n\t\t\t\t\t<\/div>\n\t\t<\/section>\n\t\t\t\t<section class=\"elementor-section elementor-top-section elementor-element elementor-element-9b59223 elementor-section-boxed elementor-section-height-default elementor-section-height-default wpr-particle-no wpr-jarallax-no wpr-parallax-no wpr-sticky-section-no\" data-id=\"9b59223\" data-element_type=\"section\" data-e-type=\"section\" data-settings=\"{&quot;_ha_eqh_enable&quot;:false}\">\n\t\t\t\t\t\t<div class=\"elementor-container elementor-column-gap-default\">\n\t\t\t\t\t<div class=\"elementor-column elementor-col-100 elementor-top-column elementor-element elementor-element-e90fb31\" data-id=\"e90fb31\" data-element_type=\"column\" data-e-type=\"column\">\n\t\t\t<div class=\"elementor-widget-wrap elementor-element-populated\">\n\t\t\t\t\t\t<div class=\"elementor-element elementor-element-8438bfe elementor-widget elementor-widget-heading\" data-id=\"8438bfe\" data-element_type=\"widget\" data-e-type=\"widget\" data-widget_type=\"heading.default\">\n\t\t\t\t<div class=\"elementor-widget-container\">\n\t\t\t\t\t<h3 class=\"elementor-heading-title elementor-size-default\">\u00c1REA NATURAL PROTEGIDA<\/h3>\t\t\t\t<\/div>\n\t\t\t\t<\/div>\n\t\t\t\t<div class=\"elementor-element elementor-element-e093631 elementor-widget elementor-widget-heading\" data-id=\"e093631\" data-element_type=\"widget\" data-e-type=\"widget\" data-widget_type=\"heading.default\">\n\t\t\t\t<div class=\"elementor-widget-container\">\n\t\t\t\t\t<h3 class=\"elementor-heading-title elementor-size-default\">Fauna Terrestre<\/h3>\t\t\t\t<\/div>\n\t\t\t\t<\/div>\n\t\t\t\t<div class=\"elementor-element elementor-element-cb5a501 elementor-widget elementor-widget-heading\" data-id=\"cb5a501\" data-element_type=\"widget\" data-e-type=\"widget\" data-widget_type=\"heading.default\">\n\t\t\t\t<div class=\"elementor-widget-container\">\n\t\t\t\t\t<h3 class=\"elementor-heading-title elementor-size-default\">Terrestrial Fauna<\/h3>\t\t\t\t<\/div>\n\t\t\t\t<\/div>\n\t\t\t\t<section class=\"elementor-section elementor-inner-section elementor-element elementor-element-affe8c3 elementor-section-boxed elementor-section-height-default elementor-section-height-default wpr-particle-no wpr-jarallax-no wpr-parallax-no wpr-sticky-section-no\" data-id=\"affe8c3\" data-element_type=\"section\" data-e-type=\"section\" data-settings=\"{&quot;_ha_eqh_enable&quot;:false}\">\n\t\t\t\t\t\t<div class=\"elementor-container elementor-column-gap-default\">\n\t\t\t\t\t<div class=\"elementor-column elementor-col-50 elementor-inner-column elementor-element elementor-element-d2b3b3a\" data-id=\"d2b3b3a\" data-element_type=\"column\" data-e-type=\"column\">\n\t\t\t<div class=\"elementor-widget-wrap elementor-element-populated\">\n\t\t\t\t\t\t<div class=\"elementor-element elementor-element-a8b0f1a elementor-widget elementor-widget-text-editor\" data-id=\"a8b0f1a\" data-element_type=\"widget\" data-e-type=\"widget\" data-widget_type=\"text-editor.default\">\n\t\t\t\t<div class=\"elementor-widget-container\">\n\t\t\t\t\t\t\t\t\t<p><b data-stringify-type=\"bold\"><i data-stringify-type=\"italic\">Guanaco (Lama guanicoe)<\/i><\/b><br \/><i data-stringify-type=\"italic\">Animal esbelto de cuello largo, patas largas y cola muy corta. Su pelaje est\u00e1 compuesto por dos capas de pelo (una corta y densa con propiedades aislantes, y la segunda m\u00e1s larga de hasta 10 cm). Presenta una coloraci\u00f3n rojiza en el dorso, vientre blanco y cabeza en tono gris\u00e1ceo. Especie herb\u00edvora t\u00edpica de zonas \u00e1ridas o semi\u00e1ridas, se los puede observar en grupos familiares liderados por un macho adulto. \u00a0<\/i><\/p>\t\t\t\t\t\t\t\t<\/div>\n\t\t\t\t<\/div>\n\t\t\t\t\t<\/div>\n\t\t<\/div>\n\t\t\t\t<div class=\"elementor-column elementor-col-50 elementor-inner-column elementor-element elementor-element-bb16438\" data-id=\"bb16438\" data-element_type=\"column\" data-e-type=\"column\">\n\t\t\t<div class=\"elementor-widget-wrap elementor-element-populated\">\n\t\t\t\t\t\t<div class=\"elementor-element elementor-element-77edfd5 elementor-widget elementor-widget-text-editor\" data-id=\"77edfd5\" data-element_type=\"widget\" data-e-type=\"widget\" data-widget_type=\"text-editor.default\">\n\t\t\t\t<div class=\"elementor-widget-container\">\n\t\t\t\t\t\t\t\t\t<p><strong><em>Guanaco (Lama guanicoe)<br \/><\/em><\/strong><em>Long-necked animal with long legs and a very short tail. Its fur is made up of two layers of hair (one short and dense with insulating properties, and the second is\u00a0 longer up to 10 cm). It has a reddish color on the back, white belly and head in a grayish tone. Herbivorous species typical of arid or semi-arid areas, they can be observed in family groups led by an adult male.<\/em><\/p>\t\t\t\t\t\t\t\t<\/div>\n\t\t\t\t<\/div>\n\t\t\t\t\t<\/div>\n\t\t<\/div>\n\t\t\t\t\t<\/div>\n\t\t<\/section>\n\t\t\t\t<section class=\"elementor-section elementor-inner-section elementor-element elementor-element-cfd5565 elementor-section-boxed elementor-section-height-default elementor-section-height-default wpr-particle-no wpr-jarallax-no wpr-parallax-no wpr-sticky-section-no\" data-id=\"cfd5565\" data-element_type=\"section\" data-e-type=\"section\" data-settings=\"{&quot;_ha_eqh_enable&quot;:false}\">\n\t\t\t\t\t\t<div class=\"elementor-container elementor-column-gap-default\">\n\t\t\t\t\t<div class=\"elementor-column elementor-col-100 elementor-inner-column elementor-element elementor-element-965a87c\" data-id=\"965a87c\" data-element_type=\"column\" data-e-type=\"column\">\n\t\t\t<div class=\"elementor-widget-wrap elementor-element-populated\">\n\t\t\t\t\t\t<div class=\"elementor-element elementor-element-799d48e elementor-skin-coverflow elementor-arrows-yes elementor-pagination-type-bullets elementor-pagination-position-outside elementor-widget elementor-widget-media-carousel\" data-id=\"799d48e\" data-element_type=\"widget\" data-e-type=\"widget\" data-settings=\"{&quot;skin&quot;:&quot;coverflow&quot;,&quot;space_between&quot;:{&quot;unit&quot;:&quot;px&quot;,&quot;size&quot;:11,&quot;sizes&quot;:[]},&quot;show_arrows&quot;:&quot;yes&quot;,&quot;pagination&quot;:&quot;bullets&quot;,&quot;speed&quot;:500,&quot;autoplay&quot;:&quot;yes&quot;,&quot;autoplay_speed&quot;:5000,&quot;loop&quot;:&quot;yes&quot;,&quot;pause_on_hover&quot;:&quot;yes&quot;,&quot;pause_on_interaction&quot;:&quot;yes&quot;,&quot;space_between_tablet&quot;:{&quot;unit&quot;:&quot;px&quot;,&quot;size&quot;:10,&quot;sizes&quot;:[]},&quot;space_between_mobile&quot;:{&quot;unit&quot;:&quot;px&quot;,&quot;size&quot;:10,&quot;sizes&quot;:[]}}\" data-widget_type=\"media-carousel.default\">\n\t\t\t\t<div class=\"elementor-widget-container\">\n\t\t\t\t\t\t\t\t\t<div class=\"elementor-swiper\">\n\t\t\t\t\t<div class=\"elementor-main-swiper swiper\" role=\"region\" aria-roledescription=\"carousel\" aria-label=\"Slides\">\n\t\t\t\t<div class=\"swiper-wrapper\">\n\t\t\t\t\t\t\t\t\t\t\t<div class=\"swiper-slide\" role=\"group\" aria-roledescription=\"slide\">\n\t\t\t\t\t\t\t<a href=\"https:\/\/radatilly.gob.ar\/anp-punta-marques\/wp-content\/uploads\/sites\/6\/2020\/08\/1.2.jpg\" data-elementor-open-lightbox=\"yes\" data-elementor-lightbox-slideshow=\"799d48e\" data-e-action-hash=\"#elementor-action%3Aaction%3Dlightbox%26settings%3DeyJpZCI6NzgwLCJ1cmwiOiJodHRwczpcL1wvcmFkYXRpbGx5LmdvYi5hclwvd3AtY29udGVudFwvdXBsb2Fkc1wvc2l0ZXNcLzZcLzIwMjBcLzA4XC8xLjIuanBnIiwic2xpZGVzaG93IjoiNzk5ZDQ4ZSJ9\">\t\t<div class=\"elementor-carousel-image\" role=\"img\" aria-label=\"\" style=\"background-image: url(&#039;https:\/\/radatilly.gob.ar\/wp-content\/uploads\/sites\/6\/2020\/08\/1.2.jpg&#039;)\">\n\n\t\t\t\n\t\t\t\t\t<\/div>\n\t\t<\/a>\t\t\t\t\t\t<\/div>\n\t\t\t\t\t\t\t\t\t\t\t<div class=\"swiper-slide\" role=\"group\" aria-roledescription=\"slide\">\n\t\t\t\t\t\t\t<a href=\"https:\/\/radatilly.gob.ar\/anp-punta-marques\/wp-content\/uploads\/sites\/6\/2020\/08\/1.1.jpg\" data-elementor-open-lightbox=\"yes\" data-elementor-lightbox-slideshow=\"799d48e\" data-e-action-hash=\"#elementor-action%3Aaction%3Dlightbox%26settings%3DeyJpZCI6Nzc5LCJ1cmwiOiJodHRwczpcL1wvcmFkYXRpbGx5LmdvYi5hclwvd3AtY29udGVudFwvdXBsb2Fkc1wvc2l0ZXNcLzZcLzIwMjBcLzA4XC8xLjEuanBnIiwic2xpZGVzaG93IjoiNzk5ZDQ4ZSJ9\">\t\t<div class=\"elementor-carousel-image\" role=\"img\" aria-label=\"\" style=\"background-image: url(&#039;https:\/\/radatilly.gob.ar\/wp-content\/uploads\/sites\/6\/2020\/08\/1.1.jpg&#039;)\">\n\n\t\t\t\n\t\t\t\t\t<\/div>\n\t\t<\/a>\t\t\t\t\t\t<\/div>\n\t\t\t\t\t\t\t\t\t<\/div>\n\t\t\t\t\t\t\t\t\t\t\t\t\t\t\t<div class=\"elementor-swiper-button elementor-swiper-button-prev\" role=\"button\" tabindex=\"0\" aria-label=\"Previous\">\n\t\t\t\t\t\t\t<i aria-hidden=\"true\" class=\"eicon-chevron-left\"><\/i>\t\t\t\t\t\t<\/div>\n\t\t\t\t\t\t<div class=\"elementor-swiper-button elementor-swiper-button-next\" role=\"button\" tabindex=\"0\" aria-label=\"Next\">\n\t\t\t\t\t\t\t<i aria-hidden=\"true\" class=\"eicon-chevron-right\"><\/i>\t\t\t\t\t\t<\/div>\n\t\t\t\t\t\t\t\t\t\t\t\t\t\t\t\t<div class=\"swiper-pagination\"><\/div>\n\t\t\t\t\t\t\t\t\t\t\t\t<\/div>\n\t\t\t\t<\/div>\n\t\t\t\t\t\t\t\t<\/div>\n\t\t\t\t<\/div>\n\t\t\t\t\t<\/div>\n\t\t<\/div>\n\t\t\t\t\t<\/div>\n\t\t<\/section>\n\t\t\t\t<section class=\"elementor-section elementor-inner-section elementor-element elementor-element-1c890e4 elementor-section-boxed elementor-section-height-default elementor-section-height-default wpr-particle-no wpr-jarallax-no wpr-parallax-no wpr-sticky-section-no\" data-id=\"1c890e4\" data-element_type=\"section\" data-e-type=\"section\" data-settings=\"{&quot;_ha_eqh_enable&quot;:false}\">\n\t\t\t\t\t\t<div class=\"elementor-container elementor-column-gap-default\">\n\t\t\t\t\t<div class=\"elementor-column elementor-col-50 elementor-inner-column elementor-element elementor-element-e8e0988\" data-id=\"e8e0988\" data-element_type=\"column\" data-e-type=\"column\">\n\t\t\t<div class=\"elementor-widget-wrap elementor-element-populated\">\n\t\t\t\t\t\t<div class=\"elementor-element elementor-element-46f4516 elementor-widget elementor-widget-text-editor\" data-id=\"46f4516\" data-element_type=\"widget\" data-e-type=\"widget\" data-widget_type=\"text-editor.default\">\n\t\t\t\t<div class=\"elementor-widget-container\">\n\t\t\t\t\t\t\t\t\t<p><b data-stringify-type=\"bold\"><i data-stringify-type=\"italic\">Cuis chico (Microcavia australis)<\/i><\/b><br \/><i data-stringify-type=\"italic\">Roedor herb\u00edvoro de tama\u00f1o mediano, sin cola, de pelaje corto y coloraci\u00f3n gris-amarronada. Cabeza y ojos grandes y orejas medianas, de h\u00e1bitos diurnos y muy activos, conforman grupos en madrigueras que ellos mismos construyen, llegando a vivir entre 4 y 38 individuos. Su distribuci\u00f3n abarca ambientes \u00e1ridos y semi\u00e1ridos.<\/i><\/p>\t\t\t\t\t\t\t\t<\/div>\n\t\t\t\t<\/div>\n\t\t\t\t\t<\/div>\n\t\t<\/div>\n\t\t\t\t<div class=\"elementor-column elementor-col-50 elementor-inner-column elementor-element elementor-element-18f5a16\" data-id=\"18f5a16\" data-element_type=\"column\" data-e-type=\"column\">\n\t\t\t<div class=\"elementor-widget-wrap elementor-element-populated\">\n\t\t\t\t\t\t<div class=\"elementor-element elementor-element-a6429da elementor-widget elementor-widget-text-editor\" data-id=\"a6429da\" data-element_type=\"widget\" data-e-type=\"widget\" data-widget_type=\"text-editor.default\">\n\t\t\t\t<div class=\"elementor-widget-container\">\n\t\t\t\t\t\t\t\t\t<p><strong><em>Southern mountain cavy (Microcavia autralis)<br \/><\/em><\/strong><em>Tailless, medium-sized herbivorous rodent with short fur and gray-brown tone. Head and big eyes and medium ears, with daytime habits and very active, make up groups in burrows that they build themselves, coming to live between 4 and 38 individuals. Its distribution covers arid and semi-arid environments.<\/em><\/p>\t\t\t\t\t\t\t\t<\/div>\n\t\t\t\t<\/div>\n\t\t\t\t\t<\/div>\n\t\t<\/div>\n\t\t\t\t\t<\/div>\n\t\t<\/section>\n\t\t\t\t<section class=\"elementor-section elementor-inner-section elementor-element elementor-element-e341446 elementor-section-boxed elementor-section-height-default elementor-section-height-default wpr-particle-no wpr-jarallax-no wpr-parallax-no wpr-sticky-section-no\" data-id=\"e341446\" data-element_type=\"section\" data-e-type=\"section\" data-settings=\"{&quot;_ha_eqh_enable&quot;:false}\">\n\t\t\t\t\t\t<div class=\"elementor-container elementor-column-gap-default\">\n\t\t\t\t\t<div class=\"elementor-column elementor-col-100 elementor-inner-column elementor-element elementor-element-f1988b8\" data-id=\"f1988b8\" data-element_type=\"column\" data-e-type=\"column\">\n\t\t\t<div class=\"elementor-widget-wrap elementor-element-populated\">\n\t\t\t\t\t\t<div class=\"elementor-element elementor-element-efe9890 elementor-skin-coverflow elementor-arrows-yes elementor-pagination-type-bullets elementor-pagination-position-outside elementor-widget elementor-widget-media-carousel\" data-id=\"efe9890\" data-element_type=\"widget\" data-e-type=\"widget\" data-settings=\"{&quot;skin&quot;:&quot;coverflow&quot;,&quot;space_between&quot;:{&quot;unit&quot;:&quot;px&quot;,&quot;size&quot;:11,&quot;sizes&quot;:[]},&quot;show_arrows&quot;:&quot;yes&quot;,&quot;pagination&quot;:&quot;bullets&quot;,&quot;speed&quot;:500,&quot;autoplay&quot;:&quot;yes&quot;,&quot;autoplay_speed&quot;:5000,&quot;loop&quot;:&quot;yes&quot;,&quot;pause_on_hover&quot;:&quot;yes&quot;,&quot;pause_on_interaction&quot;:&quot;yes&quot;,&quot;space_between_tablet&quot;:{&quot;unit&quot;:&quot;px&quot;,&quot;size&quot;:10,&quot;sizes&quot;:[]},&quot;space_between_mobile&quot;:{&quot;unit&quot;:&quot;px&quot;,&quot;size&quot;:10,&quot;sizes&quot;:[]}}\" data-widget_type=\"media-carousel.default\">\n\t\t\t\t<div class=\"elementor-widget-container\">\n\t\t\t\t\t\t\t\t\t<div class=\"elementor-swiper\">\n\t\t\t\t\t<div class=\"elementor-main-swiper swiper\" role=\"region\" aria-roledescription=\"carousel\" aria-label=\"Slides\">\n\t\t\t\t<div class=\"swiper-wrapper\">\n\t\t\t\t\t\t\t\t\t\t\t<div class=\"swiper-slide\" role=\"group\" aria-roledescription=\"slide\">\n\t\t\t\t\t\t\t<a href=\"https:\/\/radatilly.gob.ar\/anp-punta-marques\/wp-content\/uploads\/sites\/6\/2020\/08\/2.1.jpg\" data-elementor-open-lightbox=\"yes\" data-elementor-lightbox-slideshow=\"efe9890\" data-e-action-hash=\"#elementor-action%3Aaction%3Dlightbox%26settings%3DeyJpZCI6Nzg1LCJ1cmwiOiJodHRwczpcL1wvcmFkYXRpbGx5LmdvYi5hclwvd3AtY29udGVudFwvdXBsb2Fkc1wvc2l0ZXNcLzZcLzIwMjBcLzA4XC8yLjEuanBnIiwic2xpZGVzaG93IjoiZWZlOTg5MCJ9\">\t\t<div class=\"elementor-carousel-image\" role=\"img\" aria-label=\"\" style=\"background-image: url(&#039;https:\/\/radatilly.gob.ar\/wp-content\/uploads\/sites\/6\/2020\/08\/2.1.jpg&#039;)\">\n\n\t\t\t\n\t\t\t\t\t<\/div>\n\t\t<\/a>\t\t\t\t\t\t<\/div>\n\t\t\t\t\t\t\t\t\t\t\t<div class=\"swiper-slide\" role=\"group\" aria-roledescription=\"slide\">\n\t\t\t\t\t\t\t<a href=\"https:\/\/radatilly.gob.ar\/anp-punta-marques\/wp-content\/uploads\/sites\/6\/2020\/08\/2.2.jpg\" data-elementor-open-lightbox=\"yes\" data-elementor-lightbox-slideshow=\"efe9890\" data-e-action-hash=\"#elementor-action%3Aaction%3Dlightbox%26settings%3DeyJpZCI6Nzg0LCJ1cmwiOiJodHRwczpcL1wvcmFkYXRpbGx5LmdvYi5hclwvd3AtY29udGVudFwvdXBsb2Fkc1wvc2l0ZXNcLzZcLzIwMjBcLzA4XC8yLjIuanBnIiwic2xpZGVzaG93IjoiZWZlOTg5MCJ9\">\t\t<div class=\"elementor-carousel-image\" role=\"img\" aria-label=\"\" style=\"background-image: url(&#039;https:\/\/radatilly.gob.ar\/wp-content\/uploads\/sites\/6\/2020\/08\/2.2.jpg&#039;)\">\n\n\t\t\t\n\t\t\t\t\t<\/div>\n\t\t<\/a>\t\t\t\t\t\t<\/div>\n\t\t\t\t\t\t\t\t\t\t\t<div class=\"swiper-slide\" role=\"group\" aria-roledescription=\"slide\">\n\t\t\t\t\t\t\t<a href=\"https:\/\/radatilly.gob.ar\/anp-punta-marques\/wp-content\/uploads\/sites\/6\/2020\/08\/2.3.jpg\" data-elementor-open-lightbox=\"yes\" data-elementor-lightbox-slideshow=\"efe9890\" data-e-action-hash=\"#elementor-action%3Aaction%3Dlightbox%26settings%3DeyJpZCI6NzgzLCJ1cmwiOiJodHRwczpcL1wvcmFkYXRpbGx5LmdvYi5hclwvd3AtY29udGVudFwvdXBsb2Fkc1wvc2l0ZXNcLzZcLzIwMjBcLzA4XC8yLjMuanBnIiwic2xpZGVzaG93IjoiZWZlOTg5MCJ9\">\t\t<div class=\"elementor-carousel-image\" role=\"img\" aria-label=\"\" style=\"background-image: url(&#039;https:\/\/radatilly.gob.ar\/wp-content\/uploads\/sites\/6\/2020\/08\/2.3.jpg&#039;)\">\n\n\t\t\t\n\t\t\t\t\t<\/div>\n\t\t<\/a>\t\t\t\t\t\t<\/div>\n\t\t\t\t\t\t\t\t\t\t\t<div class=\"swiper-slide\" role=\"group\" aria-roledescription=\"slide\">\n\t\t\t\t\t\t\t<a href=\"https:\/\/radatilly.gob.ar\/anp-punta-marques\/wp-content\/uploads\/sites\/6\/2020\/08\/2.4.jpg\" data-elementor-open-lightbox=\"yes\" data-elementor-lightbox-slideshow=\"efe9890\" data-e-action-hash=\"#elementor-action%3Aaction%3Dlightbox%26settings%3DeyJpZCI6Nzg3LCJ1cmwiOiJodHRwczpcL1wvcmFkYXRpbGx5LmdvYi5hclwvd3AtY29udGVudFwvdXBsb2Fkc1wvc2l0ZXNcLzZcLzIwMjBcLzA4XC8yLjQuanBnIiwic2xpZGVzaG93IjoiZWZlOTg5MCJ9\">\t\t<div class=\"elementor-carousel-image\" role=\"img\" aria-label=\"\" style=\"background-image: url(&#039;https:\/\/radatilly.gob.ar\/wp-content\/uploads\/sites\/6\/2020\/08\/2.4.jpg&#039;)\">\n\n\t\t\t\n\t\t\t\t\t<\/div>\n\t\t<\/a>\t\t\t\t\t\t<\/div>\n\t\t\t\t\t\t\t\t\t<\/div>\n\t\t\t\t\t\t\t\t\t\t\t\t\t\t\t<div class=\"elementor-swiper-button elementor-swiper-button-prev\" role=\"button\" tabindex=\"0\" aria-label=\"Previous\">\n\t\t\t\t\t\t\t<i aria-hidden=\"true\" class=\"eicon-chevron-left\"><\/i>\t\t\t\t\t\t<\/div>\n\t\t\t\t\t\t<div class=\"elementor-swiper-button elementor-swiper-button-next\" role=\"button\" tabindex=\"0\" aria-label=\"Next\">\n\t\t\t\t\t\t\t<i aria-hidden=\"true\" class=\"eicon-chevron-right\"><\/i>\t\t\t\t\t\t<\/div>\n\t\t\t\t\t\t\t\t\t\t\t\t\t\t\t\t<div class=\"swiper-pagination\"><\/div>\n\t\t\t\t\t\t\t\t\t\t\t\t<\/div>\n\t\t\t\t<\/div>\n\t\t\t\t\t\t\t\t<\/div>\n\t\t\t\t<\/div>\n\t\t\t\t\t<\/div>\n\t\t<\/div>\n\t\t\t\t\t<\/div>\n\t\t<\/section>\n\t\t\t\t<section class=\"elementor-section elementor-inner-section elementor-element elementor-element-57ca97c elementor-section-boxed elementor-section-height-default elementor-section-height-default wpr-particle-no wpr-jarallax-no wpr-parallax-no wpr-sticky-section-no\" data-id=\"57ca97c\" data-element_type=\"section\" data-e-type=\"section\" data-settings=\"{&quot;_ha_eqh_enable&quot;:false}\">\n\t\t\t\t\t\t<div class=\"elementor-container elementor-column-gap-default\">\n\t\t\t\t\t<div class=\"elementor-column elementor-col-50 elementor-inner-column elementor-element elementor-element-9383020\" data-id=\"9383020\" data-element_type=\"column\" data-e-type=\"column\">\n\t\t\t<div class=\"elementor-widget-wrap elementor-element-populated\">\n\t\t\t\t\t\t<div class=\"elementor-element elementor-element-d88c603 elementor-widget elementor-widget-text-editor\" data-id=\"d88c603\" data-element_type=\"widget\" data-e-type=\"widget\" data-widget_type=\"text-editor.default\">\n\t\t\t\t<div class=\"elementor-widget-container\">\n\t\t\t\t\t\t\t\t\t<p><b data-stringify-type=\"bold\"><i data-stringify-type=\"italic\">Zorro gris (Lycalopex gymnocercus)\u00a0<\/i><\/b><br \/><i data-stringify-type=\"italic\">C\u00e1nido<\/i><i data-stringify-type=\"italic\"> peque\u00f1o de pelaje gris, con algunos pelos negros y blancos en el dorso que se tornan amarillento en los flancos y cabeza. Su cola es larga y gris, con la punta y l\u00ednea media dorsal de color negro. Se distribuye en estepas arbustivas y herb\u00e1ceas, de h\u00e1bitos solitarios y nocturnos, es una especie omn\u00edvora y generalista, es decir, presenta una dieta variada desde peque\u00f1os mam\u00edferos hasta frutos.<\/i><\/p>\t\t\t\t\t\t\t\t<\/div>\n\t\t\t\t<\/div>\n\t\t\t\t\t<\/div>\n\t\t<\/div>\n\t\t\t\t<div class=\"elementor-column elementor-col-50 elementor-inner-column elementor-element elementor-element-52fe6a3\" data-id=\"52fe6a3\" data-element_type=\"column\" data-e-type=\"column\">\n\t\t\t<div class=\"elementor-widget-wrap elementor-element-populated\">\n\t\t\t\t\t\t<div class=\"elementor-element elementor-element-9069217 elementor-widget elementor-widget-text-editor\" data-id=\"9069217\" data-element_type=\"widget\" data-e-type=\"widget\" data-widget_type=\"text-editor.default\">\n\t\t\t\t<div class=\"elementor-widget-container\">\n\t\t\t\t\t\t\t\t\t<p><strong><em>Grey Fox (Pampas fox) (Lycalopex gymnocercus)<br \/><\/em><\/strong><em>Small canid with gray fur, with some black and white hairs on the back, which turns yellowish on the flanks and head. Its tail is long and gray, with a black tip and dorsal midline. It is distributed in shrub and herbaceous steppes, with solitary and nocturnal habits, it is an omnivorous and generalist species. It has \u00a0a varied diet from small mammals to fruits.<\/em><\/p>\t\t\t\t\t\t\t\t<\/div>\n\t\t\t\t<\/div>\n\t\t\t\t\t<\/div>\n\t\t<\/div>\n\t\t\t\t\t<\/div>\n\t\t<\/section>\n\t\t\t\t<section class=\"elementor-section elementor-inner-section elementor-element elementor-element-1535e62 elementor-section-boxed elementor-section-height-default elementor-section-height-default wpr-particle-no wpr-jarallax-no wpr-parallax-no wpr-sticky-section-no\" data-id=\"1535e62\" data-element_type=\"section\" data-e-type=\"section\" data-settings=\"{&quot;_ha_eqh_enable&quot;:false}\">\n\t\t\t\t\t\t<div class=\"elementor-container elementor-column-gap-default\">\n\t\t\t\t\t<div class=\"elementor-column elementor-col-100 elementor-inner-column elementor-element elementor-element-1ebe9b6\" data-id=\"1ebe9b6\" data-element_type=\"column\" data-e-type=\"column\">\n\t\t\t<div class=\"elementor-widget-wrap elementor-element-populated\">\n\t\t\t\t\t\t<div class=\"elementor-element elementor-element-3b0d346 elementor-skin-coverflow elementor-arrows-yes elementor-pagination-type-bullets elementor-pagination-position-outside elementor-widget elementor-widget-media-carousel\" data-id=\"3b0d346\" data-element_type=\"widget\" data-e-type=\"widget\" data-settings=\"{&quot;skin&quot;:&quot;coverflow&quot;,&quot;space_between&quot;:{&quot;unit&quot;:&quot;px&quot;,&quot;size&quot;:11,&quot;sizes&quot;:[]},&quot;show_arrows&quot;:&quot;yes&quot;,&quot;pagination&quot;:&quot;bullets&quot;,&quot;speed&quot;:500,&quot;autoplay&quot;:&quot;yes&quot;,&quot;autoplay_speed&quot;:5000,&quot;loop&quot;:&quot;yes&quot;,&quot;pause_on_hover&quot;:&quot;yes&quot;,&quot;pause_on_interaction&quot;:&quot;yes&quot;,&quot;space_between_tablet&quot;:{&quot;unit&quot;:&quot;px&quot;,&quot;size&quot;:10,&quot;sizes&quot;:[]},&quot;space_between_mobile&quot;:{&quot;unit&quot;:&quot;px&quot;,&quot;size&quot;:10,&quot;sizes&quot;:[]}}\" data-widget_type=\"media-carousel.default\">\n\t\t\t\t<div class=\"elementor-widget-container\">\n\t\t\t\t\t\t\t\t\t<div class=\"elementor-swiper\">\n\t\t\t\t\t<div class=\"elementor-main-swiper swiper\" role=\"region\" aria-roledescription=\"carousel\" aria-label=\"Slides\">\n\t\t\t\t<div class=\"swiper-wrapper\">\n\t\t\t\t\t\t\t\t\t\t\t<div class=\"swiper-slide\" role=\"group\" aria-roledescription=\"slide\">\n\t\t\t\t\t\t\t<a href=\"https:\/\/radatilly.gob.ar\/anp-punta-marques\/wp-content\/uploads\/sites\/6\/2020\/08\/3.2.jpg\" data-elementor-open-lightbox=\"yes\" data-elementor-lightbox-slideshow=\"3b0d346\" data-e-action-hash=\"#elementor-action%3Aaction%3Dlightbox%26settings%3DeyJpZCI6NzkxLCJ1cmwiOiJodHRwczpcL1wvcmFkYXRpbGx5LmdvYi5hclwvd3AtY29udGVudFwvdXBsb2Fkc1wvc2l0ZXNcLzZcLzIwMjBcLzA4XC8zLjIuanBnIiwic2xpZGVzaG93IjoiM2IwZDM0NiJ9\">\t\t<div class=\"elementor-carousel-image\" role=\"img\" aria-label=\"\" style=\"background-image: url(&#039;https:\/\/radatilly.gob.ar\/wp-content\/uploads\/sites\/6\/2020\/08\/3.2.jpg&#039;)\">\n\n\t\t\t\n\t\t\t\t\t<\/div>\n\t\t<\/a>\t\t\t\t\t\t<\/div>\n\t\t\t\t\t\t\t\t\t\t\t<div class=\"swiper-slide\" role=\"group\" aria-roledescription=\"slide\">\n\t\t\t\t\t\t\t<a href=\"https:\/\/radatilly.gob.ar\/anp-punta-marques\/wp-content\/uploads\/sites\/6\/2020\/08\/3.1-Foto-Diego-Cabanas.jpg\" data-elementor-open-lightbox=\"yes\" data-elementor-lightbox-slideshow=\"3b0d346\" data-elementor-lightbox-title=\"Foto: Diego Cabanas\" data-e-action-hash=\"#elementor-action%3Aaction%3Dlightbox%26settings%3DeyJpZCI6NzkwLCJ1cmwiOiJodHRwczpcL1wvcmFkYXRpbGx5LmdvYi5hclwvd3AtY29udGVudFwvdXBsb2Fkc1wvc2l0ZXNcLzZcLzIwMjBcLzA4XC8zLjEtRm90by1EaWVnby1DYWJhbmFzLmpwZyIsInNsaWRlc2hvdyI6IjNiMGQzNDYifQ%3D%3D\">\t\t<div class=\"elementor-carousel-image\" role=\"img\" aria-label=\"Foto: Diego Cabanas\" style=\"background-image: url(&#039;https:\/\/radatilly.gob.ar\/wp-content\/uploads\/sites\/6\/2020\/08\/3.1-Foto-Diego-Cabanas.jpg&#039;)\">\n\n\t\t\t\n\t\t\t\t\t<\/div>\n\t\t<\/a>\t\t\t\t\t\t<\/div>\n\t\t\t\t\t\t\t\t\t<\/div>\n\t\t\t\t\t\t\t\t\t\t\t\t\t\t\t<div class=\"elementor-swiper-button elementor-swiper-button-prev\" role=\"button\" tabindex=\"0\" aria-label=\"Previous\">\n\t\t\t\t\t\t\t<i aria-hidden=\"true\" class=\"eicon-chevron-left\"><\/i>\t\t\t\t\t\t<\/div>\n\t\t\t\t\t\t<div class=\"elementor-swiper-button elementor-swiper-button-next\" role=\"button\" tabindex=\"0\" aria-label=\"Next\">\n\t\t\t\t\t\t\t<i aria-hidden=\"true\" class=\"eicon-chevron-right\"><\/i>\t\t\t\t\t\t<\/div>\n\t\t\t\t\t\t\t\t\t\t\t\t\t\t\t\t<div class=\"swiper-pagination\"><\/div>\n\t\t\t\t\t\t\t\t\t\t\t\t<\/div>\n\t\t\t\t<\/div>\n\t\t\t\t\t\t\t\t<\/div>\n\t\t\t\t<\/div>\n\t\t\t\t\t<\/div>\n\t\t<\/div>\n\t\t\t\t\t<\/div>\n\t\t<\/section>\n\t\t\t\t<section class=\"elementor-section elementor-inner-section elementor-element elementor-element-35f8de0 elementor-section-boxed elementor-section-height-default elementor-section-height-default wpr-particle-no wpr-jarallax-no wpr-parallax-no wpr-sticky-section-no\" data-id=\"35f8de0\" data-element_type=\"section\" data-e-type=\"section\" data-settings=\"{&quot;_ha_eqh_enable&quot;:false}\">\n\t\t\t\t\t\t<div class=\"elementor-container elementor-column-gap-default\">\n\t\t\t\t\t<div class=\"elementor-column elementor-col-50 elementor-inner-column elementor-element elementor-element-f5cfd77\" data-id=\"f5cfd77\" data-element_type=\"column\" data-e-type=\"column\">\n\t\t\t<div class=\"elementor-widget-wrap elementor-element-populated\">\n\t\t\t\t\t\t<div class=\"elementor-element elementor-element-0e6ca59 elementor-widget elementor-widget-text-editor\" data-id=\"0e6ca59\" data-element_type=\"widget\" data-e-type=\"widget\" data-widget_type=\"text-editor.default\">\n\t\t\t\t<div class=\"elementor-widget-container\">\n\t\t\t\t\t\t\t\t\t<p><b data-stringify-type=\"bold\"><i data-stringify-type=\"italic\">Zorro Colorado (Lycalopex culpeus)<\/i><\/b><br \/><i data-stringify-type=\"italic\">De contextura robusta pelaje denso y suave y cabeza grande, orejas triangulares y morro ancho, el dorso, la cabeza y las patas son rojizos, el ment\u00f3n extremo del hocico y vientre blanco a crema, cola larga y peluda con parche oscuro. Habita estepas arbustivas y herb\u00e1ceas matorrales secos, desiertos \u00e1ridos a semi\u00e1ridos, pedregales y bosques h\u00famedos.<\/i><\/p>\t\t\t\t\t\t\t\t<\/div>\n\t\t\t\t<\/div>\n\t\t\t\t\t<\/div>\n\t\t<\/div>\n\t\t\t\t<div class=\"elementor-column elementor-col-50 elementor-inner-column elementor-element elementor-element-30d6159\" data-id=\"30d6159\" data-element_type=\"column\" data-e-type=\"column\">\n\t\t\t<div class=\"elementor-widget-wrap elementor-element-populated\">\n\t\t\t\t\t\t<div class=\"elementor-element elementor-element-3e4f9fb elementor-widget elementor-widget-text-editor\" data-id=\"3e4f9fb\" data-element_type=\"widget\" data-e-type=\"widget\" data-widget_type=\"text-editor.default\">\n\t\t\t\t<div class=\"elementor-widget-container\">\n\t\t\t\t\t\t\t\t\t<p><strong><em>Red Fox (Lycalopex culpeus)<br \/><\/em><\/strong><em>It has a robust constitution , \u00a0dense and soft fur and a \u00a0large head, triangular ears and wide nose, the back, head and legs are reddish, the extreme chin of the snout and the belly has a white or cream tone , long and hairy tail with a dark patch. It lives\u00a0 in shrub steppes and dry herbaceous bushes,. dry arid to semi-arid deserts, stony ground and humid forests<\/em><\/p>\t\t\t\t\t\t\t\t<\/div>\n\t\t\t\t<\/div>\n\t\t\t\t\t<\/div>\n\t\t<\/div>\n\t\t\t\t\t<\/div>\n\t\t<\/section>\n\t\t\t\t<section class=\"elementor-section elementor-inner-section elementor-element elementor-element-b4e803e elementor-section-boxed elementor-section-height-default elementor-section-height-default wpr-particle-no wpr-jarallax-no wpr-parallax-no wpr-sticky-section-no\" data-id=\"b4e803e\" data-element_type=\"section\" data-e-type=\"section\" data-settings=\"{&quot;_ha_eqh_enable&quot;:false}\">\n\t\t\t\t\t\t<div class=\"elementor-container elementor-column-gap-default\">\n\t\t\t\t\t<div class=\"elementor-column elementor-col-100 elementor-inner-column elementor-element elementor-element-248ea27\" data-id=\"248ea27\" data-element_type=\"column\" data-e-type=\"column\">\n\t\t\t<div class=\"elementor-widget-wrap elementor-element-populated\">\n\t\t\t\t\t\t<div class=\"elementor-element elementor-element-50e7358 elementor-skin-coverflow elementor-arrows-yes elementor-pagination-type-bullets elementor-pagination-position-outside elementor-widget elementor-widget-media-carousel\" data-id=\"50e7358\" data-element_type=\"widget\" data-e-type=\"widget\" data-settings=\"{&quot;skin&quot;:&quot;coverflow&quot;,&quot;space_between&quot;:{&quot;unit&quot;:&quot;px&quot;,&quot;size&quot;:11,&quot;sizes&quot;:[]},&quot;show_arrows&quot;:&quot;yes&quot;,&quot;pagination&quot;:&quot;bullets&quot;,&quot;speed&quot;:500,&quot;autoplay&quot;:&quot;yes&quot;,&quot;autoplay_speed&quot;:5000,&quot;loop&quot;:&quot;yes&quot;,&quot;pause_on_hover&quot;:&quot;yes&quot;,&quot;pause_on_interaction&quot;:&quot;yes&quot;,&quot;space_between_tablet&quot;:{&quot;unit&quot;:&quot;px&quot;,&quot;size&quot;:10,&quot;sizes&quot;:[]},&quot;space_between_mobile&quot;:{&quot;unit&quot;:&quot;px&quot;,&quot;size&quot;:10,&quot;sizes&quot;:[]}}\" data-widget_type=\"media-carousel.default\">\n\t\t\t\t<div class=\"elementor-widget-container\">\n\t\t\t\t\t\t\t\t\t<div class=\"elementor-swiper\">\n\t\t\t\t\t<div class=\"elementor-main-swiper swiper\" role=\"region\" aria-roledescription=\"carousel\" aria-label=\"Slides\">\n\t\t\t\t<div class=\"swiper-wrapper\">\n\t\t\t\t\t\t\t\t\t\t\t<div class=\"swiper-slide\" role=\"group\" aria-roledescription=\"slide\">\n\t\t\t\t\t\t\t<a href=\"https:\/\/radatilly.gob.ar\/anp-punta-marques\/wp-content\/uploads\/sites\/6\/2020\/08\/4.3.jpg\" data-elementor-open-lightbox=\"yes\" data-elementor-lightbox-slideshow=\"50e7358\" data-e-action-hash=\"#elementor-action%3Aaction%3Dlightbox%26settings%3DeyJpZCI6Nzk5LCJ1cmwiOiJodHRwczpcL1wvcmFkYXRpbGx5LmdvYi5hclwvd3AtY29udGVudFwvdXBsb2Fkc1wvc2l0ZXNcLzZcLzIwMjBcLzA4XC80LjMuanBnIiwic2xpZGVzaG93IjoiNTBlNzM1OCJ9\">\t\t<div class=\"elementor-carousel-image\" role=\"img\" aria-label=\"\" style=\"background-image: url(&#039;https:\/\/radatilly.gob.ar\/wp-content\/uploads\/sites\/6\/2020\/08\/4.3.jpg&#039;)\">\n\n\t\t\t\n\t\t\t\t\t<\/div>\n\t\t<\/a>\t\t\t\t\t\t<\/div>\n\t\t\t\t\t\t\t\t\t\t\t<div class=\"swiper-slide\" role=\"group\" aria-roledescription=\"slide\">\n\t\t\t\t\t\t\t<a href=\"https:\/\/radatilly.gob.ar\/anp-punta-marques\/wp-content\/uploads\/sites\/6\/2020\/08\/4.5.jpg\" data-elementor-open-lightbox=\"yes\" data-elementor-lightbox-slideshow=\"50e7358\" data-e-action-hash=\"#elementor-action%3Aaction%3Dlightbox%26settings%3DeyJpZCI6Nzk4LCJ1cmwiOiJodHRwczpcL1wvcmFkYXRpbGx5LmdvYi5hclwvd3AtY29udGVudFwvdXBsb2Fkc1wvc2l0ZXNcLzZcLzIwMjBcLzA4XC80LjUuanBnIiwic2xpZGVzaG93IjoiNTBlNzM1OCJ9\">\t\t<div class=\"elementor-carousel-image\" role=\"img\" aria-label=\"\" style=\"background-image: url(&#039;https:\/\/radatilly.gob.ar\/wp-content\/uploads\/sites\/6\/2020\/08\/4.5.jpg&#039;)\">\n\n\t\t\t\n\t\t\t\t\t<\/div>\n\t\t<\/a>\t\t\t\t\t\t<\/div>\n\t\t\t\t\t\t\t\t\t\t\t<div class=\"swiper-slide\" role=\"group\" aria-roledescription=\"slide\">\n\t\t\t\t\t\t\t<a href=\"https:\/\/radatilly.gob.ar\/anp-punta-marques\/wp-content\/uploads\/sites\/6\/2020\/08\/4.2.jpg\" data-elementor-open-lightbox=\"yes\" data-elementor-lightbox-slideshow=\"50e7358\" data-e-action-hash=\"#elementor-action%3Aaction%3Dlightbox%26settings%3DeyJpZCI6Nzk3LCJ1cmwiOiJodHRwczpcL1wvcmFkYXRpbGx5LmdvYi5hclwvd3AtY29udGVudFwvdXBsb2Fkc1wvc2l0ZXNcLzZcLzIwMjBcLzA4XC80LjIuanBnIiwic2xpZGVzaG93IjoiNTBlNzM1OCJ9\">\t\t<div class=\"elementor-carousel-image\" role=\"img\" aria-label=\"\" style=\"background-image: url(&#039;https:\/\/radatilly.gob.ar\/wp-content\/uploads\/sites\/6\/2020\/08\/4.2.jpg&#039;)\">\n\n\t\t\t\n\t\t\t\t\t<\/div>\n\t\t<\/a>\t\t\t\t\t\t<\/div>\n\t\t\t\t\t\t\t\t\t\t\t<div class=\"swiper-slide\" role=\"group\" aria-roledescription=\"slide\">\n\t\t\t\t\t\t\t<a href=\"https:\/\/radatilly.gob.ar\/anp-punta-marques\/wp-content\/uploads\/sites\/6\/2020\/08\/4.4.jpg\" data-elementor-open-lightbox=\"yes\" data-elementor-lightbox-slideshow=\"50e7358\" data-e-action-hash=\"#elementor-action%3Aaction%3Dlightbox%26settings%3DeyJpZCI6Nzk2LCJ1cmwiOiJodHRwczpcL1wvcmFkYXRpbGx5LmdvYi5hclwvd3AtY29udGVudFwvdXBsb2Fkc1wvc2l0ZXNcLzZcLzIwMjBcLzA4XC80LjQuanBnIiwic2xpZGVzaG93IjoiNTBlNzM1OCJ9\">\t\t<div class=\"elementor-carousel-image\" role=\"img\" aria-label=\"\" style=\"background-image: url(&#039;https:\/\/radatilly.gob.ar\/wp-content\/uploads\/sites\/6\/2020\/08\/4.4.jpg&#039;)\">\n\n\t\t\t\n\t\t\t\t\t<\/div>\n\t\t<\/a>\t\t\t\t\t\t<\/div>\n\t\t\t\t\t\t\t\t\t\t\t<div class=\"swiper-slide\" role=\"group\" aria-roledescription=\"slide\">\n\t\t\t\t\t\t\t<a href=\"https:\/\/radatilly.gob.ar\/anp-punta-marques\/wp-content\/uploads\/sites\/6\/2020\/08\/4.1.jpg\" data-elementor-open-lightbox=\"yes\" data-elementor-lightbox-slideshow=\"50e7358\" data-e-action-hash=\"#elementor-action%3Aaction%3Dlightbox%26settings%3DeyJpZCI6Nzk1LCJ1cmwiOiJodHRwczpcL1wvcmFkYXRpbGx5LmdvYi5hclwvd3AtY29udGVudFwvdXBsb2Fkc1wvc2l0ZXNcLzZcLzIwMjBcLzA4XC80LjEuanBnIiwic2xpZGVzaG93IjoiNTBlNzM1OCJ9\">\t\t<div class=\"elementor-carousel-image\" role=\"img\" aria-label=\"\" style=\"background-image: url(&#039;https:\/\/radatilly.gob.ar\/wp-content\/uploads\/sites\/6\/2020\/08\/4.1.jpg&#039;)\">\n\n\t\t\t\n\t\t\t\t\t<\/div>\n\t\t<\/a>\t\t\t\t\t\t<\/div>\n\t\t\t\t\t\t\t\t\t<\/div>\n\t\t\t\t\t\t\t\t\t\t\t\t\t\t\t<div class=\"elementor-swiper-button elementor-swiper-button-prev\" role=\"button\" tabindex=\"0\" aria-label=\"Previous\">\n\t\t\t\t\t\t\t<i aria-hidden=\"true\" class=\"eicon-chevron-left\"><\/i>\t\t\t\t\t\t<\/div>\n\t\t\t\t\t\t<div class=\"elementor-swiper-button elementor-swiper-button-next\" role=\"button\" tabindex=\"0\" aria-label=\"Next\">\n\t\t\t\t\t\t\t<i aria-hidden=\"true\" class=\"eicon-chevron-right\"><\/i>\t\t\t\t\t\t<\/div>\n\t\t\t\t\t\t\t\t\t\t\t\t\t\t\t\t<div class=\"swiper-pagination\"><\/div>\n\t\t\t\t\t\t\t\t\t\t\t\t<\/div>\n\t\t\t\t<\/div>\n\t\t\t\t\t\t\t\t<\/div>\n\t\t\t\t<\/div>\n\t\t\t\t\t<\/div>\n\t\t<\/div>\n\t\t\t\t\t<\/div>\n\t\t<\/section>\n\t\t\t\t<section class=\"elementor-section elementor-inner-section elementor-element elementor-element-c5b143e elementor-section-boxed elementor-section-height-default elementor-section-height-default wpr-particle-no wpr-jarallax-no wpr-parallax-no wpr-sticky-section-no\" data-id=\"c5b143e\" data-element_type=\"section\" data-e-type=\"section\" data-settings=\"{&quot;_ha_eqh_enable&quot;:false}\">\n\t\t\t\t\t\t<div class=\"elementor-container elementor-column-gap-default\">\n\t\t\t\t\t<div class=\"elementor-column elementor-col-50 elementor-inner-column elementor-element elementor-element-ae468e4\" data-id=\"ae468e4\" data-element_type=\"column\" data-e-type=\"column\">\n\t\t\t<div class=\"elementor-widget-wrap elementor-element-populated\">\n\t\t\t\t\t\t<div class=\"elementor-element elementor-element-43fb125 elementor-widget elementor-widget-text-editor\" data-id=\"43fb125\" data-element_type=\"widget\" data-e-type=\"widget\" data-widget_type=\"text-editor.default\">\n\t\t\t\t<div class=\"elementor-widget-container\">\n\t\t\t\t\t\t\t\t\t<p><b data-stringify-type=\"bold\"><i data-stringify-type=\"italic\">Piche patagonico (Zaedyus pichiy)<\/i><\/b><br \/><i data-stringify-type=\"italic\">Armadillo peque\u00f1o de caparaz\u00f3n convexo y orejas cortas. Es un omn\u00edvoro, solitario y diurno. Esta especie se encuentra en pastizales y matorrales xer\u00f3filos, as\u00ed como en h\u00e1bitats de estepa patag\u00f3nica, siempre con suelos arenosos.<\/i><\/p>\t\t\t\t\t\t\t\t<\/div>\n\t\t\t\t<\/div>\n\t\t\t\t\t<\/div>\n\t\t<\/div>\n\t\t\t\t<div class=\"elementor-column elementor-col-50 elementor-inner-column elementor-element elementor-element-1abf1fe\" data-id=\"1abf1fe\" data-element_type=\"column\" data-e-type=\"column\">\n\t\t\t<div class=\"elementor-widget-wrap elementor-element-populated\">\n\t\t\t\t\t\t<div class=\"elementor-element elementor-element-aac3317 elementor-widget elementor-widget-text-editor\" data-id=\"aac3317\" data-element_type=\"widget\" data-e-type=\"widget\" data-widget_type=\"text-editor.default\">\n\t\t\t\t<div class=\"elementor-widget-container\">\n\t\t\t\t\t\t\t\t\t<p><strong><em>Dwarf Armadillo (Zaedyus pichiy)<br \/><\/em><\/strong><em>Small armadillo with a convex shell and short ears. It is a solitary and diurnal omnivore. This species is found in grasslands and xerophilous scrubs, as well as in Patagonian steppe habitats, always with sandy soils.<\/em><\/p>\t\t\t\t\t\t\t\t<\/div>\n\t\t\t\t<\/div>\n\t\t\t\t\t<\/div>\n\t\t<\/div>\n\t\t\t\t\t<\/div>\n\t\t<\/section>\n\t\t\t\t<section class=\"elementor-section elementor-inner-section elementor-element elementor-element-6eb7dc5 elementor-section-boxed elementor-section-height-default elementor-section-height-default wpr-particle-no wpr-jarallax-no wpr-parallax-no wpr-sticky-section-no\" data-id=\"6eb7dc5\" data-element_type=\"section\" data-e-type=\"section\" data-settings=\"{&quot;_ha_eqh_enable&quot;:false}\">\n\t\t\t\t\t\t<div class=\"elementor-container elementor-column-gap-default\">\n\t\t\t\t\t<div class=\"elementor-column elementor-col-100 elementor-inner-column elementor-element elementor-element-7fe0dd4\" data-id=\"7fe0dd4\" data-element_type=\"column\" data-e-type=\"column\">\n\t\t\t<div class=\"elementor-widget-wrap elementor-element-populated\">\n\t\t\t\t\t\t<div class=\"elementor-element elementor-element-db26b19 elementor-skin-coverflow elementor-arrows-yes elementor-pagination-type-bullets elementor-pagination-position-outside elementor-widget elementor-widget-media-carousel\" data-id=\"db26b19\" data-element_type=\"widget\" data-e-type=\"widget\" data-settings=\"{&quot;skin&quot;:&quot;coverflow&quot;,&quot;space_between&quot;:{&quot;unit&quot;:&quot;px&quot;,&quot;size&quot;:11,&quot;sizes&quot;:[]},&quot;show_arrows&quot;:&quot;yes&quot;,&quot;pagination&quot;:&quot;bullets&quot;,&quot;speed&quot;:500,&quot;autoplay&quot;:&quot;yes&quot;,&quot;autoplay_speed&quot;:5000,&quot;loop&quot;:&quot;yes&quot;,&quot;pause_on_hover&quot;:&quot;yes&quot;,&quot;pause_on_interaction&quot;:&quot;yes&quot;,&quot;space_between_tablet&quot;:{&quot;unit&quot;:&quot;px&quot;,&quot;size&quot;:10,&quot;sizes&quot;:[]},&quot;space_between_mobile&quot;:{&quot;unit&quot;:&quot;px&quot;,&quot;size&quot;:10,&quot;sizes&quot;:[]}}\" data-widget_type=\"media-carousel.default\">\n\t\t\t\t<div class=\"elementor-widget-container\">\n\t\t\t\t\t\t\t\t\t<div class=\"elementor-swiper\">\n\t\t\t\t\t<div class=\"elementor-main-swiper swiper\" role=\"region\" aria-roledescription=\"carousel\" aria-label=\"Slides\">\n\t\t\t\t<div class=\"swiper-wrapper\">\n\t\t\t\t\t\t\t\t\t\t\t<div class=\"swiper-slide\" role=\"group\" aria-roledescription=\"slide\">\n\t\t\t\t\t\t\t<a href=\"https:\/\/radatilly.gob.ar\/anp-punta-marques\/wp-content\/uploads\/sites\/6\/2020\/08\/5.2.jpg\" data-elementor-open-lightbox=\"yes\" data-elementor-lightbox-slideshow=\"db26b19\" data-e-action-hash=\"#elementor-action%3Aaction%3Dlightbox%26settings%3DeyJpZCI6ODAzLCJ1cmwiOiJodHRwczpcL1wvcmFkYXRpbGx5LmdvYi5hclwvd3AtY29udGVudFwvdXBsb2Fkc1wvc2l0ZXNcLzZcLzIwMjBcLzA4XC81LjIuanBnIiwic2xpZGVzaG93IjoiZGIyNmIxOSJ9\">\t\t<div class=\"elementor-carousel-image\" role=\"img\" aria-label=\"\" style=\"background-image: url(&#039;https:\/\/radatilly.gob.ar\/wp-content\/uploads\/sites\/6\/2020\/08\/5.2.jpg&#039;)\">\n\n\t\t\t\n\t\t\t\t\t<\/div>\n\t\t<\/a>\t\t\t\t\t\t<\/div>\n\t\t\t\t\t\t\t\t\t\t\t<div class=\"swiper-slide\" role=\"group\" aria-roledescription=\"slide\">\n\t\t\t\t\t\t\t<a href=\"https:\/\/radatilly.gob.ar\/anp-punta-marques\/wp-content\/uploads\/sites\/6\/2020\/08\/5.1.jpg\" data-elementor-open-lightbox=\"yes\" data-elementor-lightbox-slideshow=\"db26b19\" data-e-action-hash=\"#elementor-action%3Aaction%3Dlightbox%26settings%3DeyJpZCI6ODAyLCJ1cmwiOiJodHRwczpcL1wvcmFkYXRpbGx5LmdvYi5hclwvd3AtY29udGVudFwvdXBsb2Fkc1wvc2l0ZXNcLzZcLzIwMjBcLzA4XC81LjEuanBnIiwic2xpZGVzaG93IjoiZGIyNmIxOSJ9\">\t\t<div class=\"elementor-carousel-image\" role=\"img\" aria-label=\"\" style=\"background-image: url(&#039;https:\/\/radatilly.gob.ar\/wp-content\/uploads\/sites\/6\/2020\/08\/5.1.jpg&#039;)\">\n\n\t\t\t\n\t\t\t\t\t<\/div>\n\t\t<\/a>\t\t\t\t\t\t<\/div>\n\t\t\t\t\t\t\t\t\t<\/div>\n\t\t\t\t\t\t\t\t\t\t\t\t\t\t\t<div class=\"elementor-swiper-button elementor-swiper-button-prev\" role=\"button\" tabindex=\"0\" aria-label=\"Previous\">\n\t\t\t\t\t\t\t<i aria-hidden=\"true\" class=\"eicon-chevron-left\"><\/i>\t\t\t\t\t\t<\/div>\n\t\t\t\t\t\t<div class=\"elementor-swiper-button elementor-swiper-button-next\" role=\"button\" tabindex=\"0\" aria-label=\"Next\">\n\t\t\t\t\t\t\t<i aria-hidden=\"true\" class=\"eicon-chevron-right\"><\/i>\t\t\t\t\t\t<\/div>\n\t\t\t\t\t\t\t\t\t\t\t\t\t\t\t\t<div class=\"swiper-pagination\"><\/div>\n\t\t\t\t\t\t\t\t\t\t\t\t<\/div>\n\t\t\t\t<\/div>\n\t\t\t\t\t\t\t\t<\/div>\n\t\t\t\t<\/div>\n\t\t\t\t\t<\/div>\n\t\t<\/div>\n\t\t\t\t\t<\/div>\n\t\t<\/section>\n\t\t\t\t<section class=\"elementor-section elementor-inner-section elementor-element elementor-element-dc786b2 elementor-section-boxed elementor-section-height-default elementor-section-height-default wpr-particle-no wpr-jarallax-no wpr-parallax-no wpr-sticky-section-no\" data-id=\"dc786b2\" data-element_type=\"section\" data-e-type=\"section\" data-settings=\"{&quot;_ha_eqh_enable&quot;:false}\">\n\t\t\t\t\t\t<div class=\"elementor-container elementor-column-gap-default\">\n\t\t\t\t\t<div class=\"elementor-column elementor-col-50 elementor-inner-column elementor-element elementor-element-e607ef5\" data-id=\"e607ef5\" data-element_type=\"column\" data-e-type=\"column\">\n\t\t\t<div class=\"elementor-widget-wrap elementor-element-populated\">\n\t\t\t\t\t\t<div class=\"elementor-element elementor-element-dbfe53c elementor-widget elementor-widget-text-editor\" data-id=\"dbfe53c\" data-element_type=\"widget\" data-e-type=\"widget\" data-widget_type=\"text-editor.default\">\n\t\t\t\t<div class=\"elementor-widget-container\">\n\t\t\t\t\t\t\t\t\t<p><b data-stringify-type=\"bold\"><i data-stringify-type=\"italic\">Lagarto ladrillero (Liolaemus fitzingeri)<\/i><\/b><br \/><i data-stringify-type=\"italic\">Reptil de cuerpo robusto con extremidades cortas, cola m\u00e1s larga que el cuerpo, de coloraci\u00f3n verde con manchas rojizas y garganta negras. Su dieta est\u00e1 constituida de insectos, ar\u00e1cnidos, sum\u00e1ndole brotes foli\u00e1ceos y flores de Senecio. Habita en terrenos sueltos y arenosos de la estepa.<\/i><\/p>\t\t\t\t\t\t\t\t<\/div>\n\t\t\t\t<\/div>\n\t\t\t\t\t<\/div>\n\t\t<\/div>\n\t\t\t\t<div class=\"elementor-column elementor-col-50 elementor-inner-column elementor-element elementor-element-befdeb0\" data-id=\"befdeb0\" data-element_type=\"column\" data-e-type=\"column\">\n\t\t\t<div class=\"elementor-widget-wrap elementor-element-populated\">\n\t\t\t\t\t\t<div class=\"elementor-element elementor-element-1a733b8 elementor-widget elementor-widget-text-editor\" data-id=\"1a733b8\" data-element_type=\"widget\" data-e-type=\"widget\" data-widget_type=\"text-editor.default\">\n\t\t\t\t<div class=\"elementor-widget-container\">\n\t\t\t\t\t\t\t\t\t<p><strong><em>Fitzinger&#8217;s Tree Iguana<\/em><\/strong><strong><em> (Liolaemus fitzingeri)<br \/><\/em><\/strong><em>Robust-bodied reptile with short limbs. Its tail is \u00a0longer than the body; green in color with reddish spots and a black throat. Its diet is made up of insects and, arachnids, leaf sprouts and Senecio flowers. It inhabits loose and sandy terrain in the steppe.<\/em><\/p>\t\t\t\t\t\t\t\t<\/div>\n\t\t\t\t<\/div>\n\t\t\t\t\t<\/div>\n\t\t<\/div>\n\t\t\t\t\t<\/div>\n\t\t<\/section>\n\t\t\t\t<section class=\"elementor-section elementor-inner-section elementor-element elementor-element-f914fbc elementor-section-boxed elementor-section-height-default elementor-section-height-default wpr-particle-no wpr-jarallax-no wpr-parallax-no wpr-sticky-section-no\" data-id=\"f914fbc\" data-element_type=\"section\" data-e-type=\"section\" data-settings=\"{&quot;_ha_eqh_enable&quot;:false}\">\n\t\t\t\t\t\t<div class=\"elementor-container elementor-column-gap-default\">\n\t\t\t\t\t<div class=\"elementor-column elementor-col-100 elementor-inner-column elementor-element elementor-element-4ab27a6\" data-id=\"4ab27a6\" data-element_type=\"column\" data-e-type=\"column\">\n\t\t\t<div class=\"elementor-widget-wrap elementor-element-populated\">\n\t\t\t\t\t\t<div class=\"elementor-element elementor-element-97f0024 elementor-skin-coverflow elementor-arrows-yes elementor-pagination-type-bullets elementor-pagination-position-outside elementor-widget elementor-widget-media-carousel\" data-id=\"97f0024\" data-element_type=\"widget\" data-e-type=\"widget\" data-settings=\"{&quot;skin&quot;:&quot;coverflow&quot;,&quot;space_between&quot;:{&quot;unit&quot;:&quot;px&quot;,&quot;size&quot;:11,&quot;sizes&quot;:[]},&quot;show_arrows&quot;:&quot;yes&quot;,&quot;pagination&quot;:&quot;bullets&quot;,&quot;speed&quot;:500,&quot;autoplay&quot;:&quot;yes&quot;,&quot;autoplay_speed&quot;:5000,&quot;loop&quot;:&quot;yes&quot;,&quot;pause_on_hover&quot;:&quot;yes&quot;,&quot;pause_on_interaction&quot;:&quot;yes&quot;,&quot;space_between_tablet&quot;:{&quot;unit&quot;:&quot;px&quot;,&quot;size&quot;:10,&quot;sizes&quot;:[]},&quot;space_between_mobile&quot;:{&quot;unit&quot;:&quot;px&quot;,&quot;size&quot;:10,&quot;sizes&quot;:[]}}\" data-widget_type=\"media-carousel.default\">\n\t\t\t\t<div class=\"elementor-widget-container\">\n\t\t\t\t\t\t\t\t\t<div class=\"elementor-swiper\">\n\t\t\t\t\t<div class=\"elementor-main-swiper swiper\" role=\"region\" aria-roledescription=\"carousel\" aria-label=\"Slides\">\n\t\t\t\t<div class=\"swiper-wrapper\">\n\t\t\t\t\t\t\t\t\t\t\t<div class=\"swiper-slide\" role=\"group\" aria-roledescription=\"slide\">\n\t\t\t\t\t\t\t<a href=\"https:\/\/radatilly.gob.ar\/anp-punta-marques\/wp-content\/uploads\/sites\/6\/2020\/08\/6.3.jpg\" data-elementor-open-lightbox=\"yes\" data-elementor-lightbox-slideshow=\"97f0024\" data-e-action-hash=\"#elementor-action%3Aaction%3Dlightbox%26settings%3DeyJpZCI6ODA5LCJ1cmwiOiJodHRwczpcL1wvcmFkYXRpbGx5LmdvYi5hclwvd3AtY29udGVudFwvdXBsb2Fkc1wvc2l0ZXNcLzZcLzIwMjBcLzA4XC82LjMuanBnIiwic2xpZGVzaG93IjoiOTdmMDAyNCJ9\">\t\t<div class=\"elementor-carousel-image\" role=\"img\" aria-label=\"\" style=\"background-image: url(&#039;https:\/\/radatilly.gob.ar\/wp-content\/uploads\/sites\/6\/2020\/08\/6.3.jpg&#039;)\">\n\n\t\t\t\n\t\t\t\t\t<\/div>\n\t\t<\/a>\t\t\t\t\t\t<\/div>\n\t\t\t\t\t\t\t\t\t\t\t<div class=\"swiper-slide\" role=\"group\" aria-roledescription=\"slide\">\n\t\t\t\t\t\t\t<a href=\"https:\/\/radatilly.gob.ar\/anp-punta-marques\/wp-content\/uploads\/sites\/6\/2020\/08\/6.2.jpg\" data-elementor-open-lightbox=\"yes\" data-elementor-lightbox-slideshow=\"97f0024\" data-e-action-hash=\"#elementor-action%3Aaction%3Dlightbox%26settings%3DeyJpZCI6ODA4LCJ1cmwiOiJodHRwczpcL1wvcmFkYXRpbGx5LmdvYi5hclwvd3AtY29udGVudFwvdXBsb2Fkc1wvc2l0ZXNcLzZcLzIwMjBcLzA4XC82LjIuanBnIiwic2xpZGVzaG93IjoiOTdmMDAyNCJ9\">\t\t<div class=\"elementor-carousel-image\" role=\"img\" aria-label=\"\" style=\"background-image: url(&#039;https:\/\/radatilly.gob.ar\/wp-content\/uploads\/sites\/6\/2020\/08\/6.2.jpg&#039;)\">\n\n\t\t\t\n\t\t\t\t\t<\/div>\n\t\t<\/a>\t\t\t\t\t\t<\/div>\n\t\t\t\t\t\t\t\t\t\t\t<div class=\"swiper-slide\" role=\"group\" aria-roledescription=\"slide\">\n\t\t\t\t\t\t\t<a href=\"https:\/\/radatilly.gob.ar\/anp-punta-marques\/wp-content\/uploads\/sites\/6\/2020\/08\/6.4.jpg\" data-elementor-open-lightbox=\"yes\" data-elementor-lightbox-slideshow=\"97f0024\" data-e-action-hash=\"#elementor-action%3Aaction%3Dlightbox%26settings%3DeyJpZCI6ODA3LCJ1cmwiOiJodHRwczpcL1wvcmFkYXRpbGx5LmdvYi5hclwvd3AtY29udGVudFwvdXBsb2Fkc1wvc2l0ZXNcLzZcLzIwMjBcLzA4XC82LjQuanBnIiwic2xpZGVzaG93IjoiOTdmMDAyNCJ9\">\t\t<div class=\"elementor-carousel-image\" role=\"img\" aria-label=\"\" style=\"background-image: url(&#039;https:\/\/radatilly.gob.ar\/wp-content\/uploads\/sites\/6\/2020\/08\/6.4.jpg&#039;)\">\n\n\t\t\t\n\t\t\t\t\t<\/div>\n\t\t<\/a>\t\t\t\t\t\t<\/div>\n\t\t\t\t\t\t\t\t\t\t\t<div class=\"swiper-slide\" role=\"group\" aria-roledescription=\"slide\">\n\t\t\t\t\t\t\t<a href=\"https:\/\/radatilly.gob.ar\/anp-punta-marques\/wp-content\/uploads\/sites\/6\/2020\/08\/6.1.jpg\" data-elementor-open-lightbox=\"yes\" data-elementor-lightbox-slideshow=\"97f0024\" data-e-action-hash=\"#elementor-action%3Aaction%3Dlightbox%26settings%3DeyJpZCI6ODA2LCJ1cmwiOiJodHRwczpcL1wvcmFkYXRpbGx5LmdvYi5hclwvd3AtY29udGVudFwvdXBsb2Fkc1wvc2l0ZXNcLzZcLzIwMjBcLzA4XC82LjEuanBnIiwic2xpZGVzaG93IjoiOTdmMDAyNCJ9\">\t\t<div class=\"elementor-carousel-image\" role=\"img\" aria-label=\"\" style=\"background-image: url(&#039;https:\/\/radatilly.gob.ar\/wp-content\/uploads\/sites\/6\/2020\/08\/6.1.jpg&#039;)\">\n\n\t\t\t\n\t\t\t\t\t<\/div>\n\t\t<\/a>\t\t\t\t\t\t<\/div>\n\t\t\t\t\t\t\t\t\t<\/div>\n\t\t\t\t\t\t\t\t\t\t\t\t\t\t\t<div class=\"elementor-swiper-button elementor-swiper-button-prev\" role=\"button\" tabindex=\"0\" aria-label=\"Previous\">\n\t\t\t\t\t\t\t<i aria-hidden=\"true\" class=\"eicon-chevron-left\"><\/i>\t\t\t\t\t\t<\/div>\n\t\t\t\t\t\t<div class=\"elementor-swiper-button elementor-swiper-button-next\" role=\"button\" tabindex=\"0\" aria-label=\"Next\">\n\t\t\t\t\t\t\t<i aria-hidden=\"true\" class=\"eicon-chevron-right\"><\/i>\t\t\t\t\t\t<\/div>\n\t\t\t\t\t\t\t\t\t\t\t\t\t\t\t\t<div class=\"swiper-pagination\"><\/div>\n\t\t\t\t\t\t\t\t\t\t\t\t<\/div>\n\t\t\t\t<\/div>\n\t\t\t\t\t\t\t\t<\/div>\n\t\t\t\t<\/div>\n\t\t\t\t\t<\/div>\n\t\t<\/div>\n\t\t\t\t\t<\/div>\n\t\t<\/section>\n\t\t\t\t<section class=\"elementor-section elementor-inner-section elementor-element elementor-element-757c011 elementor-section-boxed elementor-section-height-default elementor-section-height-default wpr-particle-no wpr-jarallax-no wpr-parallax-no wpr-sticky-section-no\" data-id=\"757c011\" data-element_type=\"section\" data-e-type=\"section\" data-settings=\"{&quot;_ha_eqh_enable&quot;:false}\">\n\t\t\t\t\t\t<div class=\"elementor-container elementor-column-gap-default\">\n\t\t\t\t\t<div class=\"elementor-column elementor-col-50 elementor-inner-column elementor-element elementor-element-c04b21e\" data-id=\"c04b21e\" data-element_type=\"column\" data-e-type=\"column\">\n\t\t\t<div class=\"elementor-widget-wrap elementor-element-populated\">\n\t\t\t\t\t\t<div class=\"elementor-element elementor-element-ec72ecb elementor-widget elementor-widget-text-editor\" data-id=\"ec72ecb\" data-element_type=\"widget\" data-e-type=\"widget\" data-widget_type=\"text-editor.default\">\n\t\t\t\t<div class=\"elementor-widget-container\">\n\t\t\t\t\t\t\t\t\t<p><b data-stringify-type=\"bold\"><i data-stringify-type=\"italic\">Halc\u00f3n peregrino (Falco peregrinus)<\/i><\/b><br \/><i data-stringify-type=\"italic\">Ave rapaz de cabeza negra, dorso plomizo, cola gris y negra y vientre blanco. Se alimenta de aves las cuales captura con vuelos r\u00e1pidos y acrob\u00e1ticos, llegando a alcanzar 280 km\/h en picada. Nidifica en paredones o acantilados sobre costas marinas, lagos y r\u00edos.<\/i><\/p>\t\t\t\t\t\t\t\t<\/div>\n\t\t\t\t<\/div>\n\t\t\t\t\t<\/div>\n\t\t<\/div>\n\t\t\t\t<div class=\"elementor-column elementor-col-50 elementor-inner-column elementor-element elementor-element-01a2885\" data-id=\"01a2885\" data-element_type=\"column\" data-e-type=\"column\">\n\t\t\t<div class=\"elementor-widget-wrap elementor-element-populated\">\n\t\t\t\t\t\t<div class=\"elementor-element elementor-element-cc88ac0 elementor-widget elementor-widget-text-editor\" data-id=\"cc88ac0\" data-element_type=\"widget\" data-e-type=\"widget\" data-widget_type=\"text-editor.default\">\n\t\t\t\t<div class=\"elementor-widget-container\">\n\t\t\t\t\t\t\t\t\t<p><strong><em>Peregrine falcon (Falco peregrinus)<br \/><\/em><\/strong><em>Bird of prey with a black head, leaden back, gray and black tail and a white belly. It feeds on birds which it captures with rapid and acrobatic flights, reaching a 280 km\/h downhill .\u00a0 It nests on walls or cliffs on seacoasts, lakes and rivers.<\/em><\/p>\t\t\t\t\t\t\t\t<\/div>\n\t\t\t\t<\/div>\n\t\t\t\t\t<\/div>\n\t\t<\/div>\n\t\t\t\t\t<\/div>\n\t\t<\/section>\n\t\t\t\t<section class=\"elementor-section elementor-inner-section elementor-element elementor-element-54e1aec elementor-section-boxed elementor-section-height-default elementor-section-height-default wpr-particle-no wpr-jarallax-no wpr-parallax-no wpr-sticky-section-no\" data-id=\"54e1aec\" data-element_type=\"section\" data-e-type=\"section\" data-settings=\"{&quot;_ha_eqh_enable&quot;:false}\">\n\t\t\t\t\t\t<div class=\"elementor-container elementor-column-gap-default\">\n\t\t\t\t\t<div class=\"elementor-column elementor-col-100 elementor-inner-column elementor-element elementor-element-7078474\" data-id=\"7078474\" data-element_type=\"column\" data-e-type=\"column\">\n\t\t\t<div class=\"elementor-widget-wrap elementor-element-populated\">\n\t\t\t\t\t\t<div class=\"elementor-element elementor-element-669d748 elementor-skin-coverflow elementor-arrows-yes elementor-pagination-type-bullets elementor-pagination-position-outside elementor-widget elementor-widget-media-carousel\" data-id=\"669d748\" data-element_type=\"widget\" data-e-type=\"widget\" data-settings=\"{&quot;skin&quot;:&quot;coverflow&quot;,&quot;space_between&quot;:{&quot;unit&quot;:&quot;px&quot;,&quot;size&quot;:11,&quot;sizes&quot;:[]},&quot;show_arrows&quot;:&quot;yes&quot;,&quot;pagination&quot;:&quot;bullets&quot;,&quot;speed&quot;:500,&quot;autoplay&quot;:&quot;yes&quot;,&quot;autoplay_speed&quot;:5000,&quot;loop&quot;:&quot;yes&quot;,&quot;pause_on_hover&quot;:&quot;yes&quot;,&quot;pause_on_interaction&quot;:&quot;yes&quot;,&quot;space_between_tablet&quot;:{&quot;unit&quot;:&quot;px&quot;,&quot;size&quot;:10,&quot;sizes&quot;:[]},&quot;space_between_mobile&quot;:{&quot;unit&quot;:&quot;px&quot;,&quot;size&quot;:10,&quot;sizes&quot;:[]}}\" data-widget_type=\"media-carousel.default\">\n\t\t\t\t<div class=\"elementor-widget-container\">\n\t\t\t\t\t\t\t\t\t<div class=\"elementor-swiper\">\n\t\t\t\t\t<div class=\"elementor-main-swiper swiper\" role=\"region\" aria-roledescription=\"carousel\" aria-label=\"Slides\">\n\t\t\t\t<div class=\"swiper-wrapper\">\n\t\t\t\t\t\t\t\t\t\t\t<div class=\"swiper-slide\" role=\"group\" aria-roledescription=\"slide\">\n\t\t\t\t\t\t\t<a href=\"https:\/\/radatilly.gob.ar\/anp-punta-marques\/wp-content\/uploads\/sites\/6\/2020\/08\/7.1.jpg\" data-elementor-open-lightbox=\"yes\" data-elementor-lightbox-slideshow=\"669d748\" data-e-action-hash=\"#elementor-action%3Aaction%3Dlightbox%26settings%3DeyJpZCI6ODE0LCJ1cmwiOiJodHRwczpcL1wvcmFkYXRpbGx5LmdvYi5hclwvd3AtY29udGVudFwvdXBsb2Fkc1wvc2l0ZXNcLzZcLzIwMjBcLzA4XC83LjEuanBnIiwic2xpZGVzaG93IjoiNjY5ZDc0OCJ9\">\t\t<div class=\"elementor-carousel-image\" role=\"img\" aria-label=\"\" style=\"background-image: url(&#039;https:\/\/radatilly.gob.ar\/wp-content\/uploads\/sites\/6\/2020\/08\/7.1.jpg&#039;)\">\n\n\t\t\t\n\t\t\t\t\t<\/div>\n\t\t<\/a>\t\t\t\t\t\t<\/div>\n\t\t\t\t\t\t\t\t\t\t\t<div class=\"swiper-slide\" role=\"group\" aria-roledescription=\"slide\">\n\t\t\t\t\t\t\t<a href=\"https:\/\/radatilly.gob.ar\/anp-punta-marques\/wp-content\/uploads\/sites\/6\/2020\/08\/7.2.jpg\" data-elementor-open-lightbox=\"yes\" data-elementor-lightbox-slideshow=\"669d748\" data-e-action-hash=\"#elementor-action%3Aaction%3Dlightbox%26settings%3DeyJpZCI6ODEzLCJ1cmwiOiJodHRwczpcL1wvcmFkYXRpbGx5LmdvYi5hclwvd3AtY29udGVudFwvdXBsb2Fkc1wvc2l0ZXNcLzZcLzIwMjBcLzA4XC83LjIuanBnIiwic2xpZGVzaG93IjoiNjY5ZDc0OCJ9\">\t\t<div class=\"elementor-carousel-image\" role=\"img\" aria-label=\"\" style=\"background-image: url(&#039;https:\/\/radatilly.gob.ar\/wp-content\/uploads\/sites\/6\/2020\/08\/7.2.jpg&#039;)\">\n\n\t\t\t\n\t\t\t\t\t<\/div>\n\t\t<\/a>\t\t\t\t\t\t<\/div>\n\t\t\t\t\t\t\t\t\t\t\t<div class=\"swiper-slide\" role=\"group\" aria-roledescription=\"slide\">\n\t\t\t\t\t\t\t<a href=\"https:\/\/radatilly.gob.ar\/anp-punta-marques\/wp-content\/uploads\/sites\/6\/2020\/08\/7.3.jpg\" data-elementor-open-lightbox=\"yes\" data-elementor-lightbox-slideshow=\"669d748\" data-e-action-hash=\"#elementor-action%3Aaction%3Dlightbox%26settings%3DeyJpZCI6ODEyLCJ1cmwiOiJodHRwczpcL1wvcmFkYXRpbGx5LmdvYi5hclwvd3AtY29udGVudFwvdXBsb2Fkc1wvc2l0ZXNcLzZcLzIwMjBcLzA4XC83LjMuanBnIiwic2xpZGVzaG93IjoiNjY5ZDc0OCJ9\">\t\t<div class=\"elementor-carousel-image\" role=\"img\" aria-label=\"\" style=\"background-image: url(&#039;https:\/\/radatilly.gob.ar\/wp-content\/uploads\/sites\/6\/2020\/08\/7.3.jpg&#039;)\">\n\n\t\t\t\n\t\t\t\t\t<\/div>\n\t\t<\/a>\t\t\t\t\t\t<\/div>\n\t\t\t\t\t\t\t\t\t<\/div>\n\t\t\t\t\t\t\t\t\t\t\t\t\t\t\t<div class=\"elementor-swiper-button elementor-swiper-button-prev\" role=\"button\" tabindex=\"0\" aria-label=\"Previous\">\n\t\t\t\t\t\t\t<i aria-hidden=\"true\" class=\"eicon-chevron-left\"><\/i>\t\t\t\t\t\t<\/div>\n\t\t\t\t\t\t<div class=\"elementor-swiper-button elementor-swiper-button-next\" role=\"button\" tabindex=\"0\" aria-label=\"Next\">\n\t\t\t\t\t\t\t<i aria-hidden=\"true\" class=\"eicon-chevron-right\"><\/i>\t\t\t\t\t\t<\/div>\n\t\t\t\t\t\t\t\t\t\t\t\t\t\t\t\t<div class=\"swiper-pagination\"><\/div>\n\t\t\t\t\t\t\t\t\t\t\t\t<\/div>\n\t\t\t\t<\/div>\n\t\t\t\t\t\t\t\t<\/div>\n\t\t\t\t<\/div>\n\t\t\t\t\t<\/div>\n\t\t<\/div>\n\t\t\t\t\t<\/div>\n\t\t<\/section>\n\t\t\t\t<section class=\"elementor-section elementor-inner-section elementor-element elementor-element-3a65a9b elementor-section-boxed elementor-section-height-default elementor-section-height-default wpr-particle-no wpr-jarallax-no wpr-parallax-no wpr-sticky-section-no\" data-id=\"3a65a9b\" data-element_type=\"section\" data-e-type=\"section\" data-settings=\"{&quot;_ha_eqh_enable&quot;:false}\">\n\t\t\t\t\t\t<div class=\"elementor-container elementor-column-gap-default\">\n\t\t\t\t\t<div class=\"elementor-column elementor-col-50 elementor-inner-column elementor-element elementor-element-37b5fc3\" data-id=\"37b5fc3\" data-element_type=\"column\" data-e-type=\"column\">\n\t\t\t<div class=\"elementor-widget-wrap elementor-element-populated\">\n\t\t\t\t\t\t<div class=\"elementor-element elementor-element-a993d54 elementor-widget elementor-widget-text-editor\" data-id=\"a993d54\" data-element_type=\"widget\" data-e-type=\"widget\" data-widget_type=\"text-editor.default\">\n\t\t\t\t<div class=\"elementor-widget-container\">\n\t\t\t\t\t\t\t\t\t<p><b data-stringify-type=\"bold\"><i data-stringify-type=\"italic\">Halconcito colorado (Falco sparverius)<\/i><\/b><br \/><i data-stringify-type=\"italic\">Tambi\u00e9n conocido como cern\u00edcalo americano, halconcito colorado o cuyaya, falc\u00f3n com\u00fan o quilico. Habita gran parte de Am\u00e9rica, desde Canad\u00e1 hasta Tierra del Fuego.\u00a0<\/i><br \/><i data-stringify-type=\"italic\">Se alimenta de insectos, roedores, otras aves, anfibios, reptiles peque\u00f1os. Habita \u00e1reas abiertas, rurales bosques, arboledas y poblados.<\/i><\/p>\t\t\t\t\t\t\t\t<\/div>\n\t\t\t\t<\/div>\n\t\t\t\t\t<\/div>\n\t\t<\/div>\n\t\t\t\t<div class=\"elementor-column elementor-col-50 elementor-inner-column elementor-element elementor-element-2c7db96\" data-id=\"2c7db96\" data-element_type=\"column\" data-e-type=\"column\">\n\t\t\t<div class=\"elementor-widget-wrap elementor-element-populated\">\n\t\t\t\t\t\t<div class=\"elementor-element elementor-element-11adc48 elementor-widget elementor-widget-text-editor\" data-id=\"11adc48\" data-element_type=\"widget\" data-e-type=\"widget\" data-widget_type=\"text-editor.default\">\n\t\t\t\t<div class=\"elementor-widget-container\">\n\t\t\t\t\t\t\t\t\t<p><strong><em>American krestel (Falco sparverius)<br \/><\/em><\/strong><em>Also known as American kestrel, red hawk, common falcon or quilico. It inhabits much of America, from Canada to Tierra del Fuego.<br \/><\/em><em>It feeds on insects, rodents, other birds, amphibians and small reptiles. It inhabits open areas, rural forests, groves and villages.<\/em><\/p>\t\t\t\t\t\t\t\t<\/div>\n\t\t\t\t<\/div>\n\t\t\t\t\t<\/div>\n\t\t<\/div>\n\t\t\t\t\t<\/div>\n\t\t<\/section>\n\t\t\t\t<section class=\"elementor-section elementor-inner-section elementor-element elementor-element-1a37f5d elementor-section-boxed elementor-section-height-default elementor-section-height-default wpr-particle-no wpr-jarallax-no wpr-parallax-no wpr-sticky-section-no\" data-id=\"1a37f5d\" data-element_type=\"section\" data-e-type=\"section\" data-settings=\"{&quot;_ha_eqh_enable&quot;:false}\">\n\t\t\t\t\t\t<div class=\"elementor-container elementor-column-gap-default\">\n\t\t\t\t\t<div class=\"elementor-column elementor-col-100 elementor-inner-column elementor-element elementor-element-c336eda\" data-id=\"c336eda\" data-element_type=\"column\" data-e-type=\"column\">\n\t\t\t<div class=\"elementor-widget-wrap elementor-element-populated\">\n\t\t\t\t\t\t<div class=\"elementor-element elementor-element-85cdf0b elementor-skin-coverflow elementor-arrows-yes elementor-pagination-type-bullets elementor-pagination-position-outside elementor-widget elementor-widget-media-carousel\" data-id=\"85cdf0b\" data-element_type=\"widget\" data-e-type=\"widget\" data-settings=\"{&quot;skin&quot;:&quot;coverflow&quot;,&quot;space_between&quot;:{&quot;unit&quot;:&quot;px&quot;,&quot;size&quot;:11,&quot;sizes&quot;:[]},&quot;show_arrows&quot;:&quot;yes&quot;,&quot;pagination&quot;:&quot;bullets&quot;,&quot;speed&quot;:500,&quot;autoplay&quot;:&quot;yes&quot;,&quot;autoplay_speed&quot;:5000,&quot;loop&quot;:&quot;yes&quot;,&quot;pause_on_hover&quot;:&quot;yes&quot;,&quot;pause_on_interaction&quot;:&quot;yes&quot;,&quot;space_between_tablet&quot;:{&quot;unit&quot;:&quot;px&quot;,&quot;size&quot;:10,&quot;sizes&quot;:[]},&quot;space_between_mobile&quot;:{&quot;unit&quot;:&quot;px&quot;,&quot;size&quot;:10,&quot;sizes&quot;:[]}}\" data-widget_type=\"media-carousel.default\">\n\t\t\t\t<div class=\"elementor-widget-container\">\n\t\t\t\t\t\t\t\t\t<div class=\"elementor-swiper\">\n\t\t\t\t\t<div class=\"elementor-main-swiper swiper\" role=\"region\" aria-roledescription=\"carousel\" aria-label=\"Slides\">\n\t\t\t\t<div class=\"swiper-wrapper\">\n\t\t\t\t\t\t\t\t\t\t\t<div class=\"swiper-slide\" role=\"group\" aria-roledescription=\"slide\">\n\t\t\t\t\t\t\t<a href=\"https:\/\/radatilly.gob.ar\/anp-punta-marques\/wp-content\/uploads\/sites\/6\/2020\/08\/8.1.jpg\" data-elementor-open-lightbox=\"yes\" data-elementor-lightbox-slideshow=\"85cdf0b\" data-e-action-hash=\"#elementor-action%3Aaction%3Dlightbox%26settings%3DeyJpZCI6ODE3LCJ1cmwiOiJodHRwczpcL1wvcmFkYXRpbGx5LmdvYi5hclwvd3AtY29udGVudFwvdXBsb2Fkc1wvc2l0ZXNcLzZcLzIwMjBcLzA4XC84LjEuanBnIiwic2xpZGVzaG93IjoiODVjZGYwYiJ9\">\t\t<div class=\"elementor-carousel-image\" role=\"img\" aria-label=\"\" style=\"background-image: url(&#039;https:\/\/radatilly.gob.ar\/wp-content\/uploads\/sites\/6\/2020\/08\/8.1.jpg&#039;)\">\n\n\t\t\t\n\t\t\t\t\t<\/div>\n\t\t<\/a>\t\t\t\t\t\t<\/div>\n\t\t\t\t\t\t\t\t\t\t\t<div class=\"swiper-slide\" role=\"group\" aria-roledescription=\"slide\">\n\t\t\t\t\t\t\t<a href=\"https:\/\/radatilly.gob.ar\/anp-punta-marques\/wp-content\/uploads\/sites\/6\/2020\/08\/8.2.jpg\" data-elementor-open-lightbox=\"yes\" data-elementor-lightbox-slideshow=\"85cdf0b\" data-e-action-hash=\"#elementor-action%3Aaction%3Dlightbox%26settings%3DeyJpZCI6ODE2LCJ1cmwiOiJodHRwczpcL1wvcmFkYXRpbGx5LmdvYi5hclwvd3AtY29udGVudFwvdXBsb2Fkc1wvc2l0ZXNcLzZcLzIwMjBcLzA4XC84LjIuanBnIiwic2xpZGVzaG93IjoiODVjZGYwYiJ9\">\t\t<div class=\"elementor-carousel-image\" role=\"img\" aria-label=\"\" style=\"background-image: url(&#039;https:\/\/radatilly.gob.ar\/wp-content\/uploads\/sites\/6\/2020\/08\/8.2.jpg&#039;)\">\n\n\t\t\t\n\t\t\t\t\t<\/div>\n\t\t<\/a>\t\t\t\t\t\t<\/div>\n\t\t\t\t\t\t\t\t\t<\/div>\n\t\t\t\t\t\t\t\t\t\t\t\t\t\t\t<div class=\"elementor-swiper-button elementor-swiper-button-prev\" role=\"button\" tabindex=\"0\" aria-label=\"Previous\">\n\t\t\t\t\t\t\t<i aria-hidden=\"true\" class=\"eicon-chevron-left\"><\/i>\t\t\t\t\t\t<\/div>\n\t\t\t\t\t\t<div class=\"elementor-swiper-button elementor-swiper-button-next\" role=\"button\" tabindex=\"0\" aria-label=\"Next\">\n\t\t\t\t\t\t\t<i aria-hidden=\"true\" class=\"eicon-chevron-right\"><\/i>\t\t\t\t\t\t<\/div>\n\t\t\t\t\t\t\t\t\t\t\t\t\t\t\t\t<div class=\"swiper-pagination\"><\/div>\n\t\t\t\t\t\t\t\t\t\t\t\t<\/div>\n\t\t\t\t<\/div>\n\t\t\t\t\t\t\t\t<\/div>\n\t\t\t\t<\/div>\n\t\t\t\t\t<\/div>\n\t\t<\/div>\n\t\t\t\t\t<\/div>\n\t\t<\/section>\n\t\t\t\t<section class=\"elementor-section elementor-inner-section elementor-element elementor-element-b386806 elementor-section-boxed elementor-section-height-default elementor-section-height-default wpr-particle-no wpr-jarallax-no wpr-parallax-no wpr-sticky-section-no\" data-id=\"b386806\" data-element_type=\"section\" data-e-type=\"section\" data-settings=\"{&quot;_ha_eqh_enable&quot;:false}\">\n\t\t\t\t\t\t<div class=\"elementor-container elementor-column-gap-default\">\n\t\t\t\t\t<div class=\"elementor-column elementor-col-50 elementor-inner-column elementor-element elementor-element-8962e04\" data-id=\"8962e04\" data-element_type=\"column\" data-e-type=\"column\">\n\t\t\t<div class=\"elementor-widget-wrap elementor-element-populated\">\n\t\t\t\t\t\t<div class=\"elementor-element elementor-element-4c5968e elementor-widget elementor-widget-text-editor\" data-id=\"4c5968e\" data-element_type=\"widget\" data-e-type=\"widget\" data-widget_type=\"text-editor.default\">\n\t\t\t\t<div class=\"elementor-widget-container\">\n\t\t\t\t\t\t\t\t\t<p><b data-stringify-type=\"bold\"><i data-stringify-type=\"italic\">Aguilucho com\u00fan (Geranoaetus polyosoma)<\/i><\/b><br \/><i data-stringify-type=\"italic\">Ave mediana, robusta y de amplia distribuci\u00f3n en Patagonia. Los patrones de coloraci\u00f3n son muy variables por presentar distintos morfos de coloraci\u00f3n y diformismo sexual. Vive en pareja o grupos familiares, desconfiado y territorial. Depredador generalista de mam\u00edferos. Los roedores, como ratones y cuises, y las cr\u00edas de liebres son las presas m\u00e1s frecuentes en su dieta, entre otras.<\/i><br \/><i data-stringify-type=\"italic\">Habita diversos ambientes, preferentemente zonas con estepas arbustivas. Desde el nivel del mar hasta los 3200 msnm.<\/i><\/p>\t\t\t\t\t\t\t\t<\/div>\n\t\t\t\t<\/div>\n\t\t\t\t\t<\/div>\n\t\t<\/div>\n\t\t\t\t<div class=\"elementor-column elementor-col-50 elementor-inner-column elementor-element elementor-element-fbd29a7\" data-id=\"fbd29a7\" data-element_type=\"column\" data-e-type=\"column\">\n\t\t\t<div class=\"elementor-widget-wrap elementor-element-populated\">\n\t\t\t\t\t\t<div class=\"elementor-element elementor-element-d747120 elementor-widget elementor-widget-text-editor\" data-id=\"d747120\" data-element_type=\"widget\" data-e-type=\"widget\" data-widget_type=\"text-editor.default\">\n\t\t\t\t<div class=\"elementor-widget-container\">\n\t\t\t\t\t\t\t\t\t<p><strong><em>Red-backed hawk (Geranoaetus polyosoma<\/em><\/strong><em>)<br \/><\/em><em>Medium robust bird from Patagonia. It comes in different variet\u00e9s of tones. It lives in family groups. It is distrustful and has its territorial organization. It is a predator of mammals: the most common animal preys are : mice, cuis, baby hares.<br \/><\/em><em>It lives in many environments. It prefers shrub steppes from sea level to 3200 above sea level .<\/em><\/p>\t\t\t\t\t\t\t\t<\/div>\n\t\t\t\t<\/div>\n\t\t\t\t\t<\/div>\n\t\t<\/div>\n\t\t\t\t\t<\/div>\n\t\t<\/section>\n\t\t\t\t<section class=\"elementor-section elementor-inner-section elementor-element elementor-element-23efc68 elementor-section-boxed elementor-section-height-default elementor-section-height-default wpr-particle-no wpr-jarallax-no wpr-parallax-no wpr-sticky-section-no\" data-id=\"23efc68\" data-element_type=\"section\" data-e-type=\"section\" data-settings=\"{&quot;_ha_eqh_enable&quot;:false}\">\n\t\t\t\t\t\t<div class=\"elementor-container elementor-column-gap-default\">\n\t\t\t\t\t<div class=\"elementor-column elementor-col-100 elementor-inner-column elementor-element elementor-element-97ddabc\" data-id=\"97ddabc\" data-element_type=\"column\" data-e-type=\"column\">\n\t\t\t<div class=\"elementor-widget-wrap elementor-element-populated\">\n\t\t\t\t\t\t<div class=\"elementor-element elementor-element-4ab6b9f elementor-skin-coverflow elementor-arrows-yes elementor-pagination-type-bullets elementor-pagination-position-outside elementor-widget elementor-widget-media-carousel\" data-id=\"4ab6b9f\" data-element_type=\"widget\" data-e-type=\"widget\" data-settings=\"{&quot;skin&quot;:&quot;coverflow&quot;,&quot;space_between&quot;:{&quot;unit&quot;:&quot;px&quot;,&quot;size&quot;:11,&quot;sizes&quot;:[]},&quot;show_arrows&quot;:&quot;yes&quot;,&quot;pagination&quot;:&quot;bullets&quot;,&quot;speed&quot;:500,&quot;autoplay&quot;:&quot;yes&quot;,&quot;autoplay_speed&quot;:5000,&quot;loop&quot;:&quot;yes&quot;,&quot;pause_on_hover&quot;:&quot;yes&quot;,&quot;pause_on_interaction&quot;:&quot;yes&quot;,&quot;space_between_tablet&quot;:{&quot;unit&quot;:&quot;px&quot;,&quot;size&quot;:10,&quot;sizes&quot;:[]},&quot;space_between_mobile&quot;:{&quot;unit&quot;:&quot;px&quot;,&quot;size&quot;:10,&quot;sizes&quot;:[]}}\" data-widget_type=\"media-carousel.default\">\n\t\t\t\t<div class=\"elementor-widget-container\">\n\t\t\t\t\t\t\t\t\t<div class=\"elementor-swiper\">\n\t\t\t\t\t<div class=\"elementor-main-swiper swiper\" role=\"region\" aria-roledescription=\"carousel\" aria-label=\"Slides\">\n\t\t\t\t<div class=\"swiper-wrapper\">\n\t\t\t\t\t\t\t\t\t\t\t<div class=\"swiper-slide\" role=\"group\" aria-roledescription=\"slide\">\n\t\t\t\t\t\t\t<a href=\"https:\/\/radatilly.gob.ar\/anp-punta-marques\/wp-content\/uploads\/sites\/6\/2020\/08\/9.3.jpg\" data-elementor-open-lightbox=\"yes\" data-elementor-lightbox-slideshow=\"4ab6b9f\" data-e-action-hash=\"#elementor-action%3Aaction%3Dlightbox%26settings%3DeyJpZCI6ODI1LCJ1cmwiOiJodHRwczpcL1wvcmFkYXRpbGx5LmdvYi5hclwvd3AtY29udGVudFwvdXBsb2Fkc1wvc2l0ZXNcLzZcLzIwMjBcLzA4XC85LjMuanBnIiwic2xpZGVzaG93IjoiNGFiNmI5ZiJ9\">\t\t<div class=\"elementor-carousel-image\" role=\"img\" aria-label=\"\" style=\"background-image: url(&#039;https:\/\/radatilly.gob.ar\/wp-content\/uploads\/sites\/6\/2020\/08\/9.3.jpg&#039;)\">\n\n\t\t\t\n\t\t\t\t\t<\/div>\n\t\t<\/a>\t\t\t\t\t\t<\/div>\n\t\t\t\t\t\t\t\t\t\t\t<div class=\"swiper-slide\" role=\"group\" aria-roledescription=\"slide\">\n\t\t\t\t\t\t\t<a href=\"https:\/\/radatilly.gob.ar\/anp-punta-marques\/wp-content\/uploads\/sites\/6\/2020\/08\/9.5.jpg\" data-elementor-open-lightbox=\"yes\" data-elementor-lightbox-slideshow=\"4ab6b9f\" data-e-action-hash=\"#elementor-action%3Aaction%3Dlightbox%26settings%3DeyJpZCI6ODI0LCJ1cmwiOiJodHRwczpcL1wvcmFkYXRpbGx5LmdvYi5hclwvd3AtY29udGVudFwvdXBsb2Fkc1wvc2l0ZXNcLzZcLzIwMjBcLzA4XC85LjUuanBnIiwic2xpZGVzaG93IjoiNGFiNmI5ZiJ9\">\t\t<div class=\"elementor-carousel-image\" role=\"img\" aria-label=\"\" style=\"background-image: url(&#039;https:\/\/radatilly.gob.ar\/wp-content\/uploads\/sites\/6\/2020\/08\/9.5.jpg&#039;)\">\n\n\t\t\t\n\t\t\t\t\t<\/div>\n\t\t<\/a>\t\t\t\t\t\t<\/div>\n\t\t\t\t\t\t\t\t\t\t\t<div class=\"swiper-slide\" role=\"group\" aria-roledescription=\"slide\">\n\t\t\t\t\t\t\t<a href=\"https:\/\/radatilly.gob.ar\/anp-punta-marques\/wp-content\/uploads\/sites\/6\/2020\/08\/9.4.jpg\" data-elementor-open-lightbox=\"yes\" data-elementor-lightbox-slideshow=\"4ab6b9f\" data-e-action-hash=\"#elementor-action%3Aaction%3Dlightbox%26settings%3DeyJpZCI6ODIzLCJ1cmwiOiJodHRwczpcL1wvcmFkYXRpbGx5LmdvYi5hclwvd3AtY29udGVudFwvdXBsb2Fkc1wvc2l0ZXNcLzZcLzIwMjBcLzA4XC85LjQuanBnIiwic2xpZGVzaG93IjoiNGFiNmI5ZiJ9\">\t\t<div class=\"elementor-carousel-image\" role=\"img\" aria-label=\"\" style=\"background-image: url(&#039;https:\/\/radatilly.gob.ar\/wp-content\/uploads\/sites\/6\/2020\/08\/9.4.jpg&#039;)\">\n\n\t\t\t\n\t\t\t\t\t<\/div>\n\t\t<\/a>\t\t\t\t\t\t<\/div>\n\t\t\t\t\t\t\t\t\t\t\t<div class=\"swiper-slide\" role=\"group\" aria-roledescription=\"slide\">\n\t\t\t\t\t\t\t<a href=\"https:\/\/radatilly.gob.ar\/anp-punta-marques\/wp-content\/uploads\/sites\/6\/2020\/08\/9.1.jpg\" data-elementor-open-lightbox=\"yes\" data-elementor-lightbox-slideshow=\"4ab6b9f\" data-e-action-hash=\"#elementor-action%3Aaction%3Dlightbox%26settings%3DeyJpZCI6ODIyLCJ1cmwiOiJodHRwczpcL1wvcmFkYXRpbGx5LmdvYi5hclwvd3AtY29udGVudFwvdXBsb2Fkc1wvc2l0ZXNcLzZcLzIwMjBcLzA4XC85LjEuanBnIiwic2xpZGVzaG93IjoiNGFiNmI5ZiJ9\">\t\t<div class=\"elementor-carousel-image\" role=\"img\" aria-label=\"\" style=\"background-image: url(&#039;https:\/\/radatilly.gob.ar\/wp-content\/uploads\/sites\/6\/2020\/08\/9.1.jpg&#039;)\">\n\n\t\t\t\n\t\t\t\t\t<\/div>\n\t\t<\/a>\t\t\t\t\t\t<\/div>\n\t\t\t\t\t\t\t\t\t\t\t<div class=\"swiper-slide\" role=\"group\" aria-roledescription=\"slide\">\n\t\t\t\t\t\t\t<a href=\"https:\/\/radatilly.gob.ar\/anp-punta-marques\/wp-content\/uploads\/sites\/6\/2020\/08\/9.2.jpg\" data-elementor-open-lightbox=\"yes\" data-elementor-lightbox-slideshow=\"4ab6b9f\" data-e-action-hash=\"#elementor-action%3Aaction%3Dlightbox%26settings%3DeyJpZCI6ODIxLCJ1cmwiOiJodHRwczpcL1wvcmFkYXRpbGx5LmdvYi5hclwvd3AtY29udGVudFwvdXBsb2Fkc1wvc2l0ZXNcLzZcLzIwMjBcLzA4XC85LjIuanBnIiwic2xpZGVzaG93IjoiNGFiNmI5ZiJ9\">\t\t<div class=\"elementor-carousel-image\" role=\"img\" aria-label=\"\" style=\"background-image: url(&#039;https:\/\/radatilly.gob.ar\/wp-content\/uploads\/sites\/6\/2020\/08\/9.2.jpg&#039;)\">\n\n\t\t\t\n\t\t\t\t\t<\/div>\n\t\t<\/a>\t\t\t\t\t\t<\/div>\n\t\t\t\t\t\t\t\t\t<\/div>\n\t\t\t\t\t\t\t\t\t\t\t\t\t\t\t<div class=\"elementor-swiper-button elementor-swiper-button-prev\" role=\"button\" tabindex=\"0\" aria-label=\"Previous\">\n\t\t\t\t\t\t\t<i aria-hidden=\"true\" class=\"eicon-chevron-left\"><\/i>\t\t\t\t\t\t<\/div>\n\t\t\t\t\t\t<div class=\"elementor-swiper-button elementor-swiper-button-next\" role=\"button\" tabindex=\"0\" aria-label=\"Next\">\n\t\t\t\t\t\t\t<i aria-hidden=\"true\" class=\"eicon-chevron-right\"><\/i>\t\t\t\t\t\t<\/div>\n\t\t\t\t\t\t\t\t\t\t\t\t\t\t\t\t<div class=\"swiper-pagination\"><\/div>\n\t\t\t\t\t\t\t\t\t\t\t\t<\/div>\n\t\t\t\t<\/div>\n\t\t\t\t\t\t\t\t<\/div>\n\t\t\t\t<\/div>\n\t\t\t\t\t<\/div>\n\t\t<\/div>\n\t\t\t\t\t<\/div>\n\t\t<\/section>\n\t\t\t\t<section class=\"elementor-section elementor-inner-section elementor-element elementor-element-f7e291e elementor-section-boxed elementor-section-height-default elementor-section-height-default wpr-particle-no wpr-jarallax-no wpr-parallax-no wpr-sticky-section-no\" data-id=\"f7e291e\" data-element_type=\"section\" data-e-type=\"section\" data-settings=\"{&quot;_ha_eqh_enable&quot;:false}\">\n\t\t\t\t\t\t<div class=\"elementor-container elementor-column-gap-default\">\n\t\t\t\t\t<div class=\"elementor-column elementor-col-50 elementor-inner-column elementor-element elementor-element-b80cadd\" data-id=\"b80cadd\" data-element_type=\"column\" data-e-type=\"column\">\n\t\t\t<div class=\"elementor-widget-wrap elementor-element-populated\">\n\t\t\t\t\t\t<div class=\"elementor-element elementor-element-59871a2 elementor-widget elementor-widget-text-editor\" data-id=\"59871a2\" data-element_type=\"widget\" data-e-type=\"widget\" data-widget_type=\"text-editor.default\">\n\t\t\t\t<div class=\"elementor-widget-container\">\n\t\t\t\t\t\t\t\t\t<p><b data-stringify-type=\"bold\"><i data-stringify-type=\"italic\">Bandurrita Patag\u00f3nica (Ochetorhynchus phoenicurus)<\/i><\/b><br \/><i data-stringify-type=\"italic\">Ave peque\u00f1a de pico corto y recto, con cola rojiza y negra. Se distribuye por la Patagonia del sur y suroeste de Argentina, tanto en las laderas andinas como en la Costa Atl\u00e1ntica, su h\u00e1bitat natural son los matorrales de la estepa patag\u00f3nica. Su alimentaci\u00f3n consiste en semillas, frutas e insectos.<\/i><\/p>\t\t\t\t\t\t\t\t<\/div>\n\t\t\t\t<\/div>\n\t\t\t\t\t<\/div>\n\t\t<\/div>\n\t\t\t\t<div class=\"elementor-column elementor-col-50 elementor-inner-column elementor-element elementor-element-82e938c\" data-id=\"82e938c\" data-element_type=\"column\" data-e-type=\"column\">\n\t\t\t<div class=\"elementor-widget-wrap elementor-element-populated\">\n\t\t\t\t\t\t<div class=\"elementor-element elementor-element-422cccf elementor-widget elementor-widget-text-editor\" data-id=\"422cccf\" data-element_type=\"widget\" data-e-type=\"widget\" data-widget_type=\"text-editor.default\">\n\t\t\t\t<div class=\"elementor-widget-container\">\n\t\t\t\t\t\t\t\t\t<p><strong><em>Patagonian Bandurrita (Ochetorhynchus phoenicurus)<br \/><\/em><\/strong><em>Small bird with a short and straight beak, with a reddish and black tail. It lives throughout south and southwestern Argentinean Patagonia, both on the Andean slopes and on the Atlantic coast, its natural habitat is the scrublands of the Patagonian steppe. Its diet consists of seeds, fruits and insects.<\/em><\/p>\t\t\t\t\t\t\t\t<\/div>\n\t\t\t\t<\/div>\n\t\t\t\t\t<\/div>\n\t\t<\/div>\n\t\t\t\t\t<\/div>\n\t\t<\/section>\n\t\t\t\t<section class=\"elementor-section elementor-inner-section elementor-element elementor-element-500f64f elementor-section-boxed elementor-section-height-default elementor-section-height-default wpr-particle-no wpr-jarallax-no wpr-parallax-no wpr-sticky-section-no\" data-id=\"500f64f\" data-element_type=\"section\" data-e-type=\"section\" data-settings=\"{&quot;_ha_eqh_enable&quot;:false}\">\n\t\t\t\t\t\t<div class=\"elementor-container elementor-column-gap-default\">\n\t\t\t\t\t<div class=\"elementor-column elementor-col-100 elementor-inner-column elementor-element elementor-element-b4c41d0\" data-id=\"b4c41d0\" data-element_type=\"column\" data-e-type=\"column\">\n\t\t\t<div class=\"elementor-widget-wrap elementor-element-populated\">\n\t\t\t\t\t\t<div class=\"elementor-element elementor-element-dd2abc7 elementor-skin-coverflow elementor-arrows-yes elementor-pagination-type-bullets elementor-pagination-position-outside elementor-widget elementor-widget-media-carousel\" data-id=\"dd2abc7\" data-element_type=\"widget\" data-e-type=\"widget\" data-settings=\"{&quot;skin&quot;:&quot;coverflow&quot;,&quot;space_between&quot;:{&quot;unit&quot;:&quot;px&quot;,&quot;size&quot;:11,&quot;sizes&quot;:[]},&quot;show_arrows&quot;:&quot;yes&quot;,&quot;pagination&quot;:&quot;bullets&quot;,&quot;speed&quot;:500,&quot;autoplay&quot;:&quot;yes&quot;,&quot;autoplay_speed&quot;:5000,&quot;loop&quot;:&quot;yes&quot;,&quot;pause_on_hover&quot;:&quot;yes&quot;,&quot;pause_on_interaction&quot;:&quot;yes&quot;,&quot;space_between_tablet&quot;:{&quot;unit&quot;:&quot;px&quot;,&quot;size&quot;:10,&quot;sizes&quot;:[]},&quot;space_between_mobile&quot;:{&quot;unit&quot;:&quot;px&quot;,&quot;size&quot;:10,&quot;sizes&quot;:[]}}\" data-widget_type=\"media-carousel.default\">\n\t\t\t\t<div class=\"elementor-widget-container\">\n\t\t\t\t\t\t\t\t\t<div class=\"elementor-swiper\">\n\t\t\t\t\t<div class=\"elementor-main-swiper swiper\" role=\"region\" aria-roledescription=\"carousel\" aria-label=\"Slides\">\n\t\t\t\t<div class=\"swiper-wrapper\">\n\t\t\t\t\t\t\t\t\t\t\t<div class=\"swiper-slide\" role=\"group\" aria-roledescription=\"slide\">\n\t\t\t\t\t\t\t<a href=\"https:\/\/radatilly.gob.ar\/anp-punta-marques\/wp-content\/uploads\/sites\/6\/2020\/08\/10.1.jpg\" data-elementor-open-lightbox=\"yes\" data-elementor-lightbox-slideshow=\"dd2abc7\" data-e-action-hash=\"#elementor-action%3Aaction%3Dlightbox%26settings%3DeyJpZCI6ODI3LCJ1cmwiOiJodHRwczpcL1wvcmFkYXRpbGx5LmdvYi5hclwvd3AtY29udGVudFwvdXBsb2Fkc1wvc2l0ZXNcLzZcLzIwMjBcLzA4XC8xMC4xLmpwZyIsInNsaWRlc2hvdyI6ImRkMmFiYzcifQ%3D%3D\">\t\t<div class=\"elementor-carousel-image\" role=\"img\" aria-label=\"\" style=\"background-image: url(&#039;https:\/\/radatilly.gob.ar\/wp-content\/uploads\/sites\/6\/2020\/08\/10.1.jpg&#039;)\">\n\n\t\t\t\n\t\t\t\t\t<\/div>\n\t\t<\/a>\t\t\t\t\t\t<\/div>\n\t\t\t\t\t\t\t\t\t<\/div>\n\t\t\t\t\t\t\t<\/div>\n\t\t\t\t<\/div>\n\t\t\t\t\t\t\t\t<\/div>\n\t\t\t\t<\/div>\n\t\t\t\t\t<\/div>\n\t\t<\/div>\n\t\t\t\t\t<\/div>\n\t\t<\/section>\n\t\t\t\t<section class=\"elementor-section elementor-inner-section elementor-element elementor-element-f625ca6 elementor-section-boxed elementor-section-height-default elementor-section-height-default wpr-particle-no wpr-jarallax-no wpr-parallax-no wpr-sticky-section-no\" data-id=\"f625ca6\" data-element_type=\"section\" data-e-type=\"section\" data-settings=\"{&quot;_ha_eqh_enable&quot;:false}\">\n\t\t\t\t\t\t<div class=\"elementor-container elementor-column-gap-default\">\n\t\t\t\t\t<div class=\"elementor-column elementor-col-50 elementor-inner-column elementor-element elementor-element-45711c7\" data-id=\"45711c7\" data-element_type=\"column\" data-e-type=\"column\">\n\t\t\t<div class=\"elementor-widget-wrap elementor-element-populated\">\n\t\t\t\t\t\t<div class=\"elementor-element elementor-element-2f29053 elementor-widget elementor-widget-text-editor\" data-id=\"2f29053\" data-element_type=\"widget\" data-e-type=\"widget\" data-widget_type=\"text-editor.default\">\n\t\t\t\t<div class=\"elementor-widget-container\">\n\t\t\t\t\t\t\t\t\t<p><b data-stringify-type=\"bold\"><i data-stringify-type=\"italic\">Comesebo Andino (Phrygilus gayi)<\/i><\/b><br \/><i data-stringify-type=\"italic\">Uno de los p\u00e1jaros m\u00e1s coloridos y llamativos de Patagonia. Su tama\u00f1o es de 17 cm, la hembra de coloraci\u00f3n general m\u00e1s p\u00e1lida que el macho. Se los suele observar solos, en pareja o grupos que, en ocasiones, principalmente en invierno, llegan a los 100 ejemplares. Se alimenta en el suelo y en arbustos, principalmente de semillas, frutos e invertebrados.<\/i><br \/><i data-stringify-type=\"italic\">\u00a0Habita estepas arbustivas y de gram\u00edneas \u00e1ridas y semi\u00e1ridas. Su distribuci\u00f3n abarca desde Neuqu\u00e9n, oeste de Rio Negro y toda la provincial de Chubut incluso en cercan\u00edas del mar.<\/i><\/p>\t\t\t\t\t\t\t\t<\/div>\n\t\t\t\t<\/div>\n\t\t\t\t\t<\/div>\n\t\t<\/div>\n\t\t\t\t<div class=\"elementor-column elementor-col-50 elementor-inner-column elementor-element elementor-element-4865de4\" data-id=\"4865de4\" data-element_type=\"column\" data-e-type=\"column\">\n\t\t\t<div class=\"elementor-widget-wrap elementor-element-populated\">\n\t\t\t\t\t\t<div class=\"elementor-element elementor-element-15c26a8 elementor-widget elementor-widget-text-editor\" data-id=\"15c26a8\" data-element_type=\"widget\" data-e-type=\"widget\" data-widget_type=\"text-editor.default\">\n\t\t\t\t<div class=\"elementor-widget-container\">\n\t\t\t\t\t\t\t\t\t<p><strong><em>Grey Hooded Sierra-Finch (Phrygilus gayi)<br \/><\/em><\/strong><em>One of the most colorful and attractive birds of Patagonia.Its size is 17 cm, the female tone or coloration is lighter than the male. They could be in groups or alone and in Winter you can see 100 of them. It feeds on bushes, seeds, fruits and invertebrates.It lives in\u00a0 shrub steppes and arid and semi arid grass.They could be found in Neuquen, west of Rio Negro, Chubut and near the sea.<\/em><\/p>\t\t\t\t\t\t\t\t<\/div>\n\t\t\t\t<\/div>\n\t\t\t\t\t<\/div>\n\t\t<\/div>\n\t\t\t\t\t<\/div>\n\t\t<\/section>\n\t\t\t\t<section class=\"elementor-section elementor-inner-section elementor-element elementor-element-f092164 elementor-section-boxed elementor-section-height-default elementor-section-height-default wpr-particle-no wpr-jarallax-no wpr-parallax-no wpr-sticky-section-no\" data-id=\"f092164\" data-element_type=\"section\" data-e-type=\"section\" data-settings=\"{&quot;_ha_eqh_enable&quot;:false}\">\n\t\t\t\t\t\t<div class=\"elementor-container elementor-column-gap-default\">\n\t\t\t\t\t<div class=\"elementor-column elementor-col-100 elementor-inner-column elementor-element elementor-element-ff3328f\" data-id=\"ff3328f\" data-element_type=\"column\" data-e-type=\"column\">\n\t\t\t<div class=\"elementor-widget-wrap elementor-element-populated\">\n\t\t\t\t\t\t<div class=\"elementor-element elementor-element-83e2511 elementor-skin-coverflow elementor-arrows-yes elementor-pagination-type-bullets elementor-pagination-position-outside elementor-widget elementor-widget-media-carousel\" data-id=\"83e2511\" data-element_type=\"widget\" data-e-type=\"widget\" data-settings=\"{&quot;skin&quot;:&quot;coverflow&quot;,&quot;space_between&quot;:{&quot;unit&quot;:&quot;px&quot;,&quot;size&quot;:11,&quot;sizes&quot;:[]},&quot;show_arrows&quot;:&quot;yes&quot;,&quot;pagination&quot;:&quot;bullets&quot;,&quot;speed&quot;:500,&quot;autoplay&quot;:&quot;yes&quot;,&quot;autoplay_speed&quot;:5000,&quot;loop&quot;:&quot;yes&quot;,&quot;pause_on_hover&quot;:&quot;yes&quot;,&quot;pause_on_interaction&quot;:&quot;yes&quot;,&quot;space_between_tablet&quot;:{&quot;unit&quot;:&quot;px&quot;,&quot;size&quot;:10,&quot;sizes&quot;:[]},&quot;space_between_mobile&quot;:{&quot;unit&quot;:&quot;px&quot;,&quot;size&quot;:10,&quot;sizes&quot;:[]}}\" data-widget_type=\"media-carousel.default\">\n\t\t\t\t<div class=\"elementor-widget-container\">\n\t\t\t\t\t\t\t\t\t<div class=\"elementor-swiper\">\n\t\t\t\t\t<div class=\"elementor-main-swiper swiper\" role=\"region\" aria-roledescription=\"carousel\" aria-label=\"Slides\">\n\t\t\t\t<div class=\"swiper-wrapper\">\n\t\t\t\t\t\t\t\t\t\t\t<div class=\"swiper-slide\" role=\"group\" aria-roledescription=\"slide\">\n\t\t\t\t\t\t\t<a href=\"https:\/\/radatilly.gob.ar\/anp-punta-marques\/wp-content\/uploads\/sites\/6\/2020\/08\/11.1.jpg\" data-elementor-open-lightbox=\"yes\" data-elementor-lightbox-slideshow=\"83e2511\" data-e-action-hash=\"#elementor-action%3Aaction%3Dlightbox%26settings%3DeyJpZCI6ODMxLCJ1cmwiOiJodHRwczpcL1wvcmFkYXRpbGx5LmdvYi5hclwvd3AtY29udGVudFwvdXBsb2Fkc1wvc2l0ZXNcLzZcLzIwMjBcLzA4XC8xMS4xLmpwZyIsInNsaWRlc2hvdyI6IjgzZTI1MTEifQ%3D%3D\">\t\t<div class=\"elementor-carousel-image\" role=\"img\" aria-label=\"\" style=\"background-image: url(&#039;https:\/\/radatilly.gob.ar\/wp-content\/uploads\/sites\/6\/2020\/08\/11.1.jpg&#039;)\">\n\n\t\t\t\n\t\t\t\t\t<\/div>\n\t\t<\/a>\t\t\t\t\t\t<\/div>\n\t\t\t\t\t\t\t\t\t\t\t<div class=\"swiper-slide\" role=\"group\" aria-roledescription=\"slide\">\n\t\t\t\t\t\t\t<a href=\"https:\/\/radatilly.gob.ar\/anp-punta-marques\/wp-content\/uploads\/sites\/6\/2020\/08\/11.2.jpg\" data-elementor-open-lightbox=\"yes\" data-elementor-lightbox-slideshow=\"83e2511\" data-e-action-hash=\"#elementor-action%3Aaction%3Dlightbox%26settings%3DeyJpZCI6ODMwLCJ1cmwiOiJodHRwczpcL1wvcmFkYXRpbGx5LmdvYi5hclwvd3AtY29udGVudFwvdXBsb2Fkc1wvc2l0ZXNcLzZcLzIwMjBcLzA4XC8xMS4yLmpwZyIsInNsaWRlc2hvdyI6IjgzZTI1MTEifQ%3D%3D\">\t\t<div class=\"elementor-carousel-image\" role=\"img\" aria-label=\"\" style=\"background-image: url(&#039;https:\/\/radatilly.gob.ar\/wp-content\/uploads\/sites\/6\/2020\/08\/11.2.jpg&#039;)\">\n\n\t\t\t\n\t\t\t\t\t<\/div>\n\t\t<\/a>\t\t\t\t\t\t<\/div>\n\t\t\t\t\t\t\t\t\t<\/div>\n\t\t\t\t\t\t\t\t\t\t\t\t\t\t\t<div class=\"elementor-swiper-button elementor-swiper-button-prev\" role=\"button\" tabindex=\"0\" aria-label=\"Previous\">\n\t\t\t\t\t\t\t<i aria-hidden=\"true\" class=\"eicon-chevron-left\"><\/i>\t\t\t\t\t\t<\/div>\n\t\t\t\t\t\t<div class=\"elementor-swiper-button elementor-swiper-button-next\" role=\"button\" tabindex=\"0\" aria-label=\"Next\">\n\t\t\t\t\t\t\t<i aria-hidden=\"true\" class=\"eicon-chevron-right\"><\/i>\t\t\t\t\t\t<\/div>\n\t\t\t\t\t\t\t\t\t\t\t\t\t\t\t\t<div class=\"swiper-pagination\"><\/div>\n\t\t\t\t\t\t\t\t\t\t\t\t<\/div>\n\t\t\t\t<\/div>\n\t\t\t\t\t\t\t\t<\/div>\n\t\t\t\t<\/div>\n\t\t\t\t\t<\/div>\n\t\t<\/div>\n\t\t\t\t\t<\/div>\n\t\t<\/section>\n\t\t\t\t\t<\/div>\n\t\t<\/div>\n\t\t\t\t\t<\/div>\n\t\t<\/section>\n\t\t\t\t<section class=\"elementor-section elementor-top-section elementor-element elementor-element-6c0e218 elementor-section-boxed elementor-section-height-default elementor-section-height-default wpr-particle-no wpr-jarallax-no wpr-parallax-no wpr-sticky-section-no\" data-id=\"6c0e218\" data-element_type=\"section\" data-e-type=\"section\" data-settings=\"{&quot;_ha_eqh_enable&quot;:false}\">\n\t\t\t\t\t\t<div class=\"elementor-container elementor-column-gap-default\">\n\t\t\t\t\t<div class=\"elementor-column elementor-col-100 elementor-top-column elementor-element elementor-element-07221c3\" data-id=\"07221c3\" data-element_type=\"column\" data-e-type=\"column\">\n\t\t\t<div class=\"elementor-widget-wrap elementor-element-populated\">\n\t\t\t\t\t\t<div class=\"elementor-element elementor-element-4daedc4 elementor-widget elementor-widget-heading\" data-id=\"4daedc4\" data-element_type=\"widget\" data-e-type=\"widget\" data-widget_type=\"heading.default\">\n\t\t\t\t<div class=\"elementor-widget-container\">\n\t\t\t\t\t<h3 class=\"elementor-heading-title elementor-size-default\">\u00c1REA NATURAL PROTEGIDA<\/h3>\t\t\t\t<\/div>\n\t\t\t\t<\/div>\n\t\t\t\t<div class=\"elementor-element elementor-element-dfec712 elementor-widget elementor-widget-heading\" data-id=\"dfec712\" data-element_type=\"widget\" data-e-type=\"widget\" data-widget_type=\"heading.default\">\n\t\t\t\t<div class=\"elementor-widget-container\">\n\t\t\t\t\t<h3 class=\"elementor-heading-title elementor-size-default\">Fauna Marina<\/h3>\t\t\t\t<\/div>\n\t\t\t\t<\/div>\n\t\t\t\t<div class=\"elementor-element elementor-element-8e59a08 elementor-widget elementor-widget-heading\" data-id=\"8e59a08\" data-element_type=\"widget\" data-e-type=\"widget\" data-widget_type=\"heading.default\">\n\t\t\t\t<div class=\"elementor-widget-container\">\n\t\t\t\t\t<h3 class=\"elementor-heading-title elementor-size-default\">Marine Fauna<\/h3>\t\t\t\t<\/div>\n\t\t\t\t<\/div>\n\t\t\t\t<section class=\"elementor-section elementor-inner-section elementor-element elementor-element-6e707ce elementor-section-boxed elementor-section-height-default elementor-section-height-default wpr-particle-no wpr-jarallax-no wpr-parallax-no wpr-sticky-section-no\" data-id=\"6e707ce\" data-element_type=\"section\" data-e-type=\"section\" data-settings=\"{&quot;_ha_eqh_enable&quot;:false}\">\n\t\t\t\t\t\t<div class=\"elementor-container elementor-column-gap-default\">\n\t\t\t\t\t<div class=\"elementor-column elementor-col-50 elementor-inner-column elementor-element elementor-element-be30b68\" data-id=\"be30b68\" data-element_type=\"column\" data-e-type=\"column\">\n\t\t\t<div class=\"elementor-widget-wrap elementor-element-populated\">\n\t\t\t\t\t\t<div class=\"elementor-element elementor-element-3d8617d elementor-widget elementor-widget-text-editor\" data-id=\"3d8617d\" data-element_type=\"widget\" data-e-type=\"widget\" data-widget_type=\"text-editor.default\">\n\t\t\t\t<div class=\"elementor-widget-container\">\n\t\t\t\t\t\t\t\t\t<p><b data-stringify-type=\"bold\"><i data-stringify-type=\"italic\">Lobo marino de un pelo (Otaria\u00a0flavescens)\u00a0<\/i><\/b><br \/><i data-stringify-type=\"italic\">Mam\u00edfero marino de la familia de los otaridos, a diferencia de las focas poseen orejas y pueden caminar sobre sus cuatro extremidades en la tierra, dimorfismo sexual definido, siendo el macho m\u00e1s grande que la hembra. Forman harenes de un macho con numerosas hembras, la hembra puede tener una cr\u00eda al a\u00f1o. Se alimentan mar adentro prefiriendo calamares, pulpos y ancho\u00edtas.<\/i><\/p>\t\t\t\t\t\t\t\t<\/div>\n\t\t\t\t<\/div>\n\t\t\t\t\t<\/div>\n\t\t<\/div>\n\t\t\t\t<div class=\"elementor-column elementor-col-50 elementor-inner-column elementor-element elementor-element-c502a48\" data-id=\"c502a48\" data-element_type=\"column\" data-e-type=\"column\">\n\t\t\t<div class=\"elementor-widget-wrap elementor-element-populated\">\n\t\t\t\t\t\t<div class=\"elementor-element elementor-element-57c99d7 elementor-widget elementor-widget-text-editor\" data-id=\"57c99d7\" data-element_type=\"widget\" data-e-type=\"widget\" data-widget_type=\"text-editor.default\">\n\t\t\t\t<div class=\"elementor-widget-container\">\n\t\t\t\t\t\t\t\t\t<p><strong><em>South-american sea lion\u00a0 (Otaria flavescens)<br \/><\/em><\/strong><em>Marine mammal of the family of the Otariidae, unlike seals they have ears and can walk on their four extremities on the ground, defined sexual dimorphism, the male being larger than the female. They form harems of a male with numerous females; the female may have one calf a year. They feed offshore preferring squid, octopus and anchovies.<\/em><\/p>\t\t\t\t\t\t\t\t<\/div>\n\t\t\t\t<\/div>\n\t\t\t\t\t<\/div>\n\t\t<\/div>\n\t\t\t\t\t<\/div>\n\t\t<\/section>\n\t\t\t\t<section class=\"elementor-section elementor-inner-section elementor-element elementor-element-7c768c4 elementor-section-boxed elementor-section-height-default elementor-section-height-default wpr-particle-no wpr-jarallax-no wpr-parallax-no wpr-sticky-section-no\" data-id=\"7c768c4\" data-element_type=\"section\" data-e-type=\"section\" data-settings=\"{&quot;_ha_eqh_enable&quot;:false}\">\n\t\t\t\t\t\t<div class=\"elementor-container elementor-column-gap-default\">\n\t\t\t\t\t<div class=\"elementor-column elementor-col-100 elementor-inner-column elementor-element elementor-element-a0d86b8\" data-id=\"a0d86b8\" data-element_type=\"column\" data-e-type=\"column\">\n\t\t\t<div class=\"elementor-widget-wrap elementor-element-populated\">\n\t\t\t\t\t\t<div class=\"elementor-element elementor-element-0d9abda elementor-skin-coverflow elementor-arrows-yes elementor-pagination-type-bullets elementor-pagination-position-outside elementor-widget elementor-widget-media-carousel\" data-id=\"0d9abda\" data-element_type=\"widget\" data-e-type=\"widget\" data-settings=\"{&quot;skin&quot;:&quot;coverflow&quot;,&quot;space_between&quot;:{&quot;unit&quot;:&quot;px&quot;,&quot;size&quot;:11,&quot;sizes&quot;:[]},&quot;show_arrows&quot;:&quot;yes&quot;,&quot;pagination&quot;:&quot;bullets&quot;,&quot;speed&quot;:500,&quot;autoplay&quot;:&quot;yes&quot;,&quot;autoplay_speed&quot;:5000,&quot;loop&quot;:&quot;yes&quot;,&quot;pause_on_hover&quot;:&quot;yes&quot;,&quot;pause_on_interaction&quot;:&quot;yes&quot;,&quot;space_between_tablet&quot;:{&quot;unit&quot;:&quot;px&quot;,&quot;size&quot;:10,&quot;sizes&quot;:[]},&quot;space_between_mobile&quot;:{&quot;unit&quot;:&quot;px&quot;,&quot;size&quot;:10,&quot;sizes&quot;:[]}}\" data-widget_type=\"media-carousel.default\">\n\t\t\t\t<div class=\"elementor-widget-container\">\n\t\t\t\t\t\t\t\t\t<div class=\"elementor-swiper\">\n\t\t\t\t\t<div class=\"elementor-main-swiper swiper\" role=\"region\" aria-roledescription=\"carousel\" aria-label=\"Slides\">\n\t\t\t\t<div class=\"swiper-wrapper\">\n\t\t\t\t\t\t\t\t\t\t\t<div class=\"swiper-slide\" role=\"group\" aria-roledescription=\"slide\">\n\t\t\t\t\t\t\t<a href=\"https:\/\/radatilly.gob.ar\/anp-punta-marques\/wp-content\/uploads\/sites\/6\/2020\/08\/12.1.jpg\" data-elementor-open-lightbox=\"yes\" data-elementor-lightbox-slideshow=\"0d9abda\" data-e-action-hash=\"#elementor-action%3Aaction%3Dlightbox%26settings%3DeyJpZCI6ODQzLCJ1cmwiOiJodHRwczpcL1wvcmFkYXRpbGx5LmdvYi5hclwvd3AtY29udGVudFwvdXBsb2Fkc1wvc2l0ZXNcLzZcLzIwMjBcLzA4XC8xMi4xLmpwZyIsInNsaWRlc2hvdyI6IjBkOWFiZGEifQ%3D%3D\">\t\t<div class=\"elementor-carousel-image\" role=\"img\" aria-label=\"\" style=\"background-image: url(&#039;https:\/\/radatilly.gob.ar\/wp-content\/uploads\/sites\/6\/2020\/08\/12.1.jpg&#039;)\">\n\n\t\t\t\n\t\t\t\t\t<\/div>\n\t\t<\/a>\t\t\t\t\t\t<\/div>\n\t\t\t\t\t\t\t\t\t\t\t<div class=\"swiper-slide\" role=\"group\" aria-roledescription=\"slide\">\n\t\t\t\t\t\t\t<a href=\"https:\/\/radatilly.gob.ar\/anp-punta-marques\/wp-content\/uploads\/sites\/6\/2020\/08\/12.7.jpg\" data-elementor-open-lightbox=\"yes\" data-elementor-lightbox-slideshow=\"0d9abda\" data-e-action-hash=\"#elementor-action%3Aaction%3Dlightbox%26settings%3DeyJpZCI6ODQyLCJ1cmwiOiJodHRwczpcL1wvcmFkYXRpbGx5LmdvYi5hclwvd3AtY29udGVudFwvdXBsb2Fkc1wvc2l0ZXNcLzZcLzIwMjBcLzA4XC8xMi43LmpwZyIsInNsaWRlc2hvdyI6IjBkOWFiZGEifQ%3D%3D\">\t\t<div class=\"elementor-carousel-image\" role=\"img\" aria-label=\"\" style=\"background-image: url(&#039;https:\/\/radatilly.gob.ar\/wp-content\/uploads\/sites\/6\/2020\/08\/12.7.jpg&#039;)\">\n\n\t\t\t\n\t\t\t\t\t<\/div>\n\t\t<\/a>\t\t\t\t\t\t<\/div>\n\t\t\t\t\t\t\t\t\t\t\t<div class=\"swiper-slide\" role=\"group\" aria-roledescription=\"slide\">\n\t\t\t\t\t\t\t<a href=\"https:\/\/radatilly.gob.ar\/anp-punta-marques\/wp-content\/uploads\/sites\/6\/2020\/08\/12.6.jpg\" data-elementor-open-lightbox=\"yes\" data-elementor-lightbox-slideshow=\"0d9abda\" data-e-action-hash=\"#elementor-action%3Aaction%3Dlightbox%26settings%3DeyJpZCI6ODQxLCJ1cmwiOiJodHRwczpcL1wvcmFkYXRpbGx5LmdvYi5hclwvd3AtY29udGVudFwvdXBsb2Fkc1wvc2l0ZXNcLzZcLzIwMjBcLzA4XC8xMi42LmpwZyIsInNsaWRlc2hvdyI6IjBkOWFiZGEifQ%3D%3D\">\t\t<div class=\"elementor-carousel-image\" role=\"img\" aria-label=\"\" style=\"background-image: url(&#039;https:\/\/radatilly.gob.ar\/wp-content\/uploads\/sites\/6\/2020\/08\/12.6.jpg&#039;)\">\n\n\t\t\t\n\t\t\t\t\t<\/div>\n\t\t<\/a>\t\t\t\t\t\t<\/div>\n\t\t\t\t\t\t\t\t\t\t\t<div class=\"swiper-slide\" role=\"group\" aria-roledescription=\"slide\">\n\t\t\t\t\t\t\t<a href=\"https:\/\/radatilly.gob.ar\/anp-punta-marques\/wp-content\/uploads\/sites\/6\/2020\/08\/12.2.jpg\" data-elementor-open-lightbox=\"yes\" data-elementor-lightbox-slideshow=\"0d9abda\" data-e-action-hash=\"#elementor-action%3Aaction%3Dlightbox%26settings%3DeyJpZCI6ODQwLCJ1cmwiOiJodHRwczpcL1wvcmFkYXRpbGx5LmdvYi5hclwvd3AtY29udGVudFwvdXBsb2Fkc1wvc2l0ZXNcLzZcLzIwMjBcLzA4XC8xMi4yLmpwZyIsInNsaWRlc2hvdyI6IjBkOWFiZGEifQ%3D%3D\">\t\t<div class=\"elementor-carousel-image\" role=\"img\" aria-label=\"\" style=\"background-image: url(&#039;https:\/\/radatilly.gob.ar\/wp-content\/uploads\/sites\/6\/2020\/08\/12.2.jpg&#039;)\">\n\n\t\t\t\n\t\t\t\t\t<\/div>\n\t\t<\/a>\t\t\t\t\t\t<\/div>\n\t\t\t\t\t\t\t\t\t\t\t<div class=\"swiper-slide\" role=\"group\" aria-roledescription=\"slide\">\n\t\t\t\t\t\t\t<a href=\"https:\/\/radatilly.gob.ar\/anp-punta-marques\/wp-content\/uploads\/sites\/6\/2020\/08\/12.4.jpg\" data-elementor-open-lightbox=\"yes\" data-elementor-lightbox-slideshow=\"0d9abda\" data-e-action-hash=\"#elementor-action%3Aaction%3Dlightbox%26settings%3DeyJpZCI6ODM5LCJ1cmwiOiJodHRwczpcL1wvcmFkYXRpbGx5LmdvYi5hclwvd3AtY29udGVudFwvdXBsb2Fkc1wvc2l0ZXNcLzZcLzIwMjBcLzA4XC8xMi40LmpwZyIsInNsaWRlc2hvdyI6IjBkOWFiZGEifQ%3D%3D\">\t\t<div class=\"elementor-carousel-image\" role=\"img\" aria-label=\"\" style=\"background-image: url(&#039;https:\/\/radatilly.gob.ar\/wp-content\/uploads\/sites\/6\/2020\/08\/12.4.jpg&#039;)\">\n\n\t\t\t\n\t\t\t\t\t<\/div>\n\t\t<\/a>\t\t\t\t\t\t<\/div>\n\t\t\t\t\t\t\t\t\t\t\t<div class=\"swiper-slide\" role=\"group\" aria-roledescription=\"slide\">\n\t\t\t\t\t\t\t<a href=\"https:\/\/radatilly.gob.ar\/anp-punta-marques\/wp-content\/uploads\/sites\/6\/2020\/08\/12.5.jpg\" data-elementor-open-lightbox=\"yes\" data-elementor-lightbox-slideshow=\"0d9abda\" data-e-action-hash=\"#elementor-action%3Aaction%3Dlightbox%26settings%3DeyJpZCI6ODM4LCJ1cmwiOiJodHRwczpcL1wvcmFkYXRpbGx5LmdvYi5hclwvd3AtY29udGVudFwvdXBsb2Fkc1wvc2l0ZXNcLzZcLzIwMjBcLzA4XC8xMi41LmpwZyIsInNsaWRlc2hvdyI6IjBkOWFiZGEifQ%3D%3D\">\t\t<div class=\"elementor-carousel-image\" role=\"img\" aria-label=\"\" style=\"background-image: url(&#039;https:\/\/radatilly.gob.ar\/wp-content\/uploads\/sites\/6\/2020\/08\/12.5.jpg&#039;)\">\n\n\t\t\t\n\t\t\t\t\t<\/div>\n\t\t<\/a>\t\t\t\t\t\t<\/div>\n\t\t\t\t\t\t\t\t\t\t\t<div class=\"swiper-slide\" role=\"group\" aria-roledescription=\"slide\">\n\t\t\t\t\t\t\t<a href=\"https:\/\/radatilly.gob.ar\/anp-punta-marques\/wp-content\/uploads\/sites\/6\/2020\/08\/12.3.jpg\" data-elementor-open-lightbox=\"yes\" data-elementor-lightbox-slideshow=\"0d9abda\" data-e-action-hash=\"#elementor-action%3Aaction%3Dlightbox%26settings%3DeyJpZCI6ODM3LCJ1cmwiOiJodHRwczpcL1wvcmFkYXRpbGx5LmdvYi5hclwvd3AtY29udGVudFwvdXBsb2Fkc1wvc2l0ZXNcLzZcLzIwMjBcLzA4XC8xMi4zLmpwZyIsInNsaWRlc2hvdyI6IjBkOWFiZGEifQ%3D%3D\">\t\t<div class=\"elementor-carousel-image\" role=\"img\" aria-label=\"\" style=\"background-image: url(&#039;https:\/\/radatilly.gob.ar\/wp-content\/uploads\/sites\/6\/2020\/08\/12.3.jpg&#039;)\">\n\n\t\t\t\n\t\t\t\t\t<\/div>\n\t\t<\/a>\t\t\t\t\t\t<\/div>\n\t\t\t\t\t\t\t\t\t\t\t<div class=\"swiper-slide\" role=\"group\" aria-roledescription=\"slide\">\n\t\t\t\t\t\t\t<a href=\"https:\/\/radatilly.gob.ar\/anp-punta-marques\/wp-content\/uploads\/sites\/6\/2020\/08\/12.8.jpg\" data-elementor-open-lightbox=\"yes\" data-elementor-lightbox-slideshow=\"0d9abda\" data-e-action-hash=\"#elementor-action%3Aaction%3Dlightbox%26settings%3DeyJpZCI6ODM2LCJ1cmwiOiJodHRwczpcL1wvcmFkYXRpbGx5LmdvYi5hclwvd3AtY29udGVudFwvdXBsb2Fkc1wvc2l0ZXNcLzZcLzIwMjBcLzA4XC8xMi44LmpwZyIsInNsaWRlc2hvdyI6IjBkOWFiZGEifQ%3D%3D\">\t\t<div class=\"elementor-carousel-image\" role=\"img\" aria-label=\"\" style=\"background-image: url(&#039;https:\/\/radatilly.gob.ar\/wp-content\/uploads\/sites\/6\/2020\/08\/12.8.jpg&#039;)\">\n\n\t\t\t\n\t\t\t\t\t<\/div>\n\t\t<\/a>\t\t\t\t\t\t<\/div>\n\t\t\t\t\t\t\t\t\t\t\t<div class=\"swiper-slide\" role=\"group\" aria-roledescription=\"slide\">\n\t\t\t\t\t\t\t<a href=\"https:\/\/radatilly.gob.ar\/anp-punta-marques\/wp-content\/uploads\/sites\/6\/2020\/08\/12.9.jpg\" data-elementor-open-lightbox=\"yes\" data-elementor-lightbox-slideshow=\"0d9abda\" data-e-action-hash=\"#elementor-action%3Aaction%3Dlightbox%26settings%3DeyJpZCI6ODM1LCJ1cmwiOiJodHRwczpcL1wvcmFkYXRpbGx5LmdvYi5hclwvd3AtY29udGVudFwvdXBsb2Fkc1wvc2l0ZXNcLzZcLzIwMjBcLzA4XC8xMi45LmpwZyIsInNsaWRlc2hvdyI6IjBkOWFiZGEifQ%3D%3D\">\t\t<div class=\"elementor-carousel-image\" role=\"img\" aria-label=\"\" style=\"background-image: url(&#039;https:\/\/radatilly.gob.ar\/wp-content\/uploads\/sites\/6\/2020\/08\/12.9.jpg&#039;)\">\n\n\t\t\t\n\t\t\t\t\t<\/div>\n\t\t<\/a>\t\t\t\t\t\t<\/div>\n\t\t\t\t\t\t\t\t\t<\/div>\n\t\t\t\t\t\t\t\t\t\t\t\t\t\t\t<div class=\"elementor-swiper-button elementor-swiper-button-prev\" role=\"button\" tabindex=\"0\" aria-label=\"Previous\">\n\t\t\t\t\t\t\t<i aria-hidden=\"true\" class=\"eicon-chevron-left\"><\/i>\t\t\t\t\t\t<\/div>\n\t\t\t\t\t\t<div class=\"elementor-swiper-button elementor-swiper-button-next\" role=\"button\" tabindex=\"0\" aria-label=\"Next\">\n\t\t\t\t\t\t\t<i aria-hidden=\"true\" class=\"eicon-chevron-right\"><\/i>\t\t\t\t\t\t<\/div>\n\t\t\t\t\t\t\t\t\t\t\t\t\t\t\t\t<div class=\"swiper-pagination\"><\/div>\n\t\t\t\t\t\t\t\t\t\t\t\t<\/div>\n\t\t\t\t<\/div>\n\t\t\t\t\t\t\t\t<\/div>\n\t\t\t\t<\/div>\n\t\t\t\t\t<\/div>\n\t\t<\/div>\n\t\t\t\t\t<\/div>\n\t\t<\/section>\n\t\t\t\t<section class=\"elementor-section elementor-inner-section elementor-element elementor-element-f26adfc elementor-section-boxed elementor-section-height-default elementor-section-height-default wpr-particle-no wpr-jarallax-no wpr-parallax-no wpr-sticky-section-no\" data-id=\"f26adfc\" data-element_type=\"section\" data-e-type=\"section\" data-settings=\"{&quot;_ha_eqh_enable&quot;:false}\">\n\t\t\t\t\t\t<div class=\"elementor-container elementor-column-gap-default\">\n\t\t\t\t\t<div class=\"elementor-column elementor-col-50 elementor-inner-column elementor-element elementor-element-6733a3d\" data-id=\"6733a3d\" data-element_type=\"column\" data-e-type=\"column\">\n\t\t\t<div class=\"elementor-widget-wrap elementor-element-populated\">\n\t\t\t\t\t\t<div class=\"elementor-element elementor-element-3a67535 elementor-widget elementor-widget-text-editor\" data-id=\"3a67535\" data-element_type=\"widget\" data-e-type=\"widget\" data-widget_type=\"text-editor.default\">\n\t\t\t\t<div class=\"elementor-widget-container\">\n\t\t\t\t\t\t\t\t\t<p><b data-stringify-type=\"bold\"><i data-stringify-type=\"italic\">Ballena franca Austral (Eubalaena australis )<\/i><\/b><br \/><i data-stringify-type=\"italic\">Ballenas de cuerpo muy grande y aletas pectorales muy peque\u00f1as que no cuenta con una aleta dorsal, coloraci\u00f3n general negra con manchas blancas de tama\u00f1o y forma variable, posee callosidades que forman un patr\u00f3n \u00fanico en cada individuo, se alimenta de krill, su distribuci\u00f3n geogr\u00e1fica en oto\u00f1o y primavera es en las costas patag\u00f3nicas.<\/i><\/p>\t\t\t\t\t\t\t\t<\/div>\n\t\t\t\t<\/div>\n\t\t\t\t\t<\/div>\n\t\t<\/div>\n\t\t\t\t<div class=\"elementor-column elementor-col-50 elementor-inner-column elementor-element elementor-element-324362d\" data-id=\"324362d\" data-element_type=\"column\" data-e-type=\"column\">\n\t\t\t<div class=\"elementor-widget-wrap elementor-element-populated\">\n\t\t\t\t\t\t<div class=\"elementor-element elementor-element-31f1b6f elementor-widget elementor-widget-text-editor\" data-id=\"31f1b6f\" data-element_type=\"widget\" data-e-type=\"widget\" data-widget_type=\"text-editor.default\">\n\t\t\t\t<div class=\"elementor-widget-container\">\n\t\t\t\t\t\t\t\t\t<p><strong><em>Southern right whale (Eubalaena australis)<br \/><\/em><\/strong><em>Whales with a very large body and very small pectoral fins that do not have a dorsal fin, general black coloration with white spots of variable size and shape, it has calluses that form a unique pattern in each individual, it feeds on krill. Its geographical appearance in autumn and spring is on the Patagonian coasts.<\/em><\/p>\t\t\t\t\t\t\t\t<\/div>\n\t\t\t\t<\/div>\n\t\t\t\t\t<\/div>\n\t\t<\/div>\n\t\t\t\t\t<\/div>\n\t\t<\/section>\n\t\t\t\t<section class=\"elementor-section elementor-inner-section elementor-element elementor-element-8fc1eb0 elementor-section-boxed elementor-section-height-default elementor-section-height-default wpr-particle-no wpr-jarallax-no wpr-parallax-no wpr-sticky-section-no\" data-id=\"8fc1eb0\" data-element_type=\"section\" data-e-type=\"section\" data-settings=\"{&quot;_ha_eqh_enable&quot;:false}\">\n\t\t\t\t\t\t<div class=\"elementor-container elementor-column-gap-default\">\n\t\t\t\t\t<div class=\"elementor-column elementor-col-100 elementor-inner-column elementor-element elementor-element-73ba8c8\" data-id=\"73ba8c8\" data-element_type=\"column\" data-e-type=\"column\">\n\t\t\t<div class=\"elementor-widget-wrap elementor-element-populated\">\n\t\t\t\t\t\t<div class=\"elementor-element elementor-element-2ea255a elementor-skin-coverflow elementor-arrows-yes elementor-pagination-type-bullets elementor-pagination-position-outside elementor-widget elementor-widget-media-carousel\" data-id=\"2ea255a\" data-element_type=\"widget\" data-e-type=\"widget\" data-settings=\"{&quot;skin&quot;:&quot;coverflow&quot;,&quot;space_between&quot;:{&quot;unit&quot;:&quot;px&quot;,&quot;size&quot;:11,&quot;sizes&quot;:[]},&quot;show_arrows&quot;:&quot;yes&quot;,&quot;pagination&quot;:&quot;bullets&quot;,&quot;speed&quot;:500,&quot;autoplay&quot;:&quot;yes&quot;,&quot;autoplay_speed&quot;:5000,&quot;loop&quot;:&quot;yes&quot;,&quot;pause_on_hover&quot;:&quot;yes&quot;,&quot;pause_on_interaction&quot;:&quot;yes&quot;,&quot;space_between_tablet&quot;:{&quot;unit&quot;:&quot;px&quot;,&quot;size&quot;:10,&quot;sizes&quot;:[]},&quot;space_between_mobile&quot;:{&quot;unit&quot;:&quot;px&quot;,&quot;size&quot;:10,&quot;sizes&quot;:[]}}\" data-widget_type=\"media-carousel.default\">\n\t\t\t\t<div class=\"elementor-widget-container\">\n\t\t\t\t\t\t\t\t\t<div class=\"elementor-swiper\">\n\t\t\t\t\t<div class=\"elementor-main-swiper swiper\" role=\"region\" aria-roledescription=\"carousel\" aria-label=\"Slides\">\n\t\t\t\t<div class=\"swiper-wrapper\">\n\t\t\t\t\t\t\t\t\t\t\t<div class=\"swiper-slide\" role=\"group\" aria-roledescription=\"slide\">\n\t\t\t\t\t\t\t<a href=\"https:\/\/radatilly.gob.ar\/anp-punta-marques\/wp-content\/uploads\/sites\/6\/2020\/08\/13.1-Foto-Diego-Cabanas-scaled.jpg\" data-elementor-open-lightbox=\"yes\" data-elementor-lightbox-slideshow=\"2ea255a\" data-elementor-lightbox-title=\"Foto: Diego Cabanas\" data-e-action-hash=\"#elementor-action%3Aaction%3Dlightbox%26settings%3DeyJpZCI6ODQ5LCJ1cmwiOiJodHRwczpcL1wvcmFkYXRpbGx5LmdvYi5hclwvd3AtY29udGVudFwvdXBsb2Fkc1wvc2l0ZXNcLzZcLzIwMjBcLzA4XC8xMy4xLUZvdG8tRGllZ28tQ2FiYW5hcy1zY2FsZWQuanBnIiwic2xpZGVzaG93IjoiMmVhMjU1YSJ9\">\t\t<div class=\"elementor-carousel-image\" role=\"img\" aria-label=\"Foto: Diego Cabanas\" style=\"background-image: url(&#039;https:\/\/radatilly.gob.ar\/wp-content\/uploads\/sites\/6\/2020\/08\/13.1-Foto-Diego-Cabanas-scaled.jpg&#039;)\">\n\n\t\t\t\n\t\t\t\t\t<\/div>\n\t\t<\/a>\t\t\t\t\t\t<\/div>\n\t\t\t\t\t\t\t\t\t\t\t<div class=\"swiper-slide\" role=\"group\" aria-roledescription=\"slide\">\n\t\t\t\t\t\t\t<a href=\"https:\/\/radatilly.gob.ar\/anp-punta-marques\/wp-content\/uploads\/sites\/6\/2020\/08\/13.2.jpg\" data-elementor-open-lightbox=\"yes\" data-elementor-lightbox-slideshow=\"2ea255a\" data-e-action-hash=\"#elementor-action%3Aaction%3Dlightbox%26settings%3DeyJpZCI6ODQ4LCJ1cmwiOiJodHRwczpcL1wvcmFkYXRpbGx5LmdvYi5hclwvd3AtY29udGVudFwvdXBsb2Fkc1wvc2l0ZXNcLzZcLzIwMjBcLzA4XC8xMy4yLmpwZyIsInNsaWRlc2hvdyI6IjJlYTI1NWEifQ%3D%3D\">\t\t<div class=\"elementor-carousel-image\" role=\"img\" aria-label=\"\" style=\"background-image: url(&#039;https:\/\/radatilly.gob.ar\/wp-content\/uploads\/sites\/6\/2020\/08\/13.2.jpg&#039;)\">\n\n\t\t\t\n\t\t\t\t\t<\/div>\n\t\t<\/a>\t\t\t\t\t\t<\/div>\n\t\t\t\t\t\t\t\t\t\t\t<div class=\"swiper-slide\" role=\"group\" aria-roledescription=\"slide\">\n\t\t\t\t\t\t\t<a href=\"https:\/\/radatilly.gob.ar\/anp-punta-marques\/wp-content\/uploads\/sites\/6\/2020\/08\/13.4.jpg\" data-elementor-open-lightbox=\"yes\" data-elementor-lightbox-slideshow=\"2ea255a\" data-e-action-hash=\"#elementor-action%3Aaction%3Dlightbox%26settings%3DeyJpZCI6ODQ3LCJ1cmwiOiJodHRwczpcL1wvcmFkYXRpbGx5LmdvYi5hclwvd3AtY29udGVudFwvdXBsb2Fkc1wvc2l0ZXNcLzZcLzIwMjBcLzA4XC8xMy40LmpwZyIsInNsaWRlc2hvdyI6IjJlYTI1NWEifQ%3D%3D\">\t\t<div class=\"elementor-carousel-image\" role=\"img\" aria-label=\"\" style=\"background-image: url(&#039;https:\/\/radatilly.gob.ar\/wp-content\/uploads\/sites\/6\/2020\/08\/13.4.jpg&#039;)\">\n\n\t\t\t\n\t\t\t\t\t<\/div>\n\t\t<\/a>\t\t\t\t\t\t<\/div>\n\t\t\t\t\t\t\t\t\t\t\t<div class=\"swiper-slide\" role=\"group\" aria-roledescription=\"slide\">\n\t\t\t\t\t\t\t<a href=\"https:\/\/radatilly.gob.ar\/anp-punta-marques\/wp-content\/uploads\/sites\/6\/2020\/08\/13.3.jpg\" data-elementor-open-lightbox=\"yes\" data-elementor-lightbox-slideshow=\"2ea255a\" data-e-action-hash=\"#elementor-action%3Aaction%3Dlightbox%26settings%3DeyJpZCI6ODQ2LCJ1cmwiOiJodHRwczpcL1wvcmFkYXRpbGx5LmdvYi5hclwvd3AtY29udGVudFwvdXBsb2Fkc1wvc2l0ZXNcLzZcLzIwMjBcLzA4XC8xMy4zLmpwZyIsInNsaWRlc2hvdyI6IjJlYTI1NWEifQ%3D%3D\">\t\t<div class=\"elementor-carousel-image\" role=\"img\" aria-label=\"\" style=\"background-image: url(&#039;https:\/\/radatilly.gob.ar\/wp-content\/uploads\/sites\/6\/2020\/08\/13.3.jpg&#039;)\">\n\n\t\t\t\n\t\t\t\t\t<\/div>\n\t\t<\/a>\t\t\t\t\t\t<\/div>\n\t\t\t\t\t\t\t\t\t<\/div>\n\t\t\t\t\t\t\t\t\t\t\t\t\t\t\t<div class=\"elementor-swiper-button elementor-swiper-button-prev\" role=\"button\" tabindex=\"0\" aria-label=\"Previous\">\n\t\t\t\t\t\t\t<i aria-hidden=\"true\" class=\"eicon-chevron-left\"><\/i>\t\t\t\t\t\t<\/div>\n\t\t\t\t\t\t<div class=\"elementor-swiper-button elementor-swiper-button-next\" role=\"button\" tabindex=\"0\" aria-label=\"Next\">\n\t\t\t\t\t\t\t<i aria-hidden=\"true\" class=\"eicon-chevron-right\"><\/i>\t\t\t\t\t\t<\/div>\n\t\t\t\t\t\t\t\t\t\t\t\t\t\t\t\t<div class=\"swiper-pagination\"><\/div>\n\t\t\t\t\t\t\t\t\t\t\t\t<\/div>\n\t\t\t\t<\/div>\n\t\t\t\t\t\t\t\t<\/div>\n\t\t\t\t<\/div>\n\t\t\t\t\t<\/div>\n\t\t<\/div>\n\t\t\t\t\t<\/div>\n\t\t<\/section>\n\t\t\t\t<section class=\"elementor-section elementor-inner-section elementor-element elementor-element-0c272bb elementor-section-boxed elementor-section-height-default elementor-section-height-default wpr-particle-no wpr-jarallax-no wpr-parallax-no wpr-sticky-section-no\" data-id=\"0c272bb\" data-element_type=\"section\" data-e-type=\"section\" data-settings=\"{&quot;_ha_eqh_enable&quot;:false}\">\n\t\t\t\t\t\t<div class=\"elementor-container elementor-column-gap-default\">\n\t\t\t\t\t<div class=\"elementor-column elementor-col-50 elementor-inner-column elementor-element elementor-element-2dd0e0f\" data-id=\"2dd0e0f\" data-element_type=\"column\" data-e-type=\"column\">\n\t\t\t<div class=\"elementor-widget-wrap elementor-element-populated\">\n\t\t\t\t\t\t<div class=\"elementor-element elementor-element-ad3f8d1 elementor-widget elementor-widget-text-editor\" data-id=\"ad3f8d1\" data-element_type=\"widget\" data-e-type=\"widget\" data-widget_type=\"text-editor.default\">\n\t\t\t\t<div class=\"elementor-widget-container\">\n\t\t\t\t\t\t\t\t\t<p><b data-stringify-type=\"bold\"><i data-stringify-type=\"italic\">Ballena sei (Balaenoptera borealis)<\/i><\/b><br \/><i data-stringify-type=\"italic\">Misticeto de coloraci\u00f3n gris oscura generalmente con peque\u00f1as manchas ovales m\u00e1s claras, ventralmente color blanco o crema, poseen un cuerpo estilizado que no supera los 20 metros de largo. Se alimenta de krill, peque\u00f1os peces y calamares. Se encuentra en todos los mares del mundo.<\/i><\/p>\t\t\t\t\t\t\t\t<\/div>\n\t\t\t\t<\/div>\n\t\t\t\t\t<\/div>\n\t\t<\/div>\n\t\t\t\t<div class=\"elementor-column elementor-col-50 elementor-inner-column elementor-element elementor-element-ddc4aeb\" data-id=\"ddc4aeb\" data-element_type=\"column\" data-e-type=\"column\">\n\t\t\t<div class=\"elementor-widget-wrap elementor-element-populated\">\n\t\t\t\t\t\t<div class=\"elementor-element elementor-element-ff36fb4 elementor-widget elementor-widget-text-editor\" data-id=\"ff36fb4\" data-element_type=\"widget\" data-e-type=\"widget\" data-widget_type=\"text-editor.default\">\n\t\t\t\t<div class=\"elementor-widget-container\">\n\t\t\t\t\t\t\t\t\t<p><strong><em>Sei whale (Balaenoptera borealis)<br \/><\/em><\/strong><em>Mysticete of dark gray coloration generally with small lighter oval spots, its belly could be of white or cream tone.\u00a0 They have a very slim \u00a0body that does not exceed 20 meters in length. It feeds on krill, small fish and squid. It is found in all the oceans around the world.<\/em><\/p>\t\t\t\t\t\t\t\t<\/div>\n\t\t\t\t<\/div>\n\t\t\t\t\t<\/div>\n\t\t<\/div>\n\t\t\t\t\t<\/div>\n\t\t<\/section>\n\t\t\t\t<section class=\"elementor-section elementor-inner-section elementor-element elementor-element-e1401c8 elementor-section-boxed elementor-section-height-default elementor-section-height-default wpr-particle-no wpr-jarallax-no wpr-parallax-no wpr-sticky-section-no\" data-id=\"e1401c8\" data-element_type=\"section\" data-e-type=\"section\" data-settings=\"{&quot;_ha_eqh_enable&quot;:false}\">\n\t\t\t\t\t\t<div class=\"elementor-container elementor-column-gap-default\">\n\t\t\t\t\t<div class=\"elementor-column elementor-col-100 elementor-inner-column elementor-element elementor-element-a6fcf0f\" data-id=\"a6fcf0f\" data-element_type=\"column\" data-e-type=\"column\">\n\t\t\t<div class=\"elementor-widget-wrap elementor-element-populated\">\n\t\t\t\t\t\t<div class=\"elementor-element elementor-element-1609dea elementor-skin-coverflow elementor-arrows-yes elementor-pagination-type-bullets elementor-pagination-position-outside elementor-widget elementor-widget-media-carousel\" data-id=\"1609dea\" data-element_type=\"widget\" data-e-type=\"widget\" data-settings=\"{&quot;skin&quot;:&quot;coverflow&quot;,&quot;space_between&quot;:{&quot;unit&quot;:&quot;px&quot;,&quot;size&quot;:11,&quot;sizes&quot;:[]},&quot;show_arrows&quot;:&quot;yes&quot;,&quot;pagination&quot;:&quot;bullets&quot;,&quot;speed&quot;:500,&quot;autoplay&quot;:&quot;yes&quot;,&quot;autoplay_speed&quot;:5000,&quot;loop&quot;:&quot;yes&quot;,&quot;pause_on_hover&quot;:&quot;yes&quot;,&quot;pause_on_interaction&quot;:&quot;yes&quot;,&quot;space_between_tablet&quot;:{&quot;unit&quot;:&quot;px&quot;,&quot;size&quot;:10,&quot;sizes&quot;:[]},&quot;space_between_mobile&quot;:{&quot;unit&quot;:&quot;px&quot;,&quot;size&quot;:10,&quot;sizes&quot;:[]}}\" data-widget_type=\"media-carousel.default\">\n\t\t\t\t<div class=\"elementor-widget-container\">\n\t\t\t\t\t\t\t\t\t<div class=\"elementor-swiper\">\n\t\t\t\t\t<div class=\"elementor-main-swiper swiper\" role=\"region\" aria-roledescription=\"carousel\" aria-label=\"Slides\">\n\t\t\t\t<div class=\"swiper-wrapper\">\n\t\t\t\t\t\t\t\t\t\t\t<div class=\"swiper-slide\" role=\"group\" aria-roledescription=\"slide\">\n\t\t\t\t\t\t\t<a href=\"https:\/\/radatilly.gob.ar\/anp-punta-marques\/wp-content\/uploads\/sites\/6\/2020\/08\/14.4-Foto-Diego-Cabanas.jpg\" data-elementor-open-lightbox=\"yes\" data-elementor-lightbox-slideshow=\"1609dea\" data-elementor-lightbox-title=\"Foto: Diego Cabanas\" data-e-action-hash=\"#elementor-action%3Aaction%3Dlightbox%26settings%3DeyJpZCI6ODU0LCJ1cmwiOiJodHRwczpcL1wvcmFkYXRpbGx5LmdvYi5hclwvd3AtY29udGVudFwvdXBsb2Fkc1wvc2l0ZXNcLzZcLzIwMjBcLzA4XC8xNC40LUZvdG8tRGllZ28tQ2FiYW5hcy5qcGciLCJzbGlkZXNob3ciOiIxNjA5ZGVhIn0%3D\">\t\t<div class=\"elementor-carousel-image\" role=\"img\" aria-label=\"Foto: Diego Cabanas\" style=\"background-image: url(&#039;https:\/\/radatilly.gob.ar\/wp-content\/uploads\/sites\/6\/2020\/08\/14.4-Foto-Diego-Cabanas.jpg&#039;)\">\n\n\t\t\t\n\t\t\t\t\t<\/div>\n\t\t<\/a>\t\t\t\t\t\t<\/div>\n\t\t\t\t\t\t\t\t\t\t\t<div class=\"swiper-slide\" role=\"group\" aria-roledescription=\"slide\">\n\t\t\t\t\t\t\t<a href=\"https:\/\/radatilly.gob.ar\/anp-punta-marques\/wp-content\/uploads\/sites\/6\/2020\/08\/14.2.jpg\" data-elementor-open-lightbox=\"yes\" data-elementor-lightbox-slideshow=\"1609dea\" data-e-action-hash=\"#elementor-action%3Aaction%3Dlightbox%26settings%3DeyJpZCI6ODUzLCJ1cmwiOiJodHRwczpcL1wvcmFkYXRpbGx5LmdvYi5hclwvd3AtY29udGVudFwvdXBsb2Fkc1wvc2l0ZXNcLzZcLzIwMjBcLzA4XC8xNC4yLmpwZyIsInNsaWRlc2hvdyI6IjE2MDlkZWEifQ%3D%3D\">\t\t<div class=\"elementor-carousel-image\" role=\"img\" aria-label=\"\" style=\"background-image: url(&#039;https:\/\/radatilly.gob.ar\/wp-content\/uploads\/sites\/6\/2020\/08\/14.2.jpg&#039;)\">\n\n\t\t\t\n\t\t\t\t\t<\/div>\n\t\t<\/a>\t\t\t\t\t\t<\/div>\n\t\t\t\t\t\t\t\t\t\t\t<div class=\"swiper-slide\" role=\"group\" aria-roledescription=\"slide\">\n\t\t\t\t\t\t\t<a href=\"https:\/\/radatilly.gob.ar\/anp-punta-marques\/wp-content\/uploads\/sites\/6\/2020\/08\/14.3.jpg\" data-elementor-open-lightbox=\"yes\" data-elementor-lightbox-slideshow=\"1609dea\" data-e-action-hash=\"#elementor-action%3Aaction%3Dlightbox%26settings%3DeyJpZCI6ODUyLCJ1cmwiOiJodHRwczpcL1wvcmFkYXRpbGx5LmdvYi5hclwvd3AtY29udGVudFwvdXBsb2Fkc1wvc2l0ZXNcLzZcLzIwMjBcLzA4XC8xNC4zLmpwZyIsInNsaWRlc2hvdyI6IjE2MDlkZWEifQ%3D%3D\">\t\t<div class=\"elementor-carousel-image\" role=\"img\" aria-label=\"\" style=\"background-image: url(&#039;https:\/\/radatilly.gob.ar\/wp-content\/uploads\/sites\/6\/2020\/08\/14.3.jpg&#039;)\">\n\n\t\t\t\n\t\t\t\t\t<\/div>\n\t\t<\/a>\t\t\t\t\t\t<\/div>\n\t\t\t\t\t\t\t\t\t<\/div>\n\t\t\t\t\t\t\t\t\t\t\t\t\t\t\t<div class=\"elementor-swiper-button elementor-swiper-button-prev\" role=\"button\" tabindex=\"0\" aria-label=\"Previous\">\n\t\t\t\t\t\t\t<i aria-hidden=\"true\" class=\"eicon-chevron-left\"><\/i>\t\t\t\t\t\t<\/div>\n\t\t\t\t\t\t<div class=\"elementor-swiper-button elementor-swiper-button-next\" role=\"button\" tabindex=\"0\" aria-label=\"Next\">\n\t\t\t\t\t\t\t<i aria-hidden=\"true\" class=\"eicon-chevron-right\"><\/i>\t\t\t\t\t\t<\/div>\n\t\t\t\t\t\t\t\t\t\t\t\t\t\t\t\t<div class=\"swiper-pagination\"><\/div>\n\t\t\t\t\t\t\t\t\t\t\t\t<\/div>\n\t\t\t\t<\/div>\n\t\t\t\t\t\t\t\t<\/div>\n\t\t\t\t<\/div>\n\t\t\t\t\t<\/div>\n\t\t<\/div>\n\t\t\t\t\t<\/div>\n\t\t<\/section>\n\t\t\t\t<section class=\"elementor-section elementor-inner-section elementor-element elementor-element-4a7c7df elementor-section-boxed elementor-section-height-default elementor-section-height-default wpr-particle-no wpr-jarallax-no wpr-parallax-no wpr-sticky-section-no\" data-id=\"4a7c7df\" data-element_type=\"section\" data-e-type=\"section\" data-settings=\"{&quot;_ha_eqh_enable&quot;:false}\">\n\t\t\t\t\t\t<div class=\"elementor-container elementor-column-gap-default\">\n\t\t\t\t\t<div class=\"elementor-column elementor-col-50 elementor-inner-column elementor-element elementor-element-0e0f58c\" data-id=\"0e0f58c\" data-element_type=\"column\" data-e-type=\"column\">\n\t\t\t<div class=\"elementor-widget-wrap elementor-element-populated\">\n\t\t\t\t\t\t<div class=\"elementor-element elementor-element-b16dbbe elementor-widget elementor-widget-text-editor\" data-id=\"b16dbbe\" data-element_type=\"widget\" data-e-type=\"widget\" data-widget_type=\"text-editor.default\">\n\t\t\t\t<div class=\"elementor-widget-container\">\n\t\t\t\t\t\t\t\t\t<p><b data-stringify-type=\"bold\"><i data-stringify-type=\"italic\">Ballena yubarta ( Megaptera novaeangliae)<\/i><\/b><br \/><i data-stringify-type=\"italic\">Misticeto de cuerpo robusto, con aleta dorsal peque\u00f1a, de coloraci\u00f3n gris oscura o negra con vientre blanco, con una peque\u00f1a joroba anterior a su aleta dorsal, posee enormes aletas pectorales que pueden medir 1\/3 de su cuerpo. Se alimenta de krill y card\u00famenes de anchoas y sardina. Es el cet\u00e1ceo con mayor distribuci\u00f3n geogr\u00e1fica, se encuentra en todos los mares y oc\u00e9anos del mundo exceptuando el mediterr\u00e1neo.<\/i><\/p>\t\t\t\t\t\t\t\t<\/div>\n\t\t\t\t<\/div>\n\t\t\t\t\t<\/div>\n\t\t<\/div>\n\t\t\t\t<div class=\"elementor-column elementor-col-50 elementor-inner-column elementor-element elementor-element-7780e99\" data-id=\"7780e99\" data-element_type=\"column\" data-e-type=\"column\">\n\t\t\t<div class=\"elementor-widget-wrap elementor-element-populated\">\n\t\t\t\t\t\t<div class=\"elementor-element elementor-element-a047bda elementor-widget elementor-widget-text-editor\" data-id=\"a047bda\" data-element_type=\"widget\" data-e-type=\"widget\" data-widget_type=\"text-editor.default\">\n\t\t\t\t<div class=\"elementor-widget-container\">\n\t\t\t\t\t\t\t\t\t<p><strong><em>Humpback Whale (Megaptera novaeangliae)<br \/><\/em><\/strong><em>Mysticete of robust body, with small dorsal fin, dark gray or black coloration with white belly, with a small hump before its dorsal fin, it has enormous pectoral fins that can measure 1\/3 of its body. It feeds on krill and schools of anchovies and sardine. It is the cetacean with the largest geographical distribution. It is found in all the seas and oceans of the world except for the Mediterranean Sea.<\/em><\/p>\t\t\t\t\t\t\t\t<\/div>\n\t\t\t\t<\/div>\n\t\t\t\t\t<\/div>\n\t\t<\/div>\n\t\t\t\t\t<\/div>\n\t\t<\/section>\n\t\t\t\t<section class=\"elementor-section elementor-inner-section elementor-element elementor-element-fef544d elementor-section-boxed elementor-section-height-default elementor-section-height-default wpr-particle-no wpr-jarallax-no wpr-parallax-no wpr-sticky-section-no\" data-id=\"fef544d\" data-element_type=\"section\" data-e-type=\"section\" data-settings=\"{&quot;_ha_eqh_enable&quot;:false}\">\n\t\t\t\t\t\t<div class=\"elementor-container elementor-column-gap-default\">\n\t\t\t\t\t<div class=\"elementor-column elementor-col-100 elementor-inner-column elementor-element elementor-element-3ff9cae\" data-id=\"3ff9cae\" data-element_type=\"column\" data-e-type=\"column\">\n\t\t\t<div class=\"elementor-widget-wrap elementor-element-populated\">\n\t\t\t\t\t\t<div class=\"elementor-element elementor-element-d9e2de3 elementor-skin-coverflow elementor-arrows-yes elementor-pagination-type-bullets elementor-pagination-position-outside elementor-widget elementor-widget-media-carousel\" data-id=\"d9e2de3\" data-element_type=\"widget\" data-e-type=\"widget\" data-settings=\"{&quot;skin&quot;:&quot;coverflow&quot;,&quot;space_between&quot;:{&quot;unit&quot;:&quot;px&quot;,&quot;size&quot;:11,&quot;sizes&quot;:[]},&quot;show_arrows&quot;:&quot;yes&quot;,&quot;pagination&quot;:&quot;bullets&quot;,&quot;speed&quot;:500,&quot;autoplay&quot;:&quot;yes&quot;,&quot;autoplay_speed&quot;:5000,&quot;loop&quot;:&quot;yes&quot;,&quot;pause_on_hover&quot;:&quot;yes&quot;,&quot;pause_on_interaction&quot;:&quot;yes&quot;,&quot;space_between_tablet&quot;:{&quot;unit&quot;:&quot;px&quot;,&quot;size&quot;:10,&quot;sizes&quot;:[]},&quot;space_between_mobile&quot;:{&quot;unit&quot;:&quot;px&quot;,&quot;size&quot;:10,&quot;sizes&quot;:[]}}\" data-widget_type=\"media-carousel.default\">\n\t\t\t\t<div class=\"elementor-widget-container\">\n\t\t\t\t\t\t\t\t\t<div class=\"elementor-swiper\">\n\t\t\t\t\t<div class=\"elementor-main-swiper swiper\" role=\"region\" aria-roledescription=\"carousel\" aria-label=\"Slides\">\n\t\t\t\t<div class=\"swiper-wrapper\">\n\t\t\t\t\t\t\t\t\t\t\t<div class=\"swiper-slide\" role=\"group\" aria-roledescription=\"slide\">\n\t\t\t\t\t\t\t<a href=\"https:\/\/radatilly.gob.ar\/anp-punta-marques\/wp-content\/uploads\/sites\/6\/2020\/08\/15.1.jpg\" data-elementor-open-lightbox=\"yes\" data-elementor-lightbox-slideshow=\"d9e2de3\" data-e-action-hash=\"#elementor-action%3Aaction%3Dlightbox%26settings%3DeyJpZCI6ODU4LCJ1cmwiOiJodHRwczpcL1wvcmFkYXRpbGx5LmdvYi5hclwvd3AtY29udGVudFwvdXBsb2Fkc1wvc2l0ZXNcLzZcLzIwMjBcLzA4XC8xNS4xLmpwZyIsInNsaWRlc2hvdyI6ImQ5ZTJkZTMifQ%3D%3D\">\t\t<div class=\"elementor-carousel-image\" role=\"img\" aria-label=\"\" style=\"background-image: url(&#039;https:\/\/radatilly.gob.ar\/wp-content\/uploads\/sites\/6\/2020\/08\/15.1.jpg&#039;)\">\n\n\t\t\t\n\t\t\t\t\t<\/div>\n\t\t<\/a>\t\t\t\t\t\t<\/div>\n\t\t\t\t\t\t\t\t\t\t\t<div class=\"swiper-slide\" role=\"group\" aria-roledescription=\"slide\">\n\t\t\t\t\t\t\t<a href=\"https:\/\/radatilly.gob.ar\/anp-punta-marques\/wp-content\/uploads\/sites\/6\/2020\/08\/15.3.jpg\" data-elementor-open-lightbox=\"yes\" data-elementor-lightbox-slideshow=\"d9e2de3\" data-e-action-hash=\"#elementor-action%3Aaction%3Dlightbox%26settings%3DeyJpZCI6ODU3LCJ1cmwiOiJodHRwczpcL1wvcmFkYXRpbGx5LmdvYi5hclwvd3AtY29udGVudFwvdXBsb2Fkc1wvc2l0ZXNcLzZcLzIwMjBcLzA4XC8xNS4zLmpwZyIsInNsaWRlc2hvdyI6ImQ5ZTJkZTMifQ%3D%3D\">\t\t<div class=\"elementor-carousel-image\" role=\"img\" aria-label=\"\" style=\"background-image: url(&#039;https:\/\/radatilly.gob.ar\/wp-content\/uploads\/sites\/6\/2020\/08\/15.3.jpg&#039;)\">\n\n\t\t\t\n\t\t\t\t\t<\/div>\n\t\t<\/a>\t\t\t\t\t\t<\/div>\n\t\t\t\t\t\t\t\t\t<\/div>\n\t\t\t\t\t\t\t\t\t\t\t\t\t\t\t<div class=\"elementor-swiper-button elementor-swiper-button-prev\" role=\"button\" tabindex=\"0\" aria-label=\"Previous\">\n\t\t\t\t\t\t\t<i aria-hidden=\"true\" class=\"eicon-chevron-left\"><\/i>\t\t\t\t\t\t<\/div>\n\t\t\t\t\t\t<div class=\"elementor-swiper-button elementor-swiper-button-next\" role=\"button\" tabindex=\"0\" aria-label=\"Next\">\n\t\t\t\t\t\t\t<i aria-hidden=\"true\" class=\"eicon-chevron-right\"><\/i>\t\t\t\t\t\t<\/div>\n\t\t\t\t\t\t\t\t\t\t\t\t\t\t\t\t<div class=\"swiper-pagination\"><\/div>\n\t\t\t\t\t\t\t\t\t\t\t\t<\/div>\n\t\t\t\t<\/div>\n\t\t\t\t\t\t\t\t<\/div>\n\t\t\t\t<\/div>\n\t\t\t\t\t<\/div>\n\t\t<\/div>\n\t\t\t\t\t<\/div>\n\t\t<\/section>\n\t\t\t\t<section class=\"elementor-section elementor-inner-section elementor-element elementor-element-67e88d6 elementor-section-boxed elementor-section-height-default elementor-section-height-default wpr-particle-no wpr-jarallax-no wpr-parallax-no wpr-sticky-section-no\" data-id=\"67e88d6\" data-element_type=\"section\" data-e-type=\"section\" data-settings=\"{&quot;_ha_eqh_enable&quot;:false}\">\n\t\t\t\t\t\t<div class=\"elementor-container elementor-column-gap-default\">\n\t\t\t\t\t<div class=\"elementor-column elementor-col-50 elementor-inner-column elementor-element elementor-element-17ac6ae\" data-id=\"17ac6ae\" data-element_type=\"column\" data-e-type=\"column\">\n\t\t\t<div class=\"elementor-widget-wrap elementor-element-populated\">\n\t\t\t\t\t\t<div class=\"elementor-element elementor-element-9f236fd elementor-widget elementor-widget-text-editor\" data-id=\"9f236fd\" data-element_type=\"widget\" data-e-type=\"widget\" data-widget_type=\"text-editor.default\">\n\t\t\t\t<div class=\"elementor-widget-container\">\n\t\t\t\t\t\t\t\t\t<p><b data-stringify-type=\"bold\"><i data-stringify-type=\"italic\">Tonina overa (Cephalorhynchus commersonni)<\/i><\/b><br \/><i data-stringify-type=\"italic\">odontoceto de cuerpo peque\u00f1o, de coloraci\u00f3n negra en la cabeza, aletas pectorales, aleta caudal y aleta dorsal, el resto del cuerpo es blanco. Se alimenta de pejerrey langostinos calamares y sardinas. Se distribuye desde la desembocadura del rio negro hasta el sur de tierra del fuego.<\/i><\/p>\t\t\t\t\t\t\t\t<\/div>\n\t\t\t\t<\/div>\n\t\t\t\t\t<\/div>\n\t\t<\/div>\n\t\t\t\t<div class=\"elementor-column elementor-col-50 elementor-inner-column elementor-element elementor-element-ee1804c\" data-id=\"ee1804c\" data-element_type=\"column\" data-e-type=\"column\">\n\t\t\t<div class=\"elementor-widget-wrap elementor-element-populated\">\n\t\t\t\t\t\t<div class=\"elementor-element elementor-element-479b453 elementor-widget elementor-widget-text-editor\" data-id=\"479b453\" data-element_type=\"widget\" data-e-type=\"widget\" data-widget_type=\"text-editor.default\">\n\t\t\t\t<div class=\"elementor-widget-container\">\n\t\t\t\t\t\t\t\t\t<p><strong><em>Commerson&#8217;s Dolphin (Cephalorhynchus commersonni)<br \/><\/em><\/strong><em>Small-bodied odontocete, black coloring on the head, pectoral fins, caudal fin and dorsal fin, the rest of the body is white, it feeds on silverside squid, prawns and sardines. It can be found \u00a0from the end of the Rio Negro to the south of Tierra del Fuego.<\/em><\/p>\t\t\t\t\t\t\t\t<\/div>\n\t\t\t\t<\/div>\n\t\t\t\t\t<\/div>\n\t\t<\/div>\n\t\t\t\t\t<\/div>\n\t\t<\/section>\n\t\t\t\t<section class=\"elementor-section elementor-inner-section elementor-element elementor-element-6e7ef2b elementor-section-boxed elementor-section-height-default elementor-section-height-default wpr-particle-no wpr-jarallax-no wpr-parallax-no wpr-sticky-section-no\" data-id=\"6e7ef2b\" data-element_type=\"section\" data-e-type=\"section\" data-settings=\"{&quot;_ha_eqh_enable&quot;:false}\">\n\t\t\t\t\t\t<div class=\"elementor-container elementor-column-gap-default\">\n\t\t\t\t\t<div class=\"elementor-column elementor-col-100 elementor-inner-column elementor-element elementor-element-eb5fa23\" data-id=\"eb5fa23\" data-element_type=\"column\" data-e-type=\"column\">\n\t\t\t<div class=\"elementor-widget-wrap elementor-element-populated\">\n\t\t\t\t\t\t<div class=\"elementor-element elementor-element-683aa7d elementor-skin-coverflow elementor-arrows-yes elementor-pagination-type-bullets elementor-pagination-position-outside elementor-widget elementor-widget-media-carousel\" data-id=\"683aa7d\" data-element_type=\"widget\" data-e-type=\"widget\" data-settings=\"{&quot;skin&quot;:&quot;coverflow&quot;,&quot;space_between&quot;:{&quot;unit&quot;:&quot;px&quot;,&quot;size&quot;:11,&quot;sizes&quot;:[]},&quot;show_arrows&quot;:&quot;yes&quot;,&quot;pagination&quot;:&quot;bullets&quot;,&quot;speed&quot;:500,&quot;autoplay&quot;:&quot;yes&quot;,&quot;autoplay_speed&quot;:5000,&quot;loop&quot;:&quot;yes&quot;,&quot;pause_on_hover&quot;:&quot;yes&quot;,&quot;pause_on_interaction&quot;:&quot;yes&quot;,&quot;space_between_tablet&quot;:{&quot;unit&quot;:&quot;px&quot;,&quot;size&quot;:10,&quot;sizes&quot;:[]},&quot;space_between_mobile&quot;:{&quot;unit&quot;:&quot;px&quot;,&quot;size&quot;:10,&quot;sizes&quot;:[]}}\" data-widget_type=\"media-carousel.default\">\n\t\t\t\t<div class=\"elementor-widget-container\">\n\t\t\t\t\t\t\t\t\t<div class=\"elementor-swiper\">\n\t\t\t\t\t<div class=\"elementor-main-swiper swiper\" role=\"region\" aria-roledescription=\"carousel\" aria-label=\"Slides\">\n\t\t\t\t<div class=\"swiper-wrapper\">\n\t\t\t\t\t\t\t\t\t\t\t<div class=\"swiper-slide\" role=\"group\" aria-roledescription=\"slide\">\n\t\t\t\t\t\t\t<a href=\"https:\/\/radatilly.gob.ar\/anp-punta-marques\/wp-content\/uploads\/sites\/6\/2020\/08\/tonina.jpg\" data-elementor-open-lightbox=\"yes\" data-elementor-lightbox-slideshow=\"683aa7d\" data-elementor-lightbox-title=\"tonina\" data-e-action-hash=\"#elementor-action%3Aaction%3Dlightbox%26settings%3DeyJpZCI6ODYwLCJ1cmwiOiJodHRwczpcL1wvcmFkYXRpbGx5LmdvYi5hclwvd3AtY29udGVudFwvdXBsb2Fkc1wvc2l0ZXNcLzZcLzIwMjBcLzA4XC90b25pbmEuanBnIiwic2xpZGVzaG93IjoiNjgzYWE3ZCJ9\">\t\t<div class=\"elementor-carousel-image\" role=\"img\" aria-label=\"tonina\" style=\"background-image: url(&#039;https:\/\/radatilly.gob.ar\/wp-content\/uploads\/sites\/6\/2020\/08\/tonina.jpg&#039;)\">\n\n\t\t\t\n\t\t\t\t\t<\/div>\n\t\t<\/a>\t\t\t\t\t\t<\/div>\n\t\t\t\t\t\t\t\t\t<\/div>\n\t\t\t\t\t\t\t<\/div>\n\t\t\t\t<\/div>\n\t\t\t\t\t\t\t\t<\/div>\n\t\t\t\t<\/div>\n\t\t\t\t\t<\/div>\n\t\t<\/div>\n\t\t\t\t\t<\/div>\n\t\t<\/section>\n\t\t\t\t<section class=\"elementor-section elementor-inner-section elementor-element elementor-element-2bd8e81 elementor-section-boxed elementor-section-height-default elementor-section-height-default wpr-particle-no wpr-jarallax-no wpr-parallax-no wpr-sticky-section-no\" data-id=\"2bd8e81\" data-element_type=\"section\" data-e-type=\"section\" data-settings=\"{&quot;_ha_eqh_enable&quot;:false}\">\n\t\t\t\t\t\t<div class=\"elementor-container elementor-column-gap-default\">\n\t\t\t\t\t<div class=\"elementor-column elementor-col-50 elementor-inner-column elementor-element elementor-element-ab4e555\" data-id=\"ab4e555\" data-element_type=\"column\" data-e-type=\"column\">\n\t\t\t<div class=\"elementor-widget-wrap elementor-element-populated\">\n\t\t\t\t\t\t<div class=\"elementor-element elementor-element-f97c9ef elementor-widget elementor-widget-text-editor\" data-id=\"f97c9ef\" data-element_type=\"widget\" data-e-type=\"widget\" data-widget_type=\"text-editor.default\">\n\t\t\t\t<div class=\"elementor-widget-container\">\n\t\t\t\t\t\t\t\t\t<p><b data-stringify-type=\"bold\"><i data-stringify-type=\"italic\">Delf\u00edn de Risso (Grampus griseus)<\/i><\/b><br \/><i data-stringify-type=\"italic\">Odontoceto de cuerpo robusto de hasta 4 metros de longitud, de coloraci\u00f3n gris clara con vientre blanco cabeza grande y con frente alta y redondead. Se alimenta de calamares pulpos, peces y eventualmente crust\u00e1ceos habita zonas oce\u00e1nicas profundas aguas de talud y zonas templadas.<\/i><\/p>\t\t\t\t\t\t\t\t<\/div>\n\t\t\t\t<\/div>\n\t\t\t\t\t<\/div>\n\t\t<\/div>\n\t\t\t\t<div class=\"elementor-column elementor-col-50 elementor-inner-column elementor-element elementor-element-99a6259\" data-id=\"99a6259\" data-element_type=\"column\" data-e-type=\"column\">\n\t\t\t<div class=\"elementor-widget-wrap elementor-element-populated\">\n\t\t\t\t\t\t<div class=\"elementor-element elementor-element-54814d0 elementor-widget elementor-widget-text-editor\" data-id=\"54814d0\" data-element_type=\"widget\" data-e-type=\"widget\" data-widget_type=\"text-editor.default\">\n\t\t\t\t<div class=\"elementor-widget-container\">\n\t\t\t\t\t\t\t\t\t<p><strong><em>Risso&#8217;s dolphin (Grampus griseus)<br \/><\/em><\/strong><em>Odontocete with a robust body of up to 4 meters in length, light gray in color with a white belly, large head and a high, rounded forehead. It feeds on squid, octopus, fish and eventually crustaceans. It inhabits deep oceanic areas, slope waters and temperate zones.<\/em><\/p>\t\t\t\t\t\t\t\t<\/div>\n\t\t\t\t<\/div>\n\t\t\t\t\t<\/div>\n\t\t<\/div>\n\t\t\t\t\t<\/div>\n\t\t<\/section>\n\t\t\t\t<section class=\"elementor-section elementor-inner-section elementor-element elementor-element-e6a57d4 elementor-section-boxed elementor-section-height-default elementor-section-height-default wpr-particle-no wpr-jarallax-no wpr-parallax-no wpr-sticky-section-no\" data-id=\"e6a57d4\" data-element_type=\"section\" data-e-type=\"section\" data-settings=\"{&quot;_ha_eqh_enable&quot;:false}\">\n\t\t\t\t\t\t<div class=\"elementor-container elementor-column-gap-default\">\n\t\t\t\t\t<div class=\"elementor-column elementor-col-100 elementor-inner-column elementor-element elementor-element-e08486e\" data-id=\"e08486e\" data-element_type=\"column\" data-e-type=\"column\">\n\t\t\t<div class=\"elementor-widget-wrap elementor-element-populated\">\n\t\t\t\t\t\t<div class=\"elementor-element elementor-element-8b0e071 elementor-skin-coverflow elementor-arrows-yes elementor-pagination-type-bullets elementor-pagination-position-outside elementor-widget elementor-widget-media-carousel\" data-id=\"8b0e071\" data-element_type=\"widget\" data-e-type=\"widget\" data-settings=\"{&quot;skin&quot;:&quot;coverflow&quot;,&quot;space_between&quot;:{&quot;unit&quot;:&quot;px&quot;,&quot;size&quot;:11,&quot;sizes&quot;:[]},&quot;show_arrows&quot;:&quot;yes&quot;,&quot;pagination&quot;:&quot;bullets&quot;,&quot;speed&quot;:500,&quot;autoplay&quot;:&quot;yes&quot;,&quot;autoplay_speed&quot;:5000,&quot;loop&quot;:&quot;yes&quot;,&quot;pause_on_hover&quot;:&quot;yes&quot;,&quot;pause_on_interaction&quot;:&quot;yes&quot;,&quot;space_between_tablet&quot;:{&quot;unit&quot;:&quot;px&quot;,&quot;size&quot;:10,&quot;sizes&quot;:[]},&quot;space_between_mobile&quot;:{&quot;unit&quot;:&quot;px&quot;,&quot;size&quot;:10,&quot;sizes&quot;:[]}}\" data-widget_type=\"media-carousel.default\">\n\t\t\t\t<div class=\"elementor-widget-container\">\n\t\t\t\t\t\t\t\t\t<div class=\"elementor-swiper\">\n\t\t\t\t\t<div class=\"elementor-main-swiper swiper\" role=\"region\" aria-roledescription=\"carousel\" aria-label=\"Slides\">\n\t\t\t\t<div class=\"swiper-wrapper\">\n\t\t\t\t\t\t\t\t\t\t\t<div class=\"swiper-slide\" role=\"group\" aria-roledescription=\"slide\">\n\t\t\t\t\t\t\t<a href=\"https:\/\/radatilly.gob.ar\/anp-punta-marques\/wp-content\/uploads\/sites\/6\/2020\/08\/17.1.jpg\" data-elementor-open-lightbox=\"yes\" data-elementor-lightbox-slideshow=\"8b0e071\" data-e-action-hash=\"#elementor-action%3Aaction%3Dlightbox%26settings%3DeyJpZCI6ODY3LCJ1cmwiOiJodHRwczpcL1wvcmFkYXRpbGx5LmdvYi5hclwvd3AtY29udGVudFwvdXBsb2Fkc1wvc2l0ZXNcLzZcLzIwMjBcLzA4XC8xNy4xLmpwZyIsInNsaWRlc2hvdyI6IjhiMGUwNzEifQ%3D%3D\">\t\t<div class=\"elementor-carousel-image\" role=\"img\" aria-label=\"\" style=\"background-image: url(&#039;https:\/\/radatilly.gob.ar\/wp-content\/uploads\/sites\/6\/2020\/08\/17.1.jpg&#039;)\">\n\n\t\t\t\n\t\t\t\t\t<\/div>\n\t\t<\/a>\t\t\t\t\t\t<\/div>\n\t\t\t\t\t\t\t\t\t\t\t<div class=\"swiper-slide\" role=\"group\" aria-roledescription=\"slide\">\n\t\t\t\t\t\t\t<a href=\"https:\/\/radatilly.gob.ar\/anp-punta-marques\/wp-content\/uploads\/sites\/6\/2020\/08\/17.3.jpg\" data-elementor-open-lightbox=\"yes\" data-elementor-lightbox-slideshow=\"8b0e071\" data-e-action-hash=\"#elementor-action%3Aaction%3Dlightbox%26settings%3DeyJpZCI6ODY2LCJ1cmwiOiJodHRwczpcL1wvcmFkYXRpbGx5LmdvYi5hclwvd3AtY29udGVudFwvdXBsb2Fkc1wvc2l0ZXNcLzZcLzIwMjBcLzA4XC8xNy4zLmpwZyIsInNsaWRlc2hvdyI6IjhiMGUwNzEifQ%3D%3D\">\t\t<div class=\"elementor-carousel-image\" role=\"img\" aria-label=\"\" style=\"background-image: url(&#039;https:\/\/radatilly.gob.ar\/wp-content\/uploads\/sites\/6\/2020\/08\/17.3.jpg&#039;)\">\n\n\t\t\t\n\t\t\t\t\t<\/div>\n\t\t<\/a>\t\t\t\t\t\t<\/div>\n\t\t\t\t\t\t\t\t\t\t\t<div class=\"swiper-slide\" role=\"group\" aria-roledescription=\"slide\">\n\t\t\t\t\t\t\t<a href=\"https:\/\/radatilly.gob.ar\/anp-punta-marques\/wp-content\/uploads\/sites\/6\/2020\/08\/17.2.jpg\" data-elementor-open-lightbox=\"yes\" data-elementor-lightbox-slideshow=\"8b0e071\" data-e-action-hash=\"#elementor-action%3Aaction%3Dlightbox%26settings%3DeyJpZCI6ODY1LCJ1cmwiOiJodHRwczpcL1wvcmFkYXRpbGx5LmdvYi5hclwvd3AtY29udGVudFwvdXBsb2Fkc1wvc2l0ZXNcLzZcLzIwMjBcLzA4XC8xNy4yLmpwZyIsInNsaWRlc2hvdyI6IjhiMGUwNzEifQ%3D%3D\">\t\t<div class=\"elementor-carousel-image\" role=\"img\" aria-label=\"\" style=\"background-image: url(&#039;https:\/\/radatilly.gob.ar\/wp-content\/uploads\/sites\/6\/2020\/08\/17.2.jpg&#039;)\">\n\n\t\t\t\n\t\t\t\t\t<\/div>\n\t\t<\/a>\t\t\t\t\t\t<\/div>\n\t\t\t\t\t\t\t\t\t\t\t<div class=\"swiper-slide\" role=\"group\" aria-roledescription=\"slide\">\n\t\t\t\t\t\t\t<a href=\"https:\/\/radatilly.gob.ar\/anp-punta-marques\/wp-content\/uploads\/sites\/6\/2020\/08\/17.5.jpg\" data-elementor-open-lightbox=\"yes\" data-elementor-lightbox-slideshow=\"8b0e071\" data-e-action-hash=\"#elementor-action%3Aaction%3Dlightbox%26settings%3DeyJpZCI6ODY0LCJ1cmwiOiJodHRwczpcL1wvcmFkYXRpbGx5LmdvYi5hclwvd3AtY29udGVudFwvdXBsb2Fkc1wvc2l0ZXNcLzZcLzIwMjBcLzA4XC8xNy41LmpwZyIsInNsaWRlc2hvdyI6IjhiMGUwNzEifQ%3D%3D\">\t\t<div class=\"elementor-carousel-image\" role=\"img\" aria-label=\"\" style=\"background-image: url(&#039;https:\/\/radatilly.gob.ar\/wp-content\/uploads\/sites\/6\/2020\/08\/17.5.jpg&#039;)\">\n\n\t\t\t\n\t\t\t\t\t<\/div>\n\t\t<\/a>\t\t\t\t\t\t<\/div>\n\t\t\t\t\t\t\t\t\t<\/div>\n\t\t\t\t\t\t\t\t\t\t\t\t\t\t\t<div class=\"elementor-swiper-button elementor-swiper-button-prev\" role=\"button\" tabindex=\"0\" aria-label=\"Previous\">\n\t\t\t\t\t\t\t<i aria-hidden=\"true\" class=\"eicon-chevron-left\"><\/i>\t\t\t\t\t\t<\/div>\n\t\t\t\t\t\t<div class=\"elementor-swiper-button elementor-swiper-button-next\" role=\"button\" tabindex=\"0\" aria-label=\"Next\">\n\t\t\t\t\t\t\t<i aria-hidden=\"true\" class=\"eicon-chevron-right\"><\/i>\t\t\t\t\t\t<\/div>\n\t\t\t\t\t\t\t\t\t\t\t\t\t\t\t\t<div class=\"swiper-pagination\"><\/div>\n\t\t\t\t\t\t\t\t\t\t\t\t<\/div>\n\t\t\t\t<\/div>\n\t\t\t\t\t\t\t\t<\/div>\n\t\t\t\t<\/div>\n\t\t\t\t\t<\/div>\n\t\t<\/div>\n\t\t\t\t\t<\/div>\n\t\t<\/section>\n\t\t\t\t<section class=\"elementor-section elementor-inner-section elementor-element elementor-element-650fe53 elementor-section-boxed elementor-section-height-default elementor-section-height-default wpr-particle-no wpr-jarallax-no wpr-parallax-no wpr-sticky-section-no\" data-id=\"650fe53\" data-element_type=\"section\" data-e-type=\"section\" data-settings=\"{&quot;_ha_eqh_enable&quot;:false}\">\n\t\t\t\t\t\t<div class=\"elementor-container elementor-column-gap-default\">\n\t\t\t\t\t<div class=\"elementor-column elementor-col-50 elementor-inner-column elementor-element elementor-element-5bff6d6\" data-id=\"5bff6d6\" data-element_type=\"column\" data-e-type=\"column\">\n\t\t\t<div class=\"elementor-widget-wrap elementor-element-populated\">\n\t\t\t\t\t\t<div class=\"elementor-element elementor-element-2c7f5e2 elementor-widget elementor-widget-text-editor\" data-id=\"2c7f5e2\" data-element_type=\"widget\" data-e-type=\"widget\" data-widget_type=\"text-editor.default\">\n\t\t\t\t<div class=\"elementor-widget-container\">\n\t\t\t\t\t\t\t\t\t<p><b data-stringify-type=\"bold\"><i data-stringify-type=\"italic\">Delf\u00edn austral (Lagenorhynchus australis)<\/i><\/b><br \/><i data-stringify-type=\"italic\">Odontoceto de cuerpo robusto, de hocico peque\u00f1o, de coloraci\u00f3n gris oscuro, de vientre gris blancuzco con aletas pectorales oscuras. Se alimenta de merluza, robalo, calamar y pejerrey. Frecuente en zonas costeras Patag\u00f3nicas argentinas y chilenas.<\/i><\/p>\t\t\t\t\t\t\t\t<\/div>\n\t\t\t\t<\/div>\n\t\t\t\t\t<\/div>\n\t\t<\/div>\n\t\t\t\t<div class=\"elementor-column elementor-col-50 elementor-inner-column elementor-element elementor-element-97a6b3c\" data-id=\"97a6b3c\" data-element_type=\"column\" data-e-type=\"column\">\n\t\t\t<div class=\"elementor-widget-wrap elementor-element-populated\">\n\t\t\t\t\t\t<div class=\"elementor-element elementor-element-acddbd5 elementor-widget elementor-widget-text-editor\" data-id=\"acddbd5\" data-element_type=\"widget\" data-e-type=\"widget\" data-widget_type=\"text-editor.default\">\n\t\t\t\t<div class=\"elementor-widget-container\">\n\t\t\t\t\t\t\t\t\t<p><strong><em>Peale\u2019s dolphin (Lagenorhynchus australis)<br \/><\/em><\/strong><em>Odontocete with robust body, small snout, dark gray coloration with a whitish gray belly and dark pectoral fins. It feeds on sea bass, squid and silverside. You can find it \u00a0in Argentine and Chilean Patagonian coastal areas.<\/em><\/p>\t\t\t\t\t\t\t\t<\/div>\n\t\t\t\t<\/div>\n\t\t\t\t\t<\/div>\n\t\t<\/div>\n\t\t\t\t\t<\/div>\n\t\t<\/section>\n\t\t\t\t<section class=\"elementor-section elementor-inner-section elementor-element elementor-element-e7e6da1 elementor-section-boxed elementor-section-height-default elementor-section-height-default wpr-particle-no wpr-jarallax-no wpr-parallax-no wpr-sticky-section-no\" data-id=\"e7e6da1\" data-element_type=\"section\" data-e-type=\"section\" data-settings=\"{&quot;_ha_eqh_enable&quot;:false}\">\n\t\t\t\t\t\t<div class=\"elementor-container elementor-column-gap-default\">\n\t\t\t\t\t<div class=\"elementor-column elementor-col-100 elementor-inner-column elementor-element elementor-element-0ef26a6\" data-id=\"0ef26a6\" data-element_type=\"column\" data-e-type=\"column\">\n\t\t\t<div class=\"elementor-widget-wrap elementor-element-populated\">\n\t\t\t\t\t\t<div class=\"elementor-element elementor-element-f47f6a3 elementor-skin-coverflow elementor-arrows-yes elementor-pagination-type-bullets elementor-pagination-position-outside elementor-widget elementor-widget-media-carousel\" data-id=\"f47f6a3\" data-element_type=\"widget\" data-e-type=\"widget\" data-settings=\"{&quot;skin&quot;:&quot;coverflow&quot;,&quot;space_between&quot;:{&quot;unit&quot;:&quot;px&quot;,&quot;size&quot;:11,&quot;sizes&quot;:[]},&quot;show_arrows&quot;:&quot;yes&quot;,&quot;pagination&quot;:&quot;bullets&quot;,&quot;speed&quot;:500,&quot;autoplay&quot;:&quot;yes&quot;,&quot;autoplay_speed&quot;:5000,&quot;loop&quot;:&quot;yes&quot;,&quot;pause_on_hover&quot;:&quot;yes&quot;,&quot;pause_on_interaction&quot;:&quot;yes&quot;,&quot;space_between_tablet&quot;:{&quot;unit&quot;:&quot;px&quot;,&quot;size&quot;:10,&quot;sizes&quot;:[]},&quot;space_between_mobile&quot;:{&quot;unit&quot;:&quot;px&quot;,&quot;size&quot;:10,&quot;sizes&quot;:[]}}\" data-widget_type=\"media-carousel.default\">\n\t\t\t\t<div class=\"elementor-widget-container\">\n\t\t\t\t\t\t\t\t\t<div class=\"elementor-swiper\">\n\t\t\t\t\t<div class=\"elementor-main-swiper swiper\" role=\"region\" aria-roledescription=\"carousel\" aria-label=\"Slides\">\n\t\t\t\t<div class=\"swiper-wrapper\">\n\t\t\t\t\t\t\t\t\t\t\t<div class=\"swiper-slide\" role=\"group\" aria-roledescription=\"slide\">\n\t\t\t\t\t\t\t<a href=\"https:\/\/radatilly.gob.ar\/anp-punta-marques\/wp-content\/uploads\/sites\/6\/2020\/08\/18.1.jpg\" data-elementor-open-lightbox=\"yes\" data-elementor-lightbox-slideshow=\"f47f6a3\" data-elementor-lightbox-title=\"Foto: Diego Cabanas\" data-e-action-hash=\"#elementor-action%3Aaction%3Dlightbox%26settings%3DeyJpZCI6ODcxLCJ1cmwiOiJodHRwczpcL1wvcmFkYXRpbGx5LmdvYi5hclwvd3AtY29udGVudFwvdXBsb2Fkc1wvc2l0ZXNcLzZcLzIwMjBcLzA4XC8xOC4xLmpwZyIsInNsaWRlc2hvdyI6ImY0N2Y2YTMifQ%3D%3D\">\t\t<div class=\"elementor-carousel-image\" role=\"img\" aria-label=\"Foto: Diego Cabanas\" style=\"background-image: url(&#039;https:\/\/radatilly.gob.ar\/wp-content\/uploads\/sites\/6\/2020\/08\/18.1.jpg&#039;)\">\n\n\t\t\t\n\t\t\t\t\t<\/div>\n\t\t<\/a>\t\t\t\t\t\t<\/div>\n\t\t\t\t\t\t\t\t\t\t\t<div class=\"swiper-slide\" role=\"group\" aria-roledescription=\"slide\">\n\t\t\t\t\t\t\t<a href=\"https:\/\/radatilly.gob.ar\/anp-punta-marques\/wp-content\/uploads\/sites\/6\/2020\/08\/18.2.jpg\" data-elementor-open-lightbox=\"yes\" data-elementor-lightbox-slideshow=\"f47f6a3\" data-elementor-lightbox-title=\"Foto: Diego Cabanas\" data-e-action-hash=\"#elementor-action%3Aaction%3Dlightbox%26settings%3DeyJpZCI6ODcwLCJ1cmwiOiJodHRwczpcL1wvcmFkYXRpbGx5LmdvYi5hclwvd3AtY29udGVudFwvdXBsb2Fkc1wvc2l0ZXNcLzZcLzIwMjBcLzA4XC8xOC4yLmpwZyIsInNsaWRlc2hvdyI6ImY0N2Y2YTMifQ%3D%3D\">\t\t<div class=\"elementor-carousel-image\" role=\"img\" aria-label=\"Foto: Diego Cabanas\" style=\"background-image: url(&#039;https:\/\/radatilly.gob.ar\/wp-content\/uploads\/sites\/6\/2020\/08\/18.2.jpg&#039;)\">\n\n\t\t\t\n\t\t\t\t\t<\/div>\n\t\t<\/a>\t\t\t\t\t\t<\/div>\n\t\t\t\t\t\t\t\t\t<\/div>\n\t\t\t\t\t\t\t\t\t\t\t\t\t\t\t<div class=\"elementor-swiper-button elementor-swiper-button-prev\" role=\"button\" tabindex=\"0\" aria-label=\"Previous\">\n\t\t\t\t\t\t\t<i aria-hidden=\"true\" class=\"eicon-chevron-left\"><\/i>\t\t\t\t\t\t<\/div>\n\t\t\t\t\t\t<div class=\"elementor-swiper-button elementor-swiper-button-next\" role=\"button\" tabindex=\"0\" aria-label=\"Next\">\n\t\t\t\t\t\t\t<i aria-hidden=\"true\" class=\"eicon-chevron-right\"><\/i>\t\t\t\t\t\t<\/div>\n\t\t\t\t\t\t\t\t\t\t\t\t\t\t\t\t<div class=\"swiper-pagination\"><\/div>\n\t\t\t\t\t\t\t\t\t\t\t\t<\/div>\n\t\t\t\t<\/div>\n\t\t\t\t\t\t\t\t<\/div>\n\t\t\t\t<\/div>\n\t\t\t\t\t<\/div>\n\t\t<\/div>\n\t\t\t\t\t<\/div>\n\t\t<\/section>\n\t\t\t\t<section class=\"elementor-section elementor-inner-section elementor-element elementor-element-3a73b46 elementor-section-boxed elementor-section-height-default elementor-section-height-default wpr-particle-no wpr-jarallax-no wpr-parallax-no wpr-sticky-section-no\" data-id=\"3a73b46\" data-element_type=\"section\" data-e-type=\"section\" data-settings=\"{&quot;_ha_eqh_enable&quot;:false}\">\n\t\t\t\t\t\t<div class=\"elementor-container elementor-column-gap-default\">\n\t\t\t\t\t<div class=\"elementor-column elementor-col-50 elementor-inner-column elementor-element elementor-element-7be2b96\" data-id=\"7be2b96\" data-element_type=\"column\" data-e-type=\"column\">\n\t\t\t<div class=\"elementor-widget-wrap elementor-element-populated\">\n\t\t\t\t\t\t<div class=\"elementor-element elementor-element-ef161b5 elementor-widget elementor-widget-text-editor\" data-id=\"ef161b5\" data-element_type=\"widget\" data-e-type=\"widget\" data-widget_type=\"text-editor.default\">\n\t\t\t\t<div class=\"elementor-widget-container\">\n\t\t\t\t\t\t\t\t\t<p><b data-stringify-type=\"bold\"><i data-stringify-type=\"italic\">Cormoran imperial (Leucocarbo atriceps)<\/i><\/b><br \/><i data-stringify-type=\"italic\">Cormor\u00e1n muy llamativo, de color blanco y negro, con el cuello blanco. Generalmente se lo observa descansando en rocas costeras y embarcaciones, a veces acompa\u00f1ado del cormor\u00e1n cuello negro. Se alimenta de peces bent\u00f3nicos.<\/i><\/p>\t\t\t\t\t\t\t\t<\/div>\n\t\t\t\t<\/div>\n\t\t\t\t\t<\/div>\n\t\t<\/div>\n\t\t\t\t<div class=\"elementor-column elementor-col-50 elementor-inner-column elementor-element elementor-element-ba23e05\" data-id=\"ba23e05\" data-element_type=\"column\" data-e-type=\"column\">\n\t\t\t<div class=\"elementor-widget-wrap elementor-element-populated\">\n\t\t\t\t\t\t<div class=\"elementor-element elementor-element-67e6284 elementor-widget elementor-widget-text-editor\" data-id=\"67e6284\" data-element_type=\"widget\" data-e-type=\"widget\" data-widget_type=\"text-editor.default\">\n\t\t\t\t<div class=\"elementor-widget-container\">\n\t\t\t\t\t\t\t\t\t<p><strong><em>Blue-eyed Cormorant ( Leucocarbo atriceps )<br \/><\/em><\/strong><em>Attractive cormor\u00e1n. Its tone could be White or black. Its neck is White. It usually lives near the sea. It feeds on benthic organisms. <\/em><\/p>\t\t\t\t\t\t\t\t<\/div>\n\t\t\t\t<\/div>\n\t\t\t\t\t<\/div>\n\t\t<\/div>\n\t\t\t\t\t<\/div>\n\t\t<\/section>\n\t\t\t\t<section class=\"elementor-section elementor-inner-section elementor-element elementor-element-e00c78b elementor-section-boxed elementor-section-height-default elementor-section-height-default wpr-particle-no wpr-jarallax-no wpr-parallax-no wpr-sticky-section-no\" data-id=\"e00c78b\" data-element_type=\"section\" data-e-type=\"section\" data-settings=\"{&quot;_ha_eqh_enable&quot;:false}\">\n\t\t\t\t\t\t<div class=\"elementor-container elementor-column-gap-default\">\n\t\t\t\t\t<div class=\"elementor-column elementor-col-100 elementor-inner-column elementor-element elementor-element-187323c\" data-id=\"187323c\" data-element_type=\"column\" data-e-type=\"column\">\n\t\t\t<div class=\"elementor-widget-wrap elementor-element-populated\">\n\t\t\t\t\t\t<div class=\"elementor-element elementor-element-3d4bfb8 elementor-skin-coverflow elementor-arrows-yes elementor-pagination-type-bullets elementor-pagination-position-outside elementor-widget elementor-widget-media-carousel\" data-id=\"3d4bfb8\" data-element_type=\"widget\" data-e-type=\"widget\" data-settings=\"{&quot;skin&quot;:&quot;coverflow&quot;,&quot;space_between&quot;:{&quot;unit&quot;:&quot;px&quot;,&quot;size&quot;:11,&quot;sizes&quot;:[]},&quot;show_arrows&quot;:&quot;yes&quot;,&quot;pagination&quot;:&quot;bullets&quot;,&quot;speed&quot;:500,&quot;autoplay&quot;:&quot;yes&quot;,&quot;autoplay_speed&quot;:5000,&quot;loop&quot;:&quot;yes&quot;,&quot;pause_on_hover&quot;:&quot;yes&quot;,&quot;pause_on_interaction&quot;:&quot;yes&quot;,&quot;space_between_tablet&quot;:{&quot;unit&quot;:&quot;px&quot;,&quot;size&quot;:10,&quot;sizes&quot;:[]},&quot;space_between_mobile&quot;:{&quot;unit&quot;:&quot;px&quot;,&quot;size&quot;:10,&quot;sizes&quot;:[]}}\" data-widget_type=\"media-carousel.default\">\n\t\t\t\t<div class=\"elementor-widget-container\">\n\t\t\t\t\t\t\t\t\t<div class=\"elementor-swiper\">\n\t\t\t\t\t<div class=\"elementor-main-swiper swiper\" role=\"region\" aria-roledescription=\"carousel\" aria-label=\"Slides\">\n\t\t\t\t<div class=\"swiper-wrapper\">\n\t\t\t\t\t\t\t\t\t\t\t<div class=\"swiper-slide\" role=\"group\" aria-roledescription=\"slide\">\n\t\t\t\t\t\t\t<a href=\"https:\/\/radatilly.gob.ar\/anp-punta-marques\/wp-content\/uploads\/sites\/6\/2020\/08\/19.1.jpg\" data-elementor-open-lightbox=\"yes\" data-elementor-lightbox-slideshow=\"3d4bfb8\" data-e-action-hash=\"#elementor-action%3Aaction%3Dlightbox%26settings%3DeyJpZCI6ODc1LCJ1cmwiOiJodHRwczpcL1wvcmFkYXRpbGx5LmdvYi5hclwvd3AtY29udGVudFwvdXBsb2Fkc1wvc2l0ZXNcLzZcLzIwMjBcLzA4XC8xOS4xLmpwZyIsInNsaWRlc2hvdyI6IjNkNGJmYjgifQ%3D%3D\">\t\t<div class=\"elementor-carousel-image\" role=\"img\" aria-label=\"\" style=\"background-image: url(&#039;https:\/\/radatilly.gob.ar\/wp-content\/uploads\/sites\/6\/2020\/08\/19.1.jpg&#039;)\">\n\n\t\t\t\n\t\t\t\t\t<\/div>\n\t\t<\/a>\t\t\t\t\t\t<\/div>\n\t\t\t\t\t\t\t\t\t\t\t<div class=\"swiper-slide\" role=\"group\" aria-roledescription=\"slide\">\n\t\t\t\t\t\t\t<a href=\"https:\/\/radatilly.gob.ar\/anp-punta-marques\/wp-content\/uploads\/sites\/6\/2020\/08\/19.2.jpg\" data-elementor-open-lightbox=\"yes\" data-elementor-lightbox-slideshow=\"3d4bfb8\" data-e-action-hash=\"#elementor-action%3Aaction%3Dlightbox%26settings%3DeyJpZCI6ODc0LCJ1cmwiOiJodHRwczpcL1wvcmFkYXRpbGx5LmdvYi5hclwvd3AtY29udGVudFwvdXBsb2Fkc1wvc2l0ZXNcLzZcLzIwMjBcLzA4XC8xOS4yLmpwZyIsInNsaWRlc2hvdyI6IjNkNGJmYjgifQ%3D%3D\">\t\t<div class=\"elementor-carousel-image\" role=\"img\" aria-label=\"\" style=\"background-image: url(&#039;https:\/\/radatilly.gob.ar\/wp-content\/uploads\/sites\/6\/2020\/08\/19.2.jpg&#039;)\">\n\n\t\t\t\n\t\t\t\t\t<\/div>\n\t\t<\/a>\t\t\t\t\t\t<\/div>\n\t\t\t\t\t\t\t\t\t<\/div>\n\t\t\t\t\t\t\t\t\t\t\t\t\t\t\t<div class=\"elementor-swiper-button elementor-swiper-button-prev\" role=\"button\" tabindex=\"0\" aria-label=\"Previous\">\n\t\t\t\t\t\t\t<i aria-hidden=\"true\" class=\"eicon-chevron-left\"><\/i>\t\t\t\t\t\t<\/div>\n\t\t\t\t\t\t<div class=\"elementor-swiper-button elementor-swiper-button-next\" role=\"button\" tabindex=\"0\" aria-label=\"Next\">\n\t\t\t\t\t\t\t<i aria-hidden=\"true\" class=\"eicon-chevron-right\"><\/i>\t\t\t\t\t\t<\/div>\n\t\t\t\t\t\t\t\t\t\t\t\t\t\t\t\t<div class=\"swiper-pagination\"><\/div>\n\t\t\t\t\t\t\t\t\t\t\t\t<\/div>\n\t\t\t\t<\/div>\n\t\t\t\t\t\t\t\t<\/div>\n\t\t\t\t<\/div>\n\t\t\t\t\t<\/div>\n\t\t<\/div>\n\t\t\t\t\t<\/div>\n\t\t<\/section>\n\t\t\t\t<section class=\"elementor-section elementor-inner-section elementor-element elementor-element-4ad3b16 elementor-section-boxed elementor-section-height-default elementor-section-height-default wpr-particle-no wpr-jarallax-no wpr-parallax-no wpr-sticky-section-no\" data-id=\"4ad3b16\" data-element_type=\"section\" data-e-type=\"section\" data-settings=\"{&quot;_ha_eqh_enable&quot;:false}\">\n\t\t\t\t\t\t<div class=\"elementor-container elementor-column-gap-default\">\n\t\t\t\t\t<div class=\"elementor-column elementor-col-50 elementor-inner-column elementor-element elementor-element-0350748\" data-id=\"0350748\" data-element_type=\"column\" data-e-type=\"column\">\n\t\t\t<div class=\"elementor-widget-wrap elementor-element-populated\">\n\t\t\t\t\t\t<div class=\"elementor-element elementor-element-1c44caa elementor-widget elementor-widget-text-editor\" data-id=\"1c44caa\" data-element_type=\"widget\" data-e-type=\"widget\" data-widget_type=\"text-editor.default\">\n\t\t\t\t<div class=\"elementor-widget-container\">\n\t\t\t\t\t\t\t\t\t<p><b data-stringify-type=\"bold\"><i data-stringify-type=\"italic\">Cormor\u00e1n cuello negro (Phalacrocorax magellanicus)<\/i><\/b><br \/><i data-stringify-type=\"italic\">Tambi\u00e9n denominado cormor\u00e1n magall\u00e1nico es un ave de cabeza, alas y cola negra; El pecho junto con el vientre son blancos. Es un cazador zambullidor , come una gran\u00a0variedad de peces principalmente bent\u00f3nicos .Habita en costas rocosas y acantilados en aguas costeras.<\/i><\/p>\t\t\t\t\t\t\t\t<\/div>\n\t\t\t\t<\/div>\n\t\t\t\t\t<\/div>\n\t\t<\/div>\n\t\t\t\t<div class=\"elementor-column elementor-col-50 elementor-inner-column elementor-element elementor-element-d545f79\" data-id=\"d545f79\" data-element_type=\"column\" data-e-type=\"column\">\n\t\t\t<div class=\"elementor-widget-wrap elementor-element-populated\">\n\t\t\t\t\t\t<div class=\"elementor-element elementor-element-c4d1b85 elementor-widget elementor-widget-text-editor\" data-id=\"c4d1b85\" data-element_type=\"widget\" data-e-type=\"widget\" data-widget_type=\"text-editor.default\">\n\t\t\t\t<div class=\"elementor-widget-container\">\n\t\t\t\t\t\t\t\t\t<p><strong><em>Magellanic cormorant or Rock shag (Phalacrocorax magellanicus)<br \/><\/em><\/strong><em>Also called the Magellan cormorant, it is a bird with a black head, wings and tail; the chest along with the belly are white. It is a diving hunter; it eats a great variety of mainly benthic fish. It lives on rocky coasts and cliffs, on coastal waters.<\/em><\/p>\t\t\t\t\t\t\t\t<\/div>\n\t\t\t\t<\/div>\n\t\t\t\t\t<\/div>\n\t\t<\/div>\n\t\t\t\t\t<\/div>\n\t\t<\/section>\n\t\t\t\t<section class=\"elementor-section elementor-inner-section elementor-element elementor-element-f56c9f0 elementor-section-boxed elementor-section-height-default elementor-section-height-default wpr-particle-no wpr-jarallax-no wpr-parallax-no wpr-sticky-section-no\" data-id=\"f56c9f0\" data-element_type=\"section\" data-e-type=\"section\" data-settings=\"{&quot;_ha_eqh_enable&quot;:false}\">\n\t\t\t\t\t\t<div class=\"elementor-container elementor-column-gap-default\">\n\t\t\t\t\t<div class=\"elementor-column elementor-col-100 elementor-inner-column elementor-element elementor-element-1b06bad\" data-id=\"1b06bad\" data-element_type=\"column\" data-e-type=\"column\">\n\t\t\t<div class=\"elementor-widget-wrap elementor-element-populated\">\n\t\t\t\t\t\t<div class=\"elementor-element elementor-element-8ce9ecc elementor-skin-coverflow elementor-arrows-yes elementor-pagination-type-bullets elementor-pagination-position-outside elementor-widget elementor-widget-media-carousel\" data-id=\"8ce9ecc\" data-element_type=\"widget\" data-e-type=\"widget\" data-settings=\"{&quot;skin&quot;:&quot;coverflow&quot;,&quot;space_between&quot;:{&quot;unit&quot;:&quot;px&quot;,&quot;size&quot;:11,&quot;sizes&quot;:[]},&quot;show_arrows&quot;:&quot;yes&quot;,&quot;pagination&quot;:&quot;bullets&quot;,&quot;speed&quot;:500,&quot;autoplay&quot;:&quot;yes&quot;,&quot;autoplay_speed&quot;:5000,&quot;loop&quot;:&quot;yes&quot;,&quot;pause_on_hover&quot;:&quot;yes&quot;,&quot;pause_on_interaction&quot;:&quot;yes&quot;,&quot;space_between_tablet&quot;:{&quot;unit&quot;:&quot;px&quot;,&quot;size&quot;:10,&quot;sizes&quot;:[]},&quot;space_between_mobile&quot;:{&quot;unit&quot;:&quot;px&quot;,&quot;size&quot;:10,&quot;sizes&quot;:[]}}\" data-widget_type=\"media-carousel.default\">\n\t\t\t\t<div class=\"elementor-widget-container\">\n\t\t\t\t\t\t\t\t\t<div class=\"elementor-swiper\">\n\t\t\t\t\t<div class=\"elementor-main-swiper swiper\" role=\"region\" aria-roledescription=\"carousel\" aria-label=\"Slides\">\n\t\t\t\t<div class=\"swiper-wrapper\">\n\t\t\t\t\t\t\t\t\t\t\t<div class=\"swiper-slide\" role=\"group\" aria-roledescription=\"slide\">\n\t\t\t\t\t\t\t<a href=\"https:\/\/radatilly.gob.ar\/anp-punta-marques\/wp-content\/uploads\/sites\/6\/2020\/08\/20.1.jpg\" data-elementor-open-lightbox=\"yes\" data-elementor-lightbox-slideshow=\"8ce9ecc\" data-e-action-hash=\"#elementor-action%3Aaction%3Dlightbox%26settings%3DeyJpZCI6ODc4LCJ1cmwiOiJodHRwczpcL1wvcmFkYXRpbGx5LmdvYi5hclwvd3AtY29udGVudFwvdXBsb2Fkc1wvc2l0ZXNcLzZcLzIwMjBcLzA4XC8yMC4xLmpwZyIsInNsaWRlc2hvdyI6IjhjZTllY2MifQ%3D%3D\">\t\t<div class=\"elementor-carousel-image\" role=\"img\" aria-label=\"\" style=\"background-image: url(&#039;https:\/\/radatilly.gob.ar\/wp-content\/uploads\/sites\/6\/2020\/08\/20.1.jpg&#039;)\">\n\n\t\t\t\n\t\t\t\t\t<\/div>\n\t\t<\/a>\t\t\t\t\t\t<\/div>\n\t\t\t\t\t\t\t\t\t<\/div>\n\t\t\t\t\t\t\t<\/div>\n\t\t\t\t<\/div>\n\t\t\t\t\t\t\t\t<\/div>\n\t\t\t\t<\/div>\n\t\t\t\t\t<\/div>\n\t\t<\/div>\n\t\t\t\t\t<\/div>\n\t\t<\/section>\n\t\t\t\t<section class=\"elementor-section elementor-inner-section elementor-element elementor-element-0d8e8f9 elementor-section-boxed elementor-section-height-default elementor-section-height-default wpr-particle-no wpr-jarallax-no wpr-parallax-no wpr-sticky-section-no\" data-id=\"0d8e8f9\" data-element_type=\"section\" data-e-type=\"section\" data-settings=\"{&quot;_ha_eqh_enable&quot;:false}\">\n\t\t\t\t\t\t<div class=\"elementor-container elementor-column-gap-default\">\n\t\t\t\t\t<div class=\"elementor-column elementor-col-50 elementor-inner-column elementor-element elementor-element-d76b730\" data-id=\"d76b730\" data-element_type=\"column\" data-e-type=\"column\">\n\t\t\t<div class=\"elementor-widget-wrap elementor-element-populated\">\n\t\t\t\t\t\t<div class=\"elementor-element elementor-element-8f47fa5 elementor-widget elementor-widget-text-editor\" data-id=\"8f47fa5\" data-element_type=\"widget\" data-e-type=\"widget\" data-widget_type=\"text-editor.default\">\n\t\t\t\t<div class=\"elementor-widget-container\">\n\t\t\t\t\t\t\t\t\t<p><b data-stringify-type=\"bold\"><i data-stringify-type=\"italic\">Albatros ceja negra ( Thalassarche melanophrys)<\/i><\/b><br \/><i data-stringify-type=\"italic\">Aves que presentan alas largas de gran envergadura, hasta 2,3 m, lo que les confiere una notable habilidad para el vuelo por planeo. Pueden recorrer grandes distancias y tienen la habilidad de pasar gran cantidad de tiempo en vuelo continuo sin posarse en tierra o agua. Ubica su nido en cuestas escarpadas con hierbas o en los acantilados costeros. Su dieta est\u00e1 compuesta por diversos organismos marinos como calamares, crust\u00e1ceos, medusas, pulpos y algunos peces. Habitan la zona mar\u00edtima desde el Tr\u00f3pico de Capricornio hasta la Ant\u00e1rtida<\/i><\/p>\t\t\t\t\t\t\t\t<\/div>\n\t\t\t\t<\/div>\n\t\t\t\t\t<\/div>\n\t\t<\/div>\n\t\t\t\t<div class=\"elementor-column elementor-col-50 elementor-inner-column elementor-element elementor-element-fbf94b8\" data-id=\"fbf94b8\" data-element_type=\"column\" data-e-type=\"column\">\n\t\t\t<div class=\"elementor-widget-wrap elementor-element-populated\">\n\t\t\t\t\t\t<div class=\"elementor-element elementor-element-16a5e56 elementor-widget elementor-widget-text-editor\" data-id=\"16a5e56\" data-element_type=\"widget\" data-e-type=\"widget\" data-widget_type=\"text-editor.default\">\n\t\t\t\t<div class=\"elementor-widget-container\">\n\t\t\t\t\t\t\t\t\t<p><strong><em>Black-browed Albatross (Thalassarche melanophrys)<br \/><\/em><\/strong><em>Birds that have long wingspans of up to 2.3 m which gives them a remarkable ability for gliding. They can travel long distances and have the ability to spend large amounts of time in continuous flight without landing on the ground or Water. It nestles on steep grassy slopes or on coastal cliffs. Their diet is made up of various marine organisms such as squid, crustaceans, jellyfish, octopuses and some fish. They inhabit the maritime zone from the Tropic of Capricorn to Antarctica.<\/em><\/p>\t\t\t\t\t\t\t\t<\/div>\n\t\t\t\t<\/div>\n\t\t\t\t\t<\/div>\n\t\t<\/div>\n\t\t\t\t\t<\/div>\n\t\t<\/section>\n\t\t\t\t<section class=\"elementor-section elementor-inner-section elementor-element elementor-element-3537d9b elementor-section-boxed elementor-section-height-default elementor-section-height-default wpr-particle-no wpr-jarallax-no wpr-parallax-no wpr-sticky-section-no\" data-id=\"3537d9b\" data-element_type=\"section\" data-e-type=\"section\" data-settings=\"{&quot;_ha_eqh_enable&quot;:false}\">\n\t\t\t\t\t\t<div class=\"elementor-container elementor-column-gap-default\">\n\t\t\t\t\t<div class=\"elementor-column elementor-col-100 elementor-inner-column elementor-element elementor-element-aed4a7b\" data-id=\"aed4a7b\" data-element_type=\"column\" data-e-type=\"column\">\n\t\t\t<div class=\"elementor-widget-wrap elementor-element-populated\">\n\t\t\t\t\t\t<div class=\"elementor-element elementor-element-bbf46e4 elementor-skin-coverflow elementor-arrows-yes elementor-pagination-type-bullets elementor-pagination-position-outside elementor-widget elementor-widget-media-carousel\" data-id=\"bbf46e4\" data-element_type=\"widget\" data-e-type=\"widget\" data-settings=\"{&quot;skin&quot;:&quot;coverflow&quot;,&quot;space_between&quot;:{&quot;unit&quot;:&quot;px&quot;,&quot;size&quot;:11,&quot;sizes&quot;:[]},&quot;show_arrows&quot;:&quot;yes&quot;,&quot;pagination&quot;:&quot;bullets&quot;,&quot;speed&quot;:500,&quot;autoplay&quot;:&quot;yes&quot;,&quot;autoplay_speed&quot;:5000,&quot;loop&quot;:&quot;yes&quot;,&quot;pause_on_hover&quot;:&quot;yes&quot;,&quot;pause_on_interaction&quot;:&quot;yes&quot;,&quot;space_between_tablet&quot;:{&quot;unit&quot;:&quot;px&quot;,&quot;size&quot;:10,&quot;sizes&quot;:[]},&quot;space_between_mobile&quot;:{&quot;unit&quot;:&quot;px&quot;,&quot;size&quot;:10,&quot;sizes&quot;:[]}}\" data-widget_type=\"media-carousel.default\">\n\t\t\t\t<div class=\"elementor-widget-container\">\n\t\t\t\t\t\t\t\t\t<div class=\"elementor-swiper\">\n\t\t\t\t\t<div class=\"elementor-main-swiper swiper\" role=\"region\" aria-roledescription=\"carousel\" aria-label=\"Slides\">\n\t\t\t\t<div class=\"swiper-wrapper\">\n\t\t\t\t\t\t\t\t\t\t\t<div class=\"swiper-slide\" role=\"group\" aria-roledescription=\"slide\">\n\t\t\t\t\t\t\t<a href=\"https:\/\/radatilly.gob.ar\/anp-punta-marques\/wp-content\/uploads\/sites\/6\/2020\/08\/21.1-Foto-Diego-Cabanas.jpg\" data-elementor-open-lightbox=\"yes\" data-elementor-lightbox-slideshow=\"bbf46e4\" data-elementor-lightbox-title=\"Foto: Diego Cabanas\" data-e-action-hash=\"#elementor-action%3Aaction%3Dlightbox%26settings%3DeyJpZCI6ODgwLCJ1cmwiOiJodHRwczpcL1wvcmFkYXRpbGx5LmdvYi5hclwvd3AtY29udGVudFwvdXBsb2Fkc1wvc2l0ZXNcLzZcLzIwMjBcLzA4XC8yMS4xLUZvdG8tRGllZ28tQ2FiYW5hcy5qcGciLCJzbGlkZXNob3ciOiJiYmY0NmU0In0%3D\">\t\t<div class=\"elementor-carousel-image\" role=\"img\" aria-label=\"Foto: Diego Cabanas\" style=\"background-image: url(&#039;https:\/\/radatilly.gob.ar\/wp-content\/uploads\/sites\/6\/2020\/08\/21.1-Foto-Diego-Cabanas.jpg&#039;)\">\n\n\t\t\t\n\t\t\t\t\t<\/div>\n\t\t<\/a>\t\t\t\t\t\t<\/div>\n\t\t\t\t\t\t\t\t\t<\/div>\n\t\t\t\t\t\t\t<\/div>\n\t\t\t\t<\/div>\n\t\t\t\t\t\t\t\t<\/div>\n\t\t\t\t<\/div>\n\t\t\t\t\t<\/div>\n\t\t<\/div>\n\t\t\t\t\t<\/div>\n\t\t<\/section>\n\t\t\t\t<section class=\"elementor-section elementor-inner-section elementor-element elementor-element-c769140 elementor-section-boxed elementor-section-height-default elementor-section-height-default wpr-particle-no wpr-jarallax-no wpr-parallax-no wpr-sticky-section-no\" data-id=\"c769140\" data-element_type=\"section\" data-e-type=\"section\" data-settings=\"{&quot;_ha_eqh_enable&quot;:false}\">\n\t\t\t\t\t\t<div class=\"elementor-container elementor-column-gap-default\">\n\t\t\t\t\t<div class=\"elementor-column elementor-col-50 elementor-inner-column elementor-element elementor-element-5786c90\" data-id=\"5786c90\" data-element_type=\"column\" data-e-type=\"column\">\n\t\t\t<div class=\"elementor-widget-wrap elementor-element-populated\">\n\t\t\t\t\t\t<div class=\"elementor-element elementor-element-32635f4 elementor-widget elementor-widget-text-editor\" data-id=\"32635f4\" data-element_type=\"widget\" data-e-type=\"widget\" data-widget_type=\"text-editor.default\">\n\t\t\t\t<div class=\"elementor-widget-container\">\n\t\t\t\t\t\t\t\t\t<p><b data-stringify-type=\"bold\"><i data-stringify-type=\"italic\">Paloma Ant\u00e1rtica (Chionis alba)<\/i><\/b><br \/><i data-stringify-type=\"italic\">Es un ave robusta de patas cortas, el rostro es parcialmente desnudo, el pico es de color rosado o blanco y negro en el extremo, sus alas son moderadamente largas y su cola es corta.<\/i><br \/><i data-stringify-type=\"italic\">Son omn\u00edvoros, se alimenta de peces peque\u00f1os, moluscos, crust\u00e1ceos, huevos, algas, l\u00edquenes, pero sobre todo de carro\u00f1a, huevos y desperdicios, se la puede ver en las costas patag\u00f3nicas.<\/i><\/p>\t\t\t\t\t\t\t\t<\/div>\n\t\t\t\t<\/div>\n\t\t\t\t\t<\/div>\n\t\t<\/div>\n\t\t\t\t<div class=\"elementor-column elementor-col-50 elementor-inner-column elementor-element elementor-element-cd861d5\" data-id=\"cd861d5\" data-element_type=\"column\" data-e-type=\"column\">\n\t\t\t<div class=\"elementor-widget-wrap elementor-element-populated\">\n\t\t\t\t\t\t<div class=\"elementor-element elementor-element-d8f81a8 elementor-widget elementor-widget-text-editor\" data-id=\"d8f81a8\" data-element_type=\"widget\" data-e-type=\"widget\" data-widget_type=\"text-editor.default\">\n\t\t\t\t<div class=\"elementor-widget-container\">\n\t\t\t\t\t\t\t\t\t<p><strong><em>Snowy sheathbill (Chionis alba)<br \/><\/em><\/strong><em>It is a robust bird with short legs, its face is partially bare, its beak is pink or black and white at the ends, its wings are moderately long and its tail is short. <\/em><em>They are omnivores, feeding on small fish, mollusks, crustaceans, eggs, algae, lichens, but above all carrion, eggs and waste, it can be seen on the Patagonian coasts.<\/em><\/p>\t\t\t\t\t\t\t\t<\/div>\n\t\t\t\t<\/div>\n\t\t\t\t\t<\/div>\n\t\t<\/div>\n\t\t\t\t\t<\/div>\n\t\t<\/section>\n\t\t\t\t<section class=\"elementor-section elementor-inner-section elementor-element elementor-element-2fb554f elementor-section-boxed elementor-section-height-default elementor-section-height-default wpr-particle-no wpr-jarallax-no wpr-parallax-no wpr-sticky-section-no\" data-id=\"2fb554f\" data-element_type=\"section\" data-e-type=\"section\" data-settings=\"{&quot;_ha_eqh_enable&quot;:false}\">\n\t\t\t\t\t\t<div class=\"elementor-container elementor-column-gap-default\">\n\t\t\t\t\t<div class=\"elementor-column elementor-col-100 elementor-inner-column elementor-element elementor-element-adbb40e\" data-id=\"adbb40e\" data-element_type=\"column\" data-e-type=\"column\">\n\t\t\t<div class=\"elementor-widget-wrap elementor-element-populated\">\n\t\t\t\t\t\t<div class=\"elementor-element elementor-element-2f650f5 elementor-skin-coverflow elementor-arrows-yes elementor-pagination-type-bullets elementor-pagination-position-outside elementor-widget elementor-widget-media-carousel\" data-id=\"2f650f5\" data-element_type=\"widget\" data-e-type=\"widget\" data-settings=\"{&quot;skin&quot;:&quot;coverflow&quot;,&quot;space_between&quot;:{&quot;unit&quot;:&quot;px&quot;,&quot;size&quot;:11,&quot;sizes&quot;:[]},&quot;show_arrows&quot;:&quot;yes&quot;,&quot;pagination&quot;:&quot;bullets&quot;,&quot;speed&quot;:500,&quot;autoplay&quot;:&quot;yes&quot;,&quot;autoplay_speed&quot;:5000,&quot;loop&quot;:&quot;yes&quot;,&quot;pause_on_hover&quot;:&quot;yes&quot;,&quot;pause_on_interaction&quot;:&quot;yes&quot;,&quot;space_between_tablet&quot;:{&quot;unit&quot;:&quot;px&quot;,&quot;size&quot;:10,&quot;sizes&quot;:[]},&quot;space_between_mobile&quot;:{&quot;unit&quot;:&quot;px&quot;,&quot;size&quot;:10,&quot;sizes&quot;:[]}}\" data-widget_type=\"media-carousel.default\">\n\t\t\t\t<div class=\"elementor-widget-container\">\n\t\t\t\t\t\t\t\t\t<div class=\"elementor-swiper\">\n\t\t\t\t\t<div class=\"elementor-main-swiper swiper\" role=\"region\" aria-roledescription=\"carousel\" aria-label=\"Slides\">\n\t\t\t\t<div class=\"swiper-wrapper\">\n\t\t\t\t\t\t\t\t\t\t\t<div class=\"swiper-slide\" role=\"group\" aria-roledescription=\"slide\">\n\t\t\t\t\t\t\t<a href=\"https:\/\/radatilly.gob.ar\/anp-punta-marques\/wp-content\/uploads\/sites\/6\/2020\/08\/22.1-Foto-Jose-Orellana.jpg\" data-elementor-open-lightbox=\"yes\" data-elementor-lightbox-slideshow=\"2f650f5\" data-elementor-lightbox-title=\"Foto: Jose Orellana\" data-e-action-hash=\"#elementor-action%3Aaction%3Dlightbox%26settings%3DeyJpZCI6MTAwMiwidXJsIjoiaHR0cHM6XC9cL3JhZGF0aWxseS5nb2IuYXJcL3dwLWNvbnRlbnRcL3VwbG9hZHNcL3NpdGVzXC82XC8yMDIwXC8wOFwvMjIuMS1Gb3RvLUpvc2UtT3JlbGxhbmEuanBnIiwic2xpZGVzaG93IjoiMmY2NTBmNSJ9\">\t\t<div class=\"elementor-carousel-image\" role=\"img\" aria-label=\"Foto: Jose Orellana\" style=\"background-image: url(&#039;https:\/\/radatilly.gob.ar\/wp-content\/uploads\/sites\/6\/2020\/08\/22.1-Foto-Jose-Orellana.jpg&#039;)\">\n\n\t\t\t\n\t\t\t\t\t<\/div>\n\t\t<\/a>\t\t\t\t\t\t<\/div>\n\t\t\t\t\t\t\t\t\t<\/div>\n\t\t\t\t\t\t\t<\/div>\n\t\t\t\t<\/div>\n\t\t\t\t\t\t\t\t<\/div>\n\t\t\t\t<\/div>\n\t\t\t\t\t<\/div>\n\t\t<\/div>\n\t\t\t\t\t<\/div>\n\t\t<\/section>\n\t\t\t\t<section class=\"elementor-section elementor-inner-section elementor-element elementor-element-80bc190 elementor-section-boxed elementor-section-height-default elementor-section-height-default wpr-particle-no wpr-jarallax-no wpr-parallax-no wpr-sticky-section-no\" data-id=\"80bc190\" data-element_type=\"section\" data-e-type=\"section\" data-settings=\"{&quot;_ha_eqh_enable&quot;:false}\">\n\t\t\t\t\t\t<div class=\"elementor-container elementor-column-gap-default\">\n\t\t\t\t\t<div class=\"elementor-column elementor-col-50 elementor-inner-column elementor-element elementor-element-c8553d9\" data-id=\"c8553d9\" data-element_type=\"column\" data-e-type=\"column\">\n\t\t\t<div class=\"elementor-widget-wrap elementor-element-populated\">\n\t\t\t\t\t\t<div class=\"elementor-element elementor-element-d0c9f73 elementor-widget elementor-widget-text-editor\" data-id=\"d0c9f73\" data-element_type=\"widget\" data-e-type=\"widget\" data-widget_type=\"text-editor.default\">\n\t\t\t\t<div class=\"elementor-widget-container\">\n\t\t\t\t\t\t\t\t\t<p><b data-stringify-type=\"bold\"><i data-stringify-type=\"italic\">Gaviota gris (Leucophaeus scorebii)<\/i><\/b><br \/><i data-stringify-type=\"italic\">Presentan un plumaje gris\u00e1ceo en la cabeza y vientre, alas de color negro. Se alimentan de carro\u00f1a, excrementos de otras especies e invertebrados del intermareal. Habita las costas de la Patagonia, desde Punta Tombo en Chubut, Argentina, hasta una latitud similar en Chile.<\/i><\/p>\t\t\t\t\t\t\t\t<\/div>\n\t\t\t\t<\/div>\n\t\t\t\t\t<\/div>\n\t\t<\/div>\n\t\t\t\t<div class=\"elementor-column elementor-col-50 elementor-inner-column elementor-element elementor-element-0afad62\" data-id=\"0afad62\" data-element_type=\"column\" data-e-type=\"column\">\n\t\t\t<div class=\"elementor-widget-wrap elementor-element-populated\">\n\t\t\t\t\t\t<div class=\"elementor-element elementor-element-b5e0904 elementor-widget elementor-widget-text-editor\" data-id=\"b5e0904\" data-element_type=\"widget\" data-e-type=\"widget\" data-widget_type=\"text-editor.default\">\n\t\t\t\t<div class=\"elementor-widget-container\">\n\t\t\t\t\t\t\t\t\t<p><strong><em>Dolphin gull (Leucophaeus scorebii)<br \/><\/em><\/strong><em>They have a gray plumage on the head and belly , the \u00a0wings are black . They feed on carrion, excrement of other species and intertidal invertebrates. It inhabits the coasts of Patagonia from Punta Tombo in Chubut, Argentina, to a similar latitude in Chile.<\/em><\/p>\t\t\t\t\t\t\t\t<\/div>\n\t\t\t\t<\/div>\n\t\t\t\t\t<\/div>\n\t\t<\/div>\n\t\t\t\t\t<\/div>\n\t\t<\/section>\n\t\t\t\t<section class=\"elementor-section elementor-inner-section elementor-element elementor-element-6b67549 elementor-section-boxed elementor-section-height-default elementor-section-height-default wpr-particle-no wpr-jarallax-no wpr-parallax-no wpr-sticky-section-no\" data-id=\"6b67549\" data-element_type=\"section\" data-e-type=\"section\" data-settings=\"{&quot;_ha_eqh_enable&quot;:false}\">\n\t\t\t\t\t\t<div class=\"elementor-container elementor-column-gap-default\">\n\t\t\t\t\t<div class=\"elementor-column elementor-col-100 elementor-inner-column elementor-element elementor-element-fa8836e\" data-id=\"fa8836e\" data-element_type=\"column\" data-e-type=\"column\">\n\t\t\t<div class=\"elementor-widget-wrap elementor-element-populated\">\n\t\t\t\t\t\t<div class=\"elementor-element elementor-element-8711d22 elementor-skin-coverflow elementor-arrows-yes elementor-pagination-type-bullets elementor-pagination-position-outside elementor-widget elementor-widget-media-carousel\" data-id=\"8711d22\" data-element_type=\"widget\" data-e-type=\"widget\" data-settings=\"{&quot;skin&quot;:&quot;coverflow&quot;,&quot;space_between&quot;:{&quot;unit&quot;:&quot;px&quot;,&quot;size&quot;:11,&quot;sizes&quot;:[]},&quot;show_arrows&quot;:&quot;yes&quot;,&quot;pagination&quot;:&quot;bullets&quot;,&quot;speed&quot;:500,&quot;autoplay&quot;:&quot;yes&quot;,&quot;autoplay_speed&quot;:5000,&quot;loop&quot;:&quot;yes&quot;,&quot;pause_on_hover&quot;:&quot;yes&quot;,&quot;pause_on_interaction&quot;:&quot;yes&quot;,&quot;space_between_tablet&quot;:{&quot;unit&quot;:&quot;px&quot;,&quot;size&quot;:10,&quot;sizes&quot;:[]},&quot;space_between_mobile&quot;:{&quot;unit&quot;:&quot;px&quot;,&quot;size&quot;:10,&quot;sizes&quot;:[]}}\" data-widget_type=\"media-carousel.default\">\n\t\t\t\t<div class=\"elementor-widget-container\">\n\t\t\t\t\t\t\t\t\t<div class=\"elementor-swiper\">\n\t\t\t\t\t<div class=\"elementor-main-swiper swiper\" role=\"region\" aria-roledescription=\"carousel\" aria-label=\"Slides\">\n\t\t\t\t<div class=\"swiper-wrapper\">\n\t\t\t\t\t\t\t\t\t\t\t<div class=\"swiper-slide\" role=\"group\" aria-roledescription=\"slide\">\n\t\t\t\t\t\t\t<a href=\"https:\/\/radatilly.gob.ar\/anp-punta-marques\/wp-content\/uploads\/sites\/6\/2020\/08\/23.1-Foto-Jose-Orellana.jpg\" data-elementor-open-lightbox=\"yes\" data-elementor-lightbox-slideshow=\"8711d22\" data-elementor-lightbox-title=\"Foto: Jose Orellana\" data-e-action-hash=\"#elementor-action%3Aaction%3Dlightbox%26settings%3DeyJpZCI6ODg1LCJ1cmwiOiJodHRwczpcL1wvcmFkYXRpbGx5LmdvYi5hclwvd3AtY29udGVudFwvdXBsb2Fkc1wvc2l0ZXNcLzZcLzIwMjBcLzA4XC8yMy4xLUZvdG8tSm9zZS1PcmVsbGFuYS5qcGciLCJzbGlkZXNob3ciOiI4NzExZDIyIn0%3D\">\t\t<div class=\"elementor-carousel-image\" role=\"img\" aria-label=\"Foto: Jose Orellana\" style=\"background-image: url(&#039;https:\/\/radatilly.gob.ar\/wp-content\/uploads\/sites\/6\/2020\/08\/23.1-Foto-Jose-Orellana.jpg&#039;)\">\n\n\t\t\t\n\t\t\t\t\t<\/div>\n\t\t<\/a>\t\t\t\t\t\t<\/div>\n\t\t\t\t\t\t\t\t\t<\/div>\n\t\t\t\t\t\t\t<\/div>\n\t\t\t\t<\/div>\n\t\t\t\t\t\t\t\t<\/div>\n\t\t\t\t<\/div>\n\t\t\t\t\t<\/div>\n\t\t<\/div>\n\t\t\t\t\t<\/div>\n\t\t<\/section>\n\t\t\t\t\t<\/div>\n\t\t<\/div>\n\t\t\t\t\t<\/div>\n\t\t<\/section>\n\t\t\t\t<section class=\"elementor-section elementor-top-section elementor-element elementor-element-447d968 elementor-section-boxed elementor-section-height-default elementor-section-height-default wpr-particle-no wpr-jarallax-no wpr-parallax-no wpr-sticky-section-no\" data-id=\"447d968\" data-element_type=\"section\" data-e-type=\"section\" data-settings=\"{&quot;_ha_eqh_enable&quot;:false}\">\n\t\t\t\t\t\t<div class=\"elementor-container elementor-column-gap-default\">\n\t\t\t\t\t<div class=\"elementor-column elementor-col-100 elementor-top-column elementor-element elementor-element-a1e0e4f\" data-id=\"a1e0e4f\" data-element_type=\"column\" data-e-type=\"column\">\n\t\t\t<div class=\"elementor-widget-wrap elementor-element-populated\">\n\t\t\t\t\t\t<div class=\"elementor-element elementor-element-6be09f1 elementor-widget elementor-widget-heading\" data-id=\"6be09f1\" data-element_type=\"widget\" data-e-type=\"widget\" data-widget_type=\"heading.default\">\n\t\t\t\t<div class=\"elementor-widget-container\">\n\t\t\t\t\t<h3 class=\"elementor-heading-title elementor-size-default\">\u00c1REA NATURAL PROTEGIDA<\/h3>\t\t\t\t<\/div>\n\t\t\t\t<\/div>\n\t\t\t\t<div class=\"elementor-element elementor-element-6a6f794 elementor-widget elementor-widget-heading\" data-id=\"6a6f794\" data-element_type=\"widget\" data-e-type=\"widget\" data-widget_type=\"heading.default\">\n\t\t\t\t<div class=\"elementor-widget-container\">\n\t\t\t\t\t<h3 class=\"elementor-heading-title elementor-size-default\">Flora<\/h3>\t\t\t\t<\/div>\n\t\t\t\t<\/div>\n\t\t\t\t<div class=\"elementor-element elementor-element-7b7c1c3 elementor-widget elementor-widget-heading\" data-id=\"7b7c1c3\" data-element_type=\"widget\" data-e-type=\"widget\" data-widget_type=\"heading.default\">\n\t\t\t\t<div class=\"elementor-widget-container\">\n\t\t\t\t\t<h3 class=\"elementor-heading-title elementor-size-default\">Flora<\/h3>\t\t\t\t<\/div>\n\t\t\t\t<\/div>\n\t\t\t\t<section class=\"elementor-section elementor-inner-section elementor-element elementor-element-7af8b42 elementor-section-boxed elementor-section-height-default elementor-section-height-default wpr-particle-no wpr-jarallax-no wpr-parallax-no wpr-sticky-section-no\" data-id=\"7af8b42\" data-element_type=\"section\" data-e-type=\"section\" data-settings=\"{&quot;_ha_eqh_enable&quot;:false}\">\n\t\t\t\t\t\t<div class=\"elementor-container elementor-column-gap-default\">\n\t\t\t\t\t<div class=\"elementor-column elementor-col-50 elementor-inner-column elementor-element elementor-element-c57fe89\" data-id=\"c57fe89\" data-element_type=\"column\" data-e-type=\"column\">\n\t\t\t<div class=\"elementor-widget-wrap elementor-element-populated\">\n\t\t\t\t\t\t<div class=\"elementor-element elementor-element-1aa8434 elementor-widget elementor-widget-text-editor\" data-id=\"1aa8434\" data-element_type=\"widget\" data-e-type=\"widget\" data-widget_type=\"text-editor.default\">\n\t\t\t\t<div class=\"elementor-widget-container\">\n\t\t\t\t\t\t\t\t\t<p><b data-stringify-type=\"bold\"><i data-stringify-type=\"italic\">Zampa\u00a0(Atriplex lampa)<br \/><\/i><\/b><i data-stringify-type=\"italic\">Arbusto de amplio volumen de color gris\u00e1ceo que crece hasta un metro de altura, los frutos son peque\u00f1os y secos, protegidos por membranas. Es com\u00fan en suelos de materiales finos y salinos, en \u00e1reas costeras se asocia con la vidriera.<\/i><\/p>\t\t\t\t\t\t\t\t<\/div>\n\t\t\t\t<\/div>\n\t\t\t\t\t<\/div>\n\t\t<\/div>\n\t\t\t\t<div class=\"elementor-column elementor-col-50 elementor-inner-column elementor-element elementor-element-a93526e\" data-id=\"a93526e\" data-element_type=\"column\" data-e-type=\"column\">\n\t\t\t<div class=\"elementor-widget-wrap elementor-element-populated\">\n\t\t\t\t\t\t<div class=\"elementor-element elementor-element-f29f4fb elementor-widget elementor-widget-text-editor\" data-id=\"f29f4fb\" data-element_type=\"widget\" data-e-type=\"widget\" data-widget_type=\"text-editor.default\">\n\t\t\t\t<div class=\"elementor-widget-container\">\n\t\t\t\t\t\t\t\t\t<p><strong><em>Zampa (Atriplex lampa)<br \/><\/em><\/strong><em>Shrub of large volume of grayish color that grows up to one meter in height, the fruits are small dry ones protected by membranes, it is common in soils of fine and saline materials, in coastal areas it is associated with Vidriera plant .<\/em><\/p>\t\t\t\t\t\t\t\t<\/div>\n\t\t\t\t<\/div>\n\t\t\t\t\t<\/div>\n\t\t<\/div>\n\t\t\t\t\t<\/div>\n\t\t<\/section>\n\t\t\t\t<section class=\"elementor-section elementor-inner-section elementor-element elementor-element-6a98779 elementor-section-boxed elementor-section-height-default elementor-section-height-default wpr-particle-no wpr-jarallax-no wpr-parallax-no wpr-sticky-section-no\" data-id=\"6a98779\" data-element_type=\"section\" data-e-type=\"section\" data-settings=\"{&quot;_ha_eqh_enable&quot;:false}\">\n\t\t\t\t\t\t<div class=\"elementor-container elementor-column-gap-default\">\n\t\t\t\t\t<div class=\"elementor-column elementor-col-100 elementor-inner-column elementor-element elementor-element-c834ea7\" data-id=\"c834ea7\" data-element_type=\"column\" data-e-type=\"column\">\n\t\t\t<div class=\"elementor-widget-wrap elementor-element-populated\">\n\t\t\t\t\t\t<div class=\"elementor-element elementor-element-2e64ad1 elementor-skin-coverflow elementor-arrows-yes elementor-pagination-type-bullets elementor-pagination-position-outside elementor-widget elementor-widget-media-carousel\" data-id=\"2e64ad1\" data-element_type=\"widget\" data-e-type=\"widget\" data-settings=\"{&quot;skin&quot;:&quot;coverflow&quot;,&quot;space_between&quot;:{&quot;unit&quot;:&quot;px&quot;,&quot;size&quot;:11,&quot;sizes&quot;:[]},&quot;show_arrows&quot;:&quot;yes&quot;,&quot;pagination&quot;:&quot;bullets&quot;,&quot;speed&quot;:500,&quot;autoplay&quot;:&quot;yes&quot;,&quot;autoplay_speed&quot;:5000,&quot;loop&quot;:&quot;yes&quot;,&quot;pause_on_hover&quot;:&quot;yes&quot;,&quot;pause_on_interaction&quot;:&quot;yes&quot;,&quot;space_between_tablet&quot;:{&quot;unit&quot;:&quot;px&quot;,&quot;size&quot;:10,&quot;sizes&quot;:[]},&quot;space_between_mobile&quot;:{&quot;unit&quot;:&quot;px&quot;,&quot;size&quot;:10,&quot;sizes&quot;:[]}}\" data-widget_type=\"media-carousel.default\">\n\t\t\t\t<div class=\"elementor-widget-container\">\n\t\t\t\t\t\t\t\t\t<div class=\"elementor-swiper\">\n\t\t\t\t\t<div class=\"elementor-main-swiper swiper\" role=\"region\" aria-roledescription=\"carousel\" aria-label=\"Slides\">\n\t\t\t\t<div class=\"swiper-wrapper\">\n\t\t\t\t\t\t\t\t\t\t\t<div class=\"swiper-slide\" role=\"group\" aria-roledescription=\"slide\">\n\t\t\t\t\t\t\t<a href=\"https:\/\/radatilly.gob.ar\/anp-punta-marques\/wp-content\/uploads\/sites\/6\/2020\/08\/24.1-Zampa.jpg\" data-elementor-open-lightbox=\"yes\" data-elementor-lightbox-slideshow=\"2e64ad1\" data-e-action-hash=\"#elementor-action%3Aaction%3Dlightbox%26settings%3DeyJpZCI6ODkzLCJ1cmwiOiJodHRwczpcL1wvcmFkYXRpbGx5LmdvYi5hclwvd3AtY29udGVudFwvdXBsb2Fkc1wvc2l0ZXNcLzZcLzIwMjBcLzA4XC8yNC4xLVphbXBhLmpwZyIsInNsaWRlc2hvdyI6IjJlNjRhZDEifQ%3D%3D\">\t\t<div class=\"elementor-carousel-image\" role=\"img\" aria-label=\"\" style=\"background-image: url(&#039;https:\/\/radatilly.gob.ar\/wp-content\/uploads\/sites\/6\/2020\/08\/24.1-Zampa.jpg&#039;)\">\n\n\t\t\t\n\t\t\t\t\t<\/div>\n\t\t<\/a>\t\t\t\t\t\t<\/div>\n\t\t\t\t\t\t\t\t\t<\/div>\n\t\t\t\t\t\t\t<\/div>\n\t\t\t\t<\/div>\n\t\t\t\t\t\t\t\t<\/div>\n\t\t\t\t<\/div>\n\t\t\t\t\t<\/div>\n\t\t<\/div>\n\t\t\t\t\t<\/div>\n\t\t<\/section>\n\t\t\t\t<section class=\"elementor-section elementor-inner-section elementor-element elementor-element-a0d5400 elementor-section-boxed elementor-section-height-default elementor-section-height-default wpr-particle-no wpr-jarallax-no wpr-parallax-no wpr-sticky-section-no\" data-id=\"a0d5400\" data-element_type=\"section\" data-e-type=\"section\" data-settings=\"{&quot;_ha_eqh_enable&quot;:false}\">\n\t\t\t\t\t\t<div class=\"elementor-container elementor-column-gap-default\">\n\t\t\t\t\t<div class=\"elementor-column elementor-col-50 elementor-inner-column elementor-element elementor-element-24f6846\" data-id=\"24f6846\" data-element_type=\"column\" data-e-type=\"column\">\n\t\t\t<div class=\"elementor-widget-wrap elementor-element-populated\">\n\t\t\t\t\t\t<div class=\"elementor-element elementor-element-920bcc2 elementor-widget elementor-widget-text-editor\" data-id=\"920bcc2\" data-element_type=\"widget\" data-e-type=\"widget\" data-widget_type=\"text-editor.default\">\n\t\t\t\t<div class=\"elementor-widget-container\">\n\t\t\t\t\t\t\t\t\t<p><b data-stringify-type=\"bold\"><i data-stringify-type=\"italic\">U\u00f1a de gato (Chuquiraga aurea)<br \/><\/i><\/b><i data-stringify-type=\"italic\">Planta baja y le\u00f1osa cubierta de hojas delgadas con agujas, se extiende en el suelo formando almohadones de gran magnitud. Florecen a fines de noviembre con flores de color amarillo-dorado.<\/i><\/p>\t\t\t\t\t\t\t\t<\/div>\n\t\t\t\t<\/div>\n\t\t\t\t\t<\/div>\n\t\t<\/div>\n\t\t\t\t<div class=\"elementor-column elementor-col-50 elementor-inner-column elementor-element elementor-element-04baaf6\" data-id=\"04baaf6\" data-element_type=\"column\" data-e-type=\"column\">\n\t\t\t<div class=\"elementor-widget-wrap elementor-element-populated\">\n\t\t\t\t\t\t<div class=\"elementor-element elementor-element-ad368ae elementor-widget elementor-widget-text-editor\" data-id=\"ad368ae\" data-element_type=\"widget\" data-e-type=\"widget\" data-widget_type=\"text-editor.default\">\n\t\t\t\t<div class=\"elementor-widget-container\">\n\t\t\t\t\t\t\t\t\t<p><strong><em>Cat&#8217;s claw (Chuquiraga aurea)<br \/><\/em><\/strong><em>Low and woody plant covered by thin leaves with needles, it spreads on the ground forming cushions of great magnitude. They bloom in late November with golden-yellow flowers.<\/em><\/p>\t\t\t\t\t\t\t\t<\/div>\n\t\t\t\t<\/div>\n\t\t\t\t\t<\/div>\n\t\t<\/div>\n\t\t\t\t\t<\/div>\n\t\t<\/section>\n\t\t\t\t<section class=\"elementor-section elementor-inner-section elementor-element elementor-element-3bcc951 elementor-section-boxed elementor-section-height-default elementor-section-height-default wpr-particle-no wpr-jarallax-no wpr-parallax-no wpr-sticky-section-no\" data-id=\"3bcc951\" data-element_type=\"section\" data-e-type=\"section\" data-settings=\"{&quot;_ha_eqh_enable&quot;:false}\">\n\t\t\t\t\t\t<div class=\"elementor-container elementor-column-gap-default\">\n\t\t\t\t\t<div class=\"elementor-column elementor-col-100 elementor-inner-column elementor-element elementor-element-acdbcf5\" data-id=\"acdbcf5\" data-element_type=\"column\" data-e-type=\"column\">\n\t\t\t<div class=\"elementor-widget-wrap elementor-element-populated\">\n\t\t\t\t\t\t<div class=\"elementor-element elementor-element-9cd0be1 elementor-skin-coverflow elementor-arrows-yes elementor-pagination-type-bullets elementor-pagination-position-outside elementor-widget elementor-widget-media-carousel\" data-id=\"9cd0be1\" data-element_type=\"widget\" data-e-type=\"widget\" data-settings=\"{&quot;skin&quot;:&quot;coverflow&quot;,&quot;space_between&quot;:{&quot;unit&quot;:&quot;px&quot;,&quot;size&quot;:11,&quot;sizes&quot;:[]},&quot;show_arrows&quot;:&quot;yes&quot;,&quot;pagination&quot;:&quot;bullets&quot;,&quot;speed&quot;:500,&quot;autoplay&quot;:&quot;yes&quot;,&quot;autoplay_speed&quot;:5000,&quot;loop&quot;:&quot;yes&quot;,&quot;pause_on_hover&quot;:&quot;yes&quot;,&quot;pause_on_interaction&quot;:&quot;yes&quot;,&quot;space_between_tablet&quot;:{&quot;unit&quot;:&quot;px&quot;,&quot;size&quot;:10,&quot;sizes&quot;:[]},&quot;space_between_mobile&quot;:{&quot;unit&quot;:&quot;px&quot;,&quot;size&quot;:10,&quot;sizes&quot;:[]}}\" data-widget_type=\"media-carousel.default\">\n\t\t\t\t<div class=\"elementor-widget-container\">\n\t\t\t\t\t\t\t\t\t<div class=\"elementor-swiper\">\n\t\t\t\t\t<div class=\"elementor-main-swiper swiper\" role=\"region\" aria-roledescription=\"carousel\" aria-label=\"Slides\">\n\t\t\t\t<div class=\"swiper-wrapper\">\n\t\t\t\t\t\t\t\t\t\t\t<div class=\"swiper-slide\" role=\"group\" aria-roledescription=\"slide\">\n\t\t\t\t\t\t\t<a href=\"https:\/\/radatilly.gob.ar\/anp-punta-marques\/wp-content\/uploads\/sites\/6\/2020\/10\/25.1-una-de-gato.jpg\" data-elementor-open-lightbox=\"yes\" data-elementor-lightbox-slideshow=\"9cd0be1\" data-e-action-hash=\"#elementor-action%3Aaction%3Dlightbox%26settings%3DeyJpZCI6MTIzNiwidXJsIjoiaHR0cHM6XC9cL3JhZGF0aWxseS5nb2IuYXJcL3dwLWNvbnRlbnRcL3VwbG9hZHNcL3NpdGVzXC82XC8yMDIwXC8xMFwvMjUuMS11bmEtZGUtZ2F0by5qcGciLCJzbGlkZXNob3ciOiI5Y2QwYmUxIn0%3D\">\t\t<div class=\"elementor-carousel-image\" role=\"img\" aria-label=\"\" style=\"background-image: url(&#039;https:\/\/radatilly.gob.ar\/wp-content\/uploads\/sites\/6\/2020\/10\/25.1-una-de-gato.jpg&#039;)\">\n\n\t\t\t\n\t\t\t\t\t<\/div>\n\t\t<\/a>\t\t\t\t\t\t<\/div>\n\t\t\t\t\t\t\t\t\t<\/div>\n\t\t\t\t\t\t\t<\/div>\n\t\t\t\t<\/div>\n\t\t\t\t\t\t\t\t<\/div>\n\t\t\t\t<\/div>\n\t\t\t\t\t<\/div>\n\t\t<\/div>\n\t\t\t\t\t<\/div>\n\t\t<\/section>\n\t\t\t\t<section class=\"elementor-section elementor-inner-section elementor-element elementor-element-3c9865f elementor-section-boxed elementor-section-height-default elementor-section-height-default wpr-particle-no wpr-jarallax-no wpr-parallax-no wpr-sticky-section-no\" data-id=\"3c9865f\" data-element_type=\"section\" data-e-type=\"section\" data-settings=\"{&quot;_ha_eqh_enable&quot;:false}\">\n\t\t\t\t\t\t<div class=\"elementor-container elementor-column-gap-default\">\n\t\t\t\t\t<div class=\"elementor-column elementor-col-50 elementor-inner-column elementor-element elementor-element-227d864\" data-id=\"227d864\" data-element_type=\"column\" data-e-type=\"column\">\n\t\t\t<div class=\"elementor-widget-wrap elementor-element-populated\">\n\t\t\t\t\t\t<div class=\"elementor-element elementor-element-0c09742 elementor-widget elementor-widget-text-editor\" data-id=\"0c09742\" data-element_type=\"widget\" data-e-type=\"widget\" data-widget_type=\"text-editor.default\">\n\t\t\t\t<div class=\"elementor-widget-container\">\n\t\t\t\t\t\t\t\t\t<p><b data-stringify-type=\"bold\"><i data-stringify-type=\"italic\">Malaspina (Retanilla patagonica)<\/i><\/b><br \/><i data-stringify-type=\"italic\">Arbusto de gran tama\u00f1o, desarrolla espinas opuestas y gruesas, que se trasforman en ramas de color verde. Florece en primavera con flores peque\u00f1as y de color blanco.<\/i><\/p>\t\t\t\t\t\t\t\t<\/div>\n\t\t\t\t<\/div>\n\t\t\t\t\t<\/div>\n\t\t<\/div>\n\t\t\t\t<div class=\"elementor-column elementor-col-50 elementor-inner-column elementor-element elementor-element-9a40f16\" data-id=\"9a40f16\" data-element_type=\"column\" data-e-type=\"column\">\n\t\t\t<div class=\"elementor-widget-wrap elementor-element-populated\">\n\t\t\t\t\t\t<div class=\"elementor-element elementor-element-95f0279 elementor-widget elementor-widget-text-editor\" data-id=\"95f0279\" data-element_type=\"widget\" data-e-type=\"widget\" data-widget_type=\"text-editor.default\">\n\t\t\t\t<div class=\"elementor-widget-container\">\n\t\t\t\t\t\t\t\t\t<p><strong><em>Malaspina (Retanilla patagonica)<br \/><\/em><\/strong><em>Shrub of great size, it develops opposite and thick spines that turn into branches of green color. Blooms in spring with small white flowers.<\/em><\/p>\t\t\t\t\t\t\t\t<\/div>\n\t\t\t\t<\/div>\n\t\t\t\t\t<\/div>\n\t\t<\/div>\n\t\t\t\t\t<\/div>\n\t\t<\/section>\n\t\t\t\t<section class=\"elementor-section elementor-inner-section elementor-element elementor-element-c6009d9 elementor-section-boxed elementor-section-height-default elementor-section-height-default wpr-particle-no wpr-jarallax-no wpr-parallax-no wpr-sticky-section-no\" data-id=\"c6009d9\" data-element_type=\"section\" data-e-type=\"section\" data-settings=\"{&quot;_ha_eqh_enable&quot;:false}\">\n\t\t\t\t\t\t<div class=\"elementor-container elementor-column-gap-default\">\n\t\t\t\t\t<div class=\"elementor-column elementor-col-100 elementor-inner-column elementor-element elementor-element-9187acd\" data-id=\"9187acd\" data-element_type=\"column\" data-e-type=\"column\">\n\t\t\t<div class=\"elementor-widget-wrap elementor-element-populated\">\n\t\t\t\t\t\t<div class=\"elementor-element elementor-element-00e85ea elementor-skin-coverflow elementor-arrows-yes elementor-pagination-type-bullets elementor-pagination-position-outside elementor-widget elementor-widget-media-carousel\" data-id=\"00e85ea\" data-element_type=\"widget\" data-e-type=\"widget\" data-settings=\"{&quot;skin&quot;:&quot;coverflow&quot;,&quot;space_between&quot;:{&quot;unit&quot;:&quot;px&quot;,&quot;size&quot;:11,&quot;sizes&quot;:[]},&quot;show_arrows&quot;:&quot;yes&quot;,&quot;pagination&quot;:&quot;bullets&quot;,&quot;speed&quot;:500,&quot;autoplay&quot;:&quot;yes&quot;,&quot;autoplay_speed&quot;:5000,&quot;loop&quot;:&quot;yes&quot;,&quot;pause_on_hover&quot;:&quot;yes&quot;,&quot;pause_on_interaction&quot;:&quot;yes&quot;,&quot;space_between_tablet&quot;:{&quot;unit&quot;:&quot;px&quot;,&quot;size&quot;:10,&quot;sizes&quot;:[]},&quot;space_between_mobile&quot;:{&quot;unit&quot;:&quot;px&quot;,&quot;size&quot;:10,&quot;sizes&quot;:[]}}\" data-widget_type=\"media-carousel.default\">\n\t\t\t\t<div class=\"elementor-widget-container\">\n\t\t\t\t\t\t\t\t\t<div class=\"elementor-swiper\">\n\t\t\t\t\t<div class=\"elementor-main-swiper swiper\" role=\"region\" aria-roledescription=\"carousel\" aria-label=\"Slides\">\n\t\t\t\t<div class=\"swiper-wrapper\">\n\t\t\t\t\t\t\t\t\t\t\t<div class=\"swiper-slide\" role=\"group\" aria-roledescription=\"slide\">\n\t\t\t\t\t\t\t<a href=\"https:\/\/radatilly.gob.ar\/anp-punta-marques\/wp-content\/uploads\/sites\/6\/2020\/08\/26.1.jpg\" data-elementor-open-lightbox=\"yes\" data-elementor-lightbox-slideshow=\"00e85ea\" data-e-action-hash=\"#elementor-action%3Aaction%3Dlightbox%26settings%3DeyJpZCI6ODk5LCJ1cmwiOiJodHRwczpcL1wvcmFkYXRpbGx5LmdvYi5hclwvd3AtY29udGVudFwvdXBsb2Fkc1wvc2l0ZXNcLzZcLzIwMjBcLzA4XC8yNi4xLmpwZyIsInNsaWRlc2hvdyI6IjAwZTg1ZWEifQ%3D%3D\">\t\t<div class=\"elementor-carousel-image\" role=\"img\" aria-label=\"\" style=\"background-image: url(&#039;https:\/\/radatilly.gob.ar\/wp-content\/uploads\/sites\/6\/2020\/08\/26.1.jpg&#039;)\">\n\n\t\t\t\n\t\t\t\t\t<\/div>\n\t\t<\/a>\t\t\t\t\t\t<\/div>\n\t\t\t\t\t\t\t\t\t\t\t<div class=\"swiper-slide\" role=\"group\" aria-roledescription=\"slide\">\n\t\t\t\t\t\t\t<a href=\"https:\/\/radatilly.gob.ar\/anp-punta-marques\/wp-content\/uploads\/sites\/6\/2020\/08\/26.2.jpg\" data-elementor-open-lightbox=\"yes\" data-elementor-lightbox-slideshow=\"00e85ea\" data-e-action-hash=\"#elementor-action%3Aaction%3Dlightbox%26settings%3DeyJpZCI6ODk4LCJ1cmwiOiJodHRwczpcL1wvcmFkYXRpbGx5LmdvYi5hclwvd3AtY29udGVudFwvdXBsb2Fkc1wvc2l0ZXNcLzZcLzIwMjBcLzA4XC8yNi4yLmpwZyIsInNsaWRlc2hvdyI6IjAwZTg1ZWEifQ%3D%3D\">\t\t<div class=\"elementor-carousel-image\" role=\"img\" aria-label=\"\" style=\"background-image: url(&#039;https:\/\/radatilly.gob.ar\/wp-content\/uploads\/sites\/6\/2020\/08\/26.2.jpg&#039;)\">\n\n\t\t\t\n\t\t\t\t\t<\/div>\n\t\t<\/a>\t\t\t\t\t\t<\/div>\n\t\t\t\t\t\t\t\t\t<\/div>\n\t\t\t\t\t\t\t\t\t\t\t\t\t\t\t<div class=\"elementor-swiper-button elementor-swiper-button-prev\" role=\"button\" tabindex=\"0\" aria-label=\"Previous\">\n\t\t\t\t\t\t\t<i aria-hidden=\"true\" class=\"eicon-chevron-left\"><\/i>\t\t\t\t\t\t<\/div>\n\t\t\t\t\t\t<div class=\"elementor-swiper-button elementor-swiper-button-next\" role=\"button\" tabindex=\"0\" aria-label=\"Next\">\n\t\t\t\t\t\t\t<i aria-hidden=\"true\" class=\"eicon-chevron-right\"><\/i>\t\t\t\t\t\t<\/div>\n\t\t\t\t\t\t\t\t\t\t\t\t\t\t\t\t<div class=\"swiper-pagination\"><\/div>\n\t\t\t\t\t\t\t\t\t\t\t\t<\/div>\n\t\t\t\t<\/div>\n\t\t\t\t\t\t\t\t<\/div>\n\t\t\t\t<\/div>\n\t\t\t\t\t<\/div>\n\t\t<\/div>\n\t\t\t\t\t<\/div>\n\t\t<\/section>\n\t\t\t\t<section class=\"elementor-section elementor-inner-section elementor-element elementor-element-fddab0e elementor-section-boxed elementor-section-height-default elementor-section-height-default wpr-particle-no wpr-jarallax-no wpr-parallax-no wpr-sticky-section-no\" data-id=\"fddab0e\" data-element_type=\"section\" data-e-type=\"section\" data-settings=\"{&quot;_ha_eqh_enable&quot;:false}\">\n\t\t\t\t\t\t<div class=\"elementor-container elementor-column-gap-default\">\n\t\t\t\t\t<div class=\"elementor-column elementor-col-50 elementor-inner-column elementor-element elementor-element-038ae5a\" data-id=\"038ae5a\" data-element_type=\"column\" data-e-type=\"column\">\n\t\t\t<div class=\"elementor-widget-wrap elementor-element-populated\">\n\t\t\t\t\t\t<div class=\"elementor-element elementor-element-58b4fb4 elementor-widget elementor-widget-text-editor\" data-id=\"58b4fb4\" data-element_type=\"widget\" data-e-type=\"widget\" data-widget_type=\"text-editor.default\">\n\t\t\t\t<div class=\"elementor-widget-container\">\n\t\t\t\t\t\t\t\t\t<p><b data-stringify-type=\"bold\"><i data-stringify-type=\"italic\">Vidriera (Suaeda divaricata)<br \/><\/i><\/b><i data-stringify-type=\"italic\">Planta le\u00f1osa de gran porte, abundante follaje, de color verde con hojas largas y carnosas dirigidas hacia afuera de flores peque\u00f1as. Habita ambientes salinos y zonas cercanas al mar.<\/i><\/p>\t\t\t\t\t\t\t\t<\/div>\n\t\t\t\t<\/div>\n\t\t\t\t\t<\/div>\n\t\t<\/div>\n\t\t\t\t<div class=\"elementor-column elementor-col-50 elementor-inner-column elementor-element elementor-element-8bcb19a\" data-id=\"8bcb19a\" data-element_type=\"column\" data-e-type=\"column\">\n\t\t\t<div class=\"elementor-widget-wrap elementor-element-populated\">\n\t\t\t\t\t\t<div class=\"elementor-element elementor-element-494865b elementor-widget elementor-widget-text-editor\" data-id=\"494865b\" data-element_type=\"widget\" data-e-type=\"widget\" data-widget_type=\"text-editor.default\">\n\t\t\t\t<div class=\"elementor-widget-container\">\n\t\t\t\t\t\t\t\t\t<p><strong><em>Vidriera (Suaeda divaricata)<br \/><\/em><\/strong><em>Perennial \u00a0plant of great size, abundant foliage, green in color with long fleshy leaves directed outwards and small flowers. It inhabits saline environments and areas near the sea.<\/em><\/p>\t\t\t\t\t\t\t\t<\/div>\n\t\t\t\t<\/div>\n\t\t\t\t\t<\/div>\n\t\t<\/div>\n\t\t\t\t\t<\/div>\n\t\t<\/section>\n\t\t\t\t<section class=\"elementor-section elementor-inner-section elementor-element elementor-element-f2ca567 elementor-section-boxed elementor-section-height-default elementor-section-height-default wpr-particle-no wpr-jarallax-no wpr-parallax-no wpr-sticky-section-no\" data-id=\"f2ca567\" data-element_type=\"section\" data-e-type=\"section\" data-settings=\"{&quot;_ha_eqh_enable&quot;:false}\">\n\t\t\t\t\t\t<div class=\"elementor-container elementor-column-gap-default\">\n\t\t\t\t\t<div class=\"elementor-column elementor-col-100 elementor-inner-column elementor-element elementor-element-b874034\" data-id=\"b874034\" data-element_type=\"column\" data-e-type=\"column\">\n\t\t\t<div class=\"elementor-widget-wrap elementor-element-populated\">\n\t\t\t\t\t\t<div class=\"elementor-element elementor-element-80b0459 elementor-skin-coverflow elementor-arrows-yes elementor-pagination-type-bullets elementor-pagination-position-outside elementor-widget elementor-widget-media-carousel\" data-id=\"80b0459\" data-element_type=\"widget\" data-e-type=\"widget\" data-settings=\"{&quot;skin&quot;:&quot;coverflow&quot;,&quot;space_between&quot;:{&quot;unit&quot;:&quot;px&quot;,&quot;size&quot;:11,&quot;sizes&quot;:[]},&quot;show_arrows&quot;:&quot;yes&quot;,&quot;pagination&quot;:&quot;bullets&quot;,&quot;speed&quot;:500,&quot;autoplay&quot;:&quot;yes&quot;,&quot;autoplay_speed&quot;:5000,&quot;loop&quot;:&quot;yes&quot;,&quot;pause_on_hover&quot;:&quot;yes&quot;,&quot;pause_on_interaction&quot;:&quot;yes&quot;,&quot;space_between_tablet&quot;:{&quot;unit&quot;:&quot;px&quot;,&quot;size&quot;:10,&quot;sizes&quot;:[]},&quot;space_between_mobile&quot;:{&quot;unit&quot;:&quot;px&quot;,&quot;size&quot;:10,&quot;sizes&quot;:[]}}\" data-widget_type=\"media-carousel.default\">\n\t\t\t\t<div class=\"elementor-widget-container\">\n\t\t\t\t\t\t\t\t\t<div class=\"elementor-swiper\">\n\t\t\t\t\t<div class=\"elementor-main-swiper swiper\" role=\"region\" aria-roledescription=\"carousel\" aria-label=\"Slides\">\n\t\t\t\t<div class=\"swiper-wrapper\">\n\t\t\t\t\t\t\t\t\t\t\t<div class=\"swiper-slide\" role=\"group\" aria-roledescription=\"slide\">\n\t\t\t\t\t\t\t<a href=\"https:\/\/radatilly.gob.ar\/anp-punta-marques\/wp-content\/uploads\/sites\/6\/2020\/09\/Vidriera.jpg\" data-elementor-open-lightbox=\"yes\" data-elementor-lightbox-slideshow=\"80b0459\" data-e-action-hash=\"#elementor-action%3Aaction%3Dlightbox%26settings%3DeyJpZCI6MTE1OSwidXJsIjoiaHR0cHM6XC9cL3JhZGF0aWxseS5nb2IuYXJcL3dwLWNvbnRlbnRcL3VwbG9hZHNcL3NpdGVzXC82XC8yMDIwXC8wOVwvVmlkcmllcmEuanBnIiwic2xpZGVzaG93IjoiODBiMDQ1OSJ9\">\t\t<div class=\"elementor-carousel-image\" role=\"img\" aria-label=\"\" style=\"background-image: url(&#039;https:\/\/radatilly.gob.ar\/wp-content\/uploads\/sites\/6\/2020\/09\/Vidriera.jpg&#039;)\">\n\n\t\t\t\n\t\t\t\t\t<\/div>\n\t\t<\/a>\t\t\t\t\t\t<\/div>\n\t\t\t\t\t\t\t\t\t<\/div>\n\t\t\t\t\t\t\t<\/div>\n\t\t\t\t<\/div>\n\t\t\t\t\t\t\t\t<\/div>\n\t\t\t\t<\/div>\n\t\t\t\t\t<\/div>\n\t\t<\/div>\n\t\t\t\t\t<\/div>\n\t\t<\/section>\n\t\t\t\t<section class=\"elementor-section elementor-inner-section elementor-element elementor-element-ebab525 elementor-section-boxed elementor-section-height-default elementor-section-height-default wpr-particle-no wpr-jarallax-no wpr-parallax-no wpr-sticky-section-no\" data-id=\"ebab525\" data-element_type=\"section\" data-e-type=\"section\" data-settings=\"{&quot;_ha_eqh_enable&quot;:false}\">\n\t\t\t\t\t\t<div class=\"elementor-container elementor-column-gap-default\">\n\t\t\t\t\t<div class=\"elementor-column elementor-col-50 elementor-inner-column elementor-element elementor-element-872e778\" data-id=\"872e778\" data-element_type=\"column\" data-e-type=\"column\">\n\t\t\t<div class=\"elementor-widget-wrap elementor-element-populated\">\n\t\t\t\t\t\t<div class=\"elementor-element elementor-element-e1b8f71 elementor-widget elementor-widget-text-editor\" data-id=\"e1b8f71\" data-element_type=\"widget\" data-e-type=\"widget\" data-widget_type=\"text-editor.default\">\n\t\t\t\t<div class=\"elementor-widget-container\">\n\t\t\t\t\t\t\t\t\t<p><b data-stringify-type=\"bold\"><i data-stringify-type=\"italic\">Duraznillo (Colliguaja integerrima)<\/i><\/b><br \/><i data-stringify-type=\"italic\">Arbusto siempre verde de hojas grandes, de color verde brillante, al florecer se cubre con espigas rojizas que se vuelven amarillentas, con frutos marrones, habita m\u00e9danos.<\/i><\/p>\t\t\t\t\t\t\t\t<\/div>\n\t\t\t\t<\/div>\n\t\t\t\t\t<\/div>\n\t\t<\/div>\n\t\t\t\t<div class=\"elementor-column elementor-col-50 elementor-inner-column elementor-element elementor-element-159416e\" data-id=\"159416e\" data-element_type=\"column\" data-e-type=\"column\">\n\t\t\t<div class=\"elementor-widget-wrap elementor-element-populated\">\n\t\t\t\t\t\t<div class=\"elementor-element elementor-element-8f0995d elementor-widget elementor-widget-text-editor\" data-id=\"8f0995d\" data-element_type=\"widget\" data-e-type=\"widget\" data-widget_type=\"text-editor.default\">\n\t\t\t\t<div class=\"elementor-widget-container\">\n\t\t\t\t\t\t\t\t\t<p><strong><em>Duraznillo (Colliguaja integerrima)<br \/><\/em><\/strong><em>Evergreen shrub with large leaves, bright green, when blooming it \u00a0is covered with reddish ears that turn yellowish, with brown fruits, inhabits dunes.<\/em><\/p>\t\t\t\t\t\t\t\t<\/div>\n\t\t\t\t<\/div>\n\t\t\t\t\t<\/div>\n\t\t<\/div>\n\t\t\t\t\t<\/div>\n\t\t<\/section>\n\t\t\t\t<section class=\"elementor-section elementor-inner-section elementor-element elementor-element-88826cb elementor-section-boxed elementor-section-height-default elementor-section-height-default wpr-particle-no wpr-jarallax-no wpr-parallax-no wpr-sticky-section-no\" data-id=\"88826cb\" data-element_type=\"section\" data-e-type=\"section\" data-settings=\"{&quot;_ha_eqh_enable&quot;:false}\">\n\t\t\t\t\t\t<div class=\"elementor-container elementor-column-gap-default\">\n\t\t\t\t\t<div class=\"elementor-column elementor-col-100 elementor-inner-column elementor-element elementor-element-ae7ac14\" data-id=\"ae7ac14\" data-element_type=\"column\" data-e-type=\"column\">\n\t\t\t<div class=\"elementor-widget-wrap elementor-element-populated\">\n\t\t\t\t\t\t<div class=\"elementor-element elementor-element-2645020 elementor-skin-coverflow elementor-arrows-yes elementor-pagination-type-bullets elementor-pagination-position-outside elementor-widget elementor-widget-media-carousel\" data-id=\"2645020\" data-element_type=\"widget\" data-e-type=\"widget\" data-settings=\"{&quot;skin&quot;:&quot;coverflow&quot;,&quot;space_between&quot;:{&quot;unit&quot;:&quot;px&quot;,&quot;size&quot;:11,&quot;sizes&quot;:[]},&quot;show_arrows&quot;:&quot;yes&quot;,&quot;pagination&quot;:&quot;bullets&quot;,&quot;speed&quot;:500,&quot;autoplay&quot;:&quot;yes&quot;,&quot;autoplay_speed&quot;:5000,&quot;loop&quot;:&quot;yes&quot;,&quot;pause_on_hover&quot;:&quot;yes&quot;,&quot;pause_on_interaction&quot;:&quot;yes&quot;,&quot;space_between_tablet&quot;:{&quot;unit&quot;:&quot;px&quot;,&quot;size&quot;:10,&quot;sizes&quot;:[]},&quot;space_between_mobile&quot;:{&quot;unit&quot;:&quot;px&quot;,&quot;size&quot;:10,&quot;sizes&quot;:[]}}\" data-widget_type=\"media-carousel.default\">\n\t\t\t\t<div class=\"elementor-widget-container\">\n\t\t\t\t\t\t\t\t\t<div class=\"elementor-swiper\">\n\t\t\t\t\t<div class=\"elementor-main-swiper swiper\" role=\"region\" aria-roledescription=\"carousel\" aria-label=\"Slides\">\n\t\t\t\t<div class=\"swiper-wrapper\">\n\t\t\t\t\t\t\t\t\t\t\t<div class=\"swiper-slide\" role=\"group\" aria-roledescription=\"slide\">\n\t\t\t\t\t\t\t<a href=\"https:\/\/radatilly.gob.ar\/anp-punta-marques\/wp-content\/uploads\/sites\/6\/2020\/08\/28.2.jpg\" data-elementor-open-lightbox=\"yes\" data-elementor-lightbox-slideshow=\"2645020\" data-e-action-hash=\"#elementor-action%3Aaction%3Dlightbox%26settings%3DeyJpZCI6OTA3LCJ1cmwiOiJodHRwczpcL1wvcmFkYXRpbGx5LmdvYi5hclwvd3AtY29udGVudFwvdXBsb2Fkc1wvc2l0ZXNcLzZcLzIwMjBcLzA4XC8yOC4yLmpwZyIsInNsaWRlc2hvdyI6IjI2NDUwMjAifQ%3D%3D\">\t\t<div class=\"elementor-carousel-image\" role=\"img\" aria-label=\"\" style=\"background-image: url(&#039;https:\/\/radatilly.gob.ar\/wp-content\/uploads\/sites\/6\/2020\/08\/28.2.jpg&#039;)\">\n\n\t\t\t\n\t\t\t\t\t<\/div>\n\t\t<\/a>\t\t\t\t\t\t<\/div>\n\t\t\t\t\t\t\t\t\t\t\t<div class=\"swiper-slide\" role=\"group\" aria-roledescription=\"slide\">\n\t\t\t\t\t\t\t<a href=\"https:\/\/radatilly.gob.ar\/anp-punta-marques\/wp-content\/uploads\/sites\/6\/2020\/08\/28.1.jpg\" data-elementor-open-lightbox=\"yes\" data-elementor-lightbox-slideshow=\"2645020\" data-e-action-hash=\"#elementor-action%3Aaction%3Dlightbox%26settings%3DeyJpZCI6OTA2LCJ1cmwiOiJodHRwczpcL1wvcmFkYXRpbGx5LmdvYi5hclwvd3AtY29udGVudFwvdXBsb2Fkc1wvc2l0ZXNcLzZcLzIwMjBcLzA4XC8yOC4xLmpwZyIsInNsaWRlc2hvdyI6IjI2NDUwMjAifQ%3D%3D\">\t\t<div class=\"elementor-carousel-image\" role=\"img\" aria-label=\"\" style=\"background-image: url(&#039;https:\/\/radatilly.gob.ar\/wp-content\/uploads\/sites\/6\/2020\/08\/28.1.jpg&#039;)\">\n\n\t\t\t\n\t\t\t\t\t<\/div>\n\t\t<\/a>\t\t\t\t\t\t<\/div>\n\t\t\t\t\t\t\t\t\t<\/div>\n\t\t\t\t\t\t\t\t\t\t\t\t\t\t\t<div class=\"elementor-swiper-button elementor-swiper-button-prev\" role=\"button\" tabindex=\"0\" aria-label=\"Previous\">\n\t\t\t\t\t\t\t<i aria-hidden=\"true\" class=\"eicon-chevron-left\"><\/i>\t\t\t\t\t\t<\/div>\n\t\t\t\t\t\t<div class=\"elementor-swiper-button elementor-swiper-button-next\" role=\"button\" tabindex=\"0\" aria-label=\"Next\">\n\t\t\t\t\t\t\t<i aria-hidden=\"true\" class=\"eicon-chevron-right\"><\/i>\t\t\t\t\t\t<\/div>\n\t\t\t\t\t\t\t\t\t\t\t\t\t\t\t\t<div class=\"swiper-pagination\"><\/div>\n\t\t\t\t\t\t\t\t\t\t\t\t<\/div>\n\t\t\t\t<\/div>\n\t\t\t\t\t\t\t\t<\/div>\n\t\t\t\t<\/div>\n\t\t\t\t\t<\/div>\n\t\t<\/div>\n\t\t\t\t\t<\/div>\n\t\t<\/section>\n\t\t\t\t<section class=\"elementor-section elementor-inner-section elementor-element elementor-element-e29f928 elementor-section-boxed elementor-section-height-default elementor-section-height-default wpr-particle-no wpr-jarallax-no wpr-parallax-no wpr-sticky-section-no\" data-id=\"e29f928\" data-element_type=\"section\" data-e-type=\"section\" data-settings=\"{&quot;_ha_eqh_enable&quot;:false}\">\n\t\t\t\t\t\t<div class=\"elementor-container elementor-column-gap-default\">\n\t\t\t\t\t<div class=\"elementor-column elementor-col-50 elementor-inner-column elementor-element elementor-element-6b10a5c\" data-id=\"6b10a5c\" data-element_type=\"column\" data-e-type=\"column\">\n\t\t\t<div class=\"elementor-widget-wrap elementor-element-populated\">\n\t\t\t\t\t\t<div class=\"elementor-element elementor-element-83f7761 elementor-widget elementor-widget-text-editor\" data-id=\"83f7761\" data-element_type=\"widget\" data-e-type=\"widget\" data-widget_type=\"text-editor.default\">\n\t\t\t\t<div class=\"elementor-widget-container\">\n\t\t\t\t\t\t\t\t\t<p><b data-stringify-type=\"bold\"><i data-stringify-type=\"italic\">Quilimbay (Chuquigara avellanedae)<br \/><\/i><\/b><i data-stringify-type=\"italic\">Arbusto de hasta un metro de altura con hojas anchas y duras que terminan en espinas. Florece en noviembre hasta enero, los frutos son panaderos blancos y peludos. Habita suelos arcillosos y arcillosos-salinos.<\/i><\/p>\t\t\t\t\t\t\t\t<\/div>\n\t\t\t\t<\/div>\n\t\t\t\t\t<\/div>\n\t\t<\/div>\n\t\t\t\t<div class=\"elementor-column elementor-col-50 elementor-inner-column elementor-element elementor-element-46952d5\" data-id=\"46952d5\" data-element_type=\"column\" data-e-type=\"column\">\n\t\t\t<div class=\"elementor-widget-wrap elementor-element-populated\">\n\t\t\t\t\t\t<div class=\"elementor-element elementor-element-f1046fc elementor-widget elementor-widget-text-editor\" data-id=\"f1046fc\" data-element_type=\"widget\" data-e-type=\"widget\" data-widget_type=\"text-editor.default\">\n\t\t\t\t<div class=\"elementor-widget-container\">\n\t\t\t\t\t\t\t\t\t<p><strong><em>Quilimbay (Chuquigara avellanedae)<br \/><\/em><\/strong><em>Shrub up to a meter tall with broad, hard leaves that end in thorns. Blooms from November to January, the fruits are white and hairy , inhabiting clayey and clayey-saline soils.<\/em><\/p>\t\t\t\t\t\t\t\t<\/div>\n\t\t\t\t<\/div>\n\t\t\t\t\t<\/div>\n\t\t<\/div>\n\t\t\t\t\t<\/div>\n\t\t<\/section>\n\t\t\t\t<section class=\"elementor-section elementor-inner-section elementor-element elementor-element-60af365 elementor-section-boxed elementor-section-height-default elementor-section-height-default wpr-particle-no wpr-jarallax-no wpr-parallax-no wpr-sticky-section-no\" data-id=\"60af365\" data-element_type=\"section\" data-e-type=\"section\" data-settings=\"{&quot;_ha_eqh_enable&quot;:false}\">\n\t\t\t\t\t\t<div class=\"elementor-container elementor-column-gap-default\">\n\t\t\t\t\t<div class=\"elementor-column elementor-col-100 elementor-inner-column elementor-element elementor-element-00a8f6e\" data-id=\"00a8f6e\" data-element_type=\"column\" data-e-type=\"column\">\n\t\t\t<div class=\"elementor-widget-wrap elementor-element-populated\">\n\t\t\t\t\t\t<div class=\"elementor-element elementor-element-f71b306 elementor-skin-coverflow elementor-arrows-yes elementor-pagination-type-bullets elementor-pagination-position-outside elementor-widget elementor-widget-media-carousel\" data-id=\"f71b306\" data-element_type=\"widget\" data-e-type=\"widget\" data-settings=\"{&quot;skin&quot;:&quot;coverflow&quot;,&quot;space_between&quot;:{&quot;unit&quot;:&quot;px&quot;,&quot;size&quot;:11,&quot;sizes&quot;:[]},&quot;show_arrows&quot;:&quot;yes&quot;,&quot;pagination&quot;:&quot;bullets&quot;,&quot;speed&quot;:500,&quot;autoplay&quot;:&quot;yes&quot;,&quot;autoplay_speed&quot;:5000,&quot;loop&quot;:&quot;yes&quot;,&quot;pause_on_hover&quot;:&quot;yes&quot;,&quot;pause_on_interaction&quot;:&quot;yes&quot;,&quot;space_between_tablet&quot;:{&quot;unit&quot;:&quot;px&quot;,&quot;size&quot;:10,&quot;sizes&quot;:[]},&quot;space_between_mobile&quot;:{&quot;unit&quot;:&quot;px&quot;,&quot;size&quot;:10,&quot;sizes&quot;:[]}}\" data-widget_type=\"media-carousel.default\">\n\t\t\t\t<div class=\"elementor-widget-container\">\n\t\t\t\t\t\t\t\t\t<div class=\"elementor-swiper\">\n\t\t\t\t\t<div class=\"elementor-main-swiper swiper\" role=\"region\" aria-roledescription=\"carousel\" aria-label=\"Slides\">\n\t\t\t\t<div class=\"swiper-wrapper\">\n\t\t\t\t\t\t\t\t\t\t\t<div class=\"swiper-slide\" role=\"group\" aria-roledescription=\"slide\">\n\t\t\t\t\t\t\t<a href=\"https:\/\/radatilly.gob.ar\/anp-punta-marques\/wp-content\/uploads\/sites\/6\/2020\/08\/29.1-quilimbay.jpg\" data-elementor-open-lightbox=\"yes\" data-elementor-lightbox-slideshow=\"f71b306\" data-e-action-hash=\"#elementor-action%3Aaction%3Dlightbox%26settings%3DeyJpZCI6OTA5LCJ1cmwiOiJodHRwczpcL1wvcmFkYXRpbGx5LmdvYi5hclwvd3AtY29udGVudFwvdXBsb2Fkc1wvc2l0ZXNcLzZcLzIwMjBcLzA4XC8yOS4xLXF1aWxpbWJheS5qcGciLCJzbGlkZXNob3ciOiJmNzFiMzA2In0%3D\">\t\t<div class=\"elementor-carousel-image\" role=\"img\" aria-label=\"\" style=\"background-image: url(&#039;https:\/\/radatilly.gob.ar\/wp-content\/uploads\/sites\/6\/2020\/08\/29.1-quilimbay.jpg&#039;)\">\n\n\t\t\t\n\t\t\t\t\t<\/div>\n\t\t<\/a>\t\t\t\t\t\t<\/div>\n\t\t\t\t\t\t\t\t\t<\/div>\n\t\t\t\t\t\t\t<\/div>\n\t\t\t\t<\/div>\n\t\t\t\t\t\t\t\t<\/div>\n\t\t\t\t<\/div>\n\t\t\t\t\t<\/div>\n\t\t<\/div>\n\t\t\t\t\t<\/div>\n\t\t<\/section>\n\t\t\t\t<section class=\"elementor-section elementor-inner-section elementor-element elementor-element-8813e06 elementor-section-boxed elementor-section-height-default elementor-section-height-default wpr-particle-no wpr-jarallax-no wpr-parallax-no wpr-sticky-section-no\" data-id=\"8813e06\" data-element_type=\"section\" data-e-type=\"section\" data-settings=\"{&quot;_ha_eqh_enable&quot;:false}\">\n\t\t\t\t\t\t<div class=\"elementor-container elementor-column-gap-default\">\n\t\t\t\t\t<div class=\"elementor-column elementor-col-50 elementor-inner-column elementor-element elementor-element-75a6bc6\" data-id=\"75a6bc6\" data-element_type=\"column\" data-e-type=\"column\">\n\t\t\t<div class=\"elementor-widget-wrap elementor-element-populated\">\n\t\t\t\t\t\t<div class=\"elementor-element elementor-element-df3a304 elementor-widget elementor-widget-text-editor\" data-id=\"df3a304\" data-element_type=\"widget\" data-e-type=\"widget\" data-widget_type=\"text-editor.default\">\n\t\t\t\t<div class=\"elementor-widget-container\">\n\t\t\t\t\t\t\t\t\t<p><b data-stringify-type=\"bold\"><i data-stringify-type=\"italic\">Violeta (Astragalus cruckshanksii)<br \/><\/i><\/b><i data-stringify-type=\"italic\">hierba de abundante follaje que se la puede distinguir bien durante la primavera cuando se cubre de flores\u00a0de forma amariposadas de color azul o violetas . Se re\u00fane en peque\u00f1os racimos en el extremo de un talluelo y habita suelos pedregosos y areno-arcilloso.<\/i><\/p>\t\t\t\t\t\t\t\t<\/div>\n\t\t\t\t<\/div>\n\t\t\t\t\t<\/div>\n\t\t<\/div>\n\t\t\t\t<div class=\"elementor-column elementor-col-50 elementor-inner-column elementor-element elementor-element-de7526e\" data-id=\"de7526e\" data-element_type=\"column\" data-e-type=\"column\">\n\t\t\t<div class=\"elementor-widget-wrap elementor-element-populated\">\n\t\t\t\t\t\t<div class=\"elementor-element elementor-element-f8da567 elementor-widget elementor-widget-text-editor\" data-id=\"f8da567\" data-element_type=\"widget\" data-e-type=\"widget\" data-widget_type=\"text-editor.default\">\n\t\t\t\t<div class=\"elementor-widget-container\">\n\t\t\t\t\t\t\t\t\t<p><strong><em>Violeta (Astragalus cruckshanksii)<br \/><\/em><\/strong><em>Grass with abundant foliage that can be easily distinguished during spring when it is covered with blue or violet butterfly flowers shape. It spreads in grass clusters and inhabits stony and sandy-clay soils.<\/em><\/p>\t\t\t\t\t\t\t\t<\/div>\n\t\t\t\t<\/div>\n\t\t\t\t\t<\/div>\n\t\t<\/div>\n\t\t\t\t\t<\/div>\n\t\t<\/section>\n\t\t\t\t<section class=\"elementor-section elementor-inner-section elementor-element elementor-element-52430ba elementor-section-boxed elementor-section-height-default elementor-section-height-default wpr-particle-no wpr-jarallax-no wpr-parallax-no wpr-sticky-section-no\" data-id=\"52430ba\" data-element_type=\"section\" data-e-type=\"section\" data-settings=\"{&quot;_ha_eqh_enable&quot;:false}\">\n\t\t\t\t\t\t<div class=\"elementor-container elementor-column-gap-default\">\n\t\t\t\t\t<div class=\"elementor-column elementor-col-100 elementor-inner-column elementor-element elementor-element-4d2fd5d\" data-id=\"4d2fd5d\" data-element_type=\"column\" data-e-type=\"column\">\n\t\t\t<div class=\"elementor-widget-wrap elementor-element-populated\">\n\t\t\t\t\t\t<div class=\"elementor-element elementor-element-5a7c488 elementor-skin-coverflow elementor-arrows-yes elementor-pagination-type-bullets elementor-pagination-position-outside elementor-widget elementor-widget-media-carousel\" data-id=\"5a7c488\" data-element_type=\"widget\" data-e-type=\"widget\" data-settings=\"{&quot;skin&quot;:&quot;coverflow&quot;,&quot;space_between&quot;:{&quot;unit&quot;:&quot;px&quot;,&quot;size&quot;:11,&quot;sizes&quot;:[]},&quot;show_arrows&quot;:&quot;yes&quot;,&quot;pagination&quot;:&quot;bullets&quot;,&quot;speed&quot;:500,&quot;autoplay&quot;:&quot;yes&quot;,&quot;autoplay_speed&quot;:5000,&quot;loop&quot;:&quot;yes&quot;,&quot;pause_on_hover&quot;:&quot;yes&quot;,&quot;pause_on_interaction&quot;:&quot;yes&quot;,&quot;space_between_tablet&quot;:{&quot;unit&quot;:&quot;px&quot;,&quot;size&quot;:10,&quot;sizes&quot;:[]},&quot;space_between_mobile&quot;:{&quot;unit&quot;:&quot;px&quot;,&quot;size&quot;:10,&quot;sizes&quot;:[]}}\" data-widget_type=\"media-carousel.default\">\n\t\t\t\t<div class=\"elementor-widget-container\">\n\t\t\t\t\t\t\t\t\t<div class=\"elementor-swiper\">\n\t\t\t\t\t<div class=\"elementor-main-swiper swiper\" role=\"region\" aria-roledescription=\"carousel\" aria-label=\"Slides\">\n\t\t\t\t<div class=\"swiper-wrapper\">\n\t\t\t\t\t\t\t\t\t\t\t<div class=\"swiper-slide\" role=\"group\" aria-roledescription=\"slide\">\n\t\t\t\t\t\t\t<a href=\"https:\/\/radatilly.gob.ar\/anp-punta-marques\/wp-content\/uploads\/sites\/6\/2020\/08\/30.2.jpg\" data-elementor-open-lightbox=\"yes\" data-elementor-lightbox-slideshow=\"5a7c488\" data-e-action-hash=\"#elementor-action%3Aaction%3Dlightbox%26settings%3DeyJpZCI6OTE0LCJ1cmwiOiJodHRwczpcL1wvcmFkYXRpbGx5LmdvYi5hclwvd3AtY29udGVudFwvdXBsb2Fkc1wvc2l0ZXNcLzZcLzIwMjBcLzA4XC8zMC4yLmpwZyIsInNsaWRlc2hvdyI6IjVhN2M0ODgifQ%3D%3D\">\t\t<div class=\"elementor-carousel-image\" role=\"img\" aria-label=\"\" style=\"background-image: url(&#039;https:\/\/radatilly.gob.ar\/wp-content\/uploads\/sites\/6\/2020\/08\/30.2.jpg&#039;)\">\n\n\t\t\t\n\t\t\t\t\t<\/div>\n\t\t<\/a>\t\t\t\t\t\t<\/div>\n\t\t\t\t\t\t\t\t\t\t\t<div class=\"swiper-slide\" role=\"group\" aria-roledescription=\"slide\">\n\t\t\t\t\t\t\t<a href=\"https:\/\/radatilly.gob.ar\/anp-punta-marques\/wp-content\/uploads\/sites\/6\/2020\/08\/30.1.jpg\" data-elementor-open-lightbox=\"yes\" data-elementor-lightbox-slideshow=\"5a7c488\" data-e-action-hash=\"#elementor-action%3Aaction%3Dlightbox%26settings%3DeyJpZCI6OTEzLCJ1cmwiOiJodHRwczpcL1wvcmFkYXRpbGx5LmdvYi5hclwvd3AtY29udGVudFwvdXBsb2Fkc1wvc2l0ZXNcLzZcLzIwMjBcLzA4XC8zMC4xLmpwZyIsInNsaWRlc2hvdyI6IjVhN2M0ODgifQ%3D%3D\">\t\t<div class=\"elementor-carousel-image\" role=\"img\" aria-label=\"\" style=\"background-image: url(&#039;https:\/\/radatilly.gob.ar\/wp-content\/uploads\/sites\/6\/2020\/08\/30.1.jpg&#039;)\">\n\n\t\t\t\n\t\t\t\t\t<\/div>\n\t\t<\/a>\t\t\t\t\t\t<\/div>\n\t\t\t\t\t\t\t\t\t\t\t<div class=\"swiper-slide\" role=\"group\" aria-roledescription=\"slide\">\n\t\t\t\t\t\t\t<a href=\"https:\/\/radatilly.gob.ar\/anp-punta-marques\/wp-content\/uploads\/sites\/6\/2020\/08\/30.3.jpg\" data-elementor-open-lightbox=\"yes\" data-elementor-lightbox-slideshow=\"5a7c488\" data-e-action-hash=\"#elementor-action%3Aaction%3Dlightbox%26settings%3DeyJpZCI6OTEyLCJ1cmwiOiJodHRwczpcL1wvcmFkYXRpbGx5LmdvYi5hclwvd3AtY29udGVudFwvdXBsb2Fkc1wvc2l0ZXNcLzZcLzIwMjBcLzA4XC8zMC4zLmpwZyIsInNsaWRlc2hvdyI6IjVhN2M0ODgifQ%3D%3D\">\t\t<div class=\"elementor-carousel-image\" role=\"img\" aria-label=\"\" style=\"background-image: url(&#039;https:\/\/radatilly.gob.ar\/wp-content\/uploads\/sites\/6\/2020\/08\/30.3.jpg&#039;)\">\n\n\t\t\t\n\t\t\t\t\t<\/div>\n\t\t<\/a>\t\t\t\t\t\t<\/div>\n\t\t\t\t\t\t\t\t\t<\/div>\n\t\t\t\t\t\t\t\t\t\t\t\t\t\t\t<div class=\"elementor-swiper-button elementor-swiper-button-prev\" role=\"button\" tabindex=\"0\" aria-label=\"Previous\">\n\t\t\t\t\t\t\t<i aria-hidden=\"true\" class=\"eicon-chevron-left\"><\/i>\t\t\t\t\t\t<\/div>\n\t\t\t\t\t\t<div class=\"elementor-swiper-button elementor-swiper-button-next\" role=\"button\" tabindex=\"0\" aria-label=\"Next\">\n\t\t\t\t\t\t\t<i aria-hidden=\"true\" class=\"eicon-chevron-right\"><\/i>\t\t\t\t\t\t<\/div>\n\t\t\t\t\t\t\t\t\t\t\t\t\t\t\t\t<div class=\"swiper-pagination\"><\/div>\n\t\t\t\t\t\t\t\t\t\t\t\t<\/div>\n\t\t\t\t<\/div>\n\t\t\t\t\t\t\t\t<\/div>\n\t\t\t\t<\/div>\n\t\t\t\t\t<\/div>\n\t\t<\/div>\n\t\t\t\t\t<\/div>\n\t\t<\/section>\n\t\t\t\t<section class=\"elementor-section elementor-inner-section elementor-element elementor-element-a3de6d6 elementor-section-boxed elementor-section-height-default elementor-section-height-default wpr-particle-no wpr-jarallax-no wpr-parallax-no wpr-sticky-section-no\" data-id=\"a3de6d6\" data-element_type=\"section\" data-e-type=\"section\" data-settings=\"{&quot;_ha_eqh_enable&quot;:false}\">\n\t\t\t\t\t\t<div class=\"elementor-container elementor-column-gap-default\">\n\t\t\t\t\t<div class=\"elementor-column elementor-col-50 elementor-inner-column elementor-element elementor-element-18e9baa\" data-id=\"18e9baa\" data-element_type=\"column\" data-e-type=\"column\">\n\t\t\t<div class=\"elementor-widget-wrap elementor-element-populated\">\n\t\t\t\t\t\t<div class=\"elementor-element elementor-element-86fd5a7 elementor-widget elementor-widget-text-editor\" data-id=\"86fd5a7\" data-element_type=\"widget\" data-e-type=\"widget\" data-widget_type=\"text-editor.default\">\n\t\t\t\t<div class=\"elementor-widget-container\">\n\t\t\t\t\t\t\t\t\t<p><b data-stringify-type=\"bold\"><i data-stringify-type=\"italic\">Coiron llama ( Stipa humilis)<br \/><\/i><\/b><i data-stringify-type=\"italic\">Es una hierba caracter\u00edstica de la estepa patag\u00f3nica.Debe su nombre a que mantiene la forma de llama ya que no es consumida por\u00a0los herb\u00edvoros.Las hojas son r\u00edgidas y\u00a0pajizas de color blanco-amarillentas y sus flores son diminutas a simples con frutos\u00a0peque\u00f1os y plumosos .<\/i><\/p>\t\t\t\t\t\t\t\t<\/div>\n\t\t\t\t<\/div>\n\t\t\t\t\t<\/div>\n\t\t<\/div>\n\t\t\t\t<div class=\"elementor-column elementor-col-50 elementor-inner-column elementor-element elementor-element-769641d\" data-id=\"769641d\" data-element_type=\"column\" data-e-type=\"column\">\n\t\t\t<div class=\"elementor-widget-wrap elementor-element-populated\">\n\t\t\t\t\t\t<div class=\"elementor-element elementor-element-738dc0c elementor-widget elementor-widget-text-editor\" data-id=\"738dc0c\" data-element_type=\"widget\" data-e-type=\"widget\" data-widget_type=\"text-editor.default\">\n\t\t\t\t<div class=\"elementor-widget-container\">\n\t\t\t\t\t\t\t\t\t<p><strong><em>Coiron llama (Stipa humilis)<br \/><\/em><\/strong><em>It is a characteristic grass of the Patagonian steppe. It owes its name to the fact that it maintains the shape of a flame and that it is not consumed by herbivores. The leaves are stiff and straw yellow-white in color and their flowers are tiny to simple with small fruits and feathery.<\/em><\/p>\t\t\t\t\t\t\t\t<\/div>\n\t\t\t\t<\/div>\n\t\t\t\t\t<\/div>\n\t\t<\/div>\n\t\t\t\t\t<\/div>\n\t\t<\/section>\n\t\t\t\t<section class=\"elementor-section elementor-inner-section elementor-element elementor-element-763ba71 elementor-section-boxed elementor-section-height-default elementor-section-height-default wpr-particle-no wpr-jarallax-no wpr-parallax-no wpr-sticky-section-no\" data-id=\"763ba71\" data-element_type=\"section\" data-e-type=\"section\" data-settings=\"{&quot;_ha_eqh_enable&quot;:false}\">\n\t\t\t\t\t\t<div class=\"elementor-container elementor-column-gap-default\">\n\t\t\t\t\t<div class=\"elementor-column elementor-col-100 elementor-inner-column elementor-element elementor-element-8d4ffaf\" data-id=\"8d4ffaf\" data-element_type=\"column\" data-e-type=\"column\">\n\t\t\t<div class=\"elementor-widget-wrap elementor-element-populated\">\n\t\t\t\t\t\t<div class=\"elementor-element elementor-element-74e48b1 elementor-skin-coverflow elementor-arrows-yes elementor-pagination-type-bullets elementor-pagination-position-outside elementor-widget elementor-widget-media-carousel\" data-id=\"74e48b1\" data-element_type=\"widget\" data-e-type=\"widget\" data-settings=\"{&quot;skin&quot;:&quot;coverflow&quot;,&quot;space_between&quot;:{&quot;unit&quot;:&quot;px&quot;,&quot;size&quot;:11,&quot;sizes&quot;:[]},&quot;show_arrows&quot;:&quot;yes&quot;,&quot;pagination&quot;:&quot;bullets&quot;,&quot;speed&quot;:500,&quot;autoplay&quot;:&quot;yes&quot;,&quot;autoplay_speed&quot;:5000,&quot;loop&quot;:&quot;yes&quot;,&quot;pause_on_hover&quot;:&quot;yes&quot;,&quot;pause_on_interaction&quot;:&quot;yes&quot;,&quot;space_between_tablet&quot;:{&quot;unit&quot;:&quot;px&quot;,&quot;size&quot;:10,&quot;sizes&quot;:[]},&quot;space_between_mobile&quot;:{&quot;unit&quot;:&quot;px&quot;,&quot;size&quot;:10,&quot;sizes&quot;:[]}}\" data-widget_type=\"media-carousel.default\">\n\t\t\t\t<div class=\"elementor-widget-container\">\n\t\t\t\t\t\t\t\t\t<div class=\"elementor-swiper\">\n\t\t\t\t\t<div class=\"elementor-main-swiper swiper\" role=\"region\" aria-roledescription=\"carousel\" aria-label=\"Slides\">\n\t\t\t\t<div class=\"swiper-wrapper\">\n\t\t\t\t\t\t\t\t\t\t\t<div class=\"swiper-slide\" role=\"group\" aria-roledescription=\"slide\">\n\t\t\t\t\t\t\t<a href=\"https:\/\/radatilly.gob.ar\/anp-punta-marques\/wp-content\/uploads\/sites\/6\/2020\/08\/02Coiron-Festuca-gracillima.jpg\" data-elementor-open-lightbox=\"yes\" data-elementor-lightbox-slideshow=\"74e48b1\" data-e-action-hash=\"#elementor-action%3Aaction%3Dlightbox%26settings%3DeyJpZCI6MTAwNywidXJsIjoiaHR0cHM6XC9cL3JhZGF0aWxseS5nb2IuYXJcL3dwLWNvbnRlbnRcL3VwbG9hZHNcL3NpdGVzXC82XC8yMDIwXC8wOFwvMDJDb2lyb24tRmVzdHVjYS1ncmFjaWxsaW1hLmpwZyIsInNsaWRlc2hvdyI6Ijc0ZTQ4YjEifQ%3D%3D\">\t\t<div class=\"elementor-carousel-image\" role=\"img\" aria-label=\"\" style=\"background-image: url(&#039;https:\/\/radatilly.gob.ar\/wp-content\/uploads\/sites\/6\/2020\/08\/02Coiron-Festuca-gracillima.jpg&#039;)\">\n\n\t\t\t\n\t\t\t\t\t<\/div>\n\t\t<\/a>\t\t\t\t\t\t<\/div>\n\t\t\t\t\t\t\t\t\t\t\t<div class=\"swiper-slide\" role=\"group\" aria-roledescription=\"slide\">\n\t\t\t\t\t\t\t<a href=\"https:\/\/radatilly.gob.ar\/anp-punta-marques\/wp-content\/uploads\/sites\/6\/2020\/08\/01-Coiron-Festuca-gracillima-copy.jpg\" data-elementor-open-lightbox=\"yes\" data-elementor-lightbox-slideshow=\"74e48b1\" data-e-action-hash=\"#elementor-action%3Aaction%3Dlightbox%26settings%3DeyJpZCI6MTAwNSwidXJsIjoiaHR0cHM6XC9cL3JhZGF0aWxseS5nb2IuYXJcL3dwLWNvbnRlbnRcL3VwbG9hZHNcL3NpdGVzXC82XC8yMDIwXC8wOFwvMDEtQ29pcm9uLUZlc3R1Y2EtZ3JhY2lsbGltYS1jb3B5LmpwZyIsInNsaWRlc2hvdyI6Ijc0ZTQ4YjEifQ%3D%3D\">\t\t<div class=\"elementor-carousel-image\" role=\"img\" aria-label=\"\" style=\"background-image: url(&#039;https:\/\/radatilly.gob.ar\/wp-content\/uploads\/sites\/6\/2020\/08\/01-Coiron-Festuca-gracillima-copy.jpg&#039;)\">\n\n\t\t\t\n\t\t\t\t\t<\/div>\n\t\t<\/a>\t\t\t\t\t\t<\/div>\n\t\t\t\t\t\t\t\t\t<\/div>\n\t\t\t\t\t\t\t\t\t\t\t\t\t\t\t<div class=\"elementor-swiper-button elementor-swiper-button-prev\" role=\"button\" tabindex=\"0\" aria-label=\"Previous\">\n\t\t\t\t\t\t\t<i aria-hidden=\"true\" class=\"eicon-chevron-left\"><\/i>\t\t\t\t\t\t<\/div>\n\t\t\t\t\t\t<div class=\"elementor-swiper-button elementor-swiper-button-next\" role=\"button\" tabindex=\"0\" aria-label=\"Next\">\n\t\t\t\t\t\t\t<i aria-hidden=\"true\" class=\"eicon-chevron-right\"><\/i>\t\t\t\t\t\t<\/div>\n\t\t\t\t\t\t\t\t\t\t\t\t\t\t\t\t<div class=\"swiper-pagination\"><\/div>\n\t\t\t\t\t\t\t\t\t\t\t\t<\/div>\n\t\t\t\t<\/div>\n\t\t\t\t\t\t\t\t<\/div>\n\t\t\t\t<\/div>\n\t\t\t\t\t<\/div>\n\t\t<\/div>\n\t\t\t\t\t<\/div>\n\t\t<\/section>\n\t\t\t\t<section class=\"elementor-section elementor-inner-section elementor-element elementor-element-adf4b8c elementor-section-boxed elementor-section-height-default elementor-section-height-default wpr-particle-no wpr-jarallax-no wpr-parallax-no wpr-sticky-section-no\" data-id=\"adf4b8c\" data-element_type=\"section\" data-e-type=\"section\" data-settings=\"{&quot;_ha_eqh_enable&quot;:false}\">\n\t\t\t\t\t\t<div class=\"elementor-container elementor-column-gap-default\">\n\t\t\t\t\t<div class=\"elementor-column elementor-col-50 elementor-inner-column elementor-element elementor-element-918f574\" data-id=\"918f574\" data-element_type=\"column\" data-e-type=\"column\">\n\t\t\t<div class=\"elementor-widget-wrap elementor-element-populated\">\n\t\t\t\t\t\t<div class=\"elementor-element elementor-element-6c6432a elementor-widget elementor-widget-text-editor\" data-id=\"6c6432a\" data-element_type=\"widget\" data-e-type=\"widget\" data-widget_type=\"text-editor.default\">\n\t\t\t\t<div class=\"elementor-widget-container\">\n\t\t\t\t\t\t\t\t\t<p><b data-stringify-type=\"bold\"><i data-stringify-type=\"italic\">Calafate (Berberis heterophylla)<br><\/i><\/b><i data-stringify-type=\"italic\">Es un arbusto con espinas ramificadas en tres, r\u00edgidas y de color amarillento. Su&nbsp;follaje presenta varios colores desde&nbsp;verde , ocres y rojizos. Las flores son peque\u00f1as de color&nbsp;amarillo intenso y sus&nbsp;frutos negro azulados son muy apreciados por su gran inter\u00e9s en la elaboraci\u00f3n de dulces y te\u00f1idos de tejidos.&nbsp;<\/i><\/p>\t\t\t\t\t\t\t\t<\/div>\n\t\t\t\t<\/div>\n\t\t\t\t\t<\/div>\n\t\t<\/div>\n\t\t\t\t<div class=\"elementor-column elementor-col-50 elementor-inner-column elementor-element elementor-element-15042fd\" data-id=\"15042fd\" data-element_type=\"column\" data-e-type=\"column\">\n\t\t\t<div class=\"elementor-widget-wrap elementor-element-populated\">\n\t\t\t\t\t\t<div class=\"elementor-element elementor-element-5ba6066 elementor-widget elementor-widget-text-editor\" data-id=\"5ba6066\" data-element_type=\"widget\" data-e-type=\"widget\" data-widget_type=\"text-editor.default\">\n\t\t\t\t<div class=\"elementor-widget-container\">\n\t\t\t\t\t\t\t\t\t<p><strong><em>Calafate (Berberis heterophylla)<br \/><\/em><\/strong><em>It is a bush with thorns branched into three, rigid and yellowish in color. Its foliage has various colors from green, ocher and reddish. The flowers are small with an intense yellow color and their bluish-black fruits are highly appreciated for their great interest in making sweets \/ jams\u00a0 and dyeing fabric.<\/em><\/p>\t\t\t\t\t\t\t\t<\/div>\n\t\t\t\t<\/div>\n\t\t\t\t\t<\/div>\n\t\t<\/div>\n\t\t\t\t\t<\/div>\n\t\t<\/section>\n\t\t\t\t<section class=\"elementor-section elementor-inner-section elementor-element elementor-element-721b2a8 elementor-section-boxed elementor-section-height-default elementor-section-height-default wpr-particle-no wpr-jarallax-no wpr-parallax-no wpr-sticky-section-no\" data-id=\"721b2a8\" data-element_type=\"section\" data-e-type=\"section\" data-settings=\"{&quot;_ha_eqh_enable&quot;:false}\">\n\t\t\t\t\t\t<div class=\"elementor-container elementor-column-gap-default\">\n\t\t\t\t\t<div class=\"elementor-column elementor-col-100 elementor-inner-column elementor-element elementor-element-7edd587\" data-id=\"7edd587\" data-element_type=\"column\" data-e-type=\"column\">\n\t\t\t<div class=\"elementor-widget-wrap elementor-element-populated\">\n\t\t\t\t\t\t<div class=\"elementor-element elementor-element-2479fc5 elementor-skin-coverflow elementor-arrows-yes elementor-pagination-type-bullets elementor-pagination-position-outside elementor-widget elementor-widget-media-carousel\" data-id=\"2479fc5\" data-element_type=\"widget\" data-e-type=\"widget\" data-settings=\"{&quot;skin&quot;:&quot;coverflow&quot;,&quot;space_between&quot;:{&quot;unit&quot;:&quot;px&quot;,&quot;size&quot;:11,&quot;sizes&quot;:[]},&quot;show_arrows&quot;:&quot;yes&quot;,&quot;pagination&quot;:&quot;bullets&quot;,&quot;speed&quot;:500,&quot;autoplay&quot;:&quot;yes&quot;,&quot;autoplay_speed&quot;:5000,&quot;loop&quot;:&quot;yes&quot;,&quot;pause_on_hover&quot;:&quot;yes&quot;,&quot;pause_on_interaction&quot;:&quot;yes&quot;,&quot;space_between_tablet&quot;:{&quot;unit&quot;:&quot;px&quot;,&quot;size&quot;:10,&quot;sizes&quot;:[]},&quot;space_between_mobile&quot;:{&quot;unit&quot;:&quot;px&quot;,&quot;size&quot;:10,&quot;sizes&quot;:[]}}\" data-widget_type=\"media-carousel.default\">\n\t\t\t\t<div class=\"elementor-widget-container\">\n\t\t\t\t\t\t\t\t\t<div class=\"elementor-swiper\">\n\t\t\t\t\t<div class=\"elementor-main-swiper swiper\" role=\"region\" aria-roledescription=\"carousel\" aria-label=\"Slides\">\n\t\t\t\t<div class=\"swiper-wrapper\">\n\t\t\t\t\t\t\t\t\t\t\t<div class=\"swiper-slide\" role=\"group\" aria-roledescription=\"slide\">\n\t\t\t\t\t\t\t<a href=\"https:\/\/radatilly.gob.ar\/anp-punta-marques\/wp-content\/uploads\/sites\/6\/2020\/08\/32.3.jpg\" data-elementor-open-lightbox=\"yes\" data-elementor-lightbox-slideshow=\"2479fc5\" data-e-action-hash=\"#elementor-action%3Aaction%3Dlightbox%26settings%3DeyJpZCI6OTIwLCJ1cmwiOiJodHRwczpcL1wvcmFkYXRpbGx5LmdvYi5hclwvd3AtY29udGVudFwvdXBsb2Fkc1wvc2l0ZXNcLzZcLzIwMjBcLzA4XC8zMi4zLmpwZyIsInNsaWRlc2hvdyI6IjI0NzlmYzUifQ%3D%3D\">\t\t<div class=\"elementor-carousel-image\" role=\"img\" aria-label=\"\" style=\"background-image: url(&#039;https:\/\/radatilly.gob.ar\/wp-content\/uploads\/sites\/6\/2020\/08\/32.3.jpg&#039;)\">\n\n\t\t\t\n\t\t\t\t\t<\/div>\n\t\t<\/a>\t\t\t\t\t\t<\/div>\n\t\t\t\t\t\t\t\t\t\t\t<div class=\"swiper-slide\" role=\"group\" aria-roledescription=\"slide\">\n\t\t\t\t\t\t\t<a href=\"https:\/\/radatilly.gob.ar\/anp-punta-marques\/wp-content\/uploads\/sites\/6\/2020\/08\/32.2.jpg\" data-elementor-open-lightbox=\"yes\" data-elementor-lightbox-slideshow=\"2479fc5\" data-e-action-hash=\"#elementor-action%3Aaction%3Dlightbox%26settings%3DeyJpZCI6OTE5LCJ1cmwiOiJodHRwczpcL1wvcmFkYXRpbGx5LmdvYi5hclwvd3AtY29udGVudFwvdXBsb2Fkc1wvc2l0ZXNcLzZcLzIwMjBcLzA4XC8zMi4yLmpwZyIsInNsaWRlc2hvdyI6IjI0NzlmYzUifQ%3D%3D\">\t\t<div class=\"elementor-carousel-image\" role=\"img\" aria-label=\"\" style=\"background-image: url(&#039;https:\/\/radatilly.gob.ar\/wp-content\/uploads\/sites\/6\/2020\/08\/32.2.jpg&#039;)\">\n\n\t\t\t\n\t\t\t\t\t<\/div>\n\t\t<\/a>\t\t\t\t\t\t<\/div>\n\t\t\t\t\t\t\t\t\t\t\t<div class=\"swiper-slide\" role=\"group\" aria-roledescription=\"slide\">\n\t\t\t\t\t\t\t<a href=\"https:\/\/radatilly.gob.ar\/anp-punta-marques\/wp-content\/uploads\/sites\/6\/2020\/08\/32.1.jpg\" data-elementor-open-lightbox=\"yes\" data-elementor-lightbox-slideshow=\"2479fc5\" data-e-action-hash=\"#elementor-action%3Aaction%3Dlightbox%26settings%3DeyJpZCI6OTE4LCJ1cmwiOiJodHRwczpcL1wvcmFkYXRpbGx5LmdvYi5hclwvd3AtY29udGVudFwvdXBsb2Fkc1wvc2l0ZXNcLzZcLzIwMjBcLzA4XC8zMi4xLmpwZyIsInNsaWRlc2hvdyI6IjI0NzlmYzUifQ%3D%3D\">\t\t<div class=\"elementor-carousel-image\" role=\"img\" aria-label=\"\" style=\"background-image: url(&#039;https:\/\/radatilly.gob.ar\/wp-content\/uploads\/sites\/6\/2020\/08\/32.1.jpg&#039;)\">\n\n\t\t\t\n\t\t\t\t\t<\/div>\n\t\t<\/a>\t\t\t\t\t\t<\/div>\n\t\t\t\t\t\t\t\t\t<\/div>\n\t\t\t\t\t\t\t\t\t\t\t\t\t\t\t<div class=\"elementor-swiper-button elementor-swiper-button-prev\" role=\"button\" tabindex=\"0\" aria-label=\"Previous\">\n\t\t\t\t\t\t\t<i aria-hidden=\"true\" class=\"eicon-chevron-left\"><\/i>\t\t\t\t\t\t<\/div>\n\t\t\t\t\t\t<div class=\"elementor-swiper-button elementor-swiper-button-next\" role=\"button\" tabindex=\"0\" aria-label=\"Next\">\n\t\t\t\t\t\t\t<i aria-hidden=\"true\" class=\"eicon-chevron-right\"><\/i>\t\t\t\t\t\t<\/div>\n\t\t\t\t\t\t\t\t\t\t\t\t\t\t\t\t<div class=\"swiper-pagination\"><\/div>\n\t\t\t\t\t\t\t\t\t\t\t\t<\/div>\n\t\t\t\t<\/div>\n\t\t\t\t\t\t\t\t<\/div>\n\t\t\t\t<\/div>\n\t\t\t\t\t<\/div>\n\t\t<\/div>\n\t\t\t\t\t<\/div>\n\t\t<\/section>\n\t\t\t\t<section class=\"elementor-section elementor-inner-section elementor-element elementor-element-283c9e1 elementor-section-boxed elementor-section-height-default elementor-section-height-default wpr-particle-no wpr-jarallax-no wpr-parallax-no wpr-sticky-section-no\" data-id=\"283c9e1\" data-element_type=\"section\" data-e-type=\"section\" data-settings=\"{&quot;_ha_eqh_enable&quot;:false}\">\n\t\t\t\t\t\t<div class=\"elementor-container elementor-column-gap-default\">\n\t\t\t\t\t<div class=\"elementor-column elementor-col-50 elementor-inner-column elementor-element elementor-element-bd89756\" data-id=\"bd89756\" data-element_type=\"column\" data-e-type=\"column\">\n\t\t\t<div class=\"elementor-widget-wrap elementor-element-populated\">\n\t\t\t\t\t\t<div class=\"elementor-element elementor-element-f1bb70c elementor-widget elementor-widget-text-editor\" data-id=\"f1bb70c\" data-element_type=\"widget\" data-e-type=\"widget\" data-widget_type=\"text-editor.default\">\n\t\t\t\t<div class=\"elementor-widget-container\">\n\t\t\t\t\t\t\t\t\t<p><b data-stringify-type=\"bold\"><i data-stringify-type=\"italic\">Pata de perdiz (Hoffmannseggia trifoliata)<br \/><\/i><\/b><i data-stringify-type=\"italic\">Es una hierba de color verde cuyo follaje se extiende sobre el suelo pedregoso. Sus flores son grandes y anaranjadas con peque\u00f1as manchas\u00a0y produce frutos en forma de chaucha\u00a0que cuando\u00a0maduran se desprenden f\u00e1cilmente. Habita\u00a0los bordes de caminos y \u00e1reas descubiertas\u00a0por arbustos y coirones.<\/i><\/p>\t\t\t\t\t\t\t\t<\/div>\n\t\t\t\t<\/div>\n\t\t\t\t\t<\/div>\n\t\t<\/div>\n\t\t\t\t<div class=\"elementor-column elementor-col-50 elementor-inner-column elementor-element elementor-element-89df3f8\" data-id=\"89df3f8\" data-element_type=\"column\" data-e-type=\"column\">\n\t\t\t<div class=\"elementor-widget-wrap elementor-element-populated\">\n\t\t\t\t\t\t<div class=\"elementor-element elementor-element-a3701ac elementor-widget elementor-widget-text-editor\" data-id=\"a3701ac\" data-element_type=\"widget\" data-e-type=\"widget\" data-widget_type=\"text-editor.default\">\n\t\t\t\t<div class=\"elementor-widget-container\">\n\t\t\t\t\t\t\t\t\t<p><strong><em>Pata de perdiz ( partridge ) \u00a0(Hoffmannseggia trifoliata)<br \/><\/em><\/strong><em>It is a green grass whose foliage spreads over stony ground. Its flowers are large and orange with small spots and it produces fruits in the shape of a bean that when they mature they come off easily. Inhabits roadsides and areas uncovered by shrubs and coirones.<\/em><\/p>\t\t\t\t\t\t\t\t<\/div>\n\t\t\t\t<\/div>\n\t\t\t\t\t<\/div>\n\t\t<\/div>\n\t\t\t\t\t<\/div>\n\t\t<\/section>\n\t\t\t\t<section class=\"elementor-section elementor-inner-section elementor-element elementor-element-1d12b07 elementor-section-boxed elementor-section-height-default elementor-section-height-default wpr-particle-no wpr-jarallax-no wpr-parallax-no wpr-sticky-section-no\" data-id=\"1d12b07\" data-element_type=\"section\" data-e-type=\"section\" data-settings=\"{&quot;_ha_eqh_enable&quot;:false}\">\n\t\t\t\t\t\t<div class=\"elementor-container elementor-column-gap-default\">\n\t\t\t\t\t<div class=\"elementor-column elementor-col-100 elementor-inner-column elementor-element elementor-element-c9ba3c1\" data-id=\"c9ba3c1\" data-element_type=\"column\" data-e-type=\"column\">\n\t\t\t<div class=\"elementor-widget-wrap elementor-element-populated\">\n\t\t\t\t\t\t<div class=\"elementor-element elementor-element-698f637 elementor-skin-coverflow elementor-arrows-yes elementor-pagination-type-bullets elementor-pagination-position-outside elementor-widget elementor-widget-media-carousel\" data-id=\"698f637\" data-element_type=\"widget\" data-e-type=\"widget\" data-settings=\"{&quot;skin&quot;:&quot;coverflow&quot;,&quot;space_between&quot;:{&quot;unit&quot;:&quot;px&quot;,&quot;size&quot;:11,&quot;sizes&quot;:[]},&quot;show_arrows&quot;:&quot;yes&quot;,&quot;pagination&quot;:&quot;bullets&quot;,&quot;speed&quot;:500,&quot;autoplay&quot;:&quot;yes&quot;,&quot;autoplay_speed&quot;:5000,&quot;loop&quot;:&quot;yes&quot;,&quot;pause_on_hover&quot;:&quot;yes&quot;,&quot;pause_on_interaction&quot;:&quot;yes&quot;,&quot;space_between_tablet&quot;:{&quot;unit&quot;:&quot;px&quot;,&quot;size&quot;:10,&quot;sizes&quot;:[]},&quot;space_between_mobile&quot;:{&quot;unit&quot;:&quot;px&quot;,&quot;size&quot;:10,&quot;sizes&quot;:[]}}\" data-widget_type=\"media-carousel.default\">\n\t\t\t\t<div class=\"elementor-widget-container\">\n\t\t\t\t\t\t\t\t\t<div class=\"elementor-swiper\">\n\t\t\t\t\t<div class=\"elementor-main-swiper swiper\" role=\"region\" aria-roledescription=\"carousel\" aria-label=\"Slides\">\n\t\t\t\t<div class=\"swiper-wrapper\">\n\t\t\t\t\t\t\t\t\t\t\t<div class=\"swiper-slide\" role=\"group\" aria-roledescription=\"slide\">\n\t\t\t\t\t\t\t<a href=\"https:\/\/radatilly.gob.ar\/anp-punta-marques\/wp-content\/uploads\/sites\/6\/2020\/08\/33.1-Patita-de-perdiz.jpg\" data-elementor-open-lightbox=\"yes\" data-elementor-lightbox-slideshow=\"698f637\" data-e-action-hash=\"#elementor-action%3Aaction%3Dlightbox%26settings%3DeyJpZCI6OTIzLCJ1cmwiOiJodHRwczpcL1wvcmFkYXRpbGx5LmdvYi5hclwvd3AtY29udGVudFwvdXBsb2Fkc1wvc2l0ZXNcLzZcLzIwMjBcLzA4XC8zMy4xLVBhdGl0YS1kZS1wZXJkaXouanBnIiwic2xpZGVzaG93IjoiNjk4ZjYzNyJ9\">\t\t<div class=\"elementor-carousel-image\" role=\"img\" aria-label=\"\" style=\"background-image: url(&#039;https:\/\/radatilly.gob.ar\/wp-content\/uploads\/sites\/6\/2020\/08\/33.1-Patita-de-perdiz.jpg&#039;)\">\n\n\t\t\t\n\t\t\t\t\t<\/div>\n\t\t<\/a>\t\t\t\t\t\t<\/div>\n\t\t\t\t\t\t\t\t\t\t\t<div class=\"swiper-slide\" role=\"group\" aria-roledescription=\"slide\">\n\t\t\t\t\t\t\t<a href=\"https:\/\/radatilly.gob.ar\/anp-punta-marques\/wp-content\/uploads\/sites\/6\/2020\/08\/33.2-Patita-de-perdiz.jpg\" data-elementor-open-lightbox=\"yes\" data-elementor-lightbox-slideshow=\"698f637\" data-e-action-hash=\"#elementor-action%3Aaction%3Dlightbox%26settings%3DeyJpZCI6OTIyLCJ1cmwiOiJodHRwczpcL1wvcmFkYXRpbGx5LmdvYi5hclwvd3AtY29udGVudFwvdXBsb2Fkc1wvc2l0ZXNcLzZcLzIwMjBcLzA4XC8zMy4yLVBhdGl0YS1kZS1wZXJkaXouanBnIiwic2xpZGVzaG93IjoiNjk4ZjYzNyJ9\">\t\t<div class=\"elementor-carousel-image\" role=\"img\" aria-label=\"\" style=\"background-image: url(&#039;https:\/\/radatilly.gob.ar\/wp-content\/uploads\/sites\/6\/2020\/08\/33.2-Patita-de-perdiz.jpg&#039;)\">\n\n\t\t\t\n\t\t\t\t\t<\/div>\n\t\t<\/a>\t\t\t\t\t\t<\/div>\n\t\t\t\t\t\t\t\t\t<\/div>\n\t\t\t\t\t\t\t\t\t\t\t\t\t\t\t<div class=\"elementor-swiper-button elementor-swiper-button-prev\" role=\"button\" tabindex=\"0\" aria-label=\"Previous\">\n\t\t\t\t\t\t\t<i aria-hidden=\"true\" class=\"eicon-chevron-left\"><\/i>\t\t\t\t\t\t<\/div>\n\t\t\t\t\t\t<div class=\"elementor-swiper-button elementor-swiper-button-next\" role=\"button\" tabindex=\"0\" aria-label=\"Next\">\n\t\t\t\t\t\t\t<i aria-hidden=\"true\" class=\"eicon-chevron-right\"><\/i>\t\t\t\t\t\t<\/div>\n\t\t\t\t\t\t\t\t\t\t\t\t\t\t\t\t<div class=\"swiper-pagination\"><\/div>\n\t\t\t\t\t\t\t\t\t\t\t\t<\/div>\n\t\t\t\t<\/div>\n\t\t\t\t\t\t\t\t<\/div>\n\t\t\t\t<\/div>\n\t\t\t\t\t<\/div>\n\t\t<\/div>\n\t\t\t\t\t<\/div>\n\t\t<\/section>\n\t\t\t\t<section class=\"elementor-section elementor-inner-section elementor-element elementor-element-d393b0b elementor-section-boxed elementor-section-height-default elementor-section-height-default wpr-particle-no wpr-jarallax-no wpr-parallax-no wpr-sticky-section-no\" data-id=\"d393b0b\" data-element_type=\"section\" data-e-type=\"section\" data-settings=\"{&quot;_ha_eqh_enable&quot;:false}\">\n\t\t\t\t\t\t<div class=\"elementor-container elementor-column-gap-default\">\n\t\t\t\t\t<div class=\"elementor-column elementor-col-50 elementor-inner-column elementor-element elementor-element-a5bb202\" data-id=\"a5bb202\" data-element_type=\"column\" data-e-type=\"column\">\n\t\t\t<div class=\"elementor-widget-wrap elementor-element-populated\">\n\t\t\t\t\t\t<div class=\"elementor-element elementor-element-f28a550 elementor-widget elementor-widget-text-editor\" data-id=\"f28a550\" data-element_type=\"widget\" data-e-type=\"widget\" data-widget_type=\"text-editor.default\">\n\t\t\t\t<div class=\"elementor-widget-container\">\n\t\t\t\t\t\t\t\t\t<p><b data-stringify-type=\"bold\"><i data-stringify-type=\"italic\">Adesmia\u00a0gris (Adesmia schneiderii)<br \/><\/i><\/b><i data-stringify-type=\"italic\">Es un arbusto muy bajo,\u00a0sus ramas son de color amarillo-gris\u00e1ceo\u00a0que terminan en espinas ramificadas. Sus peque\u00f1as hojas\u00a0son grises y aterciopeladas\u00a0por su abundante\u00a0cantidad de pelos y cuando pierde su follaje se reconoce por su ramaje intrincado. Se destaca en su momento de floraci\u00f3n por sus flores de color amarillas intensas y su fruto tiene aspecto de oruga peluda. Habita lugares altos y expuestos de la meseta de Chubut.<\/i><\/p>\t\t\t\t\t\t\t\t<\/div>\n\t\t\t\t<\/div>\n\t\t\t\t\t<\/div>\n\t\t<\/div>\n\t\t\t\t<div class=\"elementor-column elementor-col-50 elementor-inner-column elementor-element elementor-element-6001866\" data-id=\"6001866\" data-element_type=\"column\" data-e-type=\"column\">\n\t\t\t<div class=\"elementor-widget-wrap elementor-element-populated\">\n\t\t\t\t\t\t<div class=\"elementor-element elementor-element-d41a467 elementor-widget elementor-widget-text-editor\" data-id=\"d41a467\" data-element_type=\"widget\" data-e-type=\"widget\" data-widget_type=\"text-editor.default\">\n\t\t\t\t<div class=\"elementor-widget-container\">\n\t\t\t\t\t\t\t\t\t<p><strong><em>\u00a0Adesmia\u00a0 gris (Adesmia schneiderii)<br \/><\/em><\/strong><em>It is a very low shrub, its branches are grayish-yellow in color that end in branched thorns. Its small leaves are gray and velvety due to its abundant number of hairs and when it loses its foliage it is recognized by its intricate branches. It stands out at its flowering time for its intense yellow flowers and its fruit looks like a hairy caterpillar. It inhabits high and exposed places on the Chubut tableland.<\/em><\/p>\t\t\t\t\t\t\t\t<\/div>\n\t\t\t\t<\/div>\n\t\t\t\t\t<\/div>\n\t\t<\/div>\n\t\t\t\t\t<\/div>\n\t\t<\/section>\n\t\t\t\t<section class=\"elementor-section elementor-inner-section elementor-element elementor-element-361f891 elementor-section-boxed elementor-section-height-default elementor-section-height-default wpr-particle-no wpr-jarallax-no wpr-parallax-no wpr-sticky-section-no\" data-id=\"361f891\" data-element_type=\"section\" data-e-type=\"section\" data-settings=\"{&quot;_ha_eqh_enable&quot;:false}\">\n\t\t\t\t\t\t<div class=\"elementor-container elementor-column-gap-default\">\n\t\t\t\t\t<div class=\"elementor-column elementor-col-100 elementor-inner-column elementor-element elementor-element-ecbcb5e\" data-id=\"ecbcb5e\" data-element_type=\"column\" data-e-type=\"column\">\n\t\t\t<div class=\"elementor-widget-wrap elementor-element-populated\">\n\t\t\t\t\t\t<div class=\"elementor-element elementor-element-40bd873 elementor-skin-coverflow elementor-arrows-yes elementor-pagination-type-bullets elementor-pagination-position-outside elementor-widget elementor-widget-media-carousel\" data-id=\"40bd873\" data-element_type=\"widget\" data-e-type=\"widget\" data-settings=\"{&quot;skin&quot;:&quot;coverflow&quot;,&quot;space_between&quot;:{&quot;unit&quot;:&quot;px&quot;,&quot;size&quot;:11,&quot;sizes&quot;:[]},&quot;show_arrows&quot;:&quot;yes&quot;,&quot;pagination&quot;:&quot;bullets&quot;,&quot;speed&quot;:500,&quot;autoplay&quot;:&quot;yes&quot;,&quot;autoplay_speed&quot;:5000,&quot;loop&quot;:&quot;yes&quot;,&quot;pause_on_hover&quot;:&quot;yes&quot;,&quot;pause_on_interaction&quot;:&quot;yes&quot;,&quot;space_between_tablet&quot;:{&quot;unit&quot;:&quot;px&quot;,&quot;size&quot;:10,&quot;sizes&quot;:[]},&quot;space_between_mobile&quot;:{&quot;unit&quot;:&quot;px&quot;,&quot;size&quot;:10,&quot;sizes&quot;:[]}}\" data-widget_type=\"media-carousel.default\">\n\t\t\t\t<div class=\"elementor-widget-container\">\n\t\t\t\t\t\t\t\t\t<div class=\"elementor-swiper\">\n\t\t\t\t\t<div class=\"elementor-main-swiper swiper\" role=\"region\" aria-roledescription=\"carousel\" aria-label=\"Slides\">\n\t\t\t\t<div class=\"swiper-wrapper\">\n\t\t\t\t\t\t\t\t\t\t\t<div class=\"swiper-slide\" role=\"group\" aria-roledescription=\"slide\">\n\t\t\t\t\t\t\t<a href=\"https:\/\/radatilly.gob.ar\/anp-punta-marques\/wp-content\/uploads\/sites\/6\/2020\/08\/02-Adesmia-Adesmia-salamancensis.jpg\" data-elementor-open-lightbox=\"yes\" data-elementor-lightbox-slideshow=\"40bd873\" data-e-action-hash=\"#elementor-action%3Aaction%3Dlightbox%26settings%3DeyJpZCI6MTAwNiwidXJsIjoiaHR0cHM6XC9cL3JhZGF0aWxseS5nb2IuYXJcL3dwLWNvbnRlbnRcL3VwbG9hZHNcL3NpdGVzXC82XC8yMDIwXC8wOFwvMDItQWRlc21pYS1BZGVzbWlhLXNhbGFtYW5jZW5zaXMuanBnIiwic2xpZGVzaG93IjoiNDBiZDg3MyJ9\">\t\t<div class=\"elementor-carousel-image\" role=\"img\" aria-label=\"\" style=\"background-image: url(&#039;https:\/\/radatilly.gob.ar\/wp-content\/uploads\/sites\/6\/2020\/08\/02-Adesmia-Adesmia-salamancensis.jpg&#039;)\">\n\n\t\t\t\n\t\t\t\t\t<\/div>\n\t\t<\/a>\t\t\t\t\t\t<\/div>\n\t\t\t\t\t\t\t\t\t\t\t<div class=\"swiper-slide\" role=\"group\" aria-roledescription=\"slide\">\n\t\t\t\t\t\t\t<a href=\"https:\/\/radatilly.gob.ar\/anp-punta-marques\/wp-content\/uploads\/sites\/6\/2020\/08\/01-Adesmia-Adesmia-salamancensis.jpg\" data-elementor-open-lightbox=\"yes\" data-elementor-lightbox-slideshow=\"40bd873\" data-e-action-hash=\"#elementor-action%3Aaction%3Dlightbox%26settings%3DeyJpZCI6MTAwNCwidXJsIjoiaHR0cHM6XC9cL3JhZGF0aWxseS5nb2IuYXJcL3dwLWNvbnRlbnRcL3VwbG9hZHNcL3NpdGVzXC82XC8yMDIwXC8wOFwvMDEtQWRlc21pYS1BZGVzbWlhLXNhbGFtYW5jZW5zaXMuanBnIiwic2xpZGVzaG93IjoiNDBiZDg3MyJ9\">\t\t<div class=\"elementor-carousel-image\" role=\"img\" aria-label=\"\" style=\"background-image: url(&#039;https:\/\/radatilly.gob.ar\/wp-content\/uploads\/sites\/6\/2020\/08\/01-Adesmia-Adesmia-salamancensis.jpg&#039;)\">\n\n\t\t\t\n\t\t\t\t\t<\/div>\n\t\t<\/a>\t\t\t\t\t\t<\/div>\n\t\t\t\t\t\t\t\t\t<\/div>\n\t\t\t\t\t\t\t\t\t\t\t\t\t\t\t<div class=\"elementor-swiper-button elementor-swiper-button-prev\" role=\"button\" tabindex=\"0\" aria-label=\"Previous\">\n\t\t\t\t\t\t\t<i aria-hidden=\"true\" class=\"eicon-chevron-left\"><\/i>\t\t\t\t\t\t<\/div>\n\t\t\t\t\t\t<div class=\"elementor-swiper-button elementor-swiper-button-next\" role=\"button\" tabindex=\"0\" aria-label=\"Next\">\n\t\t\t\t\t\t\t<i aria-hidden=\"true\" class=\"eicon-chevron-right\"><\/i>\t\t\t\t\t\t<\/div>\n\t\t\t\t\t\t\t\t\t\t\t\t\t\t\t\t<div class=\"swiper-pagination\"><\/div>\n\t\t\t\t\t\t\t\t\t\t\t\t<\/div>\n\t\t\t\t<\/div>\n\t\t\t\t\t\t\t\t<\/div>\n\t\t\t\t<\/div>\n\t\t\t\t\t<\/div>\n\t\t<\/div>\n\t\t\t\t\t<\/div>\n\t\t<\/section>\n\t\t\t\t\t<\/div>\n\t\t<\/div>\n\t\t\t\t\t<\/div>\n\t\t<\/section>\n\t\t\t\t<section class=\"elementor-section elementor-top-section elementor-element elementor-element-12118729 elementor-section-boxed elementor-section-height-default elementor-section-height-default wpr-particle-no wpr-jarallax-no wpr-parallax-no wpr-sticky-section-no\" data-id=\"12118729\" data-element_type=\"section\" data-e-type=\"section\" data-settings=\"{&quot;_ha_eqh_enable&quot;:false}\">\n\t\t\t\t\t\t<div class=\"elementor-container elementor-column-gap-default\">\n\t\t\t\t\t<div class=\"elementor-column elementor-col-100 elementor-top-column elementor-element elementor-element-28e72807\" data-id=\"28e72807\" data-element_type=\"column\" data-e-type=\"column\">\n\t\t\t<div class=\"elementor-widget-wrap elementor-element-populated\">\n\t\t\t\t\t\t<div class=\"elementor-element elementor-element-7848d92b elementor-widget elementor-widget-heading\" data-id=\"7848d92b\" data-element_type=\"widget\" data-e-type=\"widget\" data-widget_type=\"heading.default\">\n\t\t\t\t<div class=\"elementor-widget-container\">\n\t\t\t\t\t<h3 class=\"elementor-heading-title elementor-size-default\">\u00c1REA NATURAL PROTEGIDA<\/h3>\t\t\t\t<\/div>\n\t\t\t\t<\/div>\n\t\t\t\t<div class=\"elementor-element elementor-element-9e590dc elementor-widget elementor-widget-heading\" data-id=\"9e590dc\" data-element_type=\"widget\" data-e-type=\"widget\" data-widget_type=\"heading.default\">\n\t\t\t\t<div class=\"elementor-widget-container\">\n\t\t\t\t\t<h3 class=\"elementor-heading-title elementor-size-default\">calendario de fauna<\/h3>\t\t\t\t<\/div>\n\t\t\t\t<\/div>\n\t\t\t\t<div class=\"elementor-element elementor-element-58d52e4 elementor-widget elementor-widget-heading\" data-id=\"58d52e4\" data-element_type=\"widget\" data-e-type=\"widget\" data-widget_type=\"heading.default\">\n\t\t\t\t<div class=\"elementor-widget-container\">\n\t\t\t\t\t<h3 class=\"elementor-heading-title elementor-size-default\">Fauna Calendar<\/h3>\t\t\t\t<\/div>\n\t\t\t\t<\/div>\n\t\t\t\t<section class=\"elementor-section elementor-inner-section elementor-element elementor-element-6432689c elementor-section-boxed elementor-section-height-default elementor-section-height-default wpr-particle-no wpr-jarallax-no wpr-parallax-no wpr-sticky-section-no\" data-id=\"6432689c\" data-element_type=\"section\" data-e-type=\"section\" data-settings=\"{&quot;_ha_eqh_enable&quot;:false}\">\n\t\t\t\t\t\t<div class=\"elementor-container elementor-column-gap-default\">\n\t\t\t\t\t<div class=\"elementor-column elementor-col-100 elementor-inner-column elementor-element elementor-element-7a3a75e4\" data-id=\"7a3a75e4\" data-element_type=\"column\" data-e-type=\"column\">\n\t\t\t<div class=\"elementor-widget-wrap elementor-element-populated\">\n\t\t\t\t\t\t<div class=\"elementor-element elementor-element-d929e2f elementor-widget elementor-widget-image\" data-id=\"d929e2f\" data-element_type=\"widget\" data-e-type=\"widget\" data-widget_type=\"image.default\">\n\t\t\t\t<div class=\"elementor-widget-container\">\n\t\t\t\t\t\t\t\t\t\t\t\t\t\t\t\t<a href=\"https:\/\/radatilly.gob.ar\/anp-punta-marques\/wp-content\/uploads\/sites\/6\/2020\/08\/Calendario_Fauna.jpeg\" data-elementor-open-lightbox=\"yes\" data-e-action-hash=\"#elementor-action%3Aaction%3Dlightbox%26settings%3DeyJpZCI6NzY1LCJ1cmwiOiJodHRwczpcL1wvcmFkYXRpbGx5LmdvYi5hclwvd3AtY29udGVudFwvdXBsb2Fkc1wvc2l0ZXNcLzZcLzIwMjBcLzA4XC9DYWxlbmRhcmlvX0ZhdW5hLmpwZWcifQ%3D%3D\">\n\t\t\t\t\t\t\t<img fetchpriority=\"high\" decoding=\"async\" width=\"492\" height=\"543\" src=\"https:\/\/radatilly.gob.ar\/wp-content\/uploads\/sites\/6\/2020\/08\/Calendario_Fauna.jpeg\" class=\"attachment-full size-full wp-image-765\" alt=\"\" srcset=\"https:\/\/radatilly.gob.ar\/wp-content\/uploads\/sites\/6\/2020\/08\/Calendario_Fauna.jpeg 492w, https:\/\/radatilly.gob.ar\/wp-content\/uploads\/sites\/6\/2020\/08\/Calendario_Fauna-272x300.jpeg 272w\" sizes=\"(max-width: 492px) 100vw, 492px\" \/>\t\t\t\t\t\t\t\t<\/a>\n\t\t\t\t\t\t\t\t\t\t\t\t\t\t\t<\/div>\n\t\t\t\t<\/div>\n\t\t\t\t\t<\/div>\n\t\t<\/div>\n\t\t\t\t\t<\/div>\n\t\t<\/section>\n\t\t\t\t\t<\/div>\n\t\t<\/div>\n\t\t\t\t\t<\/div>\n\t\t<\/section>\n\t\t\t\t<\/div>\n\t\t","protected":false},"excerpt":{"rendered":"<p>BIODIVERSIDAD \u00c1REA NATURAL PROTEGIDA Caracter\u00edsticas Generales General characteristics El \u00e1rea protegida comprende extensiones de meseta, costa y mar; por ello se pueden observar los representantes m\u00e1s notorios del ambiente terrestre como as\u00ed tambi\u00e9n del ambiente marino-costero con una gran diversidad de especies que se han adaptado a las condiciones clim\u00e1ticas que presenta esta zona.\u00a0 Con temperaturas de invierno por debajo de los 0\u00b0C y valores en verano que superan los 30\u00b0C, caracteriz\u00e1ndose como un clima templado-frio y precipitaciones d\u00e9biles e irregulares, en esta regi\u00f3n de la estepa patag\u00f3nica lo que m\u00e1s predominan son los vientos del Oeste a lo largo del a\u00f1o con velocidades que van desde los 12 hasta los 20 km\/h, superando r\u00e1fagas de m\u00e1s de 100 Km\/h en los meses de noviembre a enero. \u00a0 La\u00a0flora\u00a0en esta regi\u00f3n es de tipo\u00a0xer\u00f3fila\u00a0(adaptadas a vivir en un medio seco),\u00a0compuesta en su mayor\u00eda por arbustos de bajo tama\u00f1o, como neneo, zampa, coir\u00f3n, molle, malaspina, bot\u00f3n de oro, etc. Estas especies han mostrado un alto grado de adaptabilidad en la modificaci\u00f3n de estructuras morfol\u00f3gicas como hojas m\u00e1s peque\u00f1as y duras, espinosas y ra\u00edces largas que le permiten alcanzar la humedad del suelo. La fauna\u00a0que habita en la zona continental est\u00e1 adaptada a la escasez de agua, consiguiendo este valioso recurso de su alimento, el cual tienen que conseguir recorriendo grandes distancias. Representantes caracter\u00edsticos son el zorro colorado, zorro gris, guanacos, cuises, etc.\u00a0 Fauna marina\u00a0 En la zona marina son varias las especies de mam\u00edferos que podemos ver en diferentes \u00e9pocas del a\u00f1o, como la ballena franca, ballena joroba, delf\u00edn oscuro, tonina overa etc. Sin olvidarnos del apostadero permanente de lobos marinos al pie del acantilado que se puede observar desde los distintos puntos panor\u00e1micos. Geol\u00f3gicamente la zona de encuentra ubicada en el centro de la Cuenca del Golfo San Jorge, sobre dep\u00f3sitos marinos del terciario de 33,9 a 16 millones de a\u00f1os, conformados por areniscas, areniscas arcillosas, arcillas y bancos de calizas fosil\u00edferas, con restos de valvas de ostreas, balanus, turritelas, etc. Esto les confiere una gran dureza a estos bancos, haciendo que sean dif\u00edciles de erosionar, y los cuales conforman las plataformas de abrasi\u00f3n (restingas) en toda la localidad. La coloraci\u00f3n oscura proviene de la oxidaci\u00f3n de la caliza, como as\u00ed tambi\u00e9n por parte de organismos marinos. Los factores ambientales que m\u00e1s erosionan los acantilados generando acantilados activos en retroceso (con formas de media ca\u00f1a y cavernas), son causados por el efecto del oleaje y las amplitudes de mareas, con temperaturas medias del agua que oscilan entre 8\u00b0C en invierno y 15\u00b0C en verano. Estos sectores adyacentes a la tierra que conforman la franja costera, denominada intermareal, albergan una gran cantidad de organismos marinos que se enfrentan a los ascensos y descensos diarios del nivel del mar, quedado expuestos. Otros permanecen en las pozas de mareas albergando una riqueza y variedad de formas de vida. Ejemplos de esta diversidad marina del intermareal son el diente de perro, mejill\u00f3n, mejill\u00f3n, cholga, erizos de mar, etc.\u00a0\u00a0 The natural protected area includes extensions of plateau, coast and sea; for this reason, the most notorious representatives of the terrestrial environment can be observed, as well as the marine-coastal environment with a great diversity of species that have adapted to the climatic conditions of this area. With winter temperatures below 0 \u00b0 C and summer values \u200b\u200bexceeding 30 \u00b0 C, characterizing as a temperate-cold climate and weak and irregular rainfall . In this region of the Patagonian steppe what is most prevalent are the winds from the West throughout the year with speeds ranging from 12 to 20 km \/ h, overcoming gusts of more than 100 km \/ h in the months of November to January. For this reason, we can see that the flora in this region is of the xerophytic type (adapted to living in a dry environment), composed mostly of small shrubs, such as Neneo, Zampa, Coir\u00f3n, Molle, Malaspina, buttercup, etc. . These species have shown a high degree of adaptability in modifying morphological structures such as smaller, harder leaves, thorny leaves, and long roots that allow them to reach soil moisture. The fauna that inhabits the continental zone is adapted to the shortage of water, obtaining this valuable resource from their food, which they get\u00a0 by crossing long distances. Characteristic representatives are the red fox, gray fox, guanacos, cuises, etc. In the marine area there are several species of mammals that we can see at different times of the year, such as the frank whale, humpback whale, dark dolphin, tonina overa etc. There is also the lasting sea lions h\u00e1bitat\u00a0 at the foot of the cliff that can be seen from the different panoramic views.Geologically, the area is located in the center of the San Jorge Gulf Basin, on Tertiary marine deposits from 33.9 to 16 million years old. It\u00a0 is made up of sandstones, clay sandstones, clays and fossiliferous limestone banks, with remains of Oyster valves, balanus, turritelas, etc. This gives these banks great hardness, making them difficult to erode, and which make up the abrasion platforms (restingas) throughout the town. The dark coloration comes from the oxidation of the limestone, as well as by marine organisms. The environmental factors that most erode the cliffs generating\u00a0 receding cliffs (with half-round shapes and caverns), are caused by the effect of waves and tidal amplitudes.\u00a0 The average water temperatures range between 8 \u00b0 C in winter and 15 \u00b0 C in summer. In these areas next to\u00a0 land that make up the coastal strip, called intertidal, there are a large number of marine organisms that face the daily rises and falls of sea level.\u00a0 Some remain in\u00a0 tidal pools .\u00a0 Examples of this intertidal marine diversity are dog&#8217;s tooth, mussel, mussel, cholga, sea urchins, etc \u00c1REA NATURAL PROTEGIDA Fauna Terrestre Terrestrial Fauna Guanaco (Lama guanicoe)Animal esbelto de cuello largo, patas largas y cola muy corta. Su pelaje est\u00e1 compuesto por dos capas de pelo (una corta y densa con propiedades aislantes, y la segunda m\u00e1s larga de hasta 10 cm).<\/p>\n","protected":false},"author":1,"featured_media":0,"parent":0,"menu_order":0,"comment_status":"closed","ping_status":"closed","template":"elementor_header_footer","meta":{"footnotes":""},"class_list":["post-123","page","type-page","status-publish","hentry"],"_links":{"self":[{"href":"https:\/\/radatilly.gob.ar\/anp-punta-marques\/wp-json\/wp\/v2\/pages\/123","targetHints":{"allow":["GET"]}}],"collection":[{"href":"https:\/\/radatilly.gob.ar\/anp-punta-marques\/wp-json\/wp\/v2\/pages"}],"about":[{"href":"https:\/\/radatilly.gob.ar\/anp-punta-marques\/wp-json\/wp\/v2\/types\/page"}],"author":[{"embeddable":true,"href":"https:\/\/radatilly.gob.ar\/anp-punta-marques\/wp-json\/wp\/v2\/users\/1"}],"replies":[{"embeddable":true,"href":"https:\/\/radatilly.gob.ar\/anp-punta-marques\/wp-json\/wp\/v2\/comments?post=123"}],"version-history":[{"count":5,"href":"https:\/\/radatilly.gob.ar\/anp-punta-marques\/wp-json\/wp\/v2\/pages\/123\/revisions"}],"predecessor-version":[{"id":1266,"href":"https:\/\/radatilly.gob.ar\/anp-punta-marques\/wp-json\/wp\/v2\/pages\/123\/revisions\/1266"}],"wp:attachment":[{"href":"https:\/\/radatilly.gob.ar\/anp-punta-marques\/wp-json\/wp\/v2\/media?parent=123"}],"curies":[{"name":"wp","href":"https:\/\/api.w.org\/{rel}","templated":true}]}}